	
	
	
	
{"id":9679,"date":"2024-05-31T21:33:43","date_gmt":"2024-05-31T19:33:43","guid":{"rendered":"https:\/\/www.grintoura.fr\/product\/ecolieu-de-cablanc\/"},"modified":"2024-05-31T21:33:43","modified_gmt":"2024-05-31T19:33:43","slug":"ecolieu-de-cablanc","status":"publish","type":"product","link":"https:\/\/www.grintoura.fr\/en\/product\/ecolieu-de-cablanc\/","title":{"rendered":"\u00c9colieu de Cablanc"},"content":{"rendered":"<p><strong>\u00c0 l\u2019\u00e9colieu de Cablanc,\u00a0donnez du sens \u00e0 vos vacances !<\/strong><br \/>\nVacances \u00e9thiques, h\u00e9bergements insolites et ateliers engag\u00e9s,\u00a0Cablanc vous accueille dans son cadre authentique<br \/>\nau coeur de la Dordogne.<\/p>\n<p>Eco-tourisme en Dordogne pour un mode de vie au quotidien<br \/>\nL\u2019\u00e9colieu de Cablanc, un lieu de d\u00e9couvertes\u00a0autour du monde paysan et de l\u2019\u00e9co-construction<br \/>\nQuelques jours pour adopter de nouvelles pratiques et vous reconnecter vraiment \u00e0 la nature<\/p>\n<p><em>Cablanc est une\u00a0petite ferme biologique\u00a0qui respecte les fondements de l\u2019agro\u00e9cologie\u00a0et le design de la\u00a0permaculture.<\/em><\/p>\n<p>Tourisme responsable\u00a0et\u00a0d\u00e9veloppement durable sont ici une r\u00e9alit\u00e9, o\u00f9 l\u2019harmonie entre la nature et l\u2019humain est constamment recherch\u00e9e. Notre\u00a0impact est positif au quotidien, au travers de nos actions et ce gr\u00e2ce \u00e0 une utilisation intelligente des ressources locales. Nous sommes tous et toutes des colibris.<br \/>\nChacun-e d\u2019entre nous peut faire de petits changements chaque jour et sensibiliser ainsi les gens qui nous entourent.\u00a0Nos habitudes de consommation, d\u2019\u00e9nergie, de divertissements\u2026 influencent\u00a0le monde. Tout est re-li\u00e9.<br \/>\nNotre souhait\u00a0?\u00a0Accueillir des personnes\u00a0en qu\u00eate d\u2019une vie plus saine\u00a0et plus consciente et qui veulent vivre des\u00a0vacances authentiques\u00a0et ressour\u00e7antes au c\u0153ur d\u2019un \u00e9colieu.<\/p>\n<p>Difficile de se d\u00e9finir en quelques mots !<\/p>\n<p>S\u00e9bastien est\u00a0charpentier, il a construit et restaur\u00e9 beaucoup de choses de ses mains ici. Apr\u00e8s un Master en Anthropologie obtenu en Belgique, il a d\u00e9couvert et s\u2019est passionn\u00e9 pour l\u2019\u00e9co-construction. En arrivant \u00e0 Cablanc, il s\u2019est form\u00e9 au monde paysan avec un CCTAR et un Certificat en Permaculture obtenus en 2006.<\/p>\n<p>V\u00e9ronique, form\u00e9e aux Beaux-Arts et au Design \u00e0 Bruxelles,\u00a0art-th\u00e9rapeute puis coordinatrice de chantiers \u00e9cologiques, a trouv\u00e9 \u00e0 Cablanc l\u2019endroit r\u00eav\u00e9 pour exprimer sa cr\u00e9ativit\u00e9. Engag\u00e9e dans de nombreuses associations eco-citoyennes, elle s\u2019est form\u00e9e \u00e0 l\u2019agriculture biologique.<\/p>\n<p>Un livre pour enfants est actuellement en cr\u00e9ation.<\/p>\n<p>La famille est compos\u00e9e de leurs 5 enfants qui participent \u00e0 la vie de\u00a0l\u2019\u00e9colieu, chacun.e \u00e0 leur mani\u00e8re.<\/p>\n<p>Nous mettons tout en oeuvre pour vous\u00a0accueillir chaleureusement\u00a0et vous r\u00e9galer avec nos\u00a0d\u00e9licieux g\u00e2teaux et sorbets \u00ab\u00a0made in Cablanc\u00a0\u00bb.<\/p>\n<p>&nbsp;<\/p>\n<p><em>L\u2019\u00e9colieu de Cablanc s\u2019engage pour la Terre (label bio, z\u00e9ro d\u00e9chets\u2026)<\/em><\/p>\n<p>Nous avons toujours \u00e9t\u00e9 int\u00e9ress\u00e9s par les enjeux environnementaux et passionn\u00e9s par le monde paysan et le retour \u00e0 la terre.<\/p>\n<p>L\u2019esprit de l\u2019\u00e9colieu est de vous encourager -si ce n\u2019est d\u00e9j\u00e0 fait!- lors de votre s\u00e9jour, aux\u00a0\u00e9conomies d\u2019\u00e9nergie, au\u00a0tri s\u00e9lectif\u00a0des d\u00e9chets, au compostage, au manger \u00ab\u00a0bio et local\u00a0\u00bb et \u00e0 la\u00a0protection de notre environnement.<\/p>\n<p>Notre espoir est que vous repartiez en emmenant avec vous des solutions simples et pratiques que vous pourrez appliquer dans votre vie quotidienne (il n\u2019est pas n\u00e9cessaire d\u2019acheter des poules ou de construire des toilettes s\u00e8ches, m\u00eame si ce serait formidable !)<\/p>\n<p>Venir \u00e0 l\u2019\u00e9colieu de Cablanc, c\u2019est une autre fa\u00e7on de passer ses vacances.<\/p>\n<p>Nous vous offrons un s\u00e9jour ax\u00e9\u00a0sur la d\u00e9couverte de la nature, dans le respect de l\u2019environnement et de la culture locale.\u00a0Une ferme belle et spacieuse, avec des journ\u00e9es simples, riches et remplies d\u2019activit\u00e9s sur place et aux alentours dans notre magnifique r\u00e9gion. Et aussi des nuits calmes et \u00e9toil\u00e9es sans aucune pollution lumineuse.<\/p>\n<p>Ici, tout est r\u00e9fl\u00e9chi et mis en \u0153uvre afin de\u00a0respecter la nature\u00a0et de\u00a0minimiser l\u2019impact environnemental\u00a0de nos activit\u00e9s.<\/p>\n<p>Voici\u00a0quelques gestes simples\u00a0que vous pourrez mettre en pratique \u00e0 Cablanc.<\/p>\n<ul>\n<li>Manger local et bio<\/li>\n<\/ul>\n<p>Les produits de la ferme sontcertifi\u00e9s AB par Ecocert. Un maximum des produits (l\u00e9gumes, fruits, \u0153ufs, farines, huiles, vins\u2026) servis au Salon de th\u00e9 et aux petits d\u00e9jeuners proviennent de la ferme et des producteurs locaux, travaillant en bio.<\/p>\n<ul>\n<li>Eco-construction<\/li>\n<\/ul>\n<p>Les b\u00e2timents communs et priv\u00e9s sont construits de fa\u00e7on durable, avec des mat\u00e9riaux \u00e9cologiques, locaux et recyclables en fin de vie (ex\u00a0: terre, bois, chaux de st Astier, paille\u00a0\u2026) pour un impact minimal sur notre environnement.<\/p>\n<ul>\n<li>Ec\u2019eau responsable<\/li>\n<\/ul>\n<p>\u00c9conomie de l\u2019eau en utilisant avec conscience cette pr\u00e9cieuse ressource (douches, arrosage \u2026) et en utilisant les WC secs. Nous avons cr\u00e9\u00e9 plusieurs mares de r\u00e9cup\u00e9ration d\u2019eau de pluie\u00a0pour pr\u00e9server etencourager la biodiverist\u00e9 sur l\u2019\u00e9colieu.<\/p>\n<ul>\n<li>Z\u00e9ro phyto<\/li>\n<\/ul>\n<p>Aucun d\u00e9sherbant chimique ni phytosanitaire sur l\u2019\u00e9colieu. Nous utilisons \u00ab l\u2019huile de coude \u00bb et le paillage pour limiter les adventices ! Ce sont nos animaux qui fertilisent et entretiennent le lieu\u00a0gr\u00e2ce \u00e0 leur p\u00e2turage et leurs crottin<\/p>\n<ul>\n<li>Tri s\u00e9lectif<\/li>\n<\/ul>\n<p>Les diff\u00e9rents types de poubelles vous permettent de faire le\u00a0tri s\u00e9lectif\u00a0: les poubelles \u00e0 verre, les poubelles jaunes pour\u00a0le recyclageet\u00a0le\u00a0compostage\u00a0des mati\u00e8res organiques, il restera donc tr\u00e8s peu \u00e0 jeter dans les poubelles noires finalement !<\/p>\n<ul>\n<li>Eco-entretien<\/li>\n<\/ul>\n<p>L\u2019utilisation de produits m\u00e9nagers \u00e9cologiques\u00a0et fabriqu\u00e9s par nos soins est privil\u00e9gi\u00e9e pour l\u2019entretien et le nettoyage des sanitaires et autres espaces du camping (ils sont fournis).<\/p>\n<ul>\n<li>\u00c9nergies<\/li>\n<\/ul>\n<p>L\u2019\u00e9colieu est \u00e9quip\u00e9 de panneaux solaires qui garantissent une autonomie \u00e9lectrique partielle. L\u2019eau des sanitaires et de la cuisine est chauff\u00e9e par le soleil, ceci gr\u00e2ce au chauffe-eau solaire. Nous\u00a0cuisinons parfois au four \u00e0 bois et au four solaire.<\/p>\n<ul>\n<li>Zone blanche<\/li>\n<\/ul>\n<p>En limitant votre consommation sur les ordinateurs et les portables pendant votre s\u00e9jour, vous impactez positivement sur la plan\u00e8te, ses ressources et sur votre propre sant\u00e9. Le point WIFI disponible au Salon de th\u00e9 est ferm\u00e9 la nuit pour un sommeil sans ondes.<\/p>\n<p>&nbsp;<\/p>\n<p><em>Une charte bienveillante pour bien vivre ensemble<\/em><\/p>\n<p>En bref, nos h\u00f4tes s\u2019engagent au respect des lieux communs et priv\u00e9s, au respect de la nature et des animaux, au respect des plantations et de l\u2019utilisation des ressources, au respect du calme et du bien-\u00eatre de chacun-e.<\/p>\n<p><em>Dans l\u2019enceinte de l\u2019\u00e9colieu et du camping :\u00a0<\/em><\/p>\n<p>-Respecter l\u2019esprit de calme des lieux. Merci de vous garer au parking \u00e0 l\u2019entr\u00e9e de l\u2019\u00e9colieu.<br \/>\n-Pratiquer des activit\u00e9s respectueuses de soi, des autres et de la nature.<br \/>\n-Les feux de camps sont allum\u00e9s sur les espaces pr\u00e9vus \u00e0 cet effet sous la surveillance d\u2019un adulte, et seront \u00e9teints par le dernier pour \u00e9viter tout risque d\u2019incendie, les \u00e9t\u00e9s pouvant \u00eatre tr\u00e8s chauds en Dordogne.<br \/>\n-\u00c9conomiser les ressources en eau et en \u00e9lectricit\u00e9 en ne laissant pas couler l\u2019eau des robinets, et en \u00e9teignant les lumi\u00e8res des salles de bain en sortant.<br \/>\n-Utiliser des produits \u00e9cologiques (nous vous fournissons les produits de base).<br \/>\n-Pratiquer le tri s\u00e9lectif des d\u00e9chets avec compostage des d\u00e9chets organiques, revaloris\u00e9s au potager ou donn\u00e9s aux poules. G\u00e9rez vos d\u00e9chets+wc secs &gt; pas de stress, c\u2019est tr\u00e8s facile !<br \/>\n-Respecter les buttes, le potager &amp; les vergers,\u00a0les animaux,\u00a0les abeilles, les arbres &amp;\u00a0les fleurs sauvages. Respectez le silence de la nature. Ne pas effrayer les animaux et ne pas d\u00e9ranger vos voisins.<br \/>\n-Votre participation \u00e0 la vie de la ferme est bienvenue si vous le souhaitez. Nous concerter au pr\u00e9alable.<br \/>\n-S\u2019engager \u00e0 communiquer avec bienveillance.<br \/>\n-Les enfants restent sous l\u2019enti\u00e8re responsabilit\u00e9 de leurs parents ou de l\u2019adulte l\u2019accompagnant. C\u2019est une ferme, avec du mat\u00e9riel agricole qui peut \u00eatre dangereux. Il y a aussi des mares et la piscine o\u00f9 l\u2019enfant peut glisser s\u2019il n\u2019est pas surveill\u00e9. Pour que tout se passe bien, restons vigilants \u00e0 leur s\u00e9curit\u00e9.<\/p>\n<p><em>\u00c0 l\u2019ext\u00e9rieur du camping :<\/em><\/p>\n<p>-Pensez aux randonn\u00e9es p\u00e9destres ou \u00e0 v\u00e9lo pour vos d\u00e9placements.<br \/>\n-Respectez la faune et la flore : suivez le balisage des chemins de randonn\u00e9es afin d\u2019\u00e9viter de pi\u00e9tiner la flore, et \u00e9viter de cueillir plantes et fleurs, certaines \u00e9tant en voie d\u2019extinction.<br \/>\n-Fumeurs, merci de pr\u00e9voir un cendrier de poche !<br \/>\n-N\u2019attirez pas les animaux avec de la nourriture, cela modifie leur r\u00e9gime alimentaire et peut m\u00eame leur \u00eatre fatal. Respectez leur espace.<br \/>\n-Investissez dans des lampes et chargeurs solaires. A d\u00e9faut, utilisez des piles rechargeables. (une lampe solaire est fournie dans chaque tente)<br \/>\n-Utilisez des \u00e9quipements r\u00e9utilisables plut\u00f4t que des jetables. Ayez par exemple une gourde d\u2019eau, plut\u00f4t que d\u2019acheter une nouvelle bouteille en plastique.<br \/>\n-En voiture, limitez l\u2019utilisation de la climatisation aux fortes chaleurs, qui consomme beaucoup et participe au r\u00e9chauffement climatique. Privil\u00e9giez aussi les petites routes plut\u00f4t que les autoroutes, vous roulerez moins vite, consommerez moins et \u00e9conomiserez aussi les frais de p\u00e9age.<br \/>\n-Si vous venez \u00e0 v\u00e9lo depuis votre maison au camping Authentique, nous vous offrons une r\u00e9duction de 10% sur le prix de votre s\u00e9jour !<\/p>\n<p>&nbsp;<\/p>\n<p><u>D\u00e9couvrez comment venir \u00e0 v\u00e9lo !<\/u><\/p>\n<p><a href=\"https:\/\/velorandoroute.be\/tutoriels-gps-gpx-osmand-brouter-umap\/?fbclid=IwAR0F7o54gnHwDlBohDqXNQAhYNy__WxhiJ_0E_FsmBellm3zXnqCnSX_-no\" target=\"_blank\" rel=\"noopener\">https:\/\/velorandoroute.be\/tutoriels-gps-gpx-osmand-brouter-umap\/?fbclid=IwAR0F7o54gnHwDlBohDqXNQAhYNy__WxhiJ_0E_FsmBellm3zXnqCnSX_-no<\/a><\/p>\n<p>&nbsp;<\/p>","protected":false},"excerpt":{"rendered":"<p>\u00c0 l\u2019\u00e9colieu de Cablanc,\u00a0donnez du sens \u00e0 vos vacances ! Vacances \u00e9thiques, h\u00e9bergements insolites et ateliers engag\u00e9s,\u00a0Cablanc vous accueille dans son cadre authentique au coeur de la Dordogne. Eco-tourisme en Dordogne pour un mode de vie au quotidien L\u2019\u00e9colieu de Cablanc, un lieu de d\u00e9couvertes\u00a0autour du monde paysan et de l\u2019\u00e9co-construction Quelques jours pour adopter [&hellip;]<\/p>","protected":false},"featured_media":0,"template":"","meta":[],"product_cat":[21],"product_tag":[],"_links":{"self":[{"href":"https:\/\/www.grintoura.fr\/en\/wp-json\/wp\/v2\/product\/9679"}],"collection":[{"href":"https:\/\/www.grintoura.fr\/en\/wp-json\/wp\/v2\/product"}],"about":[{"href":"https:\/\/www.grintoura.fr\/en\/wp-json\/wp\/v2\/types\/product"}],"wp:attachment":[{"href":"https:\/\/www.grintoura.fr\/en\/wp-json\/wp\/v2\/media?parent=9679"}],"wp:term":[{"taxonomy":"product_cat","embeddable":true,"href":"https:\/\/www.grintoura.fr\/en\/wp-json\/wp\/v2\/product_cat?post=9679"},{"taxonomy":"product_tag","embeddable":true,"href":"https:\/\/www.grintoura.fr\/en\/wp-json\/wp\/v2\/product_tag?post=9679"}],"curies":[{"name":"wp","href":"https:\/\/api.w.org\/{rel}","templated":true}]}}