	
	
	
	
{"id":8545,"date":"2024-03-17T06:30:14","date_gmt":"2024-03-17T05:30:14","guid":{"rendered":"https:\/\/www.grintoura.fr\/product\/le-generateur-et-lecrin-boutique-de-createurs\/"},"modified":"2024-03-17T06:30:14","modified_gmt":"2024-03-17T05:30:14","slug":"le-generateur-et-lecrin-boutique-de-createurs","status":"publish","type":"product","link":"https:\/\/www.grintoura.fr\/en\/product\/le-generateur-et-lecrin-boutique-de-createurs\/","title":{"rendered":"Le G\u00e9n\u00e9rateur et l\u2019\u00c9crin \u2013 Boutique de Cr\u00e9ateurs"},"content":{"rendered":"<p>Le G\u00e9n\u00e9rateur et L\u2019\u00c9crin sont deux boutiques associatives qui mettent en lumi\u00e8re l\u2019art et l\u2019artisanat de la r\u00e9gion Grand Est.<\/p>\n<p>C\u2019est un projet collaboratif et participatif men\u00e9 par les cr\u00e9ateurs et cr\u00e9atrices exposant.e.s qui vous accueillent \u00e0 la boutique.<\/p>\n<p>Vous pourrez d\u00e9couvrir r\u00e9guli\u00e8rement des nouveaut\u00e9s et appr\u00e9cier ponctuellement les diff\u00e9rentes manifestations artistiques que l\u2019\u00e9quipe du G\u00e9n\u00e9rateur organise dans le quartier de la Krutenau !<\/p>\n<p>Le G\u00e9n\u00e9rateur est une boutique associative qui promeut l\u2019art et l\u2019artisanat local, en proposant un espace d\u2019exposition-vente d\u00e9di\u00e9 aux cr\u00e9ateurs.trices de la ville de Strasbourg et de la r\u00e9gion Grand Est.<\/p>\n<p>&nbsp;<\/p>\n<p>N\u00e9e de la rencontre entre les collectifs Art &amp; Mati\u00e8res et J\u2019te laisse l\u2019appart pour le week-end, Le G\u00e9n\u00e9rateur accompagne, depuis 2016, de nombreux cr\u00e9ateurs et cr\u00e9atrices pour faire conna\u00eetre les savoir-faire de la r\u00e9gion.<\/p>\n<p>La c\u00e9ramique, l\u2019illustration, la cr\u00e9ation textile, la broderie ou encore l\u2019art de la bijouterie se c\u00f4toient dans nos murs et cr\u00e9ent un \u00e9ventail de 30 univers, 30 singularit\u00e9s, 30 artistes \u00e0 d\u00e9couvrir.<\/p>\n<p>En 2022, la boutique s\u2019agrandit et donne naissance \u00e0 un nouvel espace, une seconde boutique : L\u2019Ecrin. Pendant trois ans, L\u2019\u00c9crin est un \u00e9v\u00e9nement \u00e9ph\u00e9m\u00e8re, le temps des f\u00eates de No\u00ebl, mais son succ\u00e8s nous am\u00e8ne \u00e0 repenser sa pr\u00e9sence durablement.\u00a0 C\u2019est ainsi qu\u2019\u00e0 un pas du G\u00e9n\u00e9rateur, nous exposons 20 cr\u00e9ateur.ice.s suppl\u00e9mentaires.<\/p>\n<p>Afin d\u2019\u00eatre au plus pr\u00e8s de notre client\u00e8le, chaque artiste tient \u00e0 son tour la boutique, permettant ainsi de transmettre son m\u00e9tier, ses techniques, nos valeurs \u00e0 tous les curieux qui passent nous voir.<\/p>\n<p>&nbsp;<\/p>\n<p>&nbsp;<\/p>\n<p><em>Horaires d\u2019ouverture :<\/em><\/p>\n<p>Le mardi de 13h \u00e0 19h<\/p>\n<p>du mercredi au samedi de 10h \u00e0 19h en non-stop.<\/p>\n<p><em>Nos adresses :\u00a0<\/em><\/p>\n<p>Le G\u00e9n\u00e9rateur \u2013 Boutique de Cr\u00e9ateurs<\/p>\n<p>&amp;<\/p>\n<p>L\u2019\u00e9crin \u2013 Boutique de Cr\u00e9ateurs<\/p>\n<p>8, rue Sainte-Madeleine<br \/>\n67000 STRASBOURG<\/p>\n<p>T\u00e9l\u00e9phone : 09 52 97 29 16<\/p>\n<p>&nbsp;<\/p>","protected":false},"excerpt":{"rendered":"<p>Le G\u00e9n\u00e9rateur et L\u2019\u00c9crin sont deux boutiques associatives qui mettent en lumi\u00e8re l\u2019art et l\u2019artisanat de la r\u00e9gion Grand Est. C\u2019est un projet collaboratif et participatif men\u00e9 par les cr\u00e9ateurs et cr\u00e9atrices exposant.e.s qui vous accueillent \u00e0 la boutique. Vous pourrez d\u00e9couvrir r\u00e9guli\u00e8rement des nouveaut\u00e9s et appr\u00e9cier ponctuellement les diff\u00e9rentes manifestations artistiques que l\u2019\u00e9quipe du [&hellip;]<\/p>","protected":false},"featured_media":0,"template":"","meta":[],"product_cat":[21],"product_tag":[],"_links":{"self":[{"href":"https:\/\/www.grintoura.fr\/en\/wp-json\/wp\/v2\/product\/8545"}],"collection":[{"href":"https:\/\/www.grintoura.fr\/en\/wp-json\/wp\/v2\/product"}],"about":[{"href":"https:\/\/www.grintoura.fr\/en\/wp-json\/wp\/v2\/types\/product"}],"wp:attachment":[{"href":"https:\/\/www.grintoura.fr\/en\/wp-json\/wp\/v2\/media?parent=8545"}],"wp:term":[{"taxonomy":"product_cat","embeddable":true,"href":"https:\/\/www.grintoura.fr\/en\/wp-json\/wp\/v2\/product_cat?post=8545"},{"taxonomy":"product_tag","embeddable":true,"href":"https:\/\/www.grintoura.fr\/en\/wp-json\/wp\/v2\/product_tag?post=8545"}],"curies":[{"name":"wp","href":"https:\/\/api.w.org\/{rel}","templated":true}]}}