	
	
	
	
{"id":8310,"date":"2024-02-07T06:37:52","date_gmt":"2024-02-07T05:37:52","guid":{"rendered":"https:\/\/www.grintoura.fr\/product\/maison-terre\/"},"modified":"2024-05-01T06:50:57","modified_gmt":"2024-05-01T04:50:57","slug":"maison-terre","status":"publish","type":"product","link":"https:\/\/www.grintoura.fr\/en\/product\/maison-terre\/","title":{"rendered":"Maison Terre"},"content":{"rendered":"<p><strong>\u00c0 propos du potier<\/strong><\/p>\n<p>Pendant 20 ans j&rsquo;ai trac\u00e9 ma route dans l&rsquo;industrie. \u00a0Puis l&rsquo;envie de cr\u00e9er m&rsquo;a rattrap\u00e9. En 2021, j&rsquo;ai fait la connaissance de Claude Louis, potier \u00e0 Marmoutier. Il m&rsquo;a initi\u00e9 \u00e0 la terre et la poterie est devenue ma passion, j&rsquo;avais trouv\u00e9 ma voie . J&rsquo;ai alors chang\u00e9 de chemin et suis parti \u00e0 la d\u00e9couverte de ce m\u00e9tier.<\/p>\n<p>&nbsp;<\/p>\n<p>Apr\u00e8s 10 mois d&rsquo;apprentissage au Centre Professionnel International de Formation aux Arts C\u00e9ramiques, accompagn\u00e9 et suivi par une \u00e9quipe exp\u00e9riment\u00e9e,\u00a0 j&rsquo;ai pu exprimer et partager mes valeurs \u00e0 travers mes cr\u00e9ations. Une premi\u00e8re exposition est n\u00e9e.<\/p>\n<p>&#8211; Bois-de-Haye le 06\/2021\u00a0 : organisation et mise en place de l&rsquo;exposition \u00ab\u00a0La table des saisons, mati\u00e8res et sens\u00a0\u00bb.<\/p>\n<p>&#8211; Bois-de-Haye le 08\/2021 : certification professionnelle \u00a0(C\u00e9ramiste plasticien). Niveau 5, bac +2.<\/p>\n<p>&#8211; La Petite Pierre le 01\/09\/2022 : cr\u00e9ation de mon atelier \u00ab\u00a0La Maison Terre\u00a0\u00bb.<\/p>\n<p>\u200b<\/p>\n<p>C&rsquo;est ainsi que je suis devenu \u00ab\u00a0le potier de la Petite Pierre\u00a0\u00bb,\u00a0 c&rsquo;est avec vous que je vais \u00e9crire la suite de cette histoire.<\/p>\n<p><strong>Mon inspiration<\/strong><br \/>\nLe patrimoine, la faune et la flore de ma r\u00e9gion : les Vosges du Nord.<\/p>\n<p><strong>Raconter des histoires<\/strong><br \/>\nChaque objet raconte l\u2019histoire d\u2019un lieu, refl\u00e8te l\u2019identit\u00e9 d\u2019un territoire. Mes cr\u00e9ations vous feront voyager \u00e0 travers les saisons et les sens\u2026 des objets d\u2019art empreints de po\u00e9sie&#8230;<\/p>\n<p><strong>Laisser parler la mati\u00e8re<\/strong><br \/>\nInclure dans mes cr\u00e9ations les mati\u00e8res qui fa\u00e7onnent notre territoire : ses argiles, ses sables, son gr\u00e8s, ses v\u00e9g\u00e9taux et ses signes&#8230;<\/p>\n<p>&nbsp;<\/p>\n<p>Rachel et Didier Fritz<\/p>\n<p>11 rue du Kirchberg<\/p>\n<p>67290 La Petite Pierre<\/p>\n<p>La Maison Terre : 0631422889<\/p>\n<p>Mail : maisonsterreetplume@gmail.com<\/p>\n<p>\u200b<\/p>\n<p>&nbsp;<\/p>","protected":false},"excerpt":{"rendered":"<p>\u00c0 propos du potier Pendant 20 ans j&rsquo;ai trac\u00e9 ma route dans l&rsquo;industrie. \u00a0Puis l&rsquo;envie de cr\u00e9er m&rsquo;a rattrap\u00e9. En 2021, j&rsquo;ai fait la connaissance de Claude Louis, potier \u00e0 Marmoutier. Il m&rsquo;a initi\u00e9 \u00e0 la terre et la poterie est devenue ma passion, j&rsquo;avais trouv\u00e9 ma voie . J&rsquo;ai alors chang\u00e9 de chemin et [&hellip;]<\/p>","protected":false},"featured_media":0,"template":"","meta":[],"product_cat":[21],"product_tag":[],"_links":{"self":[{"href":"https:\/\/www.grintoura.fr\/en\/wp-json\/wp\/v2\/product\/8310"}],"collection":[{"href":"https:\/\/www.grintoura.fr\/en\/wp-json\/wp\/v2\/product"}],"about":[{"href":"https:\/\/www.grintoura.fr\/en\/wp-json\/wp\/v2\/types\/product"}],"wp:attachment":[{"href":"https:\/\/www.grintoura.fr\/en\/wp-json\/wp\/v2\/media?parent=8310"}],"wp:term":[{"taxonomy":"product_cat","embeddable":true,"href":"https:\/\/www.grintoura.fr\/en\/wp-json\/wp\/v2\/product_cat?post=8310"},{"taxonomy":"product_tag","embeddable":true,"href":"https:\/\/www.grintoura.fr\/en\/wp-json\/wp\/v2\/product_tag?post=8310"}],"curies":[{"name":"wp","href":"https:\/\/api.w.org\/{rel}","templated":true}]}}