	
	
	
	
{"id":7969,"date":"2023-12-05T06:46:39","date_gmt":"2023-12-05T05:46:39","guid":{"rendered":"https:\/\/www.grintoura.fr\/product\/marche-off-de-noel-place-grimmeissen\/"},"modified":"2026-04-06T17:39:27","modified_gmt":"2026-04-06T15:39:27","slug":"marche-off-de-noel-place-grimmeissen","status":"publish","type":"product","link":"https:\/\/www.grintoura.fr\/en\/product\/marche-off-de-noel-place-grimmeissen\/","title":{"rendered":"March\u00e9 OFF de No\u00ebl"},"content":{"rendered":"<p><a href=\"https:\/\/www.marcheoffstrasbourg.fr\" target=\"_blank\" rel=\"noopener\">https:\/\/www.marcheoffstrasbourg.fr<\/a><\/p>\n<p><strong>Des achats qui font sens<\/strong><\/p>\n<p>Toutes les structures du March\u00e9 OFF sont engag\u00e9es dans une d\u00e9marche d\u2019achat responsable. D\u00e9couvrez tous les produits issus de l\u2019\u00e9conomie sociale et solidaire, du commerce \u00e9quitable, de l\u2019insertion, de l\u2019agriculture biologique et paysanne et du r\u00e9emploi.<\/p>\n<p><strong>Notre histoire<\/strong><\/p>\n<p>Depuis 2016, plus d\u2019une trentaine de structures locales de l\u2019achat responsable se r\u00e9unissent Place Grimmeissen \u00e0 Strasbourg pour r\u00e9inventer No\u00ebl et offrir un espace de rencontre unique entre visiteurs du monde entier, Strasbourgeois.e.s et acteurs.ices de l\u2019\u00c9conomie Sociale et Solidaire (ESS).<\/p>\n<p>Install\u00e9 au sein d\u2019un d\u00e9cor atypique fait de containers maritimes et de d\u00f4mes g\u00e9od\u00e9siques, le March\u00e9 OFF est un lieu o\u00f9 l\u2019on \u00e9change, recycle, chine et invente ce que No\u00ebl offre de diff\u00e9rent, de solidaire, d\u2019original et d\u2019authentique en ayant recours \u00e0 des modes de consommation qui font sens.<\/p>\n<p><strong>Alcedo<\/strong><br \/>\nAlecdo d\u00e9veloppe des cosm\u00e9tiques certifi\u00e9s bio, con\u00e7us et fabriqu\u00e9s \u00e0 la main dans son propre laboratoire situ\u00e9 au c\u0153ur des Vosges du Nord en Alsace<\/p>\n<p><strong><em>ARTE<\/em><\/strong><br \/>\nARTE, qui a son si\u00e8ge \u00e0 Strasbourg, est synonyme de cr\u00e9ativit\u00e9 audiovisuelle et num\u00e9rique. ARTE propose un bouquet de propositions \u00e9ditoriales \u00e0 la t\u00e9l\u00e9vision, sur son site arte.tv, et les r\u00e9seaux sociaux. A travers ses programmes mais aussi comme entreprise, ARTE s\u2019engage pour le climat, le d\u00e9veloppement durable et la lutte contre les in\u00e9galit\u00e9s, qu\u2019elles soient sociales, culturelles, \u00e9conomiques, g\u00e9ographiques, li\u00e9es au genre ou au handicap.<\/p>\n<p><strong><em>ART +<\/em><\/strong><br \/>\nAssociation \u00e0 but non lucratif fond\u00e9e en 2012 et qui assure la promotion de l\u2019art<br \/>\net de la culture r\u00e9gionale, en collaborant notamment avec des artisans, des artistes visuels, des c\u00e9ramistes, bijoutiers.\u00e8res\u2026<\/p>\n<p><strong><em>Artisans du Monde<\/em><\/strong><br \/>\nPremier r\u00e9seau de magasins de commerce \u00e9quitable en France tenus par des b\u00e9n\u00e9voles, dans lequel le public peut aussi s\u2019informer et s\u2019engager en faveur d\u2019un commerce mondial plus juste et y trouver une offre tr\u00e8s compl\u00e8te de produits \u00e9quitables.<\/p>\n<p><strong><em>Berthel<\/em><\/strong><br \/>\nBoutique associative de cr\u00e9ateurs et de cr\u00e9atrices d\u00e9di\u00e9e \u00e0 l\u2019upcycling. Bijouti\u00e8r.es,<br \/>\nmaroquini\u00e8r.es, couturi\u00e8r.es, brocanteur.ses, cr\u00e9ateur.ices de luminaires, de bougies\u2026<br \/>\nr\u00e9emploient des mat\u00e9riaux pour leur donner une nouvelle vie.<\/p>\n<p><strong>Brasserie Blessing<\/strong><br \/>\nDepuis 2014, la Brasserie Blessing brasse des bi\u00e8res bio dans les Vosges du Nord : non filtr\u00e9es, non pasteuris\u00e9es, referment\u00e9es en bouteille. Ingr\u00e9dients locaux, retour des bouteilles, label \u00ab Valeurs Parc \u00bb et Prix d\u2019Excellence au Concours G\u00e9n\u00e9ral Agricole de Paris.<\/p>\n<p><strong><em>Cacao Exp\u00e9rience<\/em><\/strong><br \/>\nDe la f\u00e8ve \u00e0 la tablette, Cacao Experience vous propose une exp\u00e9rience gustative unique et atypique. Soucieux de l\u2019impact et de la responsabilit\u00e9 \u00e9cologique et sociale de leur activit\u00e9, Cacao Exp\u00e9rience favorise l\u2019emploi de mati\u00e8res premi\u00e8res biologiques et une juste r\u00e9mun\u00e9ration des producteurs.<\/p>\n<p><strong><em>Carijou<\/em><\/strong><br \/>\nMagasin de jouets d\u2019occasion situ\u00e9 au centre-ville de Strasbourg. Jeux de premier \u00e2ge, voitures, poup\u00e9es, jeux de soci\u00e9t\u00e9, jeux \u00e9lectroniques, peluches etc\u2026 Tous les jouets vendus par Carijou proviennent de dons et sont revaloris\u00e9s (tri, contr\u00f4le, nettoyage, r\u00e9paration) puis vendus par une vingtaine de salari\u00e9s accompagn\u00e9s dans le cadre de contrats d\u2019insertion.<\/p>\n<p><strong><em>Caf\u00e9 Sati<\/em><\/strong><br \/>\nTorr\u00e9facteur ind\u00e9pendant en Alsace depuis 1926, SATI propose une gamme compl\u00e8te de caf\u00e9s bios et \u00e9quitables. L\u2019entreprise est membre de l\u2019association Max Havelaar, organisme international de labellisation.<\/p>\n<p><strong><em>Chanvr\u2019eel &amp; Carat\u2019eel<\/em><\/strong><br \/>\nUne huilerie ol\u00e9agineuse et de la superfood saine et gourmande \u00e0 base de chanvre Alsacien dans votre assiette et pour prendre soin de votre peau ? Le tout en circuit court et sans irrigation ? C\u2019est la mission que David et Guillaume se sont donn\u00e9e en relan\u00e7ant cette culture \u00e9cologique et historique r\u00e9gionale.<\/p>\n<p><strong><em>Colecosol Grand Est<\/em><\/strong><br \/>\nDans l\u2019objectif de promouvoir dans le Grand Est le commerce \u00e9quitable et la consommation responsable ainsi que l\u2019\u00e9conomie solidaire en faveur des pays du Sud, Colecosol assure des formations et propose conseils et accompagnements aux associations et aux entreprises qui s\u2019engagent dans ces d\u00e9marches.<\/p>\n<p><strong><em>Creative vintage<\/em><\/strong><br \/>\nAssociation de promotion de la culture \u201cvintage\u201d \u00e0 destination de tous les publics, en privil\u00e9giant dans ses actions une dimension solidaire et de d\u00e9veloppement durable. Divers artistes et artisans seront pr\u00e9sents \u00e0 tour de r\u00f4le pour pr\u00e9senter des objets de d\u00e9coration et du petit mobilier transform\u00e9 de mani\u00e8re artisanale.<\/p>\n<div id=\"ohio-custom-691ffe7fa86d2\" class=\"ohio-text-sc\">\n<p><strong>La Dr\u00eache<br \/>\n<\/strong>Collectif d\u2019artisans et artistes r\u00e9unis au sein du Collectif Gruber. Leurs cr\u00e9ations m\u00ealent savoir-faire, mati\u00e8res naturelles et exp\u00e9rimentations sensibles.(<strong>Du 26 novembre au 02 d\u00e9cembre)<\/strong><\/p>\n<\/div>\n<p><strong><em>Domaine Durrmann<\/em><\/strong><br \/>\nProduction familiale en agriculture biologique depuis 1998. Les vignes sont cultiv\u00e9es en agriculture de conservation des sols et en agroforesterie, pratique de l\u2019\u00e9co-p\u00e2turage avec leurs propres moutons depuis 2004.<\/p>\n<div id=\"ohio-custom-691ffe7fa907b\" class=\"ohio-text-sc\">\n<p><strong>L\u2019Ecurie<\/strong><br \/>\nAssociation de promotion des m\u00e9tiers d\u2019art au travers d\u2019\u00e9v\u00e9nements culturels et locaux. L\u2019Ecurie propose des cr\u00e9ations textiles artisanales, c\u00e9ramiques d\u00e9coratives, bijoux et art de la table, lampes en papier pli\u00e9, illustrations, affiche, carnet\u2026 r\u00e9alis\u00e9s de fa\u00e7on 100 % artisanale.(<strong>Du 10 au 16 d\u00e9cembre)<\/strong><\/p>\n<\/div>\n<p><strong><em>Le G\u00e9n\u00e9rateur<\/em><\/strong><br \/>\nBoutique d\u2019artistes et cr\u00e9ateurs-trices de Strasbourg et ses environs. C\u00e9ramiques, illustrations, bijoux, vinyles, accessoires de mode, cosm\u00e9tiques, luminaires, broderies et autres curiosit\u00e9s sont \u00e0 d\u00e9couvrir au 8 rue Sainte Madeleine !<\/p>\n<p><strong>Hyca<\/strong><br \/>\nChlo\u00e9 et Arnaud cr\u00e9ent des boissons artisanales \u00e0 base de distillats et de mac\u00e9rats de fleurs et de plantes soigneusement s\u00e9lectionn\u00e9es et cultiv\u00e9es en agriculture biologique. HYCA met en valeur la richesse des plantes aromatiques, en d\u00e9veloppant des boissons originales, sans ar\u00f4me ni conservateur.<\/p>\n<p><strong><em>Les Jardins de Ga\u00efa<\/em><\/strong><br \/>\nCr\u00e9\u00e9s en 1994, Les Jardins de Ga\u00efa sont pionniers sur le march\u00e9 des th\u00e9s et tisanes bio et \u00e9quitables. Avec une gamme g\u00e9n\u00e9reuse de pr\u00e8s de 600 grands crus nature et cr\u00e9ations maison originales. Petits producteurs, r\u00e9coltes manuelles, terroirs d\u2019exception, d\u00e9marche environnementale et soci\u00e9tale labellis\u00e9e Bioentreprisedurable.<\/p>\n<p><strong><em>Les Jardins de la montagne verte<\/em><\/strong><br \/>\nAssociation cr\u00e9\u00e9e en 2001, sous forme d\u2019exploitation agricole urbaine et biologique, qui utilise diff\u00e9rents supports d\u2019activit\u00e9 pour r\u00e9aliser ses objectifs d\u2019insertion. L\u2019Association propose du travail aux personnes \u00e9loign\u00e9es de l\u2019emploi dans plusieurs secteurs d\u2019activit\u00e9 comme le mara\u00eechage, la conserverie, les plantes aromatiques et m\u00e9dicinales, la menuiserie, la logistique.<\/p>\n<p><strong>Mathieu Spindler<\/strong><br \/>\nMathieu Spindler est confiturier et fruiticulteur. Ses compositions d\u00e9licates transportent vos sens. Sa palette est compos\u00e9e de fruits, de baies, d\u2019\u00e9pices et de fleurs qu\u2019il cultive selon les normes de l\u2019agriculture biologique.<\/p>\n<p><strong><b>Orisae<\/b><br \/>\n<\/strong><span class=\"d2edcug0 hpfvmrgz qv66sw1b c1et5uql rrkovp55 a8c37x1j keod5gw0 nxhoafnm aigsh9s9 d3f4x2em fe6kdd0r mau55g9w c8b282yb iv3no6db jq4qci2q a3bd9o3v knj5qynh oo9gr5id hzawbc8m\" dir=\"auto\"><span class=\"d2edcug0 hpfvmrgz qv66sw1b c1et5uql rrkovp55 jq4qci2q a3bd9o3v knj5qynh oo9gr5id hzawbc8m\">Jeune entreprise strasbourgeoise qui cultive et vend les seuls grains de k\u00e9fir<br \/>\net m\u00e8res de kombucha fran\u00e7ais, frais et certifi\u00e9s bio.(<\/span><\/span><strong>Du 10 au 16 d\u00e9cembre)<\/strong><\/p>\n<div id=\"ohio-custom-691ffe7fab07b\" class=\"ohio-text-sc\">\n<p><strong>Prochain Arr\u00eat la Terre<\/strong><br \/>\nCollectif alsacien de c\u00e9ramistes, acteurs du d\u00e9veloppement \u00e9conomique, culturel et artistique r\u00e9gional et national, Prochain Arr\u00eat la Terre propose des arts de la table et sculptures cr\u00e9\u00e9s par des artistes c\u00e9ramistes d\u2019Alsace.(<strong>Du 03 au 09 d\u00e9cembre)<\/strong><\/p>\n<p><strong>PUR COOP<br \/>\n<\/strong>La PUR COOP, premi\u00e8re coop\u00e9rative de restauration propose ses recettes maison \u00e0 base de produits locaux et bio, avec une approche z\u00e9ro d\u00e9chet.<\/p>\n<\/div>\n<p><strong><em>Le Relais Est \u2013 Le L\u00e9opard<\/em> <\/strong>\u2013 Label Fripe<br \/>\nEntreprise \u00e0 but Socio-\u00e9conomique et membre d\u2019Emma\u00fcs, Le Relais Est s\u2019attache avant tout \u00e0 cr\u00e9er un maximum d\u2019emplois durables sur le territoire. Ainsi, tous les textiles collect\u00e9s, en Alsace et Franche Comt\u00e9, ont vocation \u00e0 \u00eatre tri\u00e9s et conditionn\u00e9s sur le territoire, puis revaloris\u00e9s et vendu<\/p>\n<p>S<strong>afran de Strasbourg<\/strong><br \/>\nProductrice passionn\u00e9e et engag\u00e9e en circuit court, elle cultive et transforme son propre safran en Alsace, qu\u2019elle d\u00e9cline dans une gamme locale, originale et savoureuse. Chaque recette valorise les produits du territoire et limite l\u2019impact environnemental, jusque dans les emballages.<\/p>\n<p><strong><em>Vet Ethic<\/em> <\/strong><br \/>\nBoutique coop\u00e9rative sp\u00e9cialis\u00e9e dans la vente de v\u00eatements bio\/\u00e9quitables. Vet Ethic diffuse une vingtaine de marque soit dans la logique du commerce \u00e9quitable NORD\/SUD soit dans celle du commerce \u00e9quitable France.<\/p>\n<p><em><strong>Hyca<\/strong><\/em><br \/>\nChlo\u00e9 et Arnaud cr\u00e9ent des boissons artisanales \u00e0 base de distillats et de mac\u00e9rats de fleurs et de plantes soigneusement s\u00e9lectionn\u00e9es et cultiv\u00e9es en agriculture biologique. HYCA met en valeur la richesse des plantes aromatiques, en d\u00e9veloppant des boissons originales, sans ar\u00f4me ni conservateur.<\/p>\n<p><strong><em>Libre Objet<\/em><\/strong><br \/>\nAssociation, chantier d\u2019insertion cr\u00e9\u00e9e en 1997 dont la mission est de favoriser l\u2019insertion de personnes en difficult\u00e9s, par une remise au travail. Leur principale activit\u00e9 repose sur la reproduction d\u2019objets con\u00e7us par des artistes : designers, illustrateurs, sculpteurs, artistes, peintres, \u00e9tudiants d\u2019\u00e9coles d\u2019art \u2026 tout en favorisant l\u2019usage de mat\u00e9riaux recycl\u00e9s.<\/p>\n<p><em><strong>Association L\u2019Ecurie<\/strong><\/em><br \/>\nAssociation de promotion des m\u00e9tiers d\u2019art au travers d\u2019\u00e9v\u00e9nements culturels et locaux. L\u2019Ecurie propose des cr\u00e9ations textiles artisanales, c\u00e9ramiques d\u00e9coratives, bijoux et art de la table, lampes en papier pli\u00e9, illustrations, affiche, carnet\u2026 r\u00e9alis\u00e9s de fa\u00e7on 100 % artisanale.<\/p>\n<div id=\"ohio-custom-691ffe7fac756\" class=\"ohio-text-sc\">\n<p><strong>Savonnerie du C\u00e8dre<\/strong><br \/>\ndu C\u00e8dre cr\u00e9e des cosm\u00e9tiques solides et bio, certifi\u00e9s Nature et Progr\u00e8s, en associant des ingr\u00e9dients 100 % bio et naturels \u00e0 un savoir-faire unique. Leurs produits offrent des solutions douces et efficaces pour les peaux s\u00e8ches, atopiques ou sujettes \u00e0 l\u2019ecz\u00e9ma, alliant bien-\u00eatre et respect de l\u2019environnement.(<strong>Du 10 au 24 d\u00e9cembre)<\/strong><\/p>\n<div id=\"ohio-custom-691ffe7fabe7d\" class=\"ohio-text-sc\">\n<p><strong>La Ruche<\/strong><br \/>\nLA RUCHE s\u2019appuie sur l\u2019impact positif et l\u2019\u00e9galit\u00e9 des chances pour accompagner des entrepreneurs \u00e0 d\u00e9velopper leur projet et les rendre plus visibles. Petit mobilier, livres jeunesse, bijoux, c\u00e9ramique, illustrations\u2026(<strong>Du 26 novembre au 02 d\u00e9cembre)<\/strong><\/p>\n<p><strong>Singa<\/strong><br \/>\nSINGA met en lumi\u00e8re des cr\u00e9ations artisanales issues de parcours de migration, port\u00e9es par des femmes et des artistes engag\u00e9\u00b7es entre ici et ailleurs.(<strong>Du 26 novembre au 02 d\u00e9cembre)<\/strong><\/p>\n<p class=\"p1\"><strong>Collectif Fri-fri<\/strong><br \/>\nLe collectif Fri-fri r\u00e9unit des cr\u00e9ateur.ices engag\u00e9.es dans une d\u00e9marche artisanale et \u00e9coresponsable, m\u00ealant savoir-faire et mat\u00e9riaux recycl\u00e9s.(<strong>Du 26 novembre au 02 d\u00e9cembre)<\/strong><\/p>\n<p class=\"p1\"><strong>V\u00eatis<br \/>\n<\/strong>L\u2019association est un acteur engag\u00e9 du recyclage textile dans le Bas-Rhin. Sa mission est d\u2019accompagner les personnes exclues et en difficult\u00e9s vers l\u2019emploi, autour du v\u00eatement de seconde main collect\u00e9 sur le territoire (plus de 100 bornes textiles).<\/p>\n<p class=\"p1\"><strong>Trans\u2019versants<br \/>\n<\/strong>Support d\u2019exp\u00e9rimentations<strong>, <\/strong>Trans\u2019versants met en \u0153uvre des projets collaboratifs pour tester de fa\u00e7on concr\u00e8te les changements syst\u00e9miques indispensables \u00e0 la transition \u00e9cologique. Cette association du massif des Vosges engage les alimentaires \u00e0 questionner leurs pratiques, pour vous faire d\u00e9couvrir une cuisine r\u00e9confortante, savoureuse et \u00e9coresponsable !<\/p>\n<\/div>\n<\/div>","protected":false},"excerpt":{"rendered":"<p>https:\/\/www.marcheoffstrasbourg.fr Des achats qui font sens Toutes les structures du March\u00e9 OFF sont engag\u00e9es dans une d\u00e9marche d\u2019achat responsable. D\u00e9couvrez tous les produits issus de l\u2019\u00e9conomie sociale et solidaire, du commerce \u00e9quitable, de l\u2019insertion, de l\u2019agriculture biologique et paysanne et du r\u00e9emploi. Notre histoire Depuis 2016, plus d\u2019une trentaine de structures locales de l\u2019achat responsable [&hellip;]<\/p>","protected":false},"featured_media":0,"template":"","meta":[],"product_cat":[21],"product_tag":[],"_links":{"self":[{"href":"https:\/\/www.grintoura.fr\/en\/wp-json\/wp\/v2\/product\/7969"}],"collection":[{"href":"https:\/\/www.grintoura.fr\/en\/wp-json\/wp\/v2\/product"}],"about":[{"href":"https:\/\/www.grintoura.fr\/en\/wp-json\/wp\/v2\/types\/product"}],"wp:attachment":[{"href":"https:\/\/www.grintoura.fr\/en\/wp-json\/wp\/v2\/media?parent=7969"}],"wp:term":[{"taxonomy":"product_cat","embeddable":true,"href":"https:\/\/www.grintoura.fr\/en\/wp-json\/wp\/v2\/product_cat?post=7969"},{"taxonomy":"product_tag","embeddable":true,"href":"https:\/\/www.grintoura.fr\/en\/wp-json\/wp\/v2\/product_tag?post=7969"}],"curies":[{"name":"wp","href":"https:\/\/api.w.org\/{rel}","templated":true}]}}