	
	
	
	
{"id":7807,"date":"2023-11-11T17:39:37","date_gmt":"2023-11-11T16:39:37","guid":{"rendered":"https:\/\/www.grintoura.fr\/product\/oz-le-noel-des-metiers-dart\/"},"modified":"2026-04-06T17:39:39","modified_gmt":"2026-04-06T15:39:39","slug":"oz-le-noel-des-metiers-dart","status":"publish","type":"product","link":"https:\/\/www.grintoura.fr\/en\/product\/oz-le-noel-des-metiers-dart\/","title":{"rendered":"Oz, le No\u00ebl des M\u00e9tiers d\u2019Art"},"content":{"rendered":"<p><strong>OZ est de retour, en plein coeur du march\u00e9 de No\u00ebl<\/strong><\/p>\n<p>P\u00e9riode de No\u00ebl, place Kl\u00e9ber : et si vous vous \u00e9chappiez de la foule pour vous rendre \u00e0 l\u2019Aubette ?<\/p>\n<p><em>Du 9 au 23 d\u00e9cembre 2023<\/em>, la fr\u00e9maa (F\u00e9d\u00e9ration des m\u00e9tiers d\u2019art d\u2019Alsace) reconduit sa boutique \u00e9ph\u00e9m\u00e8re de No\u00ebl, OZ, dans le cadre enchanteur de la Grande Salle de l\u2019Aubette, place Kl\u00e9ber \u00e0 Strasbourg.<\/p>\n<p>En pleine p\u00e9riode de No\u00ebl, OZ met en lumi\u00e8re le talent et le savoir-faire d\u2019exception de 55 artisans d\u2019art et permet ainsi aux amateurs de pi\u00e8ces uniques de d\u00e9nicher une multitude d\u2019objets cadeaux singuliers, contemporains et audacieux, fa\u00e7onn\u00e9s \u00e0 la main.<\/p>\n<p>Le concept de la manifestation se distingue par 2 espaces de vente :<\/p>\n<p>&#8211; <em>Une expo-vente<\/em> avec 20 cr\u00e9ateurs pr\u00e9sents sur place pour d\u00e9voiler leurs derni\u00e8res collections au public.<\/p>\n<p>&#8211; <em>Une boutique<\/em> regroupant les pi\u00e8ces de 35 cr\u00e9ateurs en c\u00e9ramique, mode et accessoires, d\u00e9coration murale, textile ou encore bijoux.<\/p>\n<p>Avec son ambiance chaleureuse et son large choix d\u2019objets de fabrication artisanale, fran\u00e7aise ET \u00e0 des prix accessibles, OZ sera sans aucun doute l\u2019un des meilleurs endroits pour trouver le cadeau id\u00e9al tout en pr\u00e9servant ses valeurs \u00e9thiques !<\/p>\n<p><strong>Le Sapin des Cr\u00e9ateurs<\/strong><br \/>\n\u00c0 cette occasion, d\u00e9couvrez \u00e9galement une s\u00e9lection in\u00e9dite de d\u00e9corations de sapin originales (Attention : pi\u00e8ces uniques et s\u00e9ries limit\u00e9es !).<\/p>\n<p><a href=\"http:\/\/www.fremaa.com\" target=\"_blank\" rel=\"noopener\">http:\/\/www.fremaa.com<\/a><\/p>\n<p>&nbsp;<\/p>","protected":false},"excerpt":{"rendered":"<p>OZ est de retour, en plein coeur du march\u00e9 de No\u00ebl P\u00e9riode de No\u00ebl, place Kl\u00e9ber : et si vous vous \u00e9chappiez de la foule pour vous rendre \u00e0 l\u2019Aubette ? Du 9 au 23 d\u00e9cembre 2023, la fr\u00e9maa (F\u00e9d\u00e9ration des m\u00e9tiers d\u2019art d\u2019Alsace) reconduit sa boutique \u00e9ph\u00e9m\u00e8re de No\u00ebl, OZ, dans le cadre enchanteur [&hellip;]<\/p>","protected":false},"featured_media":0,"template":"","meta":[],"product_cat":[21],"product_tag":[],"_links":{"self":[{"href":"https:\/\/www.grintoura.fr\/en\/wp-json\/wp\/v2\/product\/7807"}],"collection":[{"href":"https:\/\/www.grintoura.fr\/en\/wp-json\/wp\/v2\/product"}],"about":[{"href":"https:\/\/www.grintoura.fr\/en\/wp-json\/wp\/v2\/types\/product"}],"wp:attachment":[{"href":"https:\/\/www.grintoura.fr\/en\/wp-json\/wp\/v2\/media?parent=7807"}],"wp:term":[{"taxonomy":"product_cat","embeddable":true,"href":"https:\/\/www.grintoura.fr\/en\/wp-json\/wp\/v2\/product_cat?post=7807"},{"taxonomy":"product_tag","embeddable":true,"href":"https:\/\/www.grintoura.fr\/en\/wp-json\/wp\/v2\/product_tag?post=7807"}],"curies":[{"name":"wp","href":"https:\/\/api.w.org\/{rel}","templated":true}]}}