	
	
	
	
{"id":7366,"date":"2023-09-12T23:39:31","date_gmt":"2023-09-12T21:39:31","guid":{"rendered":"https:\/\/www.grintoura.fr\/product\/la-source-magasin-bio\/"},"modified":"2023-09-12T23:39:31","modified_gmt":"2023-09-12T21:39:31","slug":"la-source-magasin-bio","status":"publish","type":"product","link":"https:\/\/www.grintoura.fr\/en\/product\/la-source-magasin-bio\/","title":{"rendered":"La Source Magasin bio"},"content":{"rendered":"<p><strong>La Source\u00a0Obernai<\/strong><\/p>\n<p>Le Galion<br \/>\n1, Rue de Pully\u200a\u00b7\u200a67210 Obernai<br \/>\nT\u00e9l. 03.75.13.00.10<\/p>\n<p>HORAIRES DU MAGASIN<\/p>\n<p>lundi\u00a0au jeudi :\u00a008h30\u2009\u2013\u200912h30\u00a0et\u00a014h00\u2009\u2013\u200919h00<\/p>\n<p>vendredi\u00a0:\u00a008h30\u2009\u2013\u200919h00<\/p>\n<p>samedi\u00a0:\u00a008h30\u2009\u2013\u200918h00<\/p>\n<p>&nbsp;<\/p>\n<p>La Source, ce sont deux\u00a0magasins bio ind\u00e9pendants, de 310 m\u00b2 \u00e0 Barr et 360 m\u00b2 \u00e0 Obernai, d\u00e9di\u00e9s \u00e0 toutes les personnes soucieuses de leur alimentation et de leur bien-\u00eatre. Nous y vendons des produits certifi\u00e9s biologiques, des produits naturels, dans des domaines divers tels que l\u2019alimentation, l\u2019hygi\u00e8ne, la beaut\u00e9, les compl\u00e9ments alimentaires, les huiles essentielles et les produits de bien \u00eatre en g\u00e9n\u00e9ral.<\/p>\n<p>&nbsp;<\/p>\n<p><strong>ECO-RESPONSABILIT\u00c9 ET R\u00c9GIONALIT\u00c9<\/strong><br \/>\nNous travaillons, dans la mesure du possible, avec des produits fran\u00e7ais et surtout locaux. Soutenir les productions bio et locales, c\u2019est aider au d\u00e9veloppement d\u2019une agriculture respectueuse de la plan\u00e8te, pr\u00e9server les ressources, contribuer \u00e0 l\u2019\u00e9conomie r\u00e9gionale en cr\u00e9ant des emplois.\u00a0Vous trouvez \u00e0 La Source des mara\u00eechers, viticulteurs, artisans boulangers, \u00e9leveurs, apiculteurs, transformateurs et fabricants de produits cosm\u00e9tiques locaux.<br \/>\nNous participons, dans la mesure du possible, aux actions men\u00e9es par les associations locales.<\/p>\n<p>&nbsp;<\/p>\n<p><strong>IND\u00c9PENDANT<\/strong><br \/>\nNous sommes fiers de faire partie des rares magasins bio ind\u00e9pendants, en Alsace. C&rsquo;est, pour vous, la garantie de notre engagement, de notre volont\u00e9 de p\u00e9rennit\u00e9 et de notre exigence de qualit\u00e9 et de service.<\/p>\n<p>&nbsp;<\/p>\n<p><strong>ENSEMBLE, NOUS POUVONS FAIRE BOUGER LES CHOSES<\/strong><br \/>\nConsommer bio, c&rsquo;est se relier \u00e0 la Vie ! C&rsquo;est le respect &#8230; du vivant, de la terre, de la biodiversit\u00e9, du bien-\u00eatre animal, du consommateur&#8230; avec la vente de produits certifi\u00e9s. Consommez bio, c\u2019est une alternative au consum\u00e9risme.<\/p>\n<p>&nbsp;<\/p>\n<p>&nbsp;<\/p>\n<p>&nbsp;<\/p>\n<p>&nbsp;<\/p>","protected":false},"excerpt":{"rendered":"<p>La Source\u00a0Obernai Le Galion 1, Rue de Pully\u200a\u00b7\u200a67210 Obernai T\u00e9l. 03.75.13.00.10 HORAIRES DU MAGASIN lundi\u00a0au jeudi :\u00a008h30\u2009\u2013\u200912h30\u00a0et\u00a014h00\u2009\u2013\u200919h00 vendredi\u00a0:\u00a008h30\u2009\u2013\u200919h00 samedi\u00a0:\u00a008h30\u2009\u2013\u200918h00 &nbsp; La Source, ce sont deux\u00a0magasins bio ind\u00e9pendants, de 310 m\u00b2 \u00e0 Barr et 360 m\u00b2 \u00e0 Obernai, d\u00e9di\u00e9s \u00e0 toutes les personnes soucieuses de leur alimentation et de leur bien-\u00eatre. Nous y vendons des produits [&hellip;]<\/p>","protected":false},"featured_media":0,"template":"","meta":[],"product_cat":[21],"product_tag":[],"_links":{"self":[{"href":"https:\/\/www.grintoura.fr\/en\/wp-json\/wp\/v2\/product\/7366"}],"collection":[{"href":"https:\/\/www.grintoura.fr\/en\/wp-json\/wp\/v2\/product"}],"about":[{"href":"https:\/\/www.grintoura.fr\/en\/wp-json\/wp\/v2\/types\/product"}],"wp:attachment":[{"href":"https:\/\/www.grintoura.fr\/en\/wp-json\/wp\/v2\/media?parent=7366"}],"wp:term":[{"taxonomy":"product_cat","embeddable":true,"href":"https:\/\/www.grintoura.fr\/en\/wp-json\/wp\/v2\/product_cat?post=7366"},{"taxonomy":"product_tag","embeddable":true,"href":"https:\/\/www.grintoura.fr\/en\/wp-json\/wp\/v2\/product_tag?post=7366"}],"curies":[{"name":"wp","href":"https:\/\/api.w.org\/{rel}","templated":true}]}}