	
	
	
	
{"id":6299,"date":"2023-05-14T22:05:08","date_gmt":"2023-05-14T20:05:08","guid":{"rendered":"https:\/\/www.grintoura.fr\/product\/berthel-upcycling\/"},"modified":"2023-05-14T22:05:08","modified_gmt":"2023-05-14T20:05:08","slug":"berthel-upcycling","status":"publish","type":"product","link":"https:\/\/www.grintoura.fr\/en\/product\/berthel-upcycling\/","title":{"rendered":"Berthel upcycling"},"content":{"rendered":"<p><strong>Qui \u00e9tait Berthel ?<\/strong><\/p>\n<p>Berthel \u00e9tait le surnom de l\u2019arri\u00e8re-grand-p\u00e8re de la cr\u00e9atrice \u00e0 l\u2019origine du projet. Il s\u2019appelait Barth\u00e9l\u00e9my, il \u00e9tait tailleur. C\u2019est d\u2019abord un premier clin d\u2019\u0153il \u00e0 leur activit\u00e9 commune\u00a0qui a travers\u00e9 les g\u00e9n\u00e9rations : la couture\u00a0! C\u2019est aussi li\u00e9 \u00e0 l\u2019historique de la boutique puisque le premier artisan \u00e0 occuper les lieux \u00e9tait tailleur\u00a0!<br \/>\nEt quel pr\u00e9nom vintage<\/p>\n<p><strong>Plus qu\u2019une boutique<\/strong><br \/>\nBerthel est une association fond\u00e9e en 2022 \u00e0 l\u2019initiative de Laura, la cr\u00e9atrice de mode \u00e9thique de la marque Seconde Poche. Convaincue par la richesse des cr\u00e9ations bas\u00e9es sur l\u2019upcycling, aussi bien en termes d\u2019impact environnemental qu\u2019artistique, elle a cr\u00e9\u00e9 un lieu d\u00e9di\u00e9 \u00e0 cette pratique\u00a0! Ainsi elle embarque avec elle de multiples cr\u00e9ateurs de la r\u00e9gion qui exercent le surcyclage, pour ouvrir une boutique qui fonctionne collectivement\u00a0!<\/p>\n<p>Bijouti\u00e8r.es, maroquini\u00e8r.es, couturi\u00e8r.es, brocanteur.ses, cr\u00e9ateur.ices de luminaires, de bougies\u2026se retrouvent ici\u00a0! Tous et toutes r\u00e9emploient des mat\u00e9riaux pour leur donner une nouvelle vie\u00a0! L\u2019upcycling permet de revaloriser des objets destin\u00e9s \u00e0 parfois \u00eatre jet\u00e9s, et fait na\u00eetre des id\u00e9es\u00a0incroyables ! Ainsi on retrouve chez Berthel des cr\u00e9ations responsables, aussi bien tendances qu\u2019originales\u00a0!<\/p>\n<p>Pour se faire plaisir ou faire plaisir, vous \u00eates au bon endroit pour trouver des pi\u00e8ces uniques, robustes et avec une belle histoire !<\/p>\n<p><strong>Un lieu exceptionnel !<\/strong><br \/>\nLe collectif est implant\u00e9 en plein c\u0153ur de Strasbourg, rue des juifs, rue historique de la ville\u00a0! Pleine de charme, cette boutique a ouvert ses portes pour la premi\u00e8re fois en 1974 avec un tailleur. La vitrine arrondie en fer forg\u00e9 est d\u2019origine et les cr\u00e9ateurs comptent bien jouer avec cet aspect vintage pour faire vivre cette id\u00e9e de faire du neuf avec du vieux\u00a0!<br \/>\nTout le mobilier de la boutique a \u00e9t\u00e9 chin\u00e9 et remis au go\u00fbt du jour pour cr\u00e9er une ambiance unique et en lien direct avec le surcyclage.<\/p>\n<p>Visiter notre boutique est une exp\u00e9rience en soi. On retrouve des bahuts d\u2019\u00e9poque, machine \u00e0 coudre, living des ann\u00e9es 50\u2026dans lesquels sont expos\u00e9es les cr\u00e9ations de nos merveilleux.ses artisans et artisanes, ce qui lui conf\u00e8re un dr\u00f4le d\u2019aspect de mus\u00e9e\u00a0!<\/p>\n<p>&nbsp;<\/p>\n<p>&nbsp;<\/p>\n<p>&nbsp;<\/p>","protected":false},"excerpt":{"rendered":"<p>Qui \u00e9tait Berthel ? Berthel \u00e9tait le surnom de l\u2019arri\u00e8re-grand-p\u00e8re de la cr\u00e9atrice \u00e0 l\u2019origine du projet. Il s\u2019appelait Barth\u00e9l\u00e9my, il \u00e9tait tailleur. C\u2019est d\u2019abord un premier clin d\u2019\u0153il \u00e0 leur activit\u00e9 commune\u00a0qui a travers\u00e9 les g\u00e9n\u00e9rations : la couture\u00a0! C\u2019est aussi li\u00e9 \u00e0 l\u2019historique de la boutique puisque le premier artisan \u00e0 occuper les [&hellip;]<\/p>","protected":false},"featured_media":0,"template":"","meta":[],"product_cat":[21],"product_tag":[],"_links":{"self":[{"href":"https:\/\/www.grintoura.fr\/en\/wp-json\/wp\/v2\/product\/6299"}],"collection":[{"href":"https:\/\/www.grintoura.fr\/en\/wp-json\/wp\/v2\/product"}],"about":[{"href":"https:\/\/www.grintoura.fr\/en\/wp-json\/wp\/v2\/types\/product"}],"wp:attachment":[{"href":"https:\/\/www.grintoura.fr\/en\/wp-json\/wp\/v2\/media?parent=6299"}],"wp:term":[{"taxonomy":"product_cat","embeddable":true,"href":"https:\/\/www.grintoura.fr\/en\/wp-json\/wp\/v2\/product_cat?post=6299"},{"taxonomy":"product_tag","embeddable":true,"href":"https:\/\/www.grintoura.fr\/en\/wp-json\/wp\/v2\/product_tag?post=6299"}],"curies":[{"name":"wp","href":"https:\/\/api.w.org\/{rel}","templated":true}]}}