	
	
	
	
{"id":20365,"date":"2026-03-02T14:40:34","date_gmt":"2026-03-02T13:40:34","guid":{"rendered":"https:\/\/www.grintoura.fr\/product\/les-jardins-du-musee-international-de-la-parfumerie\/"},"modified":"2026-03-02T14:40:34","modified_gmt":"2026-03-02T13:40:34","slug":"les-jardins-du-musee-international-de-la-parfumerie","status":"publish","type":"product","link":"https:\/\/www.grintoura.fr\/en\/product\/les-jardins-du-musee-international-de-la-parfumerie\/","title":{"rendered":"Les jardins du Mus\u00e9e International de la Parfumerie"},"content":{"rendered":"<p>Dans le cadre unique <strong>des Jardins du Mus\u00e9e International de la Parfumerie<\/strong>, on d\u00e9couvre et sent ces esp\u00e8ces qui fournissent depuis des si\u00e8cles les pr\u00e9cieuses mati\u00e8res premi\u00e8res de la parfumerie.<br \/>\nInstall\u00e9s magnifiquement au c\u0153ur des champs des plantes \u00e0 parfum traditionnellement cultiv\u00e9es dans le pays de Grasse, les Jardins du Mus\u00e9e International de la Parfumerie s\u2019inscrivent dans le projet de territoire men\u00e9 par la Communaut\u00e9 d\u2019Agglom\u00e9ration Pays de Grasse et deviennent ainsi le conservatoire de plantes \u00e0 parfum du mus\u00e9e, un espace naturel t\u00e9moin du paysage olfactif li\u00e9 \u00e0 l\u2019agriculture locale.<\/p>\n<p>Quinze ans apr\u00e8s leur ouverture, les Jardins du Mus\u00e9e International de la Parfumerie re\u00e7oivent <em>label Jardin Remarquable.<\/em><\/p>\n<p>Dans le cadre du partenariat sign\u00e9 par la Communaut\u00e9 d\u2019agglom\u00e9ration du Pays de Grasse avec la Ligue de Protection des Oiseaux (LPO), les Jardins du Mus\u00e9e International de la Parfumerie se sont engag\u00e9s dans une d\u00e9marche de \u00ab Refuge LPO \u00bb de fa\u00e7on \u00e0 favoriser la vie sauvage sur le site.<\/p>\n<p>Les Jardins du MIP proposent des <strong>visites guid\u00e9es<\/strong> ainsi que des <strong>activit\u00e9s culturelles et exp\u00e9rimentales<\/strong> pour tout type de public.<\/p>\n<p><strong> NOUS CONTACTER<\/strong><br \/>\nT\u00e9l. +33 (0) 4 92 98 92 69<\/p>","protected":false},"excerpt":{"rendered":"<p>Dans le cadre unique des Jardins du Mus\u00e9e International de la Parfumerie, on d\u00e9couvre et sent ces esp\u00e8ces qui fournissent depuis des si\u00e8cles les pr\u00e9cieuses mati\u00e8res premi\u00e8res de la parfumerie. Install\u00e9s magnifiquement au c\u0153ur des champs des plantes \u00e0 parfum traditionnellement cultiv\u00e9es dans le pays de Grasse, les Jardins du Mus\u00e9e International de la Parfumerie [&hellip;]<\/p>","protected":false},"featured_media":0,"template":"","meta":[],"product_cat":[21],"product_tag":[],"_links":{"self":[{"href":"https:\/\/www.grintoura.fr\/en\/wp-json\/wp\/v2\/product\/20365"}],"collection":[{"href":"https:\/\/www.grintoura.fr\/en\/wp-json\/wp\/v2\/product"}],"about":[{"href":"https:\/\/www.grintoura.fr\/en\/wp-json\/wp\/v2\/types\/product"}],"wp:attachment":[{"href":"https:\/\/www.grintoura.fr\/en\/wp-json\/wp\/v2\/media?parent=20365"}],"wp:term":[{"taxonomy":"product_cat","embeddable":true,"href":"https:\/\/www.grintoura.fr\/en\/wp-json\/wp\/v2\/product_cat?post=20365"},{"taxonomy":"product_tag","embeddable":true,"href":"https:\/\/www.grintoura.fr\/en\/wp-json\/wp\/v2\/product_tag?post=20365"}],"curies":[{"name":"wp","href":"https:\/\/api.w.org\/{rel}","templated":true}]}}