	
	
	
	
{"id":18925,"date":"2025-11-07T23:02:30","date_gmt":"2025-11-07T22:02:30","guid":{"rendered":"https:\/\/www.grintoura.fr\/product\/le-palais-du-corbeau\/"},"modified":"2025-11-07T23:02:30","modified_gmt":"2025-11-07T22:02:30","slug":"le-palais-du-corbeau","status":"publish","type":"product","link":"https:\/\/www.grintoura.fr\/en\/product\/le-palais-du-corbeau\/","title":{"rendered":"Le Palais du Corbeau"},"content":{"rendered":"<p>Les objets disponibles sur ce site<\/p>\n<p>sont \u00e9galement expos\u00e9s dans notre<\/p>\n<p>atelier\/boutique nomm\u00e9<\/p>\n<p>Le Palais du Corbeau.<\/p>\n<p>\u2014<\/p>\n<p>Notre atelier est ouvert au public l\u2019apr\u00e8s-midi,<\/p>\n<p>du mardi au samedi<\/p>\n<p>(ou \u00e0 tout autre moment, sur rendez-vous).<\/p>\n<p>&nbsp;<\/p>\n<p>\u2014<\/p>\n<p>Il est situ\u00e9 au 2 rue des veaux \u00e0 Strasbourg,<\/p>\n<p>juste derri\u00e8re la cath\u00e9drale,<\/p>\n<p>\u00e0 deux pas du Palais Rohan,<\/p>\n<p>\u00e0 trois pas de la place du Corbeau<\/p>\n<p>et \u00e0 mille lieues du pragmatisme.<\/p>\n<p>\u2014<\/p>\n<p>&nbsp;<\/p>\n<p>&nbsp;<\/p>\n<p>Tous les objets que nous produisons<\/p>\n<p>sont fa\u00e7onn\u00e9s \u00e0 la main,<\/p>\n<p>dans notre atelier ouvert au public.<\/p>\n<p>Ce sont donc des pi\u00e8ces uniques qui,<\/p>\n<p>agenc\u00e9es les unes aux autres,<\/p>\n<p>construisent notre esth\u00e9tique<\/p>\n<p>et racontent une histoire singuli\u00e8re<\/p>\n<p>se poursuivant \u00e0 travers nos collections.<\/p>\n<p>Pour ceux qui souhaiteraient exprimer<\/p>\n<p>leurs go\u00fbts et id\u00e9es \u00e0 travers nos objets,<\/p>\n<p>nous r\u00e9alisons \u00e9galement<\/p>\n<p>des pi\u00e8ces sur demande<\/p>\n<p>inspir\u00e9es (ou non) des collections en cours.<\/p>","protected":false},"excerpt":{"rendered":"<p>Les objets disponibles sur ce site sont \u00e9galement expos\u00e9s dans notre atelier\/boutique nomm\u00e9 Le Palais du Corbeau. \u2014 Notre atelier est ouvert au public l\u2019apr\u00e8s-midi, du mardi au samedi (ou \u00e0 tout autre moment, sur rendez-vous). &nbsp; \u2014 Il est situ\u00e9 au 2 rue des veaux \u00e0 Strasbourg, juste derri\u00e8re la cath\u00e9drale, \u00e0 deux pas [&hellip;]<\/p>","protected":false},"featured_media":0,"template":"","meta":[],"product_cat":[21],"product_tag":[],"_links":{"self":[{"href":"https:\/\/www.grintoura.fr\/en\/wp-json\/wp\/v2\/product\/18925"}],"collection":[{"href":"https:\/\/www.grintoura.fr\/en\/wp-json\/wp\/v2\/product"}],"about":[{"href":"https:\/\/www.grintoura.fr\/en\/wp-json\/wp\/v2\/types\/product"}],"wp:attachment":[{"href":"https:\/\/www.grintoura.fr\/en\/wp-json\/wp\/v2\/media?parent=18925"}],"wp:term":[{"taxonomy":"product_cat","embeddable":true,"href":"https:\/\/www.grintoura.fr\/en\/wp-json\/wp\/v2\/product_cat?post=18925"},{"taxonomy":"product_tag","embeddable":true,"href":"https:\/\/www.grintoura.fr\/en\/wp-json\/wp\/v2\/product_tag?post=18925"}],"curies":[{"name":"wp","href":"https:\/\/api.w.org\/{rel}","templated":true}]}}