	
	
	
	
{"id":13740,"date":"2025-01-23T14:45:05","date_gmt":"2025-01-23T13:45:05","guid":{"rendered":"https:\/\/www.grintoura.fr\/product\/parc-naturel-regional-normandie-maine\/"},"modified":"2025-01-23T14:45:05","modified_gmt":"2025-01-23T13:45:05","slug":"parc-naturel-regional-normandie-maine","status":"publish","type":"product","link":"https:\/\/www.grintoura.fr\/en\/product\/parc-naturel-regional-normandie-maine\/","title":{"rendered":"Parc naturel r\u00e9gional Normandie-Maine"},"content":{"rendered":"<p>Depuis les hauteurs des monts de Normandie et du Maine, jusqu\u2019au c\u0153ur du bocage domfrontais, <a href=\"https:\/\/www.parcs-naturels-regionaux.fr\/les-parcs\/decouvrir-les-58-parcs\/parc-naturel-regional-normandie-maine\" target=\"_blank\" rel=\"noopener\"><strong>le Parc naturel r\u00e9gional Normandie-Maine<\/strong> <\/a>s\u2019offre g\u00e9n\u00e9reusement \u00e0 vous. D\u00e9couvrez cet espace, territoire d\u2019\u00e9quilibre o\u00f9 la pr\u00e9servation des milieux naturels et le d\u00e9veloppement \u00e9conomique font cause commune.<\/p>\n<p><strong>Tutoyer les sommets\u00a0<\/strong><br \/>\nIci, la vue porte loin&#8230; Jusqu\u2019\u00e0 la baie du Mont-Saint-Michel, aux confins de la Bretagne. Aiguille de Mortain, Fosse Arthour, Alpes Mancelles, le Massif armoricain, l\u2019un des plus vieux d\u2019Europe, dresse l\u00e0 ses derniers contreforts avant de venir \u00e9pouser les plateaux calcaires du Bassin parisien. De magnifiques terrains d\u2019escalade ! Oserez-vous braver le vide et ressentir la puissance de la roche sous vos doigts ?<\/p>\n<p><strong>Explorer sans limite\u00a0<\/strong><br \/>\nLa d\u00e9couverte du territoire a comme un parfum d\u2019aventure, au fil de l\u2019eau et des sentiers. Souvent paisibles, la Sarthe et la Varenne acc\u00e9l\u00e8rent parfois leur cours alors que la Cance d\u00e9vale en cascade\u2026 Laissez-vous fondre dans les paysages, observez faune et flore qui vous entourent le temps d\u2019une balade en kayak. Au creux des cours d\u2019eau, se cachent des esp\u00e8ces aussi embl\u00e9matiques que rares comme l\u2019\u00c9crevisse \u00e0 pieds-blancs ou la Moule perli\u00e8re. \u00c0 pied, \u00e0 v\u00e9lo, \u00e0 cheval ou en attelage, sillonnez le bocage o\u00f9 se niche la Chouette chev\u00eache, et arpentez les majestueuses for\u00eats des Andaines, d\u2019\u00c9couves, de Perseigne et de Sill\u00e9 qui couvrent pr\u00e8s de 50 000 hectares. Restez discrets si vous souhaitez surprendre chevreuil, sanglier ou cerf, \u00e9couter le chant du Pic noir ou observer le vol acrobatique du Busard Saint-Martin\u2026<\/p>\n<p><strong>Franchir les portes du temps\u00a0<\/strong><br \/>\nIci, les pierres ne cessent d\u2019\u00e9voquer l\u2019histoire. Une histoire particuli\u00e8rement f\u00e9conde et marqu\u00e9e par les figures de Guillaume le Conqu\u00e9rant et d\u2019Henri Ier Beauclerc. Adoss\u00e9s sur une ligne de cr\u00eate, t\u00e9moins des rivalit\u00e9s f\u00e9odales qui opposaient la Normandie et le Maine, de nombreux ch\u00e2teaux ponctuent le territoire d\u2019est en ouest, laissant appara\u00eetre l\u2019ancienne marche historique. \u00c0 Domfront, Lassay-les-Ch\u00e2teaux ou Sill\u00e9-le-Guillaume, comme bien ailleurs, les places fortes continuent fi\u00e8rement de d\u00e9fier le temps.<\/p>\n<p><strong>Nature g\u00e9n\u00e9reuse et passion des hommes\u00a0<\/strong><br \/>\nDepuis longtemps, cette complicit\u00e9 nourrit bien des savoir-faire. Pr\u00e9-vergers et prairies fleuries sont le th\u00e9\u00e2tre d\u2019une agriculture diversifi\u00e9e et de qualit\u00e9, qui se distingue par ses productions de viande, de lait et la diversit\u00e9 de sa fili\u00e8re cidricole pour le plus grand plaisir des papilles. Les vergers aux silhouettes tortur\u00e9es ont trouv\u00e9 l\u00e0 une terre d\u2019\u00e9lection. \u00c0 l\u2019automne, ils offrent le meilleur de leurs fruits pour l\u2019AOP \u00ab Poir\u00e9 Domfront \u00bb. Cette boisson traditionnelle, \u00e9labor\u00e9e \u00e0 partir de mo\u00fbt de poire, est d\u00e9licate avec un fruit\u00e9 subtil et une finesse de bulle rafra\u00eechissante. Les amateurs \u00e9clair\u00e9s seront s\u00e9duits par le Calvados Domfrontais AOC, le seul \u00e0 marier la pomme et la poire en juste proportion pour d\u00e9gager en bouche des notes vanill\u00e9es, de pomme cuite, parfois de r\u00e9glisse ou encore bois\u00e9es.<br \/>\nDe traditions en saveurs, partez \u00e0 la rencontre des producteurs pour d\u00e9couvrir ces petits bonheurs gourmands.<\/p>","protected":false},"excerpt":{"rendered":"<p>Depuis les hauteurs des monts de Normandie et du Maine, jusqu\u2019au c\u0153ur du bocage domfrontais, le Parc naturel r\u00e9gional Normandie-Maine s\u2019offre g\u00e9n\u00e9reusement \u00e0 vous. D\u00e9couvrez cet espace, territoire d\u2019\u00e9quilibre o\u00f9 la pr\u00e9servation des milieux naturels et le d\u00e9veloppement \u00e9conomique font cause commune. Tutoyer les sommets\u00a0 Ici, la vue porte loin&#8230; Jusqu\u2019\u00e0 la baie du Mont-Saint-Michel, [&hellip;]<\/p>","protected":false},"featured_media":0,"template":"","meta":[],"product_cat":[21],"product_tag":[],"_links":{"self":[{"href":"https:\/\/www.grintoura.fr\/en\/wp-json\/wp\/v2\/product\/13740"}],"collection":[{"href":"https:\/\/www.grintoura.fr\/en\/wp-json\/wp\/v2\/product"}],"about":[{"href":"https:\/\/www.grintoura.fr\/en\/wp-json\/wp\/v2\/types\/product"}],"wp:attachment":[{"href":"https:\/\/www.grintoura.fr\/en\/wp-json\/wp\/v2\/media?parent=13740"}],"wp:term":[{"taxonomy":"product_cat","embeddable":true,"href":"https:\/\/www.grintoura.fr\/en\/wp-json\/wp\/v2\/product_cat?post=13740"},{"taxonomy":"product_tag","embeddable":true,"href":"https:\/\/www.grintoura.fr\/en\/wp-json\/wp\/v2\/product_tag?post=13740"}],"curies":[{"name":"wp","href":"https:\/\/api.w.org\/{rel}","templated":true}]}}