	
	
	
	
{"id":13720,"date":"2025-01-23T14:33:00","date_gmt":"2025-01-23T13:33:00","guid":{"rendered":"https:\/\/www.grintoura.fr\/product\/parc-naturel-regional-de-la-montagne-de-reims\/"},"modified":"2025-01-23T14:33:00","modified_gmt":"2025-01-23T13:33:00","slug":"parc-naturel-regional-de-la-montagne-de-reims","status":"publish","type":"product","link":"https:\/\/www.grintoura.fr\/en\/product\/parc-naturel-regional-de-la-montagne-de-reims\/","title":{"rendered":"Parc naturel r\u00e9gional de la Montagne de Reims"},"content":{"rendered":"<p>Form\u00e9e il y a environ 70 millions d&rsquo;ann\u00e9es<strong>, la Montagne de Reims<\/strong> d\u00e9voile un riche mille-feuille g\u00e9ologique compos\u00e9 de craie, de sables, d&rsquo;argiles et de calcaires. Les nombreux fossiles retrouv\u00e9s dans la r\u00e9gion t\u00e9moignent de la grande diversit\u00e9 des climats et des \u00e9cosyst\u00e8mes qui ont autrefois fa\u00e7onn\u00e9 ce territoire exceptionnel.<\/p>\n<p><strong>Son point culminant,<\/strong> pr\u00e8s du site embl\u00e9matique des Faux de Verzy, atteint 288 m\u00e8tres d&rsquo;altitude. Ce plateau forestier, entour\u00e9 de coteaux viticoles de renomm\u00e9e mondiale, \u00e9merge dans la vaste plaine agricole de la Champagne. La Montagne de Reims est ainsi un v\u00e9ritable \u00e9crin pour le vignoble champenois, dont les terres, exploit\u00e9es d\u00e8s l&rsquo;Antiquit\u00e9, ont donn\u00e9 naissance aux prestigieux vins de Champagne d\u00e8s le 17e si\u00e8cle.<\/p>\n<p><strong>Le massif forestier dense,<\/strong> constitu\u00e9 principalement de feuillus tels que les ch\u00eanes et les h\u00eatres, couvre les hauteurs du plateau. L&rsquo;agriculture, en partage avec la vigne, occupe les sols arables, notamment dans la r\u00e9gion du Tardenois, hors des coteaux viticoles.<\/p>\n<p><strong>L\u2019un des tr\u00e9sors naturels les plus insolites de la Montagne de Reims<\/strong> est sans conteste les Faux de Verzy. Ces h\u00eatres tortillards, aux formes tourment\u00e9es et parfois \u00e9trangement noueuses, sont une curiosit\u00e9 botanique rare. Ce ph\u00e9nom\u00e8ne, dont l&rsquo;origine reste encore myst\u00e9rieuse, ne se retrouve qu\u2019en quelques rares lieux dans le monde. Ces arbres fascinants attirent chaque ann\u00e9e de nombreux visiteurs, randonneurs et amoureux de la nature.<\/p>\n<p><a href=\"https:\/\/www.parcs-naturels-regionaux.fr\/les-parcs\/decouvrir-les-58-parcs\/parc-naturel-regional-de-la-montagne-de-reims\" target=\"_blank\" rel=\"noopener\"><strong>Le Parc naturel r\u00e9gional de la Montagne de Reims<\/strong><\/a> se distingue par une diversit\u00e9 de paysages et d\u2019\u00e9cosyst\u00e8mes. Il abrite un patrimoine g\u00e9ologique, faunistique et floristique remarquable, que le Parc s&rsquo;attache \u00e0 pr\u00e9server. Ses 68 villages d\u00e9voilent une richesse architecturale unique, reflet d&rsquo;une histoire marqu\u00e9e par l\u2019interaction entre l\u2019homme et la nature.<\/p>","protected":false},"excerpt":{"rendered":"<p>Form\u00e9e il y a environ 70 millions d&rsquo;ann\u00e9es, la Montagne de Reims d\u00e9voile un riche mille-feuille g\u00e9ologique compos\u00e9 de craie, de sables, d&rsquo;argiles et de calcaires. Les nombreux fossiles retrouv\u00e9s dans la r\u00e9gion t\u00e9moignent de la grande diversit\u00e9 des climats et des \u00e9cosyst\u00e8mes qui ont autrefois fa\u00e7onn\u00e9 ce territoire exceptionnel. Son point culminant, pr\u00e8s du [&hellip;]<\/p>","protected":false},"featured_media":0,"template":"","meta":[],"product_cat":[21],"product_tag":[],"_links":{"self":[{"href":"https:\/\/www.grintoura.fr\/en\/wp-json\/wp\/v2\/product\/13720"}],"collection":[{"href":"https:\/\/www.grintoura.fr\/en\/wp-json\/wp\/v2\/product"}],"about":[{"href":"https:\/\/www.grintoura.fr\/en\/wp-json\/wp\/v2\/types\/product"}],"wp:attachment":[{"href":"https:\/\/www.grintoura.fr\/en\/wp-json\/wp\/v2\/media?parent=13720"}],"wp:term":[{"taxonomy":"product_cat","embeddable":true,"href":"https:\/\/www.grintoura.fr\/en\/wp-json\/wp\/v2\/product_cat?post=13720"},{"taxonomy":"product_tag","embeddable":true,"href":"https:\/\/www.grintoura.fr\/en\/wp-json\/wp\/v2\/product_tag?post=13720"}],"curies":[{"name":"wp","href":"https:\/\/api.w.org\/{rel}","templated":true}]}}