	
	
	
	
{"id":13699,"date":"2025-01-23T14:23:24","date_gmt":"2025-01-23T13:23:24","guid":{"rendered":"https:\/\/www.grintoura.fr\/product\/parc-naturel-regional-medoc\/"},"modified":"2025-01-23T14:23:24","modified_gmt":"2025-01-23T13:23:24","slug":"parc-naturel-regional-medoc","status":"publish","type":"product","link":"https:\/\/www.grintoura.fr\/en\/product\/parc-naturel-regional-medoc\/","title":{"rendered":"Parc naturel r\u00e9gional M\u00e9doc"},"content":{"rendered":"<p><a href=\"https:\/\/www.parcs-naturels-regionaux.fr\/les-parcs\/decouvrir-les-58-parcs\/parc-naturel-regional-medoc\" target=\"_blank\" rel=\"noopener\"><strong>Le Parc naturel r\u00e9gional M\u00e9doc<\/strong><\/a> porte l\u2019identit\u00e9 historique, g\u00e9ographique, naturelle et culturelle de toute la presqu\u2019\u00eele m\u00e9docaine. Il combine plusieurs entit\u00e9s paysag\u00e8res comme le littoral atlantique \u00e0 l\u2019Ouest, l\u2019estuaire de la Gironde \u00e0 l\u2019Est avec son phare qui marque l\u2019entr\u00e9e de l\u2019estuaire, ses terrasses viticoles, ses marais et les landes m\u00e9docaines et la Pointe de Grave qui constitue l\u2019extr\u00e9mit\u00e9 de la presqu\u2019\u00eele m\u00e9docaine.<\/p>\n<p>A travers son projet Parc, le M\u00e9doc se veut \u00eatre un territoire d\u2019exp\u00e9rimentation, d\u2019information et de sensibilisation au sein duquel chacun peut s\u2019engager volontairement. Le Parc se d\u00e9finit comme \u00e9tant un outil de concertation entre les acteurs locaux (\u00e9lus, associations, entrepreneurs, agriculteurs\u2026) et d\u2019\u00e9changes avec les habitants. La charte de d\u00e9veloppement qui guide l\u2019ensemble des actions men\u00e9es par le Parc, d\u2019une dur\u00e9e de 15 ans, a \u00e9t\u00e9 construite pour le M\u00e9doc et par les M\u00e9docains. Elle permettra la mise en \u0153uvre d\u2019un programme d\u2019actions au service des projets de ses acteurs.<\/p>\n<p><strong>Contact<\/strong><\/p>\n<p>05 57 75 18 92<\/p>\n<p>contact@paysmedoc.com<\/p>","protected":false},"excerpt":{"rendered":"<p>Le Parc naturel r\u00e9gional M\u00e9doc porte l\u2019identit\u00e9 historique, g\u00e9ographique, naturelle et culturelle de toute la presqu\u2019\u00eele m\u00e9docaine. Il combine plusieurs entit\u00e9s paysag\u00e8res comme le littoral atlantique \u00e0 l\u2019Ouest, l\u2019estuaire de la Gironde \u00e0 l\u2019Est avec son phare qui marque l\u2019entr\u00e9e de l\u2019estuaire, ses terrasses viticoles, ses marais et les landes m\u00e9docaines et la Pointe de [&hellip;]<\/p>","protected":false},"featured_media":0,"template":"","meta":[],"product_cat":[21],"product_tag":[],"_links":{"self":[{"href":"https:\/\/www.grintoura.fr\/en\/wp-json\/wp\/v2\/product\/13699"}],"collection":[{"href":"https:\/\/www.grintoura.fr\/en\/wp-json\/wp\/v2\/product"}],"about":[{"href":"https:\/\/www.grintoura.fr\/en\/wp-json\/wp\/v2\/types\/product"}],"wp:attachment":[{"href":"https:\/\/www.grintoura.fr\/en\/wp-json\/wp\/v2\/media?parent=13699"}],"wp:term":[{"taxonomy":"product_cat","embeddable":true,"href":"https:\/\/www.grintoura.fr\/en\/wp-json\/wp\/v2\/product_cat?post=13699"},{"taxonomy":"product_tag","embeddable":true,"href":"https:\/\/www.grintoura.fr\/en\/wp-json\/wp\/v2\/product_tag?post=13699"}],"curies":[{"name":"wp","href":"https:\/\/api.w.org\/{rel}","templated":true}]}}