	
	
	
	
{"id":13561,"date":"2025-01-23T10:47:28","date_gmt":"2025-01-23T09:47:28","guid":{"rendered":"https:\/\/www.grintoura.fr\/product\/parc-naturel-regional-de-corse-parcu-di-corsica\/"},"modified":"2025-01-23T10:47:28","modified_gmt":"2025-01-23T09:47:28","slug":"parc-naturel-regional-de-corse-parcu-di-corsica","status":"publish","type":"product","link":"https:\/\/www.grintoura.fr\/en\/product\/parc-naturel-regional-de-corse-parcu-di-corsica\/","title":{"rendered":"Parc naturel r\u00e9gional de Corse-Parcu di corsica"},"content":{"rendered":"<p><a href=\"https:\/\/www.parcs-naturels-regionaux.fr\/les-parcs\/decouvrir-les-58-parcs\/parc-naturel-regional-de-corse-parcu-di-corsica\" target=\"_blank\" rel=\"noopener\"><strong>Le Parc naturel r\u00e9gional de Corse<\/strong><\/a>, territoire class\u00e9 pour la premi\u00e8re fois en 1972\u00a0et \u00e0 nouveau class\u00e9 pour 15\u00a0ans en novembre 2018, recouvre aujourd&rsquo;hui pr\u00e8s de 51% du territoire de l&rsquo;\u00eele avec une superficie de\u00a0440 200\u00a0hectares pour 64 197\u00a0habitants. Il associe la Collectivit\u00e9 de Corse,\u00a0les 22 \u00e9tablissements publics de coop\u00e9ration communale (EPCI)\u00a0et\u00a0les 178 \u00a0communes.<\/p>\n<p>Le Parc, au patrimoine naturel et culturel riche et menac\u00e9, fait l&rsquo;objet d&rsquo;un projet concert\u00e9 de d\u00e9veloppement fond\u00e9 sur la pr\u00e9servation et la valorisation du patrimoine men\u00e9 par tous les partenaires.<\/p>\n<p>Le Parc a pour vocation de prot\u00e9ger et valoriser le patrimoine naturel, culturel et humain de son territoire en mettant en \u0153uvre une politique innovante d&rsquo;am\u00e9nagement et de d\u00e9veloppement \u00e9conomique, social et culturel respectueux de l&rsquo;environnement.<\/p>\n<p>La revitalisation de l&rsquo;espace rural<br \/>\nUn axe primordial de ses activit\u00e9s vise \u00e0 assurer pour l&rsquo;int\u00e9rieur, actuellement en difficult\u00e9, un d\u00e9veloppement nouveau en lui redonnant toute sa place comme territoire de vie sociale et \u00e9conomique au sein de l&rsquo;\u00eele.<br \/>\nLa pr\u00e9sence de ses \u00e9quipes sur le territoire, \u00e9co-d\u00e9veloppeurs locaux et techniciens, a permis et permet d&rsquo;engager et d&rsquo;accompagner diverses actions ou r\u00e9alisations : efforts en direction de l&rsquo;\u00e9levage de montagne par la restauration de bergeries, op\u00e9rations programm\u00e9es d&rsquo;am\u00e9lioration de l&rsquo;habitat, restauration et valorisation du patrimoine b\u00e2ti, recueil des savoirs et savoir-faire populaires, arch\u00e9ologie, artisanat mais aussi pr\u00e9vention des incendies.<\/p>\n<p>Une des actions les plus visibles au profit des villages de l&rsquo;int\u00e9rieur est le d\u00e9veloppement des activit\u00e9s de randonn\u00e9e : pr\u00e8s de 1500 km de sentiers balis\u00e9s, plus de 1400 lits ont \u00e9t\u00e9 r\u00e9alis\u00e9s en g\u00eetes d&rsquo;\u00e9tapes ou en refuge sur le parcours des sentiers entre mer et montagne \u00ab\u00a0Mare e Monti\u00a0\u00bb, d&rsquo;une mer \u00e0 l&rsquo;autre \u00ab\u00a0Mare a Mare\u00a0\u00bb, d&rsquo;altitude \u00ab\u00a0le GR20\u00a0\u00bb ou des sentiers de pays.<\/p>\n<p>La pr\u00e9servation et la valorisation du patrimoine naturel et culturel<br \/>\nUne des missions essentielles du Parc est d&rsquo;assurer cette pr\u00e9servation et cette valorisation, de fa\u00e7on int\u00e9gr\u00e9e, pour garantir au territoire sa biodiversit\u00e9 et sa qualit\u00e9, gages d&rsquo;un d\u00e9veloppement durable.<br \/>\nUn grand nombre d&rsquo;esp\u00e8ces ou de formations v\u00e9g\u00e9tales rares sont pr\u00e9sentes sur le territoire, dont une forte proportion d&rsquo;end\u00e9miques. Certaines de ces formations particuli\u00e8rement fragiles, comme les \u00ab\u00a0pozzine\u00a0\u00bb, font l&rsquo;objet d&rsquo;une attention sp\u00e9cifique.<\/p>\n<p>La faune, \u00e9galement riche, comprend plusieurs esp\u00e8ces menac\u00e9es ou en danger de disparition ( le mouflon, le balbuzard p\u00eacheur, le gypa\u00e8te barbu\u2026). Le Parc s&#8217;emploie activement \u00e0 assurer leur protection : il anime un projet de r\u00e9introduction d&rsquo;une esp\u00e8ce disparue le cerf de Corse et a men\u00e9 \u00e0 terme le projet europ\u00e9en \u00ab\u00a0Life\u00a0Gypaete\u00a0\u00bb\u00a0et g\u00e8re un \u00ab Life\u00a0Nature\u00a0Mouflon\u00a0\u00bb.<\/p>\n<p>Le Parc participe aussi \u00e0 la protection de sites sensibles (les lacs d&rsquo;altitude), \u00e0 la sauvegarde de l&rsquo;architecture traditionnelle (bergeries, moulins, maisons anciennes\u2026), \u00e0 la mise en valeur d&rsquo;\u00e9difices et du petit patrimoine b\u00e2ti, \u00e0 la pr\u00e9servation des fresques des chapelles romanes et des vestiges arch\u00e9ologiques (Pianu di Livia).<\/p>\n<p>Information et sensibilisation<br \/>\nDepuis 1972, le Parc appuie son action de sensibilisation sur ses animateurs et sur les infrastructures qu&rsquo;il a mises en place : A Casa di a Natura \u00e0 Vizzavona, A Casa Marina \u00e0 Galeria qui sont des\u00a0centres permanents d&rsquo;initiation \u00e0 l&rsquo;environnement destin\u00e9s \u00e0 tout groupe constitu\u00e9, ils offrent des s\u00e9jours nature \u00e0 caract\u00e8re p\u00e9dagogique.<br \/>\nDeux autres sites compl\u00e8tent l&rsquo;accueil : le \u00ab\u00a0Village des Tortues\u00a0\u00bb \u00e0 Moltifau destin\u00e9 au repeuplement et \u00e0 la r\u00e9introduction de la tortue d&rsquo;Hermann en milieu naturel et la \u00a0Maison du Miel \u00a0\u00bb Casa di u Mele\u00a0\u00bb \u00e0 Murzu \u00a0pour une d\u00e9couverte du monde de l&rsquo;Abeille et de l&rsquo;apiculture de l&rsquo;\u00eele.<\/p>\n<p>Tout au long de ses 48 ann\u00e9es d&rsquo;existence, le Parc a d\u00e9velopp\u00e9 sa politique d&rsquo;\u00e9ducation \u00e0 l&rsquo;environnement selon deux axes : l&rsquo;animation en milieu scolaire et l&rsquo;information des visiteurs. Il a ouvert sa Maison\u00a0d&rsquo;Information \u00e0 Corti\u00a0et travaille en liaison avec les syndicats d&rsquo;initiative.<br \/>\nLa pr\u00e9sence du Parc lors de manifestations, de foires rurales, de salons, la r\u00e9alisation d&rsquo;expositions, de documents p\u00e9dagogiques, la diffusion de plaquettes et d&rsquo;ouvrages contribuent \u00e0 sensibiliser le public.<\/p>\n<p>L&rsquo;\u00e9quipe du Parc dispense \u00e9galement des formations sur le th\u00e8me de l&rsquo;environnement et du d\u00e9veloppement durable \u00e0 des enseignants, des b\u00e9n\u00e9voles d&rsquo;associations et des socioprofessionnels.<\/p>","protected":false},"excerpt":{"rendered":"<p>Le Parc naturel r\u00e9gional de Corse, territoire class\u00e9 pour la premi\u00e8re fois en 1972\u00a0et \u00e0 nouveau class\u00e9 pour 15\u00a0ans en novembre 2018, recouvre aujourd&rsquo;hui pr\u00e8s de 51% du territoire de l&rsquo;\u00eele avec une superficie de\u00a0440 200\u00a0hectares pour 64 197\u00a0habitants. Il associe la Collectivit\u00e9 de Corse,\u00a0les 22 \u00e9tablissements publics de coop\u00e9ration communale (EPCI)\u00a0et\u00a0les 178 \u00a0communes. Le [&hellip;]<\/p>","protected":false},"featured_media":0,"template":"","meta":[],"product_cat":[21],"product_tag":[],"_links":{"self":[{"href":"https:\/\/www.grintoura.fr\/en\/wp-json\/wp\/v2\/product\/13561"}],"collection":[{"href":"https:\/\/www.grintoura.fr\/en\/wp-json\/wp\/v2\/product"}],"about":[{"href":"https:\/\/www.grintoura.fr\/en\/wp-json\/wp\/v2\/types\/product"}],"wp:attachment":[{"href":"https:\/\/www.grintoura.fr\/en\/wp-json\/wp\/v2\/media?parent=13561"}],"wp:term":[{"taxonomy":"product_cat","embeddable":true,"href":"https:\/\/www.grintoura.fr\/en\/wp-json\/wp\/v2\/product_cat?post=13561"},{"taxonomy":"product_tag","embeddable":true,"href":"https:\/\/www.grintoura.fr\/en\/wp-json\/wp\/v2\/product_tag?post=13561"}],"curies":[{"name":"wp","href":"https:\/\/api.w.org\/{rel}","templated":true}]}}