	
	
	
	
{"id":13459,"date":"2025-01-22T14:31:09","date_gmt":"2025-01-22T13:31:09","guid":{"rendered":"https:\/\/www.grintoura.fr\/product\/parc-naturel-regional-de-laubrac\/"},"modified":"2025-01-23T10:23:22","modified_gmt":"2025-01-23T09:23:22","slug":"parc-naturel-regional-de-laubrac","status":"publish","type":"product","link":"https:\/\/www.grintoura.fr\/en\/product\/parc-naturel-regional-de-laubrac\/","title":{"rendered":"Parc naturel r\u00e9gional de l\u2019Aubrac"},"content":{"rendered":"<p><strong>Inspirez\u2026 D\u00e9couvrez<\/strong><\/p>\n<p>En Aubrac, vous aurez l\u2019impression de baigner dans la lumi\u00e8re, de toucher le ciel, de nager au milieu des herbes. <a href=\"https:\/\/www.parcs-naturels-regionaux.fr\/les-parcs\/decouvrir-les-58-parcs\/parc-naturel-regional-de-laubrac#toc-adresse\" target=\"_blank\" rel=\"noopener\"><strong>L&rsquo;Aubrac<\/strong> <\/a>d\u00e9roule ses p\u00e2turages \u00e0 perte de vue, tapis volant d\u00e9cor\u00e9 de bois de h\u00eatres, de lisi\u00e8res de sapins, de lacs brillants, de burons et de troupeaux en libert\u00e9, architecture vivante de ses paysages embl\u00e9matiques.<\/p>\n<p>Les printemps d\u00e9bordent de fleurs sauvages. Les \u00e9t\u00e9s voient passer les p\u00e8lerins sur le chemin de Compostelle. Les automnes \u00e9coutent le brame des cerfs. Les hivers y sont rudes et magiques.<\/p>\n<p><strong>\u00ab Pays de hautes terres \u00bb<\/strong><\/p>\n<p>\u00ab Aubrac \u00bb signifierait \u00e9lev\u00e9 (du latin altus) et humide, tourbeux (du gaulois bracu). \u00ab Pays de hautes terres \u00bb, marqu\u00e9 en son c\u0153ur par le t\u00e9moignage d\u2019activit\u00e9s volcaniques \u00e0 l\u2019origine de ses vastes plateaux. \u00ab Pays d\u2019herbe \u00bb, que les hommes ont su apprivoiser, cr\u00e9ant cette ressource naturelle, socle de l\u2019\u00e9conomie locale et support d\u2019une exceptionnelle biodiversit\u00e9.<\/p>\n<p><strong>\u00ab Pays d\u2019herbe \u00bb<\/strong><\/p>\n<p>Class\u00e9 Parc naturel r\u00e9gional depuis 2018, l\u2019Aubrac est un territoire de contrastes, tant par les variations d\u2019altitude, que par la vari\u00e9t\u00e9 de ses roches et de ses paysages. Ceintur\u00e9 par les rivi\u00e8res Lot et Truy\u00e8re, il abrite des milieux naturels rares, prairies naturelles, tourbi\u00e8res, for\u00eats anciennes, gorges inaccessibles,&#8230; ainsi qu\u2019une flore tr\u00e8s diversifi\u00e9e et un patrimoine agropastoral bien sp\u00e9cifique : burons, drailles, fermes, \u00e9tables\u2026<\/p>\n<p><strong>\u00ab Pays de contrastes \u00bb<\/strong><\/p>\n<p>Des contreforts du haut plateau vous plongez dans les gorges de la Truy\u00e8re, vous fl\u00e2nez dans les beaux villages de la vall\u00e9e du Lot, d&rsquo;Entraygues sur Truy\u00e8re \u00e0 Saint Geniez d&rsquo;Olt et d\u2019Aubrac, Estaing et Saint C\u00f4me d&rsquo;Olt,&#8230; Tout \u00e0 l&rsquo;est du Parc, en haut du Pic de Mus, vous contemplerez le panorama immense du Plomb du Cantal jusqu&rsquo;aux C\u00e9vennes.<\/p>\n<p>&nbsp;<\/p>\n<p><strong>Contact<\/strong><br \/>\nT\u00e9l\u00a0: 05 65 48 19 11<\/p>\n<p>Mail\u00a0:\u00a0info@parc-naturel-aubrac.fr<\/p>","protected":false},"excerpt":{"rendered":"<p>Inspirez\u2026 D\u00e9couvrez En Aubrac, vous aurez l\u2019impression de baigner dans la lumi\u00e8re, de toucher le ciel, de nager au milieu des herbes. L&rsquo;Aubrac d\u00e9roule ses p\u00e2turages \u00e0 perte de vue, tapis volant d\u00e9cor\u00e9 de bois de h\u00eatres, de lisi\u00e8res de sapins, de lacs brillants, de burons et de troupeaux en libert\u00e9, architecture vivante de ses [&hellip;]<\/p>","protected":false},"featured_media":0,"template":"","meta":[],"product_cat":[21],"product_tag":[],"_links":{"self":[{"href":"https:\/\/www.grintoura.fr\/en\/wp-json\/wp\/v2\/product\/13459"}],"collection":[{"href":"https:\/\/www.grintoura.fr\/en\/wp-json\/wp\/v2\/product"}],"about":[{"href":"https:\/\/www.grintoura.fr\/en\/wp-json\/wp\/v2\/types\/product"}],"wp:attachment":[{"href":"https:\/\/www.grintoura.fr\/en\/wp-json\/wp\/v2\/media?parent=13459"}],"wp:term":[{"taxonomy":"product_cat","embeddable":true,"href":"https:\/\/www.grintoura.fr\/en\/wp-json\/wp\/v2\/product_cat?post=13459"},{"taxonomy":"product_tag","embeddable":true,"href":"https:\/\/www.grintoura.fr\/en\/wp-json\/wp\/v2\/product_tag?post=13459"}],"curies":[{"name":"wp","href":"https:\/\/api.w.org\/{rel}","templated":true}]}}