	
	
	
	
{"id":13358,"date":"2025-01-21T10:17:50","date_gmt":"2025-01-21T09:17:50","guid":{"rendered":"https:\/\/www.grintoura.fr\/product\/bastide-du-jas-de-bouffan\/"},"modified":"2025-01-21T10:17:50","modified_gmt":"2025-01-21T09:17:50","slug":"bastide-du-jas-de-bouffan","status":"publish","type":"product","link":"https:\/\/www.grintoura.fr\/en\/product\/bastide-du-jas-de-bouffan\/","title":{"rendered":"Bastide du Jas de Bouffan"},"content":{"rendered":"<p>Class\u00e9s monuments historiques, la bastide du Jas de Bouffan et son parc s\u2019ouvrent \u00e0 vous pour des visites guid\u00e9es \u00e0 la rencontre de ce que fut cette propri\u00e9t\u00e9 familiale pour le peintre : un lieu de vie, un point d\u2019ancrage, le th\u00e9\u00e2tre de ses premi\u00e8res \u0153uvres et un atelier de cr\u00e9ation. Achet\u00e9e en 1859 par le p\u00e8re de Cezanne, la bastide du Jas de Bouffan restera propri\u00e9t\u00e9 de la famille jusqu\u2019en 1899. Pendant 40 ans, Paul Cezanne va trouver l\u00e0 ses principaux motifs d\u2019inspiration.<\/p>\n<p>Au rez-de-chauss\u00e9e, le jeune Cezanne peint une douzaine de compositions murales. Il installe \u00e9galement son chevalet dans le parc, devant la bastide, la ferme, les bosquets et l\u2019all\u00e9e de marronniers, le bassin et ses statues\u2026 Au total trente-six huiles et dix-sept aquarelles ont \u00e9t\u00e9 r\u00e9alis\u00e9es ici entre 1859 et 1899.<\/p>\n<p><strong>Contact<\/strong><br \/>\nT. +33 (0)4 42 16 11 61<\/p>","protected":false},"excerpt":{"rendered":"<p>Class\u00e9s monuments historiques, la bastide du Jas de Bouffan et son parc s\u2019ouvrent \u00e0 vous pour des visites guid\u00e9es \u00e0 la rencontre de ce que fut cette propri\u00e9t\u00e9 familiale pour le peintre : un lieu de vie, un point d\u2019ancrage, le th\u00e9\u00e2tre de ses premi\u00e8res \u0153uvres et un atelier de cr\u00e9ation. Achet\u00e9e en 1859 par [&hellip;]<\/p>","protected":false},"featured_media":0,"template":"","meta":[],"product_cat":[21],"product_tag":[],"_links":{"self":[{"href":"https:\/\/www.grintoura.fr\/en\/wp-json\/wp\/v2\/product\/13358"}],"collection":[{"href":"https:\/\/www.grintoura.fr\/en\/wp-json\/wp\/v2\/product"}],"about":[{"href":"https:\/\/www.grintoura.fr\/en\/wp-json\/wp\/v2\/types\/product"}],"wp:attachment":[{"href":"https:\/\/www.grintoura.fr\/en\/wp-json\/wp\/v2\/media?parent=13358"}],"wp:term":[{"taxonomy":"product_cat","embeddable":true,"href":"https:\/\/www.grintoura.fr\/en\/wp-json\/wp\/v2\/product_cat?post=13358"},{"taxonomy":"product_tag","embeddable":true,"href":"https:\/\/www.grintoura.fr\/en\/wp-json\/wp\/v2\/product_tag?post=13358"}],"curies":[{"name":"wp","href":"https:\/\/api.w.org\/{rel}","templated":true}]}}