	
	
	
	
{"id":8197,"date":"2024-01-16T06:47:40","date_gmt":"2024-01-16T05:47:40","guid":{"rendered":"https:\/\/www.grintoura.fr\/?post_type=listing&#038;p=8197"},"modified":"2024-05-01T07:22:51","modified_gmt":"2024-05-01T05:22:51","slug":"les-ecureuils-chalet-de-charme","status":"publish","type":"listing","link":"https:\/\/www.grintoura.fr\/en\/hebergement\/bourgogne-franche-comte\/hebergements\/les-ecureuils-chalet-de-charme\/","title":{"rendered":"Les \u00e9cureuils \u2013 Chalet de charme ****"},"content":{"rendered":"<p><strong>Chalet en bois proche du lac de Chalai<\/strong><\/p>\n<p>D\u00e8s votre arriv\u00e9e, vous serez s\u00e9duits par la chaleur int\u00e9rieure, lumineux et spacieux (100m\u00b2). \u00a0 \u00a0 \u00a0 \u00a0 \u00a0 \u00a0 \u00a0 \u00a0 \u00a0 \u00a0 \u00a0 \u00a0 \u00a0 \u00a0 \u00a0 \u00a0 \u00a0 \u00a0 \u00a0 \u00a0 \u00a0 \u00a0 \u00a0 \u00a0 \u00a0 \u00a0 \u00a0 \u00a0 \u00a0 \u00a0 \u00a0\u00a0Situ\u00e9 \u00e0 moins de 5 minutes\u00a0 \u00e0 pied du lac de Chalain dans le Jura, le chalet est le point de d\u00e9part id\u00e9al pour visiter et d\u00e9couvrir le Jura.<br \/>\nVous ressourcer, vous rel\u00e2cher, respirer, profiter de la Nature et retrouver la qui\u00e9tude, tels sont les bienfaits de votre futur s\u00e9jour au Chalet des Ecureuils, au coeur du Jura des Lacs et des Cascades.\u00a0 Avant de repartir, une petite vir\u00e9e chez nos voisins\u00a0 suisses, dans leurs ch\u00e8res\u00a0 Montagnes, compl\u00e9tera ce beau programme.<\/p>\n<p>Un\u00a0 tr\u00e8s beau chalet familial\u00a0 totalement ind\u00e9pendant, disposant\u00a0 d&rsquo;un grand terrain\u00a0 privatif de 1200 m2,\u00a0 construit en bois de m\u00e9l\u00e8ze, en pleine Nature, \u00e0 300 m du Lac de Chalain, un des plus beaux lacs de France, inscrit depuis juin 2012 au Patrimoine Mondial de l&rsquo;Humanit\u00e9.<\/p>\n<p>&nbsp;<\/p>\n<p>Location-chalets-Jura\u00a0 est un\u00a0chalet id\u00e9al\u00a0 pour les familles avec enfants, les jeunes\u00a0couples avec b\u00e9b\u00e9 , les s\u00e9niors ou les groupes d&rsquo;amis.<\/p>\n<p>&nbsp;<\/p>\n<p>Calme, campagne et montagne, Nature et s\u00e9r\u00e9nit\u00e9 caract\u00e9risent le lieu. Vous pourrez profiter en \u00e9t\u00e9 comme en hiver de la grande terrasse en bois qui donne sur les prairies environnantes.<\/p>\n<p>&nbsp;<\/p>\n<p>Le chalet : location chalets jura, r\u00e9pond aux Normes \u00ab\u00a0Haute Qualit\u00e9 Environnementale\u00a0\u00bb avec un confort thermique, \u00e9t\u00e9 comme hiver,\u00a0 caract\u00e9ristique des constructions bois. Par ailleurs le Chalet est toujours chauff\u00e9 lorsque vous arrivez.<\/p>\n<p>&nbsp;<\/p>\n<p>Vous serez s\u00e9duits par l&rsquo;odeur parfum\u00e9 du bois de m\u00e9l\u00e8ze, par la grande luminosit\u00e9 des pi\u00e8ces (11 fen\u00eatres et ouvertures pour la grande pi\u00e8ce \u00e0 vivre) par le charme des murs et des poutres aux couleurs pastel. Cette ambiance chaleureuse est compl\u00e9t\u00e9e par une d\u00e9coration champ\u00eatre du peintre jurassien Josse et un grand nombre de meubles d\u00e9cor\u00e9s et peints \u00e0 la main.<\/p>\n<p>&nbsp;<\/p>\n<p>Equipement t\u00e9l\u00e9vision, WIFI et acc\u00e8s internet sont gratuits et permanents en haut d\u00e9bit .<\/p>\n<p>Distribution int\u00e9rieure\u00a0Capacit\u00e9 :\u00a05\u00a0personnes\u00a0Surface totale : 100 m2<\/p>\n<p>Deux\u00a0 chambres\u00a0(10 et 22m2)<br \/>\nUne grande pi\u00e8ce \u00e0 vivre (30m2)<br \/>\nUn grand salon en mezzanine<br \/>\nUne salle de bain de 8 m2<br \/>\nDes Toilettes s\u00e9par\u00e9es<br \/>\nUn sauna privatif de 5 places<\/p>\n<p>Animaux\u00a0 bienvenus\u00a0\u00a0et gratuit<br \/>\nInternet\u00a0 haut d\u00e9bit gratuit et illimit\u00e9<br \/>\nCharges non comprises<br \/>\nChauffage :\u00a0Non inclus dans le prix<br \/>\nElectricit\u00e9 :\u00a08 kwh\/jour\u00a0 gratuit inclus. Consommation suppl\u00e9mentaire factur\u00e9e selon compteur.<br \/>\nBois :\u00a0Non<\/p>\n<p>&nbsp;<\/p>\n<p>&nbsp;<\/p>\n<p>&nbsp;<\/p>","protected":false},"author":212,"featured_media":8159,"comment_status":"open","ping_status":"closed","template":"","meta":[],"listing_category":[163],"event_category":[],"service_category":[],"rental_category":[],"classifieds_category":[],"listing_feature":[],"region":[67],"_links":{"self":[{"href":"https:\/\/www.grintoura.fr\/en\/wp-json\/wp\/v2\/listing\/8197"}],"collection":[{"href":"https:\/\/www.grintoura.fr\/en\/wp-json\/wp\/v2\/listing"}],"about":[{"href":"https:\/\/www.grintoura.fr\/en\/wp-json\/wp\/v2\/types\/listing"}],"author":[{"embeddable":true,"href":"https:\/\/www.grintoura.fr\/en\/wp-json\/wp\/v2\/users\/212"}],"replies":[{"embeddable":true,"href":"https:\/\/www.grintoura.fr\/en\/wp-json\/wp\/v2\/comments?post=8197"}],"wp:featuredmedia":[{"embeddable":true,"href":"https:\/\/www.grintoura.fr\/en\/wp-json\/wp\/v2\/media\/8159"}],"wp:attachment":[{"href":"https:\/\/www.grintoura.fr\/en\/wp-json\/wp\/v2\/media?parent=8197"}],"wp:term":[{"taxonomy":"listing_category","embeddable":true,"href":"https:\/\/www.grintoura.fr\/en\/wp-json\/wp\/v2\/listing_category?post=8197"},{"taxonomy":"event_category","embeddable":true,"href":"https:\/\/www.grintoura.fr\/en\/wp-json\/wp\/v2\/event_category?post=8197"},{"taxonomy":"service_category","embeddable":true,"href":"https:\/\/www.grintoura.fr\/en\/wp-json\/wp\/v2\/service_category?post=8197"},{"taxonomy":"rental_category","embeddable":true,"href":"https:\/\/www.grintoura.fr\/en\/wp-json\/wp\/v2\/rental_category?post=8197"},{"taxonomy":"classifieds_category","embeddable":true,"href":"https:\/\/www.grintoura.fr\/en\/wp-json\/wp\/v2\/classifieds_category?post=8197"},{"taxonomy":"listing_feature","embeddable":true,"href":"https:\/\/www.grintoura.fr\/en\/wp-json\/wp\/v2\/listing_feature?post=8197"},{"taxonomy":"region","embeddable":true,"href":"https:\/\/www.grintoura.fr\/en\/wp-json\/wp\/v2\/region?post=8197"}],"curies":[{"name":"wp","href":"https:\/\/api.w.org\/{rel}","templated":true}]}}