	
	
	
	
{"id":7903,"date":"2023-11-12T14:53:55","date_gmt":"2023-11-12T13:53:55","guid":{"rendered":"https:\/\/www.grintoura.fr\/?post_type=listing&#038;p=7903"},"modified":"2023-11-12T14:53:58","modified_gmt":"2023-11-12T13:53:58","slug":"lalile-creation-2","status":"publish","type":"listing","link":"https:\/\/www.grintoura.fr\/en\/hebergement\/auvergne-rhone-alpes\/artisans-art-culture\/lalile-creation-2\/","title":{"rendered":"Lalile Cr\u00e9ation"},"content":{"rendered":"<p>Atelier D\u00e9raisonnable<\/p>\n<p>142 cours Tolsto\u00ef<\/p>\n<p>69100 Villeurbanne<\/p>\n<p>lalilecreation@gmail.com<\/p>\n<p>06.33.14.50.82<\/p>\n<p>&nbsp;<\/p>\n<p>&nbsp;<\/p>\n<p>&nbsp;<\/p>\n<p>Je m\u2019appelle Alix Favre mais quand j&rsquo;\u00e9tais petite tout le monde m&rsquo;appelait Lalile. Je suis architecte \/ ing\u00e9nieure mais j&rsquo;ai d\u00e9cid\u00e9 de changer de voie il y a peu.<\/p>\n<p>&nbsp;<\/p>\n<p><em>Alors pourquoi et comment?\u00a0Je vous dis tout.<\/em><br \/>\n\u200b<\/p>\n<p>Depuis toute petite, je suis boulimique de cr\u00e9ations en tous genres : la peinture, le dessin, le collage, le fusain, la photo, la danse, la musique, la vid\u00e9o.. Mais apr\u00e8s mes \u00e9tudes, j&rsquo;ai mis en veille toute cette passion artistique simplement parce que je voulais en priorit\u00e9 d\u00e9crocher un job stable et avoir une situation financi\u00e8re correcte.<br \/>\n\u200b<br \/>\nEn 2019, la petite Lalile a ressurgi d&rsquo;un coup sans pr\u00e9venir et elle s&rsquo;\u00e9tait mise en t\u00eate de faire de la c\u00e9ramique!. D\u00e8s ma premi\u00e8re initiation, j&rsquo;ai su que cet art \u00e9tait fait pour moi. Les quelques heures de cours se sont vite transform\u00e9es en 15 heures de pratique par semaine dans l&rsquo;atelier libre \u00ab\u00a0Clay\u00a0\u00bb \u00e0 Paris. L\u00e0-bas, j&rsquo;ai eu la chance incroyable\u00a0 d&rsquo;apprendre les bases du modelage et du tournage aux c\u00f4t\u00e9s d&rsquo;autres c\u00e9ramistes aux horizons compl\u00e8tement diff\u00e9rents.<br \/>\n\u200b<br \/>\nCes rendez-vous cr\u00e9atifs sont devenus une source d&rsquo;\u00e9nergie et de bonheur dans ma vie, et je ne voulais surtout pas les laisser tomber une deuxi\u00e8me fois. Avec mon conjoint nous avions le projet de quitter Paris et celui-ci s&rsquo;est r\u00e9alis\u00e9 le jour o\u00f9 j&rsquo;ai rencontr\u00e9 Nicolas Gierlowski, c\u00e9ramiste \u00e0 l'\u00a0\u00bbAtelier D\u00e9raisonnable\u00a0\u00bb de Lyon dans le 6\u00e8me arrondissement. Il m&rsquo;a propos\u00e9 d&rsquo;exercer dans son atelier : comment refuser cette opportunit\u00e9? C&rsquo;\u00e9tait un signe du destin, la petite Lalile a imm\u00e9diatement dit oui !<br \/>\n\u200b<br \/>\nMe voici donc artisan auto-entrepreneuse lyonnaise! Je suis amoureuse de ce nouveau m\u00e9tier et fais tout pour que cela se retrouve dans mes cr\u00e9ations.<\/p>\n<p><em>mes inspirations et mon travail<\/em><br \/>\n\u200b<\/p>\n<p>Je m&rsquo;inspire de tout ce qui m&rsquo;entoure et qui me fait du bien! De nature optimiste et rieuse, je souhaite que mes pi\u00e8ces transmettent de la bonne humeur aux gens, et pour cela je joue sans cesse avec les couleurs, les formes, les textures ou les motifs de mes cr\u00e9ations. J&rsquo;aime donner vie \u00e0 des concepts \u00e9pur\u00e9s mais qui savent se d\u00e9marquer par leur originalit\u00e9.<br \/>\n\u200b<br \/>\nMa formation d&rsquo;ing\u00e9nieure architecte n&rsquo;est jamais loin derri\u00e8re moi, et j&rsquo;aborde souvent mes pi\u00e8ces en les pensant en 3D, avec des maquettes cartonn\u00e9es. Cela me permet de visualiser le volume des pi\u00e8ces avant de r\u00e9aliser un prototype en terre.<br \/>\n\u200b<br \/>\nTechniquement, la majorit\u00e9 de mes pi\u00e8ces sont r\u00e9alis\u00e9es en modelage de gr\u00e8s plus ou moins chamott\u00e9. Toutes mes pi\u00e8ces sont cuites \u00e0 haute temp\u00e9rature (autour de 1280\u00b0C), ce qui les rend durables et propres \u00e0 l&rsquo;utilisation alimentaire.<br \/>\n\u200b<br \/>\nJ&rsquo;aspire \u00e9galement \u00e0 m&rsquo;ouvrir \u00e0 d&rsquo;autres mat\u00e9riaux comme le tissu et l&rsquo;impression afin d&rsquo;augmenter le champ des possibles.. La route est longue mais si enthousiasmante! Merci d&rsquo;avance \u00e0 tous ceux qui soutiennent Alix, la petite comme la grande !<br \/>\n\u200b<\/p>","protected":false},"author":196,"featured_media":7901,"comment_status":"open","ping_status":"closed","template":"","meta":[],"listing_category":[165],"event_category":[],"service_category":[],"rental_category":[],"classifieds_category":[],"listing_feature":[],"region":[69],"_links":{"self":[{"href":"https:\/\/www.grintoura.fr\/en\/wp-json\/wp\/v2\/listing\/7903"}],"collection":[{"href":"https:\/\/www.grintoura.fr\/en\/wp-json\/wp\/v2\/listing"}],"about":[{"href":"https:\/\/www.grintoura.fr\/en\/wp-json\/wp\/v2\/types\/listing"}],"author":[{"embeddable":true,"href":"https:\/\/www.grintoura.fr\/en\/wp-json\/wp\/v2\/users\/196"}],"replies":[{"embeddable":true,"href":"https:\/\/www.grintoura.fr\/en\/wp-json\/wp\/v2\/comments?post=7903"}],"wp:featuredmedia":[{"embeddable":true,"href":"https:\/\/www.grintoura.fr\/en\/wp-json\/wp\/v2\/media\/7901"}],"wp:attachment":[{"href":"https:\/\/www.grintoura.fr\/en\/wp-json\/wp\/v2\/media?parent=7903"}],"wp:term":[{"taxonomy":"listing_category","embeddable":true,"href":"https:\/\/www.grintoura.fr\/en\/wp-json\/wp\/v2\/listing_category?post=7903"},{"taxonomy":"event_category","embeddable":true,"href":"https:\/\/www.grintoura.fr\/en\/wp-json\/wp\/v2\/event_category?post=7903"},{"taxonomy":"service_category","embeddable":true,"href":"https:\/\/www.grintoura.fr\/en\/wp-json\/wp\/v2\/service_category?post=7903"},{"taxonomy":"rental_category","embeddable":true,"href":"https:\/\/www.grintoura.fr\/en\/wp-json\/wp\/v2\/rental_category?post=7903"},{"taxonomy":"classifieds_category","embeddable":true,"href":"https:\/\/www.grintoura.fr\/en\/wp-json\/wp\/v2\/classifieds_category?post=7903"},{"taxonomy":"listing_feature","embeddable":true,"href":"https:\/\/www.grintoura.fr\/en\/wp-json\/wp\/v2\/listing_feature?post=7903"},{"taxonomy":"region","embeddable":true,"href":"https:\/\/www.grintoura.fr\/en\/wp-json\/wp\/v2\/region?post=7903"}],"curies":[{"name":"wp","href":"https:\/\/api.w.org\/{rel}","templated":true}]}}