	
	
	
	
{"id":6865,"date":"2023-07-16T22:40:50","date_gmt":"2023-07-16T20:40:50","guid":{"rendered":"https:\/\/www.grintoura.fr\/?post_type=listing&#038;p=6865"},"modified":"2023-12-01T06:31:10","modified_gmt":"2023-12-01T05:31:10","slug":"eden-strasbourg","status":"publish","type":"listing","link":"https:\/\/www.grintoura.fr\/en\/hebergement\/alsace\/alimentation-bio-restaurants-bars\/eden-strasbourg\/","title":{"rendered":"Eden Strasbourg"},"content":{"rendered":"<p>STRASBOURG<br \/>\n15 Pl. du Temple Neuf,<br \/>\n67000 Strasbourg<br \/>\n03 90 41 74 95<\/p>\n<p>&nbsp;<\/p>\n<p>VOTRE BOULANGERIE LIBRE DE GLUTEN<br \/>\nD\u00e9couvrez\u00a0L\u2019\u00c9den, boulangerie sans gluten 100% plaisir !<\/p>\n<p>Install\u00e9es en\u00a0Alsace, dans le charmant village d\u2019Obernai\u00a0et au c\u0153ur de\u00a0Strasbourg, nos deux boulangeries vous accueillent dans un cadre chaleureux et convivial pour vous faire d\u00e9couvrir toute une gamme de pains, viennoiseries, p\u00e2tisseries et traiteur\u00a0sans gluten et confectionn\u00e9e dans notre atelier par des p\u00e2tissiers passionn\u00e9s.<\/p>\n<p>Profitez sur Obernai de notre salon de th\u00e9\u00a0pour une pause gourmande le midi, avec des formules et des plats du jour ou pour un instant sucr\u00e9 accompagn\u00e9 d\u2019une boisson chaude ou rafra\u00eechissante tout au long de la journ\u00e9e.<\/p>\n<p>&nbsp;<\/p>\n<p>BOULANGERIE SANS GLUTEN MAIS PAS SANS PLAISIR !<br \/>\nLes boulangeries\u00a0L\u2019\u00c9den\u00a0vous accueillent \u00e0\u00a0Obernai\u00a0et \u00e0\u00a0Strasbourg\u00a0en Alsace. Notre particularit\u00e9, c\u2019est tout d\u2019abord l\u2019authenticit\u00e9 de nos produits avec des saveurs uniques. Notre gamme sal\u00e9e, des pizzas jusqu\u2019aux salades en passant par les soupes, est garantie sans gluten avec des options v\u00e9g\u00e9tariennes et v\u00e9g\u00e9taliennes.<\/p>\n<p>Profitez de la convivialit\u00e9 de notre salon de th\u00e9 pour d\u00e9guster votre p\u00e2tisserie ou votre d\u00e9jeuner, avec un plat du jour servi tous les midis (sauf le dimanche).<\/p>\n<p>&nbsp;<\/p>","protected":false},"author":151,"featured_media":6859,"comment_status":"open","ping_status":"closed","template":"","meta":[],"listing_category":[167],"event_category":[],"service_category":[],"rental_category":[],"classifieds_category":[],"listing_feature":[],"region":[99],"_links":{"self":[{"href":"https:\/\/www.grintoura.fr\/en\/wp-json\/wp\/v2\/listing\/6865"}],"collection":[{"href":"https:\/\/www.grintoura.fr\/en\/wp-json\/wp\/v2\/listing"}],"about":[{"href":"https:\/\/www.grintoura.fr\/en\/wp-json\/wp\/v2\/types\/listing"}],"author":[{"embeddable":true,"href":"https:\/\/www.grintoura.fr\/en\/wp-json\/wp\/v2\/users\/151"}],"replies":[{"embeddable":true,"href":"https:\/\/www.grintoura.fr\/en\/wp-json\/wp\/v2\/comments?post=6865"}],"wp:featuredmedia":[{"embeddable":true,"href":"https:\/\/www.grintoura.fr\/en\/wp-json\/wp\/v2\/media\/6859"}],"wp:attachment":[{"href":"https:\/\/www.grintoura.fr\/en\/wp-json\/wp\/v2\/media?parent=6865"}],"wp:term":[{"taxonomy":"listing_category","embeddable":true,"href":"https:\/\/www.grintoura.fr\/en\/wp-json\/wp\/v2\/listing_category?post=6865"},{"taxonomy":"event_category","embeddable":true,"href":"https:\/\/www.grintoura.fr\/en\/wp-json\/wp\/v2\/event_category?post=6865"},{"taxonomy":"service_category","embeddable":true,"href":"https:\/\/www.grintoura.fr\/en\/wp-json\/wp\/v2\/service_category?post=6865"},{"taxonomy":"rental_category","embeddable":true,"href":"https:\/\/www.grintoura.fr\/en\/wp-json\/wp\/v2\/rental_category?post=6865"},{"taxonomy":"classifieds_category","embeddable":true,"href":"https:\/\/www.grintoura.fr\/en\/wp-json\/wp\/v2\/classifieds_category?post=6865"},{"taxonomy":"listing_feature","embeddable":true,"href":"https:\/\/www.grintoura.fr\/en\/wp-json\/wp\/v2\/listing_feature?post=6865"},{"taxonomy":"region","embeddable":true,"href":"https:\/\/www.grintoura.fr\/en\/wp-json\/wp\/v2\/region?post=6865"}],"curies":[{"name":"wp","href":"https:\/\/api.w.org\/{rel}","templated":true}]}}