	
	
	
	
{"id":6313,"date":"2023-05-14T23:10:53","date_gmt":"2023-05-14T21:10:53","guid":{"rendered":"https:\/\/www.grintoura.fr\/?post_type=listing&#038;p=6313"},"modified":"2023-05-14T23:10:53","modified_gmt":"2023-05-14T21:10:53","slug":"mohair-du-jura","status":"publish","type":"listing","link":"https:\/\/www.grintoura.fr\/en\/hebergement\/bourgogne-franche-comte\/artisanat-local\/mohair-du-jura\/","title":{"rendered":"Mohair du Jura"},"content":{"rendered":"<p>Notre certification r\u00e9pond aux questions : \u00e7a vient de France ? Qui le transforme ? D\u2019o\u00f9 viennent les ch\u00e8vres ? Comment vous les \u00e9levez ? Quelle teinture est utilis\u00e9e pour vos produits ? C\u2019est solide ?<br \/>\nNous sommes un groupe d\u2019\u00e9leveurs de ch\u00e8vres angoras Fran\u00e7ais qui existe depuis 1983, et nous proposons des produits issus des toisons de nos ch\u00e8vres (chaussettes, pulls, \u00e9charpes etc\u2026).<br \/>\nLes produits labellis\u00e9s Mohair de Nos Ch\u00e8vres vous garantissent un \u00e9levage en France dans le respect des animaux, une transformation locale et des produits de haute qualit\u00e9.<br \/>\nDepuis quelques ann\u00e9es, nous sommes de plus en plus nombreux \u00e0 nous tourner vers le local, \u00e0 rechercher la qualit\u00e9, \u00e0 acheter directement chez les producteurs. En effet, nous voulons trouver un sens et des valeurs dans les produits que nous achetons, que ce soit pour se v\u00eatir ou pour se nourrir.<\/p>\n<p><strong>La d\u00e9couverte des ch\u00e8vres angora a \u00e9t\u00e9 une r\u00e9v\u00e9lation<\/strong><\/p>\n<p>Hauts-Savoyards \u00ab exil\u00e9s \u00bb en Bresse, Philippe et moi sommes arriv\u00e9s sur la ferme de Pirajoux en F\u00e9vrier 2001. Notre souhait d\u00e8s le d\u00e9part : Produire un produit de qualit\u00e9, pour offrir le meilleur de l\u2019agriculture aux consommateurs. Nous n\u2019\u00e9tions au d\u00e9but \u00ab que \u00bb \u00e9leveurs de vaches Montb\u00e9liardes dont le lait est transform\u00e9 en AOC comt\u00e9. La vie n\u2019\u00e9tant pas un long fleuve tranquille, suite \u00e0 d\u2019importants soucis de sant\u00e9, j\u2019ai d\u00fb totalement arr\u00eater mon activit\u00e9 aupr\u00e8s des vaches, activit\u00e9 qui m\u2019imposait d\u2019\u00e9normes efforts physiques. Mais qu\u2019est donc un \u00e9leveur sans animaux ? Plus grand-chose !<\/p>\n<p><strong>Puis un jour, en 2006, rencontre inattendue\u2026<\/strong><\/p>\n<p>Le hasard dirait certains : la ch\u00e8vre angora, petit ruminant tranquille, discret, tout en douceur\u2026 Fin 2007, les ch\u00e8vres arrivent chez nous. Gr\u00e2ce \u00e0 notre troupeau de \u00ab\u00a0biquettes\u00a0\u00bb, nous produisons donc la mati\u00e8re premi\u00e8re qui va nous permettre de vous proposer une gamme vari\u00e9e d\u2019articles. Cette merveilleuse mati\u00e8re s\u2019appelle le MOHAIR. Isolation naturelle de la ch\u00e8vre, le Mohair op\u00e8re telle une climatisation : chaud l\u2019hiver, et respirant l\u2019\u00e9t\u00e9 !<br \/>\nNous choisissons de valoriser notre production de laine Mohair, en respectant une charte qualit\u00e9 (la qualit\u00e9, encore et toujours !), avec en amont un travail important pour que la fibre soit fine et douce\u2026 pour votre confort. \u00c0 cela, nous choisissons de d\u00e9poser notre marque pour vous apporter des points de rep\u00e8re : \u00ab\u00a0Mohair, la vie c\u00f4t\u00e9 douceur\u00a0\u00bb.<\/p>\n<p><strong>Prenons de l\u2019altitude et rapprochons-nous des \u00e9toiles\u2026<\/strong><\/p>\n<p>Et puis voil\u00e0, un jour notre Ame et notre Coeur nous ont rappel\u00e9 que notre Milieu \u00e9tait la Montagne. \u00ab\u00a0L\u2019appel\u00a0\u00bb des sapins a \u00e9t\u00e9 le plus fort. Il \u00e9tait tant pour nous de prendre de l\u2019altitude, de nous rapprocher des \u00e9toiles\u2026<br \/>\nMais que faire ?! Retourner \u00e0 la maison, autrement dit \u00ab\u00a0dans\u00a0\u00bb Les Aravis ?! Ou aller au pays des vrais gens, comme j\u2019aime les appeler ?! Ah oui, il faut que je vous dise. Les \u00ab\u00a0vrais gens\u00a0\u00bb, c\u2019est le nom que j\u2019ai donn\u00e9 aux Jurassiens, mais pas n\u2019importe lesquels !! Ceux du Haut ! Ces gens, je les ai rencontr\u00e9 lors de mes nombreuses foires dans le Jura ; et, d\u00e9j\u00e0, \u00e0 l\u2019\u00e9poque, \u00e7a me tentait vraiment de les c\u00f4toyer de plus pr\u00e8s. Vous voyez bien, pour peu que je puisse moi aussi devenir \u00ab\u00a0vrai gens\u00a0\u00bb !!<br \/>\nLe choix a \u00e9t\u00e9 difficile car nous sommes attach\u00e9s \u00e0 notre pays (comprendre : la Haute Savoie), mais les Hautes Combes du Jura pr\u00e9sentaient beaucoup de points positifs !<br \/>\nNous avons donc pos\u00e9 nos valises\u2026 La Nature est grandiose. L\u2019air est pur. Le soleil brille aussi souvent que dans le Midi\u2026 Que demande le Peuple ?!<\/p>\n<p>&nbsp;<\/p>","protected":false},"author":107,"featured_media":6308,"comment_status":"open","ping_status":"closed","template":"","meta":[],"listing_category":[166],"event_category":[],"service_category":[],"rental_category":[],"classifieds_category":[],"listing_feature":[],"region":[67],"_links":{"self":[{"href":"https:\/\/www.grintoura.fr\/en\/wp-json\/wp\/v2\/listing\/6313"}],"collection":[{"href":"https:\/\/www.grintoura.fr\/en\/wp-json\/wp\/v2\/listing"}],"about":[{"href":"https:\/\/www.grintoura.fr\/en\/wp-json\/wp\/v2\/types\/listing"}],"author":[{"embeddable":true,"href":"https:\/\/www.grintoura.fr\/en\/wp-json\/wp\/v2\/users\/107"}],"replies":[{"embeddable":true,"href":"https:\/\/www.grintoura.fr\/en\/wp-json\/wp\/v2\/comments?post=6313"}],"wp:featuredmedia":[{"embeddable":true,"href":"https:\/\/www.grintoura.fr\/en\/wp-json\/wp\/v2\/media\/6308"}],"wp:attachment":[{"href":"https:\/\/www.grintoura.fr\/en\/wp-json\/wp\/v2\/media?parent=6313"}],"wp:term":[{"taxonomy":"listing_category","embeddable":true,"href":"https:\/\/www.grintoura.fr\/en\/wp-json\/wp\/v2\/listing_category?post=6313"},{"taxonomy":"event_category","embeddable":true,"href":"https:\/\/www.grintoura.fr\/en\/wp-json\/wp\/v2\/event_category?post=6313"},{"taxonomy":"service_category","embeddable":true,"href":"https:\/\/www.grintoura.fr\/en\/wp-json\/wp\/v2\/service_category?post=6313"},{"taxonomy":"rental_category","embeddable":true,"href":"https:\/\/www.grintoura.fr\/en\/wp-json\/wp\/v2\/rental_category?post=6313"},{"taxonomy":"classifieds_category","embeddable":true,"href":"https:\/\/www.grintoura.fr\/en\/wp-json\/wp\/v2\/classifieds_category?post=6313"},{"taxonomy":"listing_feature","embeddable":true,"href":"https:\/\/www.grintoura.fr\/en\/wp-json\/wp\/v2\/listing_feature?post=6313"},{"taxonomy":"region","embeddable":true,"href":"https:\/\/www.grintoura.fr\/en\/wp-json\/wp\/v2\/region?post=6313"}],"curies":[{"name":"wp","href":"https:\/\/api.w.org\/{rel}","templated":true}]}}