	
	
	
	
{"id":5897,"date":"2023-04-22T23:09:43","date_gmt":"2023-04-22T21:09:43","guid":{"rendered":"https:\/\/www.grintoura.fr\/?post_type=listing&#038;p=5897"},"modified":"2023-04-22T23:09:43","modified_gmt":"2023-04-22T21:09:43","slug":"domaine-des-grecaux","status":"publish","type":"listing","link":"https:\/\/www.grintoura.fr\/en\/hebergement\/languedoc-roussillon\/alimentation-bio-restaurants-bars\/domaine-des-grecaux\/","title":{"rendered":"Domaine des Grecaux"},"content":{"rendered":"<p>Le Domaine des Grecaux est situ\u00e9 \u00e0 Saint-Jean-de-Fos, \u00e0 proximit\u00e9 des gorges de l&rsquo;H\u00e9rault, dans le Languedoc.<\/p>\n<p>Apr\u00e8s un long s\u00e9jour \u00e0 l&rsquo;expatriation,\u00a0Sophie et Arnaud Sandras ont choisi, depuis 2010, de poser leurs bagages sur les jolis terroirs de ce\u00a0domaine cr\u00e9\u00e9 en 1999.<\/p>\n<p>Les 7 hectares de vignes du Domaine sont situ\u00e9s sur les communes de Montpeyroux, Aniane et Lagamas. Toutes les parcelles sont cultiv\u00e9es le plus naturellement possible, selon les m\u00e9thodes de l&rsquo;agriculture biologique (sous certification Ecocert).<\/p>\n<p>Vinifiant dans une cave au c\u0153ur du village, le Domaine pr\u00e9sente des vins de garde tout en finesse en appellation Languedoc \u00ab\u00a0Terrasses du Larzac\u00a0\u00bb et \u00ab\u00a0Montpeyroux\u00a0\u00bb<\/p>\n<p>Les parcelles du Domaine sont r\u00e9parties sur trois communes: Montpeyroux (5.8ha), Aniane (0.8ha) et Lagamas (0.4ha).<\/p>\n<p>A Montpeyroux, certaines des parcelles de grenache et de syrah sont situ\u00e9es sur le causse qui surplombe le village, univers calcaire et min\u00e9ral, \u00e0 300m d&rsquo;altitude, domin\u00e9 par le Mont Saint Baudile.<\/p>\n<p>Battues par les vents froids du Nord-Ouest, soumises \u00e0 la fraicheur nocturne descendant du Larzac, ces vignes, entour\u00e9es de garrigues, sont soumises \u00e0 rude \u00e9preuve et puisent en profondeur dans les ressources des calcaires diaclas\u00e9s. Leur typicit\u00e9 en est l&rsquo;expression.<\/p>\n<p>Nos parcelles de grenache (Jonqui\u00e8res) et de carignan (Aniane) sont plant\u00e9es sur des coteaux \u00e0 150m d&rsquo;altitude en terrains argilo-calcaires ou de gr\u00e8zes.<\/p>\n<p>&nbsp;<\/p>","protected":false},"author":78,"featured_media":5883,"comment_status":"open","ping_status":"closed","template":"","meta":[],"listing_category":[167],"event_category":[],"service_category":[],"rental_category":[],"classifieds_category":[],"listing_feature":[],"region":[127],"_links":{"self":[{"href":"https:\/\/www.grintoura.fr\/en\/wp-json\/wp\/v2\/listing\/5897"}],"collection":[{"href":"https:\/\/www.grintoura.fr\/en\/wp-json\/wp\/v2\/listing"}],"about":[{"href":"https:\/\/www.grintoura.fr\/en\/wp-json\/wp\/v2\/types\/listing"}],"author":[{"embeddable":true,"href":"https:\/\/www.grintoura.fr\/en\/wp-json\/wp\/v2\/users\/78"}],"replies":[{"embeddable":true,"href":"https:\/\/www.grintoura.fr\/en\/wp-json\/wp\/v2\/comments?post=5897"}],"wp:featuredmedia":[{"embeddable":true,"href":"https:\/\/www.grintoura.fr\/en\/wp-json\/wp\/v2\/media\/5883"}],"wp:attachment":[{"href":"https:\/\/www.grintoura.fr\/en\/wp-json\/wp\/v2\/media?parent=5897"}],"wp:term":[{"taxonomy":"listing_category","embeddable":true,"href":"https:\/\/www.grintoura.fr\/en\/wp-json\/wp\/v2\/listing_category?post=5897"},{"taxonomy":"event_category","embeddable":true,"href":"https:\/\/www.grintoura.fr\/en\/wp-json\/wp\/v2\/event_category?post=5897"},{"taxonomy":"service_category","embeddable":true,"href":"https:\/\/www.grintoura.fr\/en\/wp-json\/wp\/v2\/service_category?post=5897"},{"taxonomy":"rental_category","embeddable":true,"href":"https:\/\/www.grintoura.fr\/en\/wp-json\/wp\/v2\/rental_category?post=5897"},{"taxonomy":"classifieds_category","embeddable":true,"href":"https:\/\/www.grintoura.fr\/en\/wp-json\/wp\/v2\/classifieds_category?post=5897"},{"taxonomy":"listing_feature","embeddable":true,"href":"https:\/\/www.grintoura.fr\/en\/wp-json\/wp\/v2\/listing_feature?post=5897"},{"taxonomy":"region","embeddable":true,"href":"https:\/\/www.grintoura.fr\/en\/wp-json\/wp\/v2\/region?post=5897"}],"curies":[{"name":"wp","href":"https:\/\/api.w.org\/{rel}","templated":true}]}}