	
	
	
	
{"id":19918,"date":"2026-01-06T19:54:49","date_gmt":"2026-01-06T18:54:49","guid":{"rendered":"https:\/\/www.grintoura.fr\/?post_type=listing&#038;p=19918"},"modified":"2026-01-06T20:01:28","modified_gmt":"2026-01-06T19:01:28","slug":"chateau-de-chambord-2","status":"publish","type":"listing","link":"https:\/\/www.grintoura.fr\/en\/hebergement\/centre-val-de-loire\/sports-nature-decouverte-du-pays\/chateau-de-chambord-2\/","title":{"rendered":"Ch\u00e2teau de Chambord"},"content":{"rendered":"<p><strong>Ch\u00e2teau de Chambord : un joyau de la Renaissance et son domaine pr\u00e9serv\u00e9<\/strong><\/p>\n<p>Symbole de l\u2019audace architecturale de Fran\u00e7ois Ier, le Ch\u00e2teau de Chambord fascine par son escalier \u00e0 double r\u00e9volution, inspir\u00e9 par L\u00e9onard de Vinci. Au c\u0153ur d\u2019un domaine de 5 440 hectares, le parc offre des paysages vari\u00e9s : for\u00eats, jardins \u00e0 la fran\u00e7aise, et une faune sauvage pr\u00e9serv\u00e9e. En 2026, d\u00e9couvrez les expositions \u00ab\u00a0Les contes enchant\u00e9s\u00a0\u00bbet les chefs-d\u2019\u0153uvre de Botticelli et Ghirlandaio. Le parc, accessible librement toute l\u2019ann\u00e9e, invite \u00e0 des balades, des pique-niques ou des observations naturalistes. Un lieu o\u00f9 histoire, art et nature se rencontrent, \u00e0 seulement 2h de Paris.<\/p>\n<p><strong>LA PLUS GRANDE FOR\u00caT CLOSE DE FRANCE<\/strong><br \/>\nLe massif forestier de Boulogne sur lequel est situ\u00e9 le domaine national de Chambord \u00e9tait propri\u00e9t\u00e9 des comtes de Blois au Moyen \u00c2ge, puis domaine royal \u00e0 partir de 1498. Il s\u2019\u00e9tendait au Moyen \u00c2ge de Mont-pr\u00e8s-Chambord \u00e0 l\u2019ouest aux environs de la Fert\u00e9-Saint-Cyr \u00e0 l\u2019est. Sa limite nord \u00e9tait sensiblement parall\u00e8le au Cosson, tout en \u00e9tant distante de la rivi\u00e8re et, au sud, la limite du massif se rapprochait du cours du Beuvron. En 1523, le parc de Chambord fut d\u00e9limit\u00e9 \u00e0 l\u2019int\u00e9rieur de cet espace sur l\u2019initiative de Fran\u00e7ois Ier. Durant sa jeunesse, Fran\u00e7ois Ier\u00a0s\u2019est probablement exerc\u00e9 \u00e0 la chasse dans les for\u00eats de Sologne, lors de ses s\u00e9jours \u00e0 Romorantin ou \u00e0 Blois. Aussi, en 1515, quand il devint roi de France, il d\u00e9cida de b\u00e2tir son ch\u00e2teau dans un vaste parc, au sein du massif forestier de Boulogne et sur des terres agricoles au nord du Cosson. Il allait ainsi pouvoir assouvir sa passion de la chasse.<\/p>\n<p>Les travaux de construction du ch\u00e2teau de Chambord commenc\u00e8rent en 1519. Dans le m\u00eame temps, Fran\u00e7ois Ier\u00a0acquit les terres agricoles jouxtant le massif forestier de Boulogne au nord du Cosson, pour constituer le parc. Plus de 2 500 ha de terres agricoles seront ainsi annex\u00e9s. Cette surface comprenait principale-ment des terres cultiv\u00e9es, quelques bosquets, et, vraisemblablement, des landes qui nourrissaient les moutons des paysans des environs. En 1645, Gaston d\u2019Orl\u00e9ans augmenta la superficie du domaine et fit achever la construction de son mur d\u2019enceinte. La surface du domaine national de Chambord atteignit alors sa superficie actuelle : 5 433 ha.<\/p>\n<div class=\"bg-white\">\n<div class=\"container-xl py-3\">\n<div class=\"row bg-white py-3\">\n<div class=\"col-xs-12 p-1 pb-3\">\n<div class=\"titre-v2\">Conseils de visite<\/div>\n<\/div>\n<div class=\"col-xs-12 col-md-10 mx-auto\">\n<div class=\"px-1 the-content\">\n<p><strong>Pour gagner du temps<\/strong><\/p>\n<p>Pr\u00e9parez d\u00e8s maintenant votre visite en r\u00e9servant vos billets sur notre vente en ligne : <a href=\"http:\/\/chateaudechambord.tickeasy.com\/fr-FR\/accueil\" target=\"_blank\" rel=\"noopener\">ici<\/a>.<\/p>\n<p><a href=\"https:\/\/www.chambord.org\/fr\/preparer-ma-visite\/horaires-et-tarifs\/\" target=\"_blank\" rel=\"noopener\">R\u00e9gler votre stationnement <\/a>d\u00e8s votre arriv\u00e9e aux bornes automatiques situ\u00e9es sur les parkings. <strong>Sauf personnes en situation de handicap qui b\u00e9n\u00e9ficient de la gratuit\u00e9 (pas de remboursement \u00e0 post\u00e9riori).<\/strong><\/p>\n<p>Le r\u00e9seau (Chambord Wifi Public) est \u00e0 la disposition des visiteurs dans le ch\u00e2teau.<\/p>\n<p>\u00c0 l\u2019automne et en hiver, il est conseill\u00e9 de bien se couvrir lors de votre visite..<\/p>\n<p>Des conditions climatiques particuli\u00e8res peuvent nous amener \u00e0 fermer certaines parties du ch\u00e2teau et des jardins pour des raisons de s\u00e9curit\u00e9.<\/p>\n<\/div>\n<\/div>\n<\/div>\n<\/div>\n<\/div>\n<div class=\"bg-white\">\n<div class=\"container-xl py-3\">\n<div class=\"row bg-white py-3\">\n<div class=\"col-xs-12 p-1 pb-3\">\n<div class=\"titre-v2\">Pour les moins de 6 ans et les mineurs<\/div>\n<\/div>\n<div class=\"col-xs-12 col-md-10 mx-auto\">\n<div class=\"px-1 the-content\">\n<p><strong>Conform\u00e9ment au r\u00e8glement de visite du Domaine national de Chambord, l\u2019acc\u00e8s est interdit aux mineurs non accompagn\u00e9s d\u2019un adulte.<\/strong><\/p>\n<p>Les porte-b\u00e9b\u00e9s avec armatures m\u00e9talliques ne sont pas autoris\u00e9s dans les salles et pourront \u00eatre d\u00e9pos\u00e9s aux consignes. Une poussette peut \u00eatre pr\u00eat\u00e9e \u00e0 l\u2019entr\u00e9e (dans la limite des stocks disponibles).<\/p>\n<p>D\u00e9pose poussettes dans le ch\u00e2teau.<\/p>\n<p>Des toilettes avec table \u00e0 langer et chauffe\u2013biberon sont disponibles\u00a0:<\/p>\n<ul>\n<li>\u00e0 c\u00f4t\u00e9 de la halle d\u2019accueil situ\u00e9e \u00e0 proximit\u00e9 des parkings (en libre acc\u00e8s)<\/li>\n<li>dans l\u2019enceinte du ch\u00e2teau (accessible avec un billet d\u2019entr\u00e9e ch\u00e2teau et jardins).<\/li>\n<\/ul>\n<\/div>\n<\/div>\n<\/div>\n<\/div>\n<\/div>\n<div class=\"bg-white\">\n<div class=\"container-xl py-3\">\n<div class=\"row bg-white py-3\">\n<div class=\"col-xs-12 p-1 pb-3\">\n<div class=\"titre-v2\">Consignes<\/div>\n<\/div>\n<div class=\"col-xs-12 col-md-10 mx-auto\">\n<div class=\"px-1 the-content\">\n<p>Des consignes gratuites sont \u00e0 votre disposition \u00e0 l\u2019entr\u00e9e du ch\u00e2teau (sauf dispositions gouvernementales contraires) pour y d\u00e9poser porte-b\u00e9b\u00e9s m\u00e9talliques, sacs, casques et autres objets interdits dans le ch\u00e2teau.<\/p>\n<p><strong>Petits casiers\u00a0:<\/strong><\/p>\n<ul>\n<li>Hauteur\u00a0: 44 cm<\/li>\n<li>Largeur\u00a0: 41 cm<\/li>\n<li>Profondeur\u00a0: 49 cm<\/li>\n<\/ul>\n<p><strong>Grands casiers\u00a0:<\/strong><\/p>\n<ul>\n<li>Hauteur\u00a0: 86 cm<\/li>\n<li>Largeur\u00a0: 41 cm<\/li>\n<li>Profondeur\u00a0: 52 cm<\/li>\n<\/ul>\n<p>Certains objets* ne sont pas autoris\u00e9s \u00e0 l\u2019int\u00e9rieur du ch\u00e2teau et doivent \u00eatre d\u00e9pos\u00e9s aux consignes, conform\u00e9ment au r\u00e8glement de visite.<\/p>\n<p>En application du plan Vigipirate, les effets de dimensions sup\u00e9rieures \u00e0 55 x 35 x 20 cm doivent \u00e9galement \u00eatre d\u00e9pos\u00e9s aux consignes apr\u00e8s contr\u00f4le de s\u00e9curit\u00e9.<\/p>\n<p data-start=\"877\" data-end=\"1020\"><strong>\u00c0 noter que, pour des raisons de s\u00e9curit\u00e9, les batteries externes ne sont pas autoris\u00e9es \u00e0 l\u2019int\u00e9rieur du ch\u00e2teau ni en consigne.<\/strong><\/p>\n<p data-start=\"1022\" data-end=\"1118\">Pour tout renseignement, veuillez contacter le service informations au +33 (0)2 54 50 40 00.<\/p>\n<p>*Les objets suivants ne sont pas autoris\u00e9s \u00e0 l\u2019int\u00e9rieur du ch\u00e2teau et doivent \u00eatre d\u00e9pos\u00e9s aux consignes\u00a0:<\/p>\n<ul>\n<li>Les porte-b\u00e9b\u00e9s dorsaux \u00e0 armature m\u00e9tallique (pr\u00eat possible de poussette-canne aux points d\u2019informations) ;<\/li>\n<li>Casques de moto ou de v\u00e9lo ;<\/li>\n<li>B\u00e2tons de randonn\u00e9e (toutefois les cannes, b\u00e9quilles, et cannes-si\u00e8ges sont autoris\u00e9es dans la mesure o\u00f9 ils sont \u00e9quip\u00e9s d\u2019un embout caoutchout\u00e9) ;<\/li>\n<li>B\u00e2tons ;<\/li>\n<li>\u00c9p\u00e9es factices ;<\/li>\n<li>Ballons ;<\/li>\n<li>Tout objet pointu, tranchant ou contondant est interdit \u00e0 l\u2019int\u00e9rieur du ch\u00e2teau et dans les consignes ;<\/li>\n<li>Tout engin roulant \u00e0 l\u2019exception des fauteuils, dispositifs d\u2019aide au d\u00e9placement des PMR ou poussettes.<\/li>\n<\/ul>\n<p>Le Domaine national de Chambord ne saurait \u00eatre tenu pour responsable en cas de vol ou de d\u00e9gradation d\u2019effets personnels laiss\u00e9s en consigne.<\/p>\n<\/div>\n<\/div>\n<\/div>\n<\/div>\n<\/div>\n<div class=\"bg-white\">\n<div class=\"container-xl py-3\">\n<div class=\"row bg-white py-3\">\n<div class=\"col-xs-12 p-1 pb-3\">\n<div class=\"titre-v2\">Animaux<\/div>\n<\/div>\n<div class=\"col-xs-12 col-md-10 mx-auto\">\n<div class=\"px-1 the-content\">\n<p>Le ch\u00e2teau de Chambord autorise les chiens tenus en laisse dans le parc.<\/p>\n<p>Les animaux, qu\u2019ils soient tenus en laisse, \u00e0 bras ou dans un sac, ne sont pas accept\u00e9s dans\u00a0 :<\/p>\n<ul>\n<li>L\u2019enceinte du ch\u00e2teau (sauf les chiens pour les personnes en situation de handicap) ;<\/li>\n<li>Les jardins \u00e0 la fran\u00e7aise (sauf les chiens pour les personnes en situation de handicap) ;<\/li>\n<li>Les \u00e9curies (sauf les chiens pour les personnes en situation de handicap) ;<\/li>\n<li>Pour la visite 4X4 ;<\/li>\n<\/ul>\n<\/div>\n<\/div>\n<\/div>\n<\/div>\n<\/div>\n<div class=\"bg-white\">\n<div class=\"container-xl py-3\">\n<div class=\"row bg-white py-3\">\n<div class=\"col-xs-12 p-1 pb-3\">\n<div class=\"titre-v2\">Aires de pique-nique<\/div>\n<\/div>\n<div class=\"col-xs-12 col-md-10 mx-auto\">\n<div class=\"px-1 the-content\">\n<p>Deux kiosques \u00e0 proximit\u00e9 des parkings et de nombreuses aires de pique-nique dans la for\u00eat en libre acc\u00e8s. Vous pouvez \u00e9galement vous installer sur les pelouses du domaine pour un\u00a0<span class=\"highlightNode\">pique<\/span>-nique royal entre amis ou en famille devant le ch\u00e2teau !!<\/p>\n<\/div>\n<\/div>\n<\/div>\n<\/div>\n<\/div>\n<p><a href=\"https:\/\/cdn1.chambord.org\/fr\/wp-content\/uploads\/sites\/2\/2018\/05\/Plan-grande-promenade-de-Chambord.pdf\" target=\"_blank\" rel=\"noopener\">PLAN DES ABORDS<\/a><\/p>\n<p><img fetchpriority=\"high\" decoding=\"async\" class=\"alignnone size-medium wp-image-19919\" src=\"https:\/\/www.grintoura.fr\/wp-content\/uploads\/2026\/01\/Capture-decran-2026-01-06-a-19.54.30-500x215.png\" alt=\"\" width=\"500\" height=\"215\" title=\"\" srcset=\"https:\/\/www.grintoura.fr\/wp-content\/uploads\/2026\/01\/Capture-decran-2026-01-06-a-19.54.30-500x215.png 500w, https:\/\/www.grintoura.fr\/wp-content\/uploads\/2026\/01\/Capture-decran-2026-01-06-a-19.54.30-18x8.png 18w, https:\/\/www.grintoura.fr\/wp-content\/uploads\/2026\/01\/Capture-decran-2026-01-06-a-19.54.30-590x254.png 590w, https:\/\/www.grintoura.fr\/wp-content\/uploads\/2026\/01\/Capture-decran-2026-01-06-a-19.54.30-577x249.png 577w, https:\/\/www.grintoura.fr\/wp-content\/uploads\/2026\/01\/Capture-decran-2026-01-06-a-19.54.30-600x258.png 600w, https:\/\/www.grintoura.fr\/wp-content\/uploads\/2026\/01\/Capture-decran-2026-01-06-a-19.54.30.png 636w\" sizes=\"(max-width: 500px) 100vw, 500px\" \/><\/p>\n<p><a href=\"https:\/\/www.chambord.org\/fr\/preparer-ma-visite\/\" target=\"_blank\" rel=\"noopener\">PR\u00c9PARER MA VISITE<\/a><\/p>\n<p>Horaires<br \/>\nOuvert tous les jours de l\u2019ann\u00e9e sauf le 1er janvier et le 25 d\u00e9cembre.<\/p>\n<p>Du 4 janvier au 28 mars : 9h \u2013 17h<br \/>\nDu 29 mars au 26 octobre : 9h \u2013 18h<br \/>\nDu 27 octobre au 19 d\u00e9cembre : 9h \u2013 17h<br \/>\nDu 20 d\u00e9cembre au 3 janvier 2026 : 9h \u2013 18h (sauf 24 et 31 d\u00e9cembre 9h \u2013 16h)<\/p>\n<p>Dernier acc\u00e8s \u00bd heure avant la fermeture du ch\u00e2teau<br \/>\nFermeture des jardins \u00e0 la fran\u00e7aise 30 minutes avant la fermeture du ch\u00e2teau<\/p>\n<p>Parc et abords du ch\u00e2teau en acc\u00e8s libre toute l\u2019ann\u00e9e et tous les jours<\/p>\n<p>Horaires et tarifs<\/p>\n<p>Les tarifs 2026 sont valables jusqu\u2019au 31 d\u00e9cembre 2026.<\/p>\n<p>Plein tarif : 21 \u20ac (ch\u00e2teau + jardins) \/ 31 \u20ac (Tarif du billet d\u2019entr\u00e9e pour les visiteurs individuels ni ressortissants, ni r\u00e9sidents d\u2019un pays de l\u2019Espace \u00e9conomique europ\u00e9en)<\/p>\n<p>Tarif r\u00e9duit : 18,50 \u20ac (pr\u00e9sentation d\u2019un justificatif obligatoire) \/ 28,50\u00a0\u20ac (Tarif du billet d\u2019entr\u00e9e pour les visiteurs individuels ni ressortissants, ni r\u00e9sidents d\u2019un pays de l\u2019Espace \u00e9conomique europ\u00e9en)<\/p>\n<p>Gratuit pour les moins de 26 ans ressortissants de l\u2019Union Europ\u00e9enne<\/p>\n<p>www.chambord.org<br \/>\n41250 Chambord \u2013 FRANCE<br \/>\n+33 (0)2 54 50 40 00<\/p>\n<p>info@chambord.org<\/p>\n<p>R\u00e9servation :<\/p>\n<p>En ligne sur <a href=\"https:\/\/www.chambord.org\/fr\/\" target=\"_blank\" rel=\"noopener\">chambord.org<\/a><br \/>\n+33 (0)2 54 50 50 40<\/p>\n<p>reservations@chambord.org<\/p>\n<p>H\u00e9bergement Grintoura:<a href=\"https:\/\/www.grintoura.fr\/en\/hebergement\/centre-val-de-loire\/hebergements\/le-clos-andre-2\/\"><em> Le Clos Andr\u00e9<\/em><\/a><\/p>","protected":false},"author":963,"featured_media":19878,"comment_status":"open","ping_status":"closed","template":"","meta":[],"listing_category":[164],"event_category":[],"service_category":[],"rental_category":[],"classifieds_category":[],"listing_feature":[],"region":[253],"_links":{"self":[{"href":"https:\/\/www.grintoura.fr\/en\/wp-json\/wp\/v2\/listing\/19918"}],"collection":[{"href":"https:\/\/www.grintoura.fr\/en\/wp-json\/wp\/v2\/listing"}],"about":[{"href":"https:\/\/www.grintoura.fr\/en\/wp-json\/wp\/v2\/types\/listing"}],"author":[{"embeddable":true,"href":"https:\/\/www.grintoura.fr\/en\/wp-json\/wp\/v2\/users\/963"}],"replies":[{"embeddable":true,"href":"https:\/\/www.grintoura.fr\/en\/wp-json\/wp\/v2\/comments?post=19918"}],"wp:featuredmedia":[{"embeddable":true,"href":"https:\/\/www.grintoura.fr\/en\/wp-json\/wp\/v2\/media\/19878"}],"wp:attachment":[{"href":"https:\/\/www.grintoura.fr\/en\/wp-json\/wp\/v2\/media?parent=19918"}],"wp:term":[{"taxonomy":"listing_category","embeddable":true,"href":"https:\/\/www.grintoura.fr\/en\/wp-json\/wp\/v2\/listing_category?post=19918"},{"taxonomy":"event_category","embeddable":true,"href":"https:\/\/www.grintoura.fr\/en\/wp-json\/wp\/v2\/event_category?post=19918"},{"taxonomy":"service_category","embeddable":true,"href":"https:\/\/www.grintoura.fr\/en\/wp-json\/wp\/v2\/service_category?post=19918"},{"taxonomy":"rental_category","embeddable":true,"href":"https:\/\/www.grintoura.fr\/en\/wp-json\/wp\/v2\/rental_category?post=19918"},{"taxonomy":"classifieds_category","embeddable":true,"href":"https:\/\/www.grintoura.fr\/en\/wp-json\/wp\/v2\/classifieds_category?post=19918"},{"taxonomy":"listing_feature","embeddable":true,"href":"https:\/\/www.grintoura.fr\/en\/wp-json\/wp\/v2\/listing_feature?post=19918"},{"taxonomy":"region","embeddable":true,"href":"https:\/\/www.grintoura.fr\/en\/wp-json\/wp\/v2\/region?post=19918"}],"curies":[{"name":"wp","href":"https:\/\/api.w.org\/{rel}","templated":true}]}}