	
	
	
	
{"id":19480,"date":"2025-12-08T21:50:59","date_gmt":"2025-12-08T20:50:59","guid":{"rendered":"https:\/\/www.grintoura.fr\/?post_type=listing&#038;p=19480"},"modified":"2026-01-05T23:28:39","modified_gmt":"2026-01-05T22:28:39","slug":"born2aventure","status":"publish","type":"listing","link":"https:\/\/www.grintoura.fr\/en\/hebergement\/auvergne-rhone-alpes\/sports-nature-decouverte-du-pays\/born2aventure\/","title":{"rendered":"Born2Aventure"},"content":{"rendered":"<p>Born2Aventure, au c\u0153ur de l\u2019Ard\u00e8che et de la Loz\u00e8re, nos activit\u00e9s de montagne et de plein air sont pens\u00e9es pour \u00eatre pratiqu\u00e9es dans des conditions optimales, avec un \u00e9quilibre parfait entre s\u00e9curit\u00e9 et p\u00e9dagogie. En tant qu\u2019\u00e9quipe \u00e0 taille humaine, nous limitons notre impact sur l\u2019environnement tout en pr\u00e9servant la qualit\u00e9 de nos prestations.<\/p>\n<p>Notre bureau, c\u2019est la nature elle-m\u00eame, pr\u00eate \u00e0 vous faire vivre des moments uniques au c\u0153ur de paysages exceptionnels, avec une touche d\u2019humour et de respect pour la plan\u00e8te.<\/p>\n<p><strong>Canyon<\/strong><br \/>\nD\u00c9COUVERTE<br \/>\n\u00c0 partir de 50\u20ac !<\/p>\n<p>Imaginez un jardin d\u2019aventures, o\u00f9 chaque pas est une nouvelle surprise. Pas besoin de nager comme les Manaudou ou de courir comme Mr Bolt : m\u00eames les moins t\u00e9m\u00e9raires sont les bienvenus !<\/p>\n<p>Parfait pour les petits aventuriers \u00e2g\u00e9s de 10 ans et plus ! C\u2019est comme une introduction en douceur au canyoning.<\/p>\n<p>Glissez sur nos toboggans, faites des sauts, plongez dans de belles vasques, et d\u00e9fiez les passages sous blocs avec style. Et rassurez-vous, rien n\u2019est obligatoire !<\/p>\n<p>Alors, pr\u00eats \u00e0 vous r\u00e9galer tout en cr\u00e9ant des souvenirs inoubliables ?<br \/>\n-Journ\u00e9e d\u00e9couverte La Borne<br \/>\n-Journ\u00e9e d\u00e9couverte La Garde<br \/>\n-Demi-journ\u00e9e d\u00e9couverte La Haute-Ard\u00e8che<\/p>\n<p><strong>Canyon<\/strong><br \/>\nAVENTURE<br \/>\n\u00c0 partir de 50\u20ac !<\/p>\n<p>Entrez dans la jungle des parcours interm\u00e9diaires, o\u00f9 les aventuriers de niveau moyen peuvent trouver leur bonheur sans souffrir de crampes mentales !<\/p>\n<p>Pr\u00e9parez-vous \u00e0 des sensations fortes mod\u00e9r\u00e9es : glissez sur des toboggans \u00e9piques, faites des sauts dignes d\u2019un super-h\u00e9ros, plongez dans des vasques tumultueuses et d\u00e9fiez les roches avec une audace mesur\u00e9e.<\/p>\n<p>Alors, enfilez vos bikinis d\u2019aventure et pr\u00e9parez-vous \u00e0 des moments hilarants et m\u00e9morables dans le canyon !<br \/>\n-Journ\u00e9e aventure La Haute Borne<br \/>\n-Demi-journ\u00e9e aventure\/d\u00e9couverte Le Haut-Roujanel<\/p>\n<p><strong>Canyon<\/strong><br \/>\nSPORTIF<br \/>\n\u00c0 partir de 62\u20ac !<\/p>\n<p>Plongez dans l\u2019action avec nos parcours sportifs, con\u00e7us pour les aventuriers dynamiques et sportifs, amateurs de sensations fortes !<\/p>\n<p>Dans cet univers palpitant, chaque virage r\u00e9serve une nouvelle dose d\u2019adr\u00e9naline. Affrontez des toboggans vertigineux, r\u00e9alisez des sauts audacieux, traversez des vasques tumultueuses et d\u00e9fiez les passages sp\u00e9l\u00e9o avec d\u00e9termination.<\/p>\n<p>Pr\u00e9parez-vous \u00e0 vivre des moments intenses et m\u00e9morables, o\u00f9 chaque instant est une nouvelle aventure \u00e0 relever avec fougue et enthousiasme ! Une pratique sportive r\u00e9guli\u00e8re est de mise, mais croyez-nous, \u00e7a vaut chaque goutte de sueur !<\/p>\n<p>-Journ\u00e9e sportive Le Haut Chassezac<br \/>\n-Demi-journ\u00e9e sportive haut Chassezac<br \/>\n-Journ\u00e9e sportive Pissevieille<\/p>\n<p>R\u00e9servation par t\u00e9l\u00e9phone au (+33) 7 62 94 69 65 .<\/p>\n<p><strong>ACTIVIT\u00c9 PLEIN AIR POUR TOUTE LA FAMILLE<\/strong><br \/>\n<strong>Via cordata d\u2019Endieu<\/strong> (demi-journ\u00e9e, approche 5 mn retour 20 mn, d\u00e8s 10 ans)<\/p>\n<p>Bienvenue dans l\u2019univers \u00e9pique de la Via-Corda du Jardin d\u2019Endieu ! \u00c0 partir de 1m40, pr\u00e9parez-vous \u00e0 une aventure hors du commun o\u00f9 les paysages ard\u00e9chois vous en mettront plein les mirettes.<\/p>\n<p>Imaginez une demi-journ\u00e9e palpitante, avec une petite marche d\u2019approche de 10 minutes pour vous mettre en jambes, suivie de 2H30 d\u2019action pure et dure. Et pour conclure en beaut\u00e9, 20 minutes de marche pour rentrer chez vous en mode \u00ab\u00a0Je viens de vivre une exp\u00e9rience de ouf !\u00a0\u00bb<\/p>\n<p>Pendant la descente, accrochez-vous car \u00e7a va secouer ! Un rappel de 40m fa\u00e7on fil d\u2019araign\u00e9e vous attend, de quoi faire frissonner les plus courageux.<\/p>\n<p>Mais pas de panique, vous serez parfaitement en s\u00e9curit\u00e9 avec vos harnais et longes<br \/>\nsolidement attach\u00e9s \u00e0 une ligne de vie. Nos guides exp\u00e9riment\u00e9s seront l\u00e0 pour vous coacher comme des pros et vous permettre de dompter cette jungle de sensations fortes !<\/p>\n<p><strong>Via ferrata du pont du Diable<\/strong> (demi journ\u00e9e, approche 5mn, retour 5 mn, d\u00e8s 10 ans )<\/p>\n<p>R\u00e9servation par t\u00e9l\u00e9phone au (+33) 7 62 94 69 65 .<\/p>\n<p><strong>LES ACTIVITES DE TEDDY<\/strong><\/p>\n<p><strong>Les vendredis, journ\u00e9e VTT\/KAYAK dans les gorges du Chassezac<\/strong><br \/>\n-Chaque vendredi, une journ\u00e9e itin\u00e9rante VTT\/ Kayak ! Cette journ\u00e9e vous offre l\u2019opportunit\u00e9 de d\u00e9couvrir les paysages magnifiques de l\u2019Ard\u00e8che, en combinant le VTT et le kayak. Vous n\u2019avez besoin d\u2019aucune exp\u00e9rience pr\u00e9alable dans ces activit\u00e9s, juste une bonne condition physique pour appr\u00e9cier pleinement cette aventure pleine nature. De la montagne \u00e0 la rivi\u00e8re, en passant par des environnements naturels vari\u00e9s, cette activit\u00e9 plein air promet d\u2019\u00eatre unique et exceptionnelle.<br \/>\n-Les mardis, une randonn\u00e9e dans le Massif du Tanargue<\/p>\n<p><strong>LES ACTIVIT\u00c9S DE LA PETITE MER<\/strong><\/p>\n<p>-Location de Cano\u00eb \/ Kayak sur les gorges de l\u2019Ard\u00e8che (parcours libre)<br \/>\nLa location de cano\u00ebs en Ard\u00e8che en autonomie est accessible \u00e0 tous car la descente de l\u2019Ard\u00e8che se fait sans difficult\u00e9. Plusieurs formules seront possibles de 7 km \u00e0 32 km. Il faut n\u00e9anmoins conna\u00eetre les bases de la navigation et quelques r\u00e8gles de s\u00e9curit\u00e9 que notre \u00e9quipe partagera avec vous lors du briefing. \u00c9quip\u00e9s avec notre mat\u00e9riel, vous pourrez profiter en toute s\u00e9curit\u00e9 de cette belle descente de l\u2019Ard\u00e8che. La location se fait \u00e0 partir de 7 ans. Il est obligatoire de savoir nager pour cette activit\u00e9 plein air.<\/p>\n<p>-Descente encadr\u00e9e des gorges de l\u2019Ard\u00e8che en Cano\u00eb \/ Kayak<br \/>\nVenez vous initier, d\u00e9couvrir, partager avec vos enfants \u00e0 partir de 4 ans cette descente accompagn\u00e9e de l\u2019Ard\u00e8che unique en toute s\u00e9curit\u00e9. Vous serez accompagn\u00e9s par un guide dipl\u00f4m\u00e9 d\u2019\u00c9tat et labellis\u00e9 par la R\u00e9serve Naturelle des Gorges de l\u2019Ard\u00e8che.<\/p>\n<p>Les enfants de moins de 7 ans montent dans le bateau du moniteur, \u00e9quip\u00e9s de leur pagaie. Ce dernier vous explique les bases de la navigation et partage avec vous les secrets de cette belle rivi\u00e8re de l\u2019Ard\u00e8che.<\/p>\n<p>Au d\u00e9tour d\u2019un rapide, de sauts, dans une grotte, en d\u00e9couvrant la faune et la flore, des plages secr\u00e8tes, nous vous partagerons nos bons plans de la r\u00e9gion.<\/p>\n<p>-Descente en roue libre<br \/>\nD\u00e9couvrez la montagne Ard\u00e9choise !\u00a0Apr\u00e8s un transport en van priv\u00e9 avec les v\u00e9los, vous partirez depuis la ferme du Bez et descendrez les contreforts du massif du Tanargue\u2026 Entre sentiers forestiers VTT et petites routes bucoliques, alternez les visites de villages perch\u00e9s et les coins de baignades privil\u00e9gi\u00e9s.<\/p>\n<p>Le VTT \u00e0 assistance \u00e9lectrique met la montagne \u00e0 votre port\u00e9e !\u00a0Pour le plaisir des promeneurs et des sportifs, les itin\u00e9raires propos\u00e9s sont en permanence adapt\u00e9s \u00e0 vos niveaux physiques et techniques. La palette est large et permet \u00e0 chacun de profiter pleinement de son activit\u00e9 plein air.\u00a0Praticable une grande partie de l\u2019ann\u00e9e, choisissez entre une sortie \u00e0 la demi-journ\u00e9e ou \u00e0 la journ\u00e9e.<\/p>\n<p><strong>Location E-Bike \u00e0 Thueyts<\/strong><br \/>\n\u00c0 la journ\u00e9e, pour le week-end ou pour les vacances, louez vos v\u00e9los \u00e9lectriques pour d\u00e9couvrir les paysages d\u2019exceptions de l\u2019Ard\u00e8che et la voie verte \u201cVia Ard\u00e8che\u201d et vivre une exp\u00e9rience pleine nature en toute libert\u00e9 !<\/p>\n<p>Vous pouvez \u00e9galement r\u00e9server un stage de perfectionnement et ou planifier un voyage sur-mesure :<\/p>\n<p>S\u00e9jours canyon TESSIN, PYRENNEES, Cierra de guarra, Vercors<br \/>\nItin\u00e9rances VTT Travers\u00e9e d\u2019Ard\u00e8che, Travers\u00e9e du Vercors, Travers\u00e9e du Jura, Tour du Mont Blanc, Tour du Queyras<br \/>\nStage trail, randonn\u00e9e : Travers\u00e9e du Vercors, Tour du mont Loz\u00e8re, Tour du mont Blanc, Tour du Queyras<br \/>\nR\u00e9servez par t\u00e9l\u00e9phone au (+33)7 62 94 69 65.<\/p>","protected":false},"author":939,"featured_media":19478,"comment_status":"open","ping_status":"closed","template":"","meta":[],"listing_category":[164],"event_category":[],"service_category":[],"rental_category":[],"classifieds_category":[],"listing_feature":[],"region":[69],"_links":{"self":[{"href":"https:\/\/www.grintoura.fr\/en\/wp-json\/wp\/v2\/listing\/19480"}],"collection":[{"href":"https:\/\/www.grintoura.fr\/en\/wp-json\/wp\/v2\/listing"}],"about":[{"href":"https:\/\/www.grintoura.fr\/en\/wp-json\/wp\/v2\/types\/listing"}],"author":[{"embeddable":true,"href":"https:\/\/www.grintoura.fr\/en\/wp-json\/wp\/v2\/users\/939"}],"replies":[{"embeddable":true,"href":"https:\/\/www.grintoura.fr\/en\/wp-json\/wp\/v2\/comments?post=19480"}],"wp:featuredmedia":[{"embeddable":true,"href":"https:\/\/www.grintoura.fr\/en\/wp-json\/wp\/v2\/media\/19478"}],"wp:attachment":[{"href":"https:\/\/www.grintoura.fr\/en\/wp-json\/wp\/v2\/media?parent=19480"}],"wp:term":[{"taxonomy":"listing_category","embeddable":true,"href":"https:\/\/www.grintoura.fr\/en\/wp-json\/wp\/v2\/listing_category?post=19480"},{"taxonomy":"event_category","embeddable":true,"href":"https:\/\/www.grintoura.fr\/en\/wp-json\/wp\/v2\/event_category?post=19480"},{"taxonomy":"service_category","embeddable":true,"href":"https:\/\/www.grintoura.fr\/en\/wp-json\/wp\/v2\/service_category?post=19480"},{"taxonomy":"rental_category","embeddable":true,"href":"https:\/\/www.grintoura.fr\/en\/wp-json\/wp\/v2\/rental_category?post=19480"},{"taxonomy":"classifieds_category","embeddable":true,"href":"https:\/\/www.grintoura.fr\/en\/wp-json\/wp\/v2\/classifieds_category?post=19480"},{"taxonomy":"listing_feature","embeddable":true,"href":"https:\/\/www.grintoura.fr\/en\/wp-json\/wp\/v2\/listing_feature?post=19480"},{"taxonomy":"region","embeddable":true,"href":"https:\/\/www.grintoura.fr\/en\/wp-json\/wp\/v2\/region?post=19480"}],"curies":[{"name":"wp","href":"https:\/\/api.w.org\/{rel}","templated":true}]}}