	
	
	
	
{"id":19207,"date":"2025-11-24T14:54:14","date_gmt":"2025-11-24T13:54:14","guid":{"rendered":"https:\/\/www.grintoura.fr\/?post_type=listing&#038;p=19207"},"modified":"2025-11-24T14:54:14","modified_gmt":"2025-11-24T13:54:14","slug":"prochain-arret-la-terre","status":"publish","type":"listing","link":"https:\/\/www.grintoura.fr\/en\/hebergement\/-\/artisanat-local\/prochain-arret-la-terre\/","title":{"rendered":"Prochain Arr\u00eat La Terre"},"content":{"rendered":"<p><strong>UN COLLECTIF ALSACIEN DE C\u00c9RAMISTES ENGAG\u00c9S<br \/>\n<\/strong><br \/>\nNotre association, <strong>Prochain Arr\u00eat La Terre (PALT)<\/strong> est un collectif alsacien de c\u00e9ramistes professionnels <strong>cr\u00e9\u00e9 en 2002.<\/strong><br \/>\nLes 28 membres qui constitue l\u2019association sont des cr\u00e9ateurs singuliers, tous acteurs du d\u00e9veloppement artistique, culturel et \u00e9conomique de la r\u00e9gion.<\/p>\n<p>Prochain Arr\u00eat La Terre est membre du COLLECTIF NATIONAL DES C\u00c9RAMISTES (CNC), f\u00e9d\u00e9ration de 22 associations r\u00e9gionales de c\u00e9ramistes professionnels, soit plus de mille ateliers, qui mettent leur \u00e9nergie en commun et s\u2019engagent ainsi pour la d\u00e9fense, la valorisation et le d\u00e9veloppement \u00e9conomique du m\u00e9tier de potier-c\u00e9ramiste, dans un \u00e9tat d\u2019esprit r\u00e9solument solidaire, ancr\u00e9 dans des valeurs fortes et des savoir-faire exigeants.\u00a0La plupart des membres du collectif sont issus d\u2019une formation professionnelle commune : la Maison de la C\u00e9ramique de Mulhouse devenue l\u2019INSTITUT EUROP\u00c9EN DES ARTS C\u00c9RAMIQUES\u00a0de Guebwiller.<\/p>\n<p>Depuis 2025, notre association est \u00e9galement membre d\u2019ATELIERS D\u2019ART DE FRANCE, le syndicat des professionnels des m\u00e9tiers d\u2019art.<\/p>\n<p>Prochain Arr\u00eat La Terre est organisateur, depuis 2023, de<strong> LA BIENNALE DE LA C\u00c9RAMIQUE DE GUEBWILLER.<br \/>\n<\/strong> La prochaine \u00e9dition se tiendra les 3 et 4 mai 2025, avec plus de 60 professionnels de la c\u00e9ramique d\u2019Alsace, de toute la France mais \u00e9galement de l\u2019\u00e9tranger.<\/p>","protected":false},"author":913,"featured_media":19201,"comment_status":"open","ping_status":"closed","template":"","meta":[],"listing_category":[166],"event_category":[],"service_category":[],"rental_category":[],"classifieds_category":[],"listing_feature":[],"region":[],"_links":{"self":[{"href":"https:\/\/www.grintoura.fr\/en\/wp-json\/wp\/v2\/listing\/19207"}],"collection":[{"href":"https:\/\/www.grintoura.fr\/en\/wp-json\/wp\/v2\/listing"}],"about":[{"href":"https:\/\/www.grintoura.fr\/en\/wp-json\/wp\/v2\/types\/listing"}],"author":[{"embeddable":true,"href":"https:\/\/www.grintoura.fr\/en\/wp-json\/wp\/v2\/users\/913"}],"replies":[{"embeddable":true,"href":"https:\/\/www.grintoura.fr\/en\/wp-json\/wp\/v2\/comments?post=19207"}],"wp:featuredmedia":[{"embeddable":true,"href":"https:\/\/www.grintoura.fr\/en\/wp-json\/wp\/v2\/media\/19201"}],"wp:attachment":[{"href":"https:\/\/www.grintoura.fr\/en\/wp-json\/wp\/v2\/media?parent=19207"}],"wp:term":[{"taxonomy":"listing_category","embeddable":true,"href":"https:\/\/www.grintoura.fr\/en\/wp-json\/wp\/v2\/listing_category?post=19207"},{"taxonomy":"event_category","embeddable":true,"href":"https:\/\/www.grintoura.fr\/en\/wp-json\/wp\/v2\/event_category?post=19207"},{"taxonomy":"service_category","embeddable":true,"href":"https:\/\/www.grintoura.fr\/en\/wp-json\/wp\/v2\/service_category?post=19207"},{"taxonomy":"rental_category","embeddable":true,"href":"https:\/\/www.grintoura.fr\/en\/wp-json\/wp\/v2\/rental_category?post=19207"},{"taxonomy":"classifieds_category","embeddable":true,"href":"https:\/\/www.grintoura.fr\/en\/wp-json\/wp\/v2\/classifieds_category?post=19207"},{"taxonomy":"listing_feature","embeddable":true,"href":"https:\/\/www.grintoura.fr\/en\/wp-json\/wp\/v2\/listing_feature?post=19207"},{"taxonomy":"region","embeddable":true,"href":"https:\/\/www.grintoura.fr\/en\/wp-json\/wp\/v2\/region?post=19207"}],"curies":[{"name":"wp","href":"https:\/\/api.w.org\/{rel}","templated":true}]}}