	
	
	
	
{"id":17706,"date":"2025-07-11T23:22:27","date_gmt":"2025-07-11T21:22:27","guid":{"rendered":"https:\/\/www.grintoura.fr\/?post_type=listing&#038;p=17706"},"modified":"2025-07-11T23:30:37","modified_gmt":"2025-07-11T21:30:37","slug":"destination-dijon","status":"publish","type":"listing","link":"https:\/\/www.grintoura.fr\/en\/hebergement\/bourgogne-franche-comte\/sports-nature-decouverte-du-pays\/destination-dijon\/","title":{"rendered":"destination Dijon"},"content":{"rendered":"<p><a href=\"https:\/\/www.destinationdijon.com\/moments-a-vivre\/le-parcours-de-la-chouette\/\" target=\"_blank\" rel=\"noopener\"><strong>Le parcours de la Chouette<\/strong><\/a><\/p>\n<p>Nous avons d\u00e9couvert le centre historique de Dijon en famille, en suivant le parcours de la Chouette. Cet itin\u00e9raire p\u00e9destre d\u2019une heure de marche d\u00e9voile en 22 \u00e9tapes, les principaux points d\u2019int\u00e9r\u00eat patrimoniaux de la capitale bourguignonne.<\/p>\n<p>Des fl\u00e8ches en bronze \u00e0 l\u2019effigie de la Chouette<br \/>\nPour ne rien manquer des lieux incontournables de la ville de Dijon, il suffit de suivre les fl\u00e8ches en bronze nich\u00e9es entre les pav\u00e9s du secteur sauvegard\u00e9. La Chouette de Dijon demeure la mascotte de la ville. Nich\u00e9e sur un contrefort de Notre-Dame, elle est devenue un porte-bonheur pour les passants qui la caressent de la main gauche, la main du c\u0153ur. Nous sommes impatients de la trouver et formuler \u00e0 notre tour un v\u0153u en la caressant.<\/p>\n<p>Mais avant cela, nous passons d\u2019abord \u00e0 l\u2019<a href=\"https:\/\/www.destinationdijon.com\/pratique\/informations-pratiques\/office-de-tourisme\/\" target=\"_blank\" rel=\"noopener\"><em><strong>office de tourisme<\/strong><\/em><\/a> pour r\u00e9cup\u00e9rer le livret du circuit !<\/p>\n<p><strong>22 \u00e9tapes pour savourer le charme de Dijon<\/strong><br \/>\nEn sortant de l\u2019office de tourisme, nous commen\u00e7ons le circuit par la rue des Forges qui pr\u00e9sentent trois magnifiques h\u00f4tels particuliers. Puis l\u2019itin\u00e9raire nous conduit \u00e0 l\u2019\u00e9glise Notre-Dame surmont\u00e9e du Jacquemart qui rythme la vie du quartier.<\/p>\n<p>Nous caressons \u00e0 quelques pas la c\u00e9l\u00e8bre chouette sculpt\u00e9e avant d\u2019admirer un peu plus loin la Maison Milli\u00e8re du 15e si\u00e8cle et la cour de l\u2019H\u00f4tel Vog\u00fce. En chemin, nous traversons la rue Verrerie, typique du Moyen \u00c2ge o\u00f9 se trouve le quartier des antiquaires.<\/p>\n<p>Autour du th\u00e9\u00e2tre, le circuit nous m\u00e8ne \u00e0 l\u2019\u00e9glise Saint-Michel qui abrite le Mus\u00e9e Rude o\u00f9 l\u2019on peut d\u00e9couvrir des moulages d\u2019\u0153uvres du sculpteur dijonnais Fran\u00e7ois Rude. Une pause au square des ducs nous permet de profiter de la fra\u00eecheur du jardin. Nous poursuivons vers le palais des Ducs et des \u00c9tats de Bourgogne actuellement occup\u00e9 par l\u2019H\u00f4tel de Ville et le Mus\u00e9e des Beaux-Arts.<\/p>\n<p>&nbsp;<\/p>\n<p>Nous traversons la grande place de la Lib\u00e9ration pour rejoindre les \u00e9glises Saint-Jean et Saint-Philibert puis la majestueuse cath\u00e9drale gothique Sainte-B\u00e9gnine. De la ville aux cent clochers, cette derni\u00e8re arbore le plus \u00e9lev\u00e9 \u00e0 93 m\u00e8tres de haut\u00a0!<\/p>\n<p>Nous rejoignons le d\u00e9part officiel du circuit au Jardin Darcy pour terminer la boucle. Sur la place Grangier, les toits en pagode de l\u2019immeuble Art nouveau qui jouxte l\u2019H\u00f4tel des Postes \u00e9veillent notre curiosit\u00e9.<\/p>\n<p>Nous terminons cette petite randonn\u00e9e urbaine par les Halles de Dijon construites dans le style Eiffel \u00e0 la fin du 19e si\u00e8cle. Quelle chance que nous soyons dimanche\u00a0! Nous profitons de l\u2019animation estivale, \u00ab\u00a0Le brunch des Halles\u00a0\u00bb pour d\u00e9couvrir le menu concoct\u00e9 par un chef dijonnais et se r\u00e9galer autour d\u2019un repas aussi gastronomique que\u00a0festif !<\/p>\n<p>&nbsp;<\/p>\n<p>11 rue des Forges \u2013 21000 Dijon<br \/>\nT\u00e9l. : +33 (0)3 80 44 11 44<br \/>\nNos horaires<\/p>\n<p>Lundi au samedi : 9h30 \u00e0 18h30<br \/>\nDimanche et jours f\u00e9ri\u00e9s : 10h \u00e0 18h<br \/>\nFermeture exceptionnelle \u00e0 16h les 24 et 31 d\u00e9cembre. Ferm\u00e9 le 25 d\u00e9cembre et le 1er janvier.<\/p>\n<p>&nbsp;<\/p>\n<p>&nbsp;<\/p>","protected":false},"author":718,"featured_media":17702,"comment_status":"open","ping_status":"closed","template":"","meta":[],"listing_category":[164],"event_category":[],"service_category":[],"rental_category":[],"classifieds_category":[],"listing_feature":[],"region":[67],"_links":{"self":[{"href":"https:\/\/www.grintoura.fr\/en\/wp-json\/wp\/v2\/listing\/17706"}],"collection":[{"href":"https:\/\/www.grintoura.fr\/en\/wp-json\/wp\/v2\/listing"}],"about":[{"href":"https:\/\/www.grintoura.fr\/en\/wp-json\/wp\/v2\/types\/listing"}],"author":[{"embeddable":true,"href":"https:\/\/www.grintoura.fr\/en\/wp-json\/wp\/v2\/users\/718"}],"replies":[{"embeddable":true,"href":"https:\/\/www.grintoura.fr\/en\/wp-json\/wp\/v2\/comments?post=17706"}],"wp:featuredmedia":[{"embeddable":true,"href":"https:\/\/www.grintoura.fr\/en\/wp-json\/wp\/v2\/media\/17702"}],"wp:attachment":[{"href":"https:\/\/www.grintoura.fr\/en\/wp-json\/wp\/v2\/media?parent=17706"}],"wp:term":[{"taxonomy":"listing_category","embeddable":true,"href":"https:\/\/www.grintoura.fr\/en\/wp-json\/wp\/v2\/listing_category?post=17706"},{"taxonomy":"event_category","embeddable":true,"href":"https:\/\/www.grintoura.fr\/en\/wp-json\/wp\/v2\/event_category?post=17706"},{"taxonomy":"service_category","embeddable":true,"href":"https:\/\/www.grintoura.fr\/en\/wp-json\/wp\/v2\/service_category?post=17706"},{"taxonomy":"rental_category","embeddable":true,"href":"https:\/\/www.grintoura.fr\/en\/wp-json\/wp\/v2\/rental_category?post=17706"},{"taxonomy":"classifieds_category","embeddable":true,"href":"https:\/\/www.grintoura.fr\/en\/wp-json\/wp\/v2\/classifieds_category?post=17706"},{"taxonomy":"listing_feature","embeddable":true,"href":"https:\/\/www.grintoura.fr\/en\/wp-json\/wp\/v2\/listing_feature?post=17706"},{"taxonomy":"region","embeddable":true,"href":"https:\/\/www.grintoura.fr\/en\/wp-json\/wp\/v2\/region?post=17706"}],"curies":[{"name":"wp","href":"https:\/\/api.w.org\/{rel}","templated":true}]}}