	
	
	
	
{"id":15558,"date":"2025-03-03T14:22:14","date_gmt":"2025-03-03T13:22:14","guid":{"rendered":"https:\/\/www.grintoura.fr\/?post_type=listing&#038;p=15558"},"modified":"2025-03-04T06:07:42","modified_gmt":"2025-03-04T05:07:42","slug":"le-cafe-de-la-roche","status":"publish","type":"listing","link":"https:\/\/www.grintoura.fr\/en\/hebergement\/auvergne-rhone-alpes\/alimentation-bio-restaurants-bars\/le-cafe-de-la-roche\/","title":{"rendered":"Le Caf\u00e9 de la Roche"},"content":{"rendered":"<p><em><strong>D\u00e9couvrez le Caf\u00e9 de la Roche \u00e0 Quinci\u00e9-en-Beaujolais<\/strong><\/em><br \/>\nC\u2019est en 2018 que le nouveau propri\u00e9taire du\u00a0Caf\u00e9 de la Roche\u00a0a pris possession des lieux. Jeune entrepreneur, il apporte une nouvelle ambiance dynamique \u00e0 votre bar-restaurant de\u00a0Quinci\u00e9-en-Beaujolais. Dans un cadre convivial et chaleureux, il vous propose un service de qualit\u00e9 et de nombreux plats et desserts enti\u00e8rement faits maison.<\/p>\n<p><em><strong>Tous nos services propos\u00e9s<\/strong><\/em><br \/>\nVous souhaitez passer un moment convivial en famille ou entre amis\u00a0? R\u00e9servez dans notre bar restaurant le Caf\u00e9 de la Roche\u00a0!<\/p>\n<p>Afin de garantir une qualit\u00e9 de service irr\u00e9prochable, notre \u00e9quipe se montre \u00e0 votre \u00e9coute et reste disponible. Nous proposons tous les midis des menus du jour et le week-end vous pourrez d\u00e9guster notre\u00a0carte. Proposant des produits frais, s\u00e9lectionn\u00e9s avec soin, vous pourrez d\u00e9guster dans notre restaurant une\u00a0carte vari\u00e9e et savoureuse. Afin de nous assurer de la fra\u00eecheur de nos produits, nous s\u00e9lectionnons des fruits et l\u00e9gumes de saison. Pour accompagner vos plats d\u00e9couvrez\u00a0nos vins\u00a0100% Beaujolais. De plus, nous proposons de nombreuses soir\u00e9es \u00e0 th\u00e8me et\u00a0\u00e9v\u00e9nements\u00a0dans notre espace bar.<\/p>\n<p>N\u2019attendez plus pour effectuer une\u00a0r\u00e9servation\u00a0dans notre\u00a0restaurant et bar \u00e0 vin du beaujolais pr\u00e8s de Villefranche-sur-Sa\u00f4ne\u00a0!<\/p>\n<p>&nbsp;<\/p>\n<p>&nbsp;<\/p>","protected":false},"author":655,"featured_media":15552,"comment_status":"open","ping_status":"closed","template":"","meta":[],"listing_category":[167],"event_category":[],"service_category":[],"rental_category":[],"classifieds_category":[],"listing_feature":[],"region":[69],"_links":{"self":[{"href":"https:\/\/www.grintoura.fr\/en\/wp-json\/wp\/v2\/listing\/15558"}],"collection":[{"href":"https:\/\/www.grintoura.fr\/en\/wp-json\/wp\/v2\/listing"}],"about":[{"href":"https:\/\/www.grintoura.fr\/en\/wp-json\/wp\/v2\/types\/listing"}],"author":[{"embeddable":true,"href":"https:\/\/www.grintoura.fr\/en\/wp-json\/wp\/v2\/users\/655"}],"replies":[{"embeddable":true,"href":"https:\/\/www.grintoura.fr\/en\/wp-json\/wp\/v2\/comments?post=15558"}],"wp:featuredmedia":[{"embeddable":true,"href":"https:\/\/www.grintoura.fr\/en\/wp-json\/wp\/v2\/media\/15552"}],"wp:attachment":[{"href":"https:\/\/www.grintoura.fr\/en\/wp-json\/wp\/v2\/media?parent=15558"}],"wp:term":[{"taxonomy":"listing_category","embeddable":true,"href":"https:\/\/www.grintoura.fr\/en\/wp-json\/wp\/v2\/listing_category?post=15558"},{"taxonomy":"event_category","embeddable":true,"href":"https:\/\/www.grintoura.fr\/en\/wp-json\/wp\/v2\/event_category?post=15558"},{"taxonomy":"service_category","embeddable":true,"href":"https:\/\/www.grintoura.fr\/en\/wp-json\/wp\/v2\/service_category?post=15558"},{"taxonomy":"rental_category","embeddable":true,"href":"https:\/\/www.grintoura.fr\/en\/wp-json\/wp\/v2\/rental_category?post=15558"},{"taxonomy":"classifieds_category","embeddable":true,"href":"https:\/\/www.grintoura.fr\/en\/wp-json\/wp\/v2\/classifieds_category?post=15558"},{"taxonomy":"listing_feature","embeddable":true,"href":"https:\/\/www.grintoura.fr\/en\/wp-json\/wp\/v2\/listing_feature?post=15558"},{"taxonomy":"region","embeddable":true,"href":"https:\/\/www.grintoura.fr\/en\/wp-json\/wp\/v2\/region?post=15558"}],"curies":[{"name":"wp","href":"https:\/\/api.w.org\/{rel}","templated":true}]}}