	
	
	
	
{"id":15551,"date":"2025-03-03T10:47:52","date_gmt":"2025-03-03T09:47:52","guid":{"rendered":"https:\/\/www.grintoura.fr\/?post_type=listing&#038;p=15551"},"modified":"2025-03-08T06:26:26","modified_gmt":"2025-03-08T05:26:26","slug":"les-ateliers-de-corentine","status":"publish","type":"listing","link":"https:\/\/www.grintoura.fr\/en\/hebergement\/grand-est\/artisanat-local\/les-ateliers-de-corentine\/","title":{"rendered":"Les Ateliers de Corentine"},"content":{"rendered":"<p><strong><em>Ateliers d\u2019\u00e9cosm\u00e9thique<\/em> \u00e0 Troyes et dans l\u2019Aube.<\/strong><br \/>\nBienvenue aux Ateliers de Corentine, des ateliers cosm\u00e9tiques \u00e0 Troyes pour cr\u00e9er vos produits de soin sur mesure, 100 % v\u00e9g\u00e9tal, bio et naturel.<\/p>\n<p>&nbsp;<\/p>\n<p><em><strong>Prendre soin de soi tout en prenant soin de la plan\u00e8te, ce n\u2019est pas incompatible !<\/strong><\/em><\/p>\n<p>Si vous en avez assez des produits impersonnels trouv\u00e9s dans les rayons des grandes surfaces, avec leurs emballages tape \u00e0 l\u2019\u0153il et leurs compositions douteuses, alors vous trouverez votre bonheur aux Ateliers de Corentine.<\/p>\n<p>Ici,\u00a0c\u2019est\u00a0\u00a0un retour \u00e0 la\u00a0simplicit\u00e9 et \u00e0 l\u2019essentiel, dans une ambiance ludique et joyeuse. R\u00e9servez votre atelier \u00e0 Troyes, dans l\u2019Aube\u00a0pour\u00a0fabriquer vos propres produits naturels, adapt\u00e9s \u00e0 vos besoins et \u00e0 vos\u00a0envies. Savons, shampoings, gels douche, maquillages, cr\u00e8mes, produits parfum\u00e9s, bougies : la palette des possibilit\u00e9s est infinie ! Et \u00e7a tombe bien, car ma cr\u00e9ativit\u00e9 n\u2019a pas de limites, alors profitons-en !<\/p>\n<p>\u00ab Sur mesure par nature \u00bb : telle est ma devise, et c\u2019est ce que je vous propose avec mes ateliers cosm\u00e9tiques \u00e9coresponsables. Alors, pr\u00eat.e \u00e0 d\u00e9couvrir mon univers \u00e9cosm\u00e9thique ?<\/p>\n<p>&nbsp;<\/p>\n<p><em><strong>Des ateliers nomades\u2026<\/strong><\/em><br \/>\nPour que le plus grand nombre puisse profiter de cette aventure cosm\u00e9tique, j\u2019ai fait le choix du nomadisme pour mon entreprise. Ainsi, je reste fid\u00e8le \u00e0 mes valeurs et \u00e0 mon mode de vie, me\u00a0d\u00e9pla\u00e7ant\u00a0principalement en transports en commun, directement chez vous,\u00a0dans votre\u00a0entreprise ou dans votre structure, toujours accompagn\u00e9e de ma fid\u00e8le compagne \u00e0 roulettes\u00a0(ma valise pleine de mat\u00e9riel et de mati\u00e8res premi\u00e8res !).<\/p>\n<p>Bas\u00e9e \u00e0 Troyes, je sillonne l\u2019Aube, la Marne, la Haute-Marne,\u00a0la C\u00f4te d\u2019Or, l\u2019Yonne,\u00a0et m\u00eame l\u2019\u00cele-de-France,\u00a0pour\u00a0venir \u00e0 votre rencontre\u00a0et\u00a0vous initier \u00e0 la cosm\u00e9tologie naturelle.<\/p>\n<p>&nbsp;<\/p>\n<p><em><strong>Mes valeurs<\/strong><\/em><\/p>\n<p><em><strong>ECO RESPONSABLE<\/strong><\/em><\/p>\n<p>Mes ateliers se concentrent sur la cr\u00e9ation de cosm\u00e9tiques et de produits parfum\u00e9s \u00e0 partir d\u2019ingr\u00e9dients v\u00e9g\u00e9taux, de pr\u00e9f\u00e9rence bio et locaux, dans une optique de r\u00e9duction des d\u00e9chets et de minimisation de l\u2019impact environnemental.<\/p>\n<p>En utilisant des mati\u00e8res premi\u00e8res respectueuses de la nature et en encourageant une consommation responsable, je vise \u00e0 soutenir la sant\u00e9 de notre plan\u00e8te tout en offrant des produits de qualit\u00e9.<\/p>\n<p><em><strong>SUR- MESURE PAR NATURE<\/strong><\/em><\/p>\n<p>Mon approche est enti\u00e8rement ax\u00e9e sur la personnalisation et l\u2019adaptabilit\u00e9. Je m\u2019efforce de r\u00e9pondre au plus pr\u00e8s aux besoins et aux d\u00e9sirs de chaque participant.<\/p>\n<p>Cela se traduit par la possibilit\u00e9 pour chaque participant de cr\u00e9er sa\u00a0propre recette<br \/>\npersonnalis\u00e9e\u00a0et, pour les professionnels,par la conception exclusive d\u2019ateliers selon les\u00a0objectifs professionnels sp\u00e9cifiques.<\/p>\n<p><em><strong>CONVIVIAL &amp; LUDIQUE<\/strong><\/em><\/p>\n<p>Mes ateliers se d\u00e9roulent dans une atmosph\u00e8re\u00a0conviviale et ludique\u00a0tout en abordant des sujets s\u00e9rieux et profonds, tels que le d\u00e9r\u00e8glement climatique et notre responsabilit\u00e9 envers l\u2019environnement.<\/p>\n<p><em><strong>ACCESSIBLE &amp; INCLUSIF\u00a0<\/strong><\/em><\/p>\n<p>Je m\u2019engage \u00e0 rendre mes ateliers accessibles \u00e0 tous,\u00a0quel que soit leur profil.<\/p>\n<p>Cela inclut l\u2019adaptation des activit\u00e9s en fonction des capacit\u00e9s, de l\u2019\u00e2ge et des limitations de chaque participant. De plus, mes tarifs sont calcul\u00e9s de mani\u00e8re \u00e9quitable, afin de rendre la d\u00e9marche et la r\u00e9flexion accessibles au plus grand nombre.<\/p>\n<p>Mon objectif est de cr\u00e9er un environnement accueillant et inclusif o\u00f9 chacun se sent valoris\u00e9 et respect\u00e9.<\/p>\n<p>&nbsp;<\/p>\n<p><strong>CONTACT :\u00a0<\/strong><\/p>\n<p><em><strong>Tel :<\/strong><\/em> 06 61 49 18 59<\/p>\n<p><em><strong>E-mail :<\/strong><\/em> lesateliersdecorentine@gmail.com<\/p>\n<p><em><strong>Site : <\/strong><\/em><a href=\"https:\/\/www.lesateliersdecorentine.fr\/\" target=\"_blank\" rel=\"noopener\">Les ateliers de Corentine\u00a0<\/a><\/p>","protected":false},"author":654,"featured_media":15549,"comment_status":"open","ping_status":"closed","template":"","meta":[],"listing_category":[166],"event_category":[],"service_category":[],"rental_category":[],"classifieds_category":[],"listing_feature":[],"region":[65],"_links":{"self":[{"href":"https:\/\/www.grintoura.fr\/en\/wp-json\/wp\/v2\/listing\/15551"}],"collection":[{"href":"https:\/\/www.grintoura.fr\/en\/wp-json\/wp\/v2\/listing"}],"about":[{"href":"https:\/\/www.grintoura.fr\/en\/wp-json\/wp\/v2\/types\/listing"}],"author":[{"embeddable":true,"href":"https:\/\/www.grintoura.fr\/en\/wp-json\/wp\/v2\/users\/654"}],"replies":[{"embeddable":true,"href":"https:\/\/www.grintoura.fr\/en\/wp-json\/wp\/v2\/comments?post=15551"}],"wp:featuredmedia":[{"embeddable":true,"href":"https:\/\/www.grintoura.fr\/en\/wp-json\/wp\/v2\/media\/15549"}],"wp:attachment":[{"href":"https:\/\/www.grintoura.fr\/en\/wp-json\/wp\/v2\/media?parent=15551"}],"wp:term":[{"taxonomy":"listing_category","embeddable":true,"href":"https:\/\/www.grintoura.fr\/en\/wp-json\/wp\/v2\/listing_category?post=15551"},{"taxonomy":"event_category","embeddable":true,"href":"https:\/\/www.grintoura.fr\/en\/wp-json\/wp\/v2\/event_category?post=15551"},{"taxonomy":"service_category","embeddable":true,"href":"https:\/\/www.grintoura.fr\/en\/wp-json\/wp\/v2\/service_category?post=15551"},{"taxonomy":"rental_category","embeddable":true,"href":"https:\/\/www.grintoura.fr\/en\/wp-json\/wp\/v2\/rental_category?post=15551"},{"taxonomy":"classifieds_category","embeddable":true,"href":"https:\/\/www.grintoura.fr\/en\/wp-json\/wp\/v2\/classifieds_category?post=15551"},{"taxonomy":"listing_feature","embeddable":true,"href":"https:\/\/www.grintoura.fr\/en\/wp-json\/wp\/v2\/listing_feature?post=15551"},{"taxonomy":"region","embeddable":true,"href":"https:\/\/www.grintoura.fr\/en\/wp-json\/wp\/v2\/region?post=15551"}],"curies":[{"name":"wp","href":"https:\/\/api.w.org\/{rel}","templated":true}]}}