	
	
	
	
{"id":15400,"date":"2025-02-20T22:28:40","date_gmt":"2025-02-20T21:28:40","guid":{"rendered":"https:\/\/www.grintoura.fr\/?post_type=listing&#038;p=15400"},"modified":"2025-04-13T15:26:12","modified_gmt":"2025-04-13T13:26:12","slug":"le-gite-de-la-ferme-du-tilleul","status":"publish","type":"listing","link":"https:\/\/www.grintoura.fr\/en\/hebergement\/normandie\/hebergements\/le-gite-de-la-ferme-du-tilleul\/","title":{"rendered":"Le g\u00eete de La Ferme du Tilleul"},"content":{"rendered":"<p><strong>Le g\u00eete de la Ferme du Tilleul<\/strong><br \/>\nUn moment suspendu \u00e0 la campagne dans la ferme familiale de Laurie &amp; Jeroen \u00e0 deux pas du ch\u00e2teau de Foug\u00e8res et des Marches de Bretagne.<\/p>\n<p><em>Ressourcez vous en campagne \u00e0 moins d&rsquo;une heure de la mer. \u00a0 \u00a0 \u00a0 \u00a0 \u00a0 \u00a0 \u00a0 \u00a0 \u00a0 \u00a0 \u00a0 \u00a0 \u00a0 \u00a0 \u00a0 \u00a0 \u00a0 \u00a0 \u00a0 \u00a0 \u00a0 \u00a0 \u00a0 \u00a0 \u00a0 \u00a0 \u00a0 \u00a0 \u00a0 \u00a0 \u00a0 \u00a0 \u00a0 \u00a0 \u00a0 \u00a0 \u00a0 \u00a0 \u00a0 \u00a0 \u00a0 \u00a0 \u00a0 \u00a0 \u00a0 \u00a0 \u00a0 \u00a0 \u00a0 \u00a0 \u00a0 \u00a0 \u00a0 \u00a0 \u00a0 \u00a0 \u00a0 \u00a0 \u00a0 \u00a0 \u00a0 \u00a0 \u00a0 \u00a0 \u00a0 \u00a0 \u00a0 \u00a0 \u00a0 \u00a0 \u00a0<\/em>Le g\u00eete est \u00e0 moins d&rsquo;une heure du Mont Saint Michel et de la C\u00f4te d&rsquo;Emeraude.<\/p>\n<p><em>Un g\u00eete familial et convivial \u00a0 \u00a0 \u00a0 \u00a0 \u00a0 \u00a0 \u00a0 \u00a0 \u00a0 \u00a0 \u00a0 \u00a0 \u00a0 \u00a0 \u00a0 \u00a0 \u00a0 \u00a0 \u00a0 \u00a0 \u00a0 \u00a0 \u00a0 \u00a0 \u00a0 \u00a0 \u00a0 \u00a0 \u00a0 \u00a0 \u00a0 \u00a0 \u00a0 \u00a0 \u00a0 \u00a0 \u00a0 \u00a0 \u00a0 \u00a0 \u00a0 \u00a0 \u00a0 \u00a0 \u00a0 \u00a0 \u00a0 \u00a0 \u00a0 \u00a0 \u00a0 \u00a0 \u00a0 \u00a0 \u00a0 \u00a0 \u00a0 \u00a0 \u00a0 \u00a0 \u00a0 \u00a0 \u00a0 \u00a0 \u00a0 \u00a0 \u00a0 \u00a0 \u00a0 \u00a0 \u00a0 \u00a0 \u00a0 \u00a0 \u00a0 \u00a0 \u00a0 \u00a0 \u00a0 \u00a0 \u00a0 \u00a0 \u00a0 \u00a0 \u00a0 \u00a0 \u00a0 \u00a0 \u00a0 \u00a0 \u00a0 \u00a0 \u00a0 \u00a0 \u00a0 \u00a0 \u00a0 \u00a0 \u00a0<\/em>Notre g\u00eete peut accueillir 6 personnes, avec un espace de vie parfaitement adapt\u00e9 \u00e0 la famille ou des amis.<\/p>\n<p><em>G\u00eete d&rsquo;\u00e9tape \u00e9questre \u00e0 proximit\u00e9 du GR \u00a0 \u00a0 \u00a0 \u00a0 \u00a0 \u00a0 \u00a0 \u00a0 \u00a0 \u00a0 \u00a0 \u00a0 \u00a0 \u00a0 \u00a0 \u00a0 \u00a0 \u00a0 \u00a0 \u00a0 \u00a0 \u00a0 \u00a0 \u00a0 \u00a0 \u00a0 \u00a0 \u00a0 \u00a0 \u00a0 \u00a0 \u00a0 \u00a0 \u00a0 \u00a0 \u00a0 \u00a0 \u00a0 \u00a0 \u00a0 \u00a0 \u00a0 \u00a0 \u00a0 \u00a0 \u00a0 \u00a0 \u00a0 \u00a0 \u00a0 \u00a0 \u00a0 \u00a0 \u00a0 \u00a0 \u00a0 \u00a0 \u00a0 \u00a0 \u00a0 \u00a0 \u00a0 \u00a0 \u00a0 \u00a0 \u00a0 \u00a0 \u00a0 \u00a0 \u00a0 \u00a0 \u00a0 \u00a0 \u00a0 \u00a0 \u00a0 \u00a0 \u00a0 \u00a0 \u00a0 \u00a0 \u00a0 \u00a0 \u00a0 \u00a0 \u00a0 \u00a0 \u00a0 \u00a0 \u00a0 \u00a0<\/em>A deux pas du GR37 et de la for\u00eat de Foug\u00e8res, nous sommes \u00e9galement g\u00eete \u00e9questre avec tout l&rsquo;\u00e9quipement n\u00e9cessaire pour accueillir vos animaux.<\/p>\n<p><strong>Une ferme originale qui fait le lien entre l&rsquo;Agriculture et la Cosm\u00e9tique Naturelle<\/strong><\/p>\n<p>Le G\u00eete se trouve \u00e0 quelques pas \u00e0 pied de notre ferme, la Ferme du Tilleul, o\u00f9 vous pourrez d\u00e9couvrir une production originale: celle de la fabrication de cosm\u00e9tiques avec le lait de nos vaches ainsi que la culture d\u2019Aloe Vera sur la ferme.<\/p>\n<p>Il y a plus de deux ans, nous avons d\u00e9marr\u00e9 la culture d\u2019Aloe Vera, ici en Ille et Vilaine, une premi\u00e8re dans le d\u00e9partement! depuis la culture s\u2019est bien d\u00e9velopp\u00e9e et nous avons aujourd\u2019hui plus de 400 plants d\u2019Aloe Vera que nous valorisons en cosm\u00e9tiques de la marque l\u2019Atelier du Tilleul.<\/p>\n<p><strong>Autour de l&rsquo;Herboristerie familiale<\/strong><\/p>\n<p>La Ferme du Tilleul, c\u2019est \u00e9galement une ferme p\u00e9dagogique pour vous initier \u00e0 l\u2019herboristerie familiale.<\/p>\n<p>En visitant la ferme lors de votre s\u00e9jour, vous d\u00e9couvrirez la serre d\u2019Aloe Vera, mais \u00e9galement un jardin m\u00e9dicinal, \u00e0 l\u2019image de ce qu\u2019on pouvait avoir au Moyen-Age dans les jardins d\u2019Abbaye.<\/p>\n<p>Et si l\u2019on cultivait soi-m\u00eame son jardin pour soigner les petits bobos du quotidien? c\u2019est un des sujets \u00e9voqu\u00e9s lors des ateliers \u00e0 la ferme sur la th\u00e9matique de l\u2019herboristerie.<\/p>","protected":false},"author":592,"featured_media":15397,"comment_status":"open","ping_status":"closed","template":"","meta":[],"listing_category":[163],"event_category":[],"service_category":[],"rental_category":[],"classifieds_category":[],"listing_feature":[233],"region":[255],"_links":{"self":[{"href":"https:\/\/www.grintoura.fr\/en\/wp-json\/wp\/v2\/listing\/15400"}],"collection":[{"href":"https:\/\/www.grintoura.fr\/en\/wp-json\/wp\/v2\/listing"}],"about":[{"href":"https:\/\/www.grintoura.fr\/en\/wp-json\/wp\/v2\/types\/listing"}],"author":[{"embeddable":true,"href":"https:\/\/www.grintoura.fr\/en\/wp-json\/wp\/v2\/users\/592"}],"replies":[{"embeddable":true,"href":"https:\/\/www.grintoura.fr\/en\/wp-json\/wp\/v2\/comments?post=15400"}],"wp:featuredmedia":[{"embeddable":true,"href":"https:\/\/www.grintoura.fr\/en\/wp-json\/wp\/v2\/media\/15397"}],"wp:attachment":[{"href":"https:\/\/www.grintoura.fr\/en\/wp-json\/wp\/v2\/media?parent=15400"}],"wp:term":[{"taxonomy":"listing_category","embeddable":true,"href":"https:\/\/www.grintoura.fr\/en\/wp-json\/wp\/v2\/listing_category?post=15400"},{"taxonomy":"event_category","embeddable":true,"href":"https:\/\/www.grintoura.fr\/en\/wp-json\/wp\/v2\/event_category?post=15400"},{"taxonomy":"service_category","embeddable":true,"href":"https:\/\/www.grintoura.fr\/en\/wp-json\/wp\/v2\/service_category?post=15400"},{"taxonomy":"rental_category","embeddable":true,"href":"https:\/\/www.grintoura.fr\/en\/wp-json\/wp\/v2\/rental_category?post=15400"},{"taxonomy":"classifieds_category","embeddable":true,"href":"https:\/\/www.grintoura.fr\/en\/wp-json\/wp\/v2\/classifieds_category?post=15400"},{"taxonomy":"listing_feature","embeddable":true,"href":"https:\/\/www.grintoura.fr\/en\/wp-json\/wp\/v2\/listing_feature?post=15400"},{"taxonomy":"region","embeddable":true,"href":"https:\/\/www.grintoura.fr\/en\/wp-json\/wp\/v2\/region?post=15400"}],"curies":[{"name":"wp","href":"https:\/\/api.w.org\/{rel}","templated":true}]}}