	
	
	
	
{"id":15020,"date":"2025-02-14T15:53:02","date_gmt":"2025-02-14T14:53:02","guid":{"rendered":"https:\/\/www.grintoura.fr\/?post_type=listing&#038;p=15020"},"modified":"2025-02-14T15:53:02","modified_gmt":"2025-02-14T14:53:02","slug":"abbaye-et-cite-medievales-de-lagrasse","status":"publish","type":"listing","link":"https:\/\/www.grintoura.fr\/en\/hebergement\/occitanie\/artisans-art-culture\/abbaye-et-cite-medievales-de-lagrasse\/","title":{"rendered":"Abbaye et Cit\u00e9 m\u00e9di\u00e9vales de Lagrasse"},"content":{"rendered":"<p><strong>HISTOIRE<\/strong><\/p>\n<p>Prot\u00e9g\u00e9e par les carolingiens d\u00e8s la seconde moiti\u00e9 du VIII\u00e8me si\u00e8cle, richement dot\u00e9e par les comtes catalans aux XI-XII\u00e8me si\u00e8cles, l\u2019abbaye de Lagrasse devient l\u2019une des plus puissantes abbayes b\u00e9n\u00e9dictines du Languedoc. Son abb\u00e9 est aussi le seigneur d\u2019un bourg important, install\u00e9 de l\u2019autre c\u00f4t\u00e9 de l\u2019Orbieu d\u00e8s le XIII\u00e8me si\u00e8cle. Il doit n\u00e9gocier avec les consuls, qui repr\u00e9sentent les villageois, pour organiser la vie de la cit\u00e9. La Croisade contre les Albigeois, et la captation des donations par les ordres cistercien et templier, affaiblissent l\u2019abbaye. A partir de 1279, l\u2019abb\u00e9 Auger de Gogenx lui redonne tout son lustre et la remod\u00e8le enti\u00e8rement. Bourg et abbaye se transforment pour faire face aux d\u00e9sordres des XIV\u00e8me et XV\u00e8me si\u00e8cles. A la fin du XVI\u00e8me si\u00e8cle, les moines, fils de la petite noblesse locale, ne respectent plus la r\u00e8gle. En 1662 ils refusent l\u2019autorit\u00e9 de la Congr\u00e9gation Mauriste, charg\u00e9e de r\u00e9former l\u2019abbaye. Les mauristes s\u2019imposent finalement, et dirigent l\u2019abbaye jusqu\u2019\u00e0 la R\u00e9volution. Depuis cet \u00e9v\u00e9nement, plusieurs propri\u00e9taires s&rsquo;y sont succ\u00e9d\u00e9s et depuis 2004, une partie est \u00ab\u00a0publique\u00a0\u00bb et l&rsquo;autre priv\u00e9e, occup\u00e9e par des religieux.<\/p>\n<p><strong>L\u2019ensemble abbatial<\/strong><br \/>\nApr\u00e8s la construction du palais abbatial par l&rsquo;abb\u00e9 Auger de Gogenx au XIII\u00e8me si\u00e8cle, et les am\u00e9nagements du XVI\u00e8me si\u00e8cle, le monast\u00e8re se transforme radicalement aux XVII\u00e8me et XVIII\u00e8me si\u00e8cles, avec la r\u00e9forme mauriste. M\u00e9di\u00e9vale du c\u00f4t\u00e9 du logis abbatial, l\u2019abbaye est de facture classique du c\u00f4t\u00e9 des b\u00e2timents conventuels, sauf pour l&rsquo;\u00e9glise abbatiale d&rsquo;\u00e9poque gothique et ses trois absidioles d&rsquo;\u00e9poque romane.<\/p>\n<p><strong>Le logis abbatial<\/strong><br \/>\nCet espace con\u00e7u par l\u2019abb\u00e9 Auger de Gogenx \u00e0 partir de 1279 s\u2019organise autour d\u2019une \u00e9l\u00e9gante cour, dont la galerie basse dessert les pi\u00e8ces de service. La galerie haute, soutenue par neuf colonnes surmont\u00e9es de chapiteaux ouvre sur les appartements priv\u00e9s de l\u2019abb\u00e9 orn\u00e9s de peintures murales du XIII\u00e8me si\u00e8cle. Une magnifique chemin\u00e9e du XVI\u00e8me si\u00e8cle tr\u00f4ne dans la salle d\u2019apparat, la chapelle priv\u00e9e ouvre ses deux niveaux\u2026<\/p>\n<p><strong>La chapelle abbatiale<\/strong><br \/>\nDes portes orn\u00e9es des armes de l&rsquo;abb\u00e9 de Gogenx s&rsquo;ouvrent sur la chapelle basse de l&rsquo;abbatiale. Son vestibule conserve des plafonds peints repr\u00e9sentant les armes d\u2019Auger, des hybrides et un charpentier. Au 1er \u00e9tage, les murs de la chapelle s\u2019ornent d\u2019un Arbre de Vie et d\u2019un Jugement Dernier. Au sol, les carreaux verniss\u00e9s alternent dans un jeu color\u00e9 o\u00f9 se croisent signes du zodiaque et sc\u00e8nes de chasse, fleurs de lys et rosaces\u2026 Dans le ch\u0153ur, la piscine liturgique finement sculpt\u00e9e happe le regard : cette piscine r\u00e9cup\u00e8re l&rsquo;eau devenue sacr\u00e9e que le pr\u00eatre a utilis\u00e9e pour purifier le calice.<\/p>\n<p><strong>Des ma\u00eetres sculpteurs<\/strong><br \/>\nQuatorze \u00e9l\u00e9ments demeurent d\u2019un portail en marbre blanc du XII\u00e8me si\u00e8cle : ils portent la signature de l\u2019atelier du ma\u00eetre de Cabestany. Le gisant d\u2019Auger est une \u0153uvre du sculpteur de la cath\u00e9drale de Narbonne au XIII\u00e8me si\u00e8cle. Ce gisant a servi de conduit de canalisation : sa t\u00eate s\u00e9par\u00e9e du corps est gard\u00e9e chez les chanoines de l&rsquo;abbaye.<\/p>\n<p><strong>Des ma\u00eetres architectes<\/strong><br \/>\nLe dortoir, b\u00e2ti au d\u00e9but du XIV\u00e8me si\u00e8cle est un magnifique vaisseau d&rsquo;architecture gothique m\u00e9ridionale. Dehors, son aspect fortifi\u00e9 appara\u00eet avec la pr\u00e9sence de m\u00e2chicoulis. Au Moyen-\u00c2ge, cette salle \u00e9tait sans doute d&rsquo;un seul tenant avec le cellier et la boulangerie qui se situent en dessous actuellement. La tour-clocher est une construction de Philippe Ier de L\u00e9vis, abb\u00e9 commendataire de Lagrasse et \u00e9v\u00eaque de Mirepoix, pour manifester sa munificence. Le clo\u00eetre et le jardin apportent une touche de confort raffin\u00e9, tandis que l\u2019\u00e9l\u00e9gante ostentation de la cour d\u2019honneur donne \u00e0 l\u2019abbaye un air de palais\u2026<\/p>\n<p>Site : <a href=\"https:\/\/www.payscathare.org\/les-sites\/abbaye-et-cite-medievales-de-lagrasse\" target=\"_blank\" rel=\"noopener\">Abbaye et Cit\u00e9 m\u00e9di\u00e9vales deLagrasse<\/a><\/p>","protected":false},"author":625,"featured_media":15015,"comment_status":"open","ping_status":"closed","template":"","meta":[],"listing_category":[165],"event_category":[],"service_category":[],"rental_category":[],"classifieds_category":[],"listing_feature":[],"region":[126],"_links":{"self":[{"href":"https:\/\/www.grintoura.fr\/en\/wp-json\/wp\/v2\/listing\/15020"}],"collection":[{"href":"https:\/\/www.grintoura.fr\/en\/wp-json\/wp\/v2\/listing"}],"about":[{"href":"https:\/\/www.grintoura.fr\/en\/wp-json\/wp\/v2\/types\/listing"}],"author":[{"embeddable":true,"href":"https:\/\/www.grintoura.fr\/en\/wp-json\/wp\/v2\/users\/625"}],"replies":[{"embeddable":true,"href":"https:\/\/www.grintoura.fr\/en\/wp-json\/wp\/v2\/comments?post=15020"}],"wp:featuredmedia":[{"embeddable":true,"href":"https:\/\/www.grintoura.fr\/en\/wp-json\/wp\/v2\/media\/15015"}],"wp:attachment":[{"href":"https:\/\/www.grintoura.fr\/en\/wp-json\/wp\/v2\/media?parent=15020"}],"wp:term":[{"taxonomy":"listing_category","embeddable":true,"href":"https:\/\/www.grintoura.fr\/en\/wp-json\/wp\/v2\/listing_category?post=15020"},{"taxonomy":"event_category","embeddable":true,"href":"https:\/\/www.grintoura.fr\/en\/wp-json\/wp\/v2\/event_category?post=15020"},{"taxonomy":"service_category","embeddable":true,"href":"https:\/\/www.grintoura.fr\/en\/wp-json\/wp\/v2\/service_category?post=15020"},{"taxonomy":"rental_category","embeddable":true,"href":"https:\/\/www.grintoura.fr\/en\/wp-json\/wp\/v2\/rental_category?post=15020"},{"taxonomy":"classifieds_category","embeddable":true,"href":"https:\/\/www.grintoura.fr\/en\/wp-json\/wp\/v2\/classifieds_category?post=15020"},{"taxonomy":"listing_feature","embeddable":true,"href":"https:\/\/www.grintoura.fr\/en\/wp-json\/wp\/v2\/listing_feature?post=15020"},{"taxonomy":"region","embeddable":true,"href":"https:\/\/www.grintoura.fr\/en\/wp-json\/wp\/v2\/region?post=15020"}],"curies":[{"name":"wp","href":"https:\/\/api.w.org\/{rel}","templated":true}]}}