	
	
	
	
{"id":15011,"date":"2025-02-14T15:48:39","date_gmt":"2025-02-14T14:48:39","guid":{"rendered":"https:\/\/www.grintoura.fr\/?post_type=listing&#038;p=15011"},"modified":"2025-02-14T15:48:39","modified_gmt":"2025-02-14T14:48:39","slug":"abbaye-de-caunes-minervois","status":"publish","type":"listing","link":"https:\/\/www.grintoura.fr\/en\/hebergement\/occitanie\/sports-nature-decouverte-du-pays\/abbaye-de-caunes-minervois\/","title":{"rendered":"Abbaye de Caunes-Minervois"},"content":{"rendered":"<p><strong>HISTOIRE<\/strong><\/p>\n<p>Aux V\u00e8me-VI\u00e8me si\u00e8cles, une \u00e9glise Saint-Geni\u00e8s est implant\u00e9e sur le terroir de Buffens. En 791, Buffens, renomm\u00e9 \u00ab\u00a0Caunes\u00a0\u00bb, appartient \u00e0 l\u2019abbaye b\u00e9n\u00e9dictine Saint-Pierre et Saint-Paul qui s\u2019y est implant\u00e9e. Elle est prot\u00e9g\u00e9e par les rois carolingiens. Au XI\u00e8me si\u00e8cle, le village de Caunes se d\u00e9veloppe \u00e0 proximit\u00e9 de l\u2019abbaye. Pendant la croisade Contre les Albigeois, l\u2019abbaye s\u2019enrichit consid\u00e9rablement par l\u2019acquisition de biens confisqu\u00e9s aux h\u00e9r\u00e9tiques. Puis le monast\u00e8re conna\u00eet de graves difficult\u00e9s de gestion, et des conflits internes. Quand s\u2019implante la commende en 1467, Caunes en a d\u00e9j\u00e0 les habitudes\u00a0: l\u2019abb\u00e9 n\u2019est plus \u00e9lu par les moines, il ne r\u00e9side plus sur place, et la R\u00e8gle n\u2019est plus respect\u00e9e\u2026 Vers 1610, l\u2019abb\u00e9 Jean d\u2019Alibert fait exploiter les carri\u00e8res de marbre par des sculpteurs italiens. Puis Jean Baux, architecte et marbrier fran\u00e7ais utilise les marbres de Caunes au Louvre et \u00e0 Versailles. A la R\u00e9volution, les moines disparaissent, et Saint-Geni\u00e8s devient une carri\u00e8re de pierres\u2026<\/p>\n<p><strong>Le portail<\/strong><br \/>\nLe portail de l\u2019abbatiale s\u2019ouvre du c\u00f4t\u00e9 de la ville. Ses trois voussures reposent sur des chapiteaux orn\u00e9s de feuillage, sauf pour trois d&rsquo;entre eux, en marbre. Ceux-ci sont l\u2019\u0153uvre d\u2019un sculpteur local imitant le style de l\u2019atelier du Ma\u00eetre de Cabestany et sont histori\u00e9s. Sur ces chapiteaux sont repr\u00e9sent\u00e9s le Massacre des Innocents, Annonciation et Nativit\u00e9). Il est pr\u00e9c\u00e9d\u00e9 d&rsquo;un porche remarquable par sa vo\u00fbte d&rsquo;ogive.<\/p>\n<p><strong>Le chevet<\/strong><br \/>\nLa partie inf\u00e9rieure du chevet date du d\u00e9but du XI\u00e8me si\u00e8cle, comme Saint-Martin-du Canigou ou Saint-Philibert de Tournus. Entre ses colonnes, un ocre-rouge rehausse la ligne des joints. La partie sup\u00e9rieure, b\u00e2tie vers 1060, lui oppose de larges ouvertures et des pilastres plats.<\/p>\n<p><strong>Les tours<\/strong><br \/>\nAu bout de chaque bras du transept, deux tours du XII\u00e8me si\u00e8cle s\u2019\u00e9l\u00e8vent. L\u2019une accueillait les archives et le tr\u00e9sor de l\u2019abbaye. L\u2019autre, qui seule para\u00eet termin\u00e9e, abritait les cloches. Des chapiteaux en marbre blanc d\u2019\u00e9poque wisigothique se retrouvent dans son d\u00e9cor roman\u2026<\/p>\n<p><strong>Les marbres<\/strong><br \/>\nPlusieurs marbres se c\u00f4toient dans l\u2019abbatiale. Un marbre bleu-gris, vestiges de sarcophages pal\u00e9ochr\u00e9tiens, est pris dans le dallage. Dans l\u2019absidiole d\u00e9di\u00e9e \u00e0 Notre Dame du Rosaire, le rouge du marbre de Caunes joue avec l\u2019\u00e9clat blanc du marbre de Carrare des trois sculptures repr\u00e9sentant la Vierge \u00e0 l&rsquo;enfant encadr\u00e9e par saint Beno\u00eet qui tient le livre de la R\u00e8gle b\u00e9n\u00e9dictine et saint Bernard.<\/p>\n<p><strong>L\u2019abbaye primitive<\/strong><br \/>\nSous le ch\u0153ur, une crypte ouvre sur les vestiges de l\u2019\u00e9glise primitive du VIII\u00e8me si\u00e8cle. On y marche, impressionn\u00e9, sur une calade du XII\u00e8me si\u00e8cle. Une galerie du 1er clo\u00eetre m\u00e9di\u00e9val a \u00e9t\u00e9 retrouv\u00e9e sous le clo\u00eetre actuel, b\u00e2ti \u00e0 la fin du XVII\u00e8me si\u00e8cle. Et les recherches continuent\u2026<\/p>\n<p>Site : <a href=\"https:\/\/www.payscathare.org\/les-sites\/abbaye-de-caunes-minervois\" target=\"_blank\" rel=\"noopener\">Abbaye deCaunes-Minervois<\/a><\/p>","protected":false},"author":625,"featured_media":15009,"comment_status":"open","ping_status":"closed","template":"","meta":[],"listing_category":[164],"event_category":[],"service_category":[],"rental_category":[],"classifieds_category":[],"listing_feature":[],"region":[126],"_links":{"self":[{"href":"https:\/\/www.grintoura.fr\/en\/wp-json\/wp\/v2\/listing\/15011"}],"collection":[{"href":"https:\/\/www.grintoura.fr\/en\/wp-json\/wp\/v2\/listing"}],"about":[{"href":"https:\/\/www.grintoura.fr\/en\/wp-json\/wp\/v2\/types\/listing"}],"author":[{"embeddable":true,"href":"https:\/\/www.grintoura.fr\/en\/wp-json\/wp\/v2\/users\/625"}],"replies":[{"embeddable":true,"href":"https:\/\/www.grintoura.fr\/en\/wp-json\/wp\/v2\/comments?post=15011"}],"wp:featuredmedia":[{"embeddable":true,"href":"https:\/\/www.grintoura.fr\/en\/wp-json\/wp\/v2\/media\/15009"}],"wp:attachment":[{"href":"https:\/\/www.grintoura.fr\/en\/wp-json\/wp\/v2\/media?parent=15011"}],"wp:term":[{"taxonomy":"listing_category","embeddable":true,"href":"https:\/\/www.grintoura.fr\/en\/wp-json\/wp\/v2\/listing_category?post=15011"},{"taxonomy":"event_category","embeddable":true,"href":"https:\/\/www.grintoura.fr\/en\/wp-json\/wp\/v2\/event_category?post=15011"},{"taxonomy":"service_category","embeddable":true,"href":"https:\/\/www.grintoura.fr\/en\/wp-json\/wp\/v2\/service_category?post=15011"},{"taxonomy":"rental_category","embeddable":true,"href":"https:\/\/www.grintoura.fr\/en\/wp-json\/wp\/v2\/rental_category?post=15011"},{"taxonomy":"classifieds_category","embeddable":true,"href":"https:\/\/www.grintoura.fr\/en\/wp-json\/wp\/v2\/classifieds_category?post=15011"},{"taxonomy":"listing_feature","embeddable":true,"href":"https:\/\/www.grintoura.fr\/en\/wp-json\/wp\/v2\/listing_feature?post=15011"},{"taxonomy":"region","embeddable":true,"href":"https:\/\/www.grintoura.fr\/en\/wp-json\/wp\/v2\/region?post=15011"}],"curies":[{"name":"wp","href":"https:\/\/api.w.org\/{rel}","templated":true}]}}