	
	
	
	
{"id":14954,"date":"2025-02-13T16:45:09","date_gmt":"2025-02-13T15:45:09","guid":{"rendered":"https:\/\/www.grintoura.fr\/?post_type=listing&#038;p=14954"},"modified":"2025-02-13T16:45:09","modified_gmt":"2025-02-13T15:45:09","slug":"chateau-et-remparts-de-la-cite-de-carcassonne","status":"publish","type":"listing","link":"https:\/\/www.grintoura.fr\/en\/hebergement\/occitanie\/sports-nature-decouverte-du-pays\/chateau-et-remparts-de-la-cite-de-carcassonne\/","title":{"rendered":"Ch\u00e2teau et Remparts de la Cit\u00e9 de Carcassonne"},"content":{"rendered":"<p><strong>HISTOIRE\u00a0<\/strong><\/p>\n<p>L\u2019histoire de Carcassonne est celle d\u2019une dualit\u00e9. Au VI\u00e8me si\u00e8cle avant notre \u00e8re, un premier habitat est d\u00e9laiss\u00e9 au profit du site actuel de la Cit\u00e9. Cet oppidum devient une place forte au Bas Empire avec la construction d\u2019une enceinte de plus d\u20191 km flanqu\u00e9e de 30 tours. 1000 ans plus tard, Saint Louis et ses successeurs font construire autour d\u2019elle une deuxi\u00e8me enceinte. Centre du pouvoir des vicomtes Trencavel, qui y avaient install\u00e9 leur cour depuis 1125, elle devient S\u00e9n\u00e9chauss\u00e9e, directement li\u00e9e au pouvoir royal. Nous sommes au milieu du XIII\u00e8me si\u00e8cle, la Croisade contre les Albigeois a pris fin, les Trencavel sont soumis, mais la population est agit\u00e9e. Le S\u00e9n\u00e9chal fait d\u00e9truire les anciens bourgs, trop pr\u00e8s de ses murailles, et cr\u00e9e la Ville Basse, de l\u2019autre c\u00f4t\u00e9 de l\u2019Aude. Ville haute et Ville Basse suivent des destins divergents. L\u2019antique cit\u00e9 p\u00e9riclite lentement d\u00e8s le XV\u00e8me si\u00e8cle. La Bastide, elle, se d\u00e9veloppe gr\u00e2ce \u00e0 une industrie du textile florissante pendant cinq si\u00e8cles. La Cit\u00e9 m\u00e9di\u00e9vale est sauv\u00e9e par JP. Cros-Mayrevieille qui la fait classer Monument Historique\u00a0\u00e0 partir de\u00a01849. Viollet-le-Duc dirige les premiers chantiers de restauration. La Cit\u00e9 devient alors le t\u00e9moin exceptionnel d\u2019un Moyen-\u00c2ge r\u00eav\u00e9\u2026<\/p>\n<p><strong>Les remparts<\/strong><br \/>\nLa promenade autour des remparts est inoubliable. Au Nord, les remparts gallo-romains et leurs tours en fer \u00e0 cheval ouvrent sur un merveilleux panorama sur la Montagne Noire. A l\u2019Ouest, on marche sur les remparts m\u00e9di\u00e9vaux : on y admire, post\u00e9 aux cr\u00e9neaux, la Ville Basse et les Pyr\u00e9n\u00e9es. La visite des remparts se d\u00e9veloppe au d\u00e9but du XX\u00e8me si\u00e8cle. En 1908 la premi\u00e8re table d&rsquo;orientation des environs est install\u00e9e en haut de la tour porte Saint-Nazaire pour ses premiers visiteurs.<\/p>\n<p><strong>Le ch\u00e2teau comtal<\/strong><br \/>\nC\u2019est une forteresse dans une forteresse. Une barbacane, un foss\u00e9 sec et une enceinte le d\u00e9fendent. Huit tours, deux donjons, une tour de guet, des herses\u2026 le centre du pouvoir comtal puis royal exprime ici toute sa puissance. La visite est riche, anim\u00e9e de vid\u00e9os, de cours int\u00e9rieures en salles vo\u00fbt\u00e9es, de fresques romanes en tr\u00e9sors\u2026 Chose peu courante, des hourds sont visibles. Ces galeries en bois, con\u00e7ues pour prot\u00e9ger le chemin de ronde et permettre une d\u00e9fense efficace de la base des murailles, ont \u00e9t\u00e9 redessin\u00e9es par Viollet-le-Duc, puis construites en 1909-1910.<\/p>\n<p><strong>La cath\u00e9drale Saint-Nazaire et Saint-Celse<\/strong><br \/>\nCarcassonne est un vieil \u00e9v\u00each\u00e9 : le 1er \u00e9v\u00eaque est attest\u00e9 en 589. A cette \u00e9poque, la cath\u00e9drale primitive est peut-\u00eatre install\u00e9e pr\u00e8s de la voie d&rsquo;Aquitaine. Elle rejoint la Cit\u00e9 au X\u00e8me si\u00e8cle. En 1096 le pape Urbain II, venu pr\u00eacher la r\u00e9forme gr\u00e9gorienne, passe \u00e0 Carcassonne et b\u00e9nit le chantier. La nef principale ainsi que les deux nefs lat\u00e9rales, sont d\u2019\u00e9poque romane. Aux XIII\u00e8me et XIV\u00e8me si\u00e8cles, le chantier initi\u00e9 vers 1270 par l\u2019\u00e9v\u00eaque Bernard de Capendu en fait un magnifique exemple de gothique rayonnant. Le gothique loge toute sa profondeur dans la pierre, le verre et la lumi\u00e8re. Les deux rosaces qui se font face dans le transept en sont un exemple frappant. A gauche de l&rsquo;autel, la rosace du temps qui passe : la vierge est au centre, la roue tourne, elle entra\u00eene jusqu&rsquo;aux \u00e9l\u00e9ments qui l&rsquo;entourent. A droite la rosace de l&rsquo;intemporel, comme stopp\u00e9e par deux \u00e9coin\u00e7ons de verre est centr\u00e9e sur le Christ. A la rencontre de ces deux temps, la clef de vo\u00fbte de la crois\u00e9e du transept.<\/p>\n<p><strong>La Cit\u00e9<\/strong><br \/>\nLes rues de la Cit\u00e9 fourmillent de monde\u2026 Sur la place Marcou, les terrasses ombrag\u00e9es des caf\u00e9s sont pleines. Un petit d\u00e9tour et c\u2019est la tranquillit\u00e9 d\u2019une placette avec un puits central, ou d\u2019une ruelle aux maisons m\u00e9di\u00e9vales. Plus loin, la promenade ponctu\u00e9e de restaurants, de magasins, et d\u2019artisans, passe au Th\u00e9\u00e2tre, au logis de l\u2019Inquisition\u2026<\/p>\n<p><strong>Le Th\u00e9\u00e2tre<\/strong><br \/>\nVignes et vergers s\u2019\u00e9panouissent dans l&rsquo;ancien clo\u00eetre de la cath\u00e9drale Saint-Nazaire, jusqu\u2019\u00e0 ce jour de juin 1908 o\u00f9 na\u00eet l\u2019id\u00e9e de la cr\u00e9ation d\u2019un th\u00e9\u00e2tre \u00e0 cet emplacement. L\u2019\u00e9poque est aux th\u00e9\u00e2tres de plein air, et le projet est tr\u00e8s vite concr\u00e9tis\u00e9. La 1\u00e8re repr\u00e9sentation a lieu le 26 juillet 1908. Elle est donn\u00e9e par les com\u00e9diens de la Com\u00e9die Fran\u00e7aise, la foule se presse, c\u2019est une repr\u00e9sentation m\u00e9morable, quelque peu acrobatique pour les spectateurs, mais le succ\u00e8s est bien l\u00e0. Les repr\u00e9sentations se succ\u00e8dent dans le \u00ab Th\u00e9\u00e2tre Antique de la Cit\u00e9 \u00bb chaque \u00e9t\u00e9, sauf en p\u00e9riode de guerre. En 1957, Jean Deschamps donne naissance au Festival de Carcassonne, et le th\u00e9\u00e2tre prend son nom. Plac\u00e9 sous le signe de la diversit\u00e9, le Festival de Carcassonne est un \u00e9v\u00e9nement culturel majeur en France, attirant des milliers de spectateurs du monde entier. Des artistes de l\u00e9gende et artistes \u00e9mergents, s\u2019y produisent, dans toutes les disciplines : op\u00e9ra, th\u00e9\u00e2tre, danse, musique classique et actuelle.<\/p>","protected":false},"author":625,"featured_media":14944,"comment_status":"open","ping_status":"closed","template":"","meta":[],"listing_category":[164],"event_category":[],"service_category":[],"rental_category":[],"classifieds_category":[],"listing_feature":[],"region":[126],"_links":{"self":[{"href":"https:\/\/www.grintoura.fr\/en\/wp-json\/wp\/v2\/listing\/14954"}],"collection":[{"href":"https:\/\/www.grintoura.fr\/en\/wp-json\/wp\/v2\/listing"}],"about":[{"href":"https:\/\/www.grintoura.fr\/en\/wp-json\/wp\/v2\/types\/listing"}],"author":[{"embeddable":true,"href":"https:\/\/www.grintoura.fr\/en\/wp-json\/wp\/v2\/users\/625"}],"replies":[{"embeddable":true,"href":"https:\/\/www.grintoura.fr\/en\/wp-json\/wp\/v2\/comments?post=14954"}],"wp:featuredmedia":[{"embeddable":true,"href":"https:\/\/www.grintoura.fr\/en\/wp-json\/wp\/v2\/media\/14944"}],"wp:attachment":[{"href":"https:\/\/www.grintoura.fr\/en\/wp-json\/wp\/v2\/media?parent=14954"}],"wp:term":[{"taxonomy":"listing_category","embeddable":true,"href":"https:\/\/www.grintoura.fr\/en\/wp-json\/wp\/v2\/listing_category?post=14954"},{"taxonomy":"event_category","embeddable":true,"href":"https:\/\/www.grintoura.fr\/en\/wp-json\/wp\/v2\/event_category?post=14954"},{"taxonomy":"service_category","embeddable":true,"href":"https:\/\/www.grintoura.fr\/en\/wp-json\/wp\/v2\/service_category?post=14954"},{"taxonomy":"rental_category","embeddable":true,"href":"https:\/\/www.grintoura.fr\/en\/wp-json\/wp\/v2\/rental_category?post=14954"},{"taxonomy":"classifieds_category","embeddable":true,"href":"https:\/\/www.grintoura.fr\/en\/wp-json\/wp\/v2\/classifieds_category?post=14954"},{"taxonomy":"listing_feature","embeddable":true,"href":"https:\/\/www.grintoura.fr\/en\/wp-json\/wp\/v2\/listing_feature?post=14954"},{"taxonomy":"region","embeddable":true,"href":"https:\/\/www.grintoura.fr\/en\/wp-json\/wp\/v2\/region?post=14954"}],"curies":[{"name":"wp","href":"https:\/\/api.w.org\/{rel}","templated":true}]}}