	
	
	
	
{"id":14912,"date":"2025-02-13T16:31:39","date_gmt":"2025-02-13T15:31:39","guid":{"rendered":"https:\/\/www.grintoura.fr\/?post_type=listing&#038;p=14912"},"modified":"2025-02-13T16:31:39","modified_gmt":"2025-02-13T15:31:39","slug":"chateau-de-termes","status":"publish","type":"listing","link":"https:\/\/www.grintoura.fr\/en\/hebergement\/occitanie\/sports-nature-decouverte-du-pays\/chateau-de-termes\/","title":{"rendered":"Ch\u00e2teau de Termes"},"content":{"rendered":"<p><strong>HISTOIRE\u00a0<\/strong><\/p>\n<p>Au X\u00e8me si\u00e8cle, \u00e0 460 m\u00e8tres d\u2019altitude en surplomb des vertigineuses gorges du Termenet, se dresse une premi\u00e8re fortification, celle du premier ch\u00e2teau de Termes. Au XII\u00e8me si\u00e8cle, un village occupe la pente m\u00e9ridionale de son pech: Termes est devenu un castrum. Les seigneurs de Termes, riches et influents, sont les puissants vassaux du vicomte de Carcassonne-B\u00e9ziers, Trencavel. Pour le chef des crois\u00e9s, Simon de Montfort, Termes est une cible prioritaire. Il l\u2019assi\u00e8ge d\u00e8s 1210. La prise de ce lieu strat\u00e9gique, r\u00e9put\u00e9 inexpugnable, marque les esprits, et inspire de nombreux chroniqueurs. Apr\u00e8s avoir bri\u00e8vement repris possession du ch\u00e2teau familial, Olivier de Termes doit le c\u00e9der au roi de France en 1228. Dans la deuxi\u00e8me moiti\u00e9 du XIII\u00e8me si\u00e8cle, le ch\u00e2teau est refortifi\u00e9 et le village est d\u00e9plac\u00e9 en contrebas. Dot\u00e9 d\u2019une double enceinte et des derni\u00e8res innovations militaires, il devient une place forte int\u00e9gr\u00e9e \u00e0 la ligne de d\u00e9fense du Roi de France face au royaume d&rsquo;Aragon. Une petite garnison y est maintenue quatre si\u00e8cles durant. 1653\u00a0: un bruit d\u2019explosion \u00e9branle la montagne. Le Roi-Soleil, qui a vaincu la Fronde, fait abattre le ch\u00e2teau de Termes, encore assez fort pour abriter d\u2019\u00e9ventuels rebelles\u2026<\/p>\n<p><strong>Vue d\u2019ensemble<\/strong><br \/>\nDe loin, la structure du castrum du XII\u00e8me si\u00e8cle appara\u00eet clairement : elle descend en cascade, du sommet, au Nord, vers la pente la plus douce, au Sud. Tout en haut le noyau castral accueillait la tour ma\u00eetresse et le logis seigneurial ; juste en-dessous, la basse-cour entour\u00e9e d\u2019une enceinte d\u00e9fendait l\u2019acc\u00e8s au ch\u00e2teau ; enfin le village qui \u00e9tait fortifi\u00e9 et d\u00e9fendu par un acc\u00e8s en chicane.<\/p>\n<p><strong>L&rsquo;enceinte ext\u00e9rieure<\/strong><br \/>\nCette premi\u00e8re muraille a \u00e9t\u00e9 transform\u00e9e par les ma\u00eetres d\u2019\u0153uvre royaux au XIII\u00e8me si\u00e8cle pour la renforcer. L\u2019entr\u00e9e est bien gard\u00e9e : une barbacane la d\u00e9fend, \u00e0 droite une tour \u00e0 bossage est construite, \u00e0 gauche un contrefort vient soutenir une \u00e9chauguette. Des arch\u00e8res en \u00e9trier sont pratiqu\u00e9es dans les courtines, elles-m\u00eames reb\u00e2ties ou renforc\u00e9es. Enfin, deux poternes permettent des sorties discr\u00e8tes\u2026<\/p>\n<p><strong>Le noyau castral<\/strong><br \/>\nCette enceinte int\u00e9rieure \u00e9rig\u00e9e au XIII\u00e8me si\u00e8cle sur des bases plus anciennes englobait de multiples b\u00e2timents : tour ma\u00eetresse, logis seigneurial, citernes, chapelle\u2026 Cette chapelle b\u00e2tie par les artisans du roi, est le b\u00e2timent le mieux conserv\u00e9 du site. Sa petite fen\u00eatre cruciforme, est un symbole du lieu : belle, rude et remarquable.<\/p>\n<p><strong>Les fouilles<\/strong><br \/>\nLe ch\u00e2teau de Termes fait l\u2019objet de fouilles r\u00e9guli\u00e8res. Ses pierres \u00e9croul\u00e9es sont relev\u00e9es, son histoire mise au jour dans les pavements d\u00e9couverts, ou les vestiges des habitations\u2026 C\u2019est un lieu un peu irr\u00e9el qui unit arch\u00e9ologues et visiteurs aux g\u00e9n\u00e9rations pr\u00e9c\u00e9dentes par la force de ses souvenirs. Vous trouverez sur le website du ch\u00e2teau de riches informations pour vous aider \u00e0 mieux appr\u00e9hender les vestiges. Une s\u00e9rie de reportages r\u00e9alis\u00e9s par Philippe Benoist est \u00e9galement disponible sur YouTube..<\/p>\n<p><strong>Le si\u00e8ge de 1210<\/strong><br \/>\nC\u2019est l\u2019un des \u00e9v\u00e9nements les mieux connus de la Croisade contre les Albigeois. De nombreuses chroniques m\u00e9di\u00e9vales nous ont livr\u00e9 les d\u00e9tails de ce si\u00e8ge qui a lieu dans les d\u00e9buts de la Croisade, et qui marque profond\u00e9ment les esprits de l\u2019\u00e9poque. Une installation mus\u00e9ographique et une vid\u00e9o vous font revivre ce moment \u00e9pique \u00e0 l\u2019accueil du ch\u00e2teau.<\/p>\n<p>Site : <a href=\"https:\/\/www.payscathare.org\/les-sites\/chateau-de-termes\" target=\"_blank\" rel=\"noopener\">Ch\u00e2teau de Termes\u00a0<\/a><\/p>","protected":false},"author":625,"featured_media":14906,"comment_status":"open","ping_status":"closed","template":"","meta":[],"listing_category":[164],"event_category":[],"service_category":[],"rental_category":[],"classifieds_category":[],"listing_feature":[],"region":[126],"_links":{"self":[{"href":"https:\/\/www.grintoura.fr\/en\/wp-json\/wp\/v2\/listing\/14912"}],"collection":[{"href":"https:\/\/www.grintoura.fr\/en\/wp-json\/wp\/v2\/listing"}],"about":[{"href":"https:\/\/www.grintoura.fr\/en\/wp-json\/wp\/v2\/types\/listing"}],"author":[{"embeddable":true,"href":"https:\/\/www.grintoura.fr\/en\/wp-json\/wp\/v2\/users\/625"}],"replies":[{"embeddable":true,"href":"https:\/\/www.grintoura.fr\/en\/wp-json\/wp\/v2\/comments?post=14912"}],"wp:featuredmedia":[{"embeddable":true,"href":"https:\/\/www.grintoura.fr\/en\/wp-json\/wp\/v2\/media\/14906"}],"wp:attachment":[{"href":"https:\/\/www.grintoura.fr\/en\/wp-json\/wp\/v2\/media?parent=14912"}],"wp:term":[{"taxonomy":"listing_category","embeddable":true,"href":"https:\/\/www.grintoura.fr\/en\/wp-json\/wp\/v2\/listing_category?post=14912"},{"taxonomy":"event_category","embeddable":true,"href":"https:\/\/www.grintoura.fr\/en\/wp-json\/wp\/v2\/event_category?post=14912"},{"taxonomy":"service_category","embeddable":true,"href":"https:\/\/www.grintoura.fr\/en\/wp-json\/wp\/v2\/service_category?post=14912"},{"taxonomy":"rental_category","embeddable":true,"href":"https:\/\/www.grintoura.fr\/en\/wp-json\/wp\/v2\/rental_category?post=14912"},{"taxonomy":"classifieds_category","embeddable":true,"href":"https:\/\/www.grintoura.fr\/en\/wp-json\/wp\/v2\/classifieds_category?post=14912"},{"taxonomy":"listing_feature","embeddable":true,"href":"https:\/\/www.grintoura.fr\/en\/wp-json\/wp\/v2\/listing_feature?post=14912"},{"taxonomy":"region","embeddable":true,"href":"https:\/\/www.grintoura.fr\/en\/wp-json\/wp\/v2\/region?post=14912"}],"curies":[{"name":"wp","href":"https:\/\/api.w.org\/{rel}","templated":true}]}}