	
	
	
	
{"id":14876,"date":"2025-02-13T15:37:21","date_gmt":"2025-02-13T14:37:21","guid":{"rendered":"https:\/\/www.grintoura.fr\/?post_type=listing&#038;p=14876"},"modified":"2025-02-13T16:22:13","modified_gmt":"2025-02-13T15:22:13","slug":"chateau-dusson-les-bains-2","status":"publish","type":"listing","link":"https:\/\/www.grintoura.fr\/en\/hebergement\/occitanie\/sports-nature-decouverte-du-pays\/chateau-dusson-les-bains-2\/","title":{"rendered":"Ch\u00e2teau d\u2019Usson-les-Bains"},"content":{"rendered":"<p><strong>HISTOIRE<\/strong><\/p>\n<p>A la fin du X\u00e8me si\u00e8cle, les comtes de Carcassonne et les comtes de Cerdagne concluent un accord et se partagent le vaste territoire du Raz\u00e8s carolingien\u00a0: aux comtes de Cerdagne reviennent le Donezan, le Capcir et une partie du Fenolhed\u00e9s. Pour veiller au respect de ces limites, deux ch\u00e2teaux se font face, chacun sur son roc\u00a0: Usson, en Donezan et Dournes, en Pays de Sault. Les seigneurs du ch\u00e2teau d\u2019Usson, sont au XII\u00e8me si\u00e8cle des vassaux des rois d\u2019Aragon. En rien menac\u00e9s par la Croisade contre les Albigeois, ils d\u00e9fendent pourtant les assi\u00e9g\u00e9s de Monts\u00e9gur. Ils lancent des raids pour leur venir en aide, et accueillent une trentaine de parfaits en fuite\u00a0: cela leur vaut la vindicte de l\u2019Inquisition, qui br\u00fble vifs deux de leurs membres. Leurs biens vont aux comtes de Foix, \u00a0qui s\u2019en d\u00e9sint\u00e9ressent. Tout le monde oublie ce pays perdu, livr\u00e9 aux incursions r\u00e9guli\u00e8res des espagnols. Au XVIII\u00e8me si\u00e8cle, le ch\u00e2teau est enti\u00e8rement restaur\u00e9 par son nouvel occupant, le marquis de Bonnac. Mais la R\u00e9volution survient\u2026<\/p>\n<p><strong>La Maison du Patrimoine<\/strong><br \/>\nLa Maison du Patrimoine est install\u00e9e dans les anciennes \u00e9curies, \u00e0 l&rsquo;entr\u00e9e du ch\u00e2teau. Elle constitue le d\u00e9but de la visite. Sur 700 m2, on y suit la longue histoire d&rsquo;Usson et du Donezan, depuis la Pr\u00e9histoire jusqu&rsquo;\u00e0 nos jours. Elle est cont\u00e9e \u00e0 travers des expositions, des diaporamas, des objets provenant de fouilles arch\u00e9ologiques, un habitat traditionnel de montagne reconstitu\u00e9.<\/p>\n<p><strong>La sym\u00e9trie partout<\/strong><br \/>\nLe ch\u00e2teau du XVIII\u00e8me si\u00e8cle s&rsquo;est b\u00e2ti sur celui du XI\u00e8me si\u00e8cle, le faisant parfois totalement dispara\u00eetre. Le trait le plus marquant du style classique est la recherche de sym\u00e9trie. On le trouve d\u00e8s la cour d&rsquo;entr\u00e9e avec l&rsquo;am\u00e9nagement des \u00e9curies. Dans l&rsquo;enceinte haute, trois tours, dont deux fausses, sont venues r\u00e9pondre \u00e0 la tour \u00e0 \u00e9peron m\u00e9di\u00e9vale pour former avec elle un ensemble harmonieux. L&rsquo;architecte a m\u00eame utilis\u00e9 une astucieuse correction optique du dallage de la cour haute afin de r\u00e9tablir la perspective\u2026<\/p>\n<p><strong>Une salle ventil\u00e9e<\/strong><br \/>\nCette grande salle vo\u00fbt\u00e9e m\u00e9di\u00e9vale se situe sous la salle \u00e0 manger du XVIII\u00e8me si\u00e8cle. Destin\u00e9e \u00e0 stocker les denr\u00e9es, en particulier les grains, elle b\u00e9n\u00e9ficie d&rsquo;un syst\u00e8me de ventilation tr\u00e8s ing\u00e9nieux, assurant leur parfaite conservation.<\/p>\n<p><strong>Une porte d\u00e9rob\u00e9e<\/strong><br \/>\nEn cas de si\u00e8ge, il faut pouvoir sortir discr\u00e8tement pour s&rsquo;approvisionner, chercher du renfort\u2026 Ici il faut chercher l&rsquo;escalier \u00e9troit qui a \u00e9t\u00e9 am\u00e9nag\u00e9 entre l&rsquo;abside de l&rsquo;\u00e9glise et la grande salle vo\u00fbt\u00e9e. Il \u00e9tait couvert. En bas, une petite porte m\u00e8ne \u00e0 la libert\u00e9 : une simple \u00e9chelle pour rejoindre le bas de la muraille, et on pouvait se faufiler dans la vall\u00e9e\u2026<\/p>\n<p><strong>Une \u00e9glise myst\u00e9rieuse<\/strong><br \/>\nCette \u00e9glise a \u00e9t\u00e9 d\u00e9couverte lors des fouilles men\u00e9es \u00e0 l&rsquo;occasion des travaux de consolidation du ch\u00e2teau. On ne sait rien d&rsquo;elle si ce n&rsquo;est qu&rsquo;elle a fait l&rsquo;objet de fouilles sauvages qui ont d\u00e9truit totalement les niveaux arch\u00e9ologiques. Elle pr\u00e9sente cependant des \u00e9l\u00e9ments typiques du premier \u00e2ge roman, des vestiges d&rsquo;enduit peint\u2026<\/p>\n<p>&nbsp;<\/p>\n<p>Site : <a href=\"https:\/\/www.payscathare.org\/les-sites\/chateau-d-usson\" target=\"_blank\" rel=\"noopener\">Ch\u00e2teau d&rsquo;Usson<\/a><\/p>","protected":false},"author":625,"featured_media":14865,"comment_status":"open","ping_status":"closed","template":"","meta":[],"listing_category":[164],"event_category":[],"service_category":[],"rental_category":[],"classifieds_category":[],"listing_feature":[],"region":[126],"_links":{"self":[{"href":"https:\/\/www.grintoura.fr\/en\/wp-json\/wp\/v2\/listing\/14876"}],"collection":[{"href":"https:\/\/www.grintoura.fr\/en\/wp-json\/wp\/v2\/listing"}],"about":[{"href":"https:\/\/www.grintoura.fr\/en\/wp-json\/wp\/v2\/types\/listing"}],"author":[{"embeddable":true,"href":"https:\/\/www.grintoura.fr\/en\/wp-json\/wp\/v2\/users\/625"}],"replies":[{"embeddable":true,"href":"https:\/\/www.grintoura.fr\/en\/wp-json\/wp\/v2\/comments?post=14876"}],"wp:featuredmedia":[{"embeddable":true,"href":"https:\/\/www.grintoura.fr\/en\/wp-json\/wp\/v2\/media\/14865"}],"wp:attachment":[{"href":"https:\/\/www.grintoura.fr\/en\/wp-json\/wp\/v2\/media?parent=14876"}],"wp:term":[{"taxonomy":"listing_category","embeddable":true,"href":"https:\/\/www.grintoura.fr\/en\/wp-json\/wp\/v2\/listing_category?post=14876"},{"taxonomy":"event_category","embeddable":true,"href":"https:\/\/www.grintoura.fr\/en\/wp-json\/wp\/v2\/event_category?post=14876"},{"taxonomy":"service_category","embeddable":true,"href":"https:\/\/www.grintoura.fr\/en\/wp-json\/wp\/v2\/service_category?post=14876"},{"taxonomy":"rental_category","embeddable":true,"href":"https:\/\/www.grintoura.fr\/en\/wp-json\/wp\/v2\/rental_category?post=14876"},{"taxonomy":"classifieds_category","embeddable":true,"href":"https:\/\/www.grintoura.fr\/en\/wp-json\/wp\/v2\/classifieds_category?post=14876"},{"taxonomy":"listing_feature","embeddable":true,"href":"https:\/\/www.grintoura.fr\/en\/wp-json\/wp\/v2\/listing_feature?post=14876"},{"taxonomy":"region","embeddable":true,"href":"https:\/\/www.grintoura.fr\/en\/wp-json\/wp\/v2\/region?post=14876"}],"curies":[{"name":"wp","href":"https:\/\/api.w.org\/{rel}","templated":true}]}}