	
	
	
	
{"id":14608,"date":"2025-02-08T07:31:24","date_gmt":"2025-02-08T06:31:24","guid":{"rendered":"https:\/\/www.grintoura.fr\/?post_type=listing&#038;p=14608"},"modified":"2025-02-08T07:31:24","modified_gmt":"2025-02-08T06:31:24","slug":"latelier-du-tilleul","status":"publish","type":"listing","link":"https:\/\/www.grintoura.fr\/en\/hebergement\/bretagne\/artisanat-local\/latelier-du-tilleul\/","title":{"rendered":"L\u2019Atelier du Tilleul"},"content":{"rendered":"<p><strong>La Ferme du Tilleul<\/strong><br \/>\nSitu\u00e9e dans le Pays de Foug\u00e8res en Bretagne, une ferme familiale au c\u0153ur des recettes de l\u2019Atelier du Tilleul.<\/p>\n<p>&nbsp;<\/p>\n<p><em><strong>Lait de vache<\/strong><\/em><\/p>\n<p>Le lait entier est incorpor\u00e9 dans tous nos savons solides en technique de saponification \u00e0 froid. Nous le pr\u00e9levons \u00e0 chaque traite et remercions nos ladies qui le produisent tous les jours.<br \/>\nPourquoi le lait dans des savons ?<\/p>\n<ul>\n<li>La technique de Saponification \u00e0 froid<br \/>\nNous utilisons une m\u00e9thode artisanale de fabrication de nos savons : la Saponification \u00e0 froid.<\/li>\n<\/ul>\n<p>Le principe: la r\u00e9action chimique entre la soude et les huiles v\u00e9g\u00e9tales produit du savon et de la glyc\u00e9rine naturelle. La saponification \u00ab\u00a0\u00e0 froid\u00a0\u00bb signifie que nous n\u2019acc\u00e9l\u00e9rons pas le processus en chauffant les huiles: la saponification se fait tout naturellement avec le temps. L\u2019int\u00e9r\u00eat: les huiles ne sont pas alt\u00e9r\u00e9es et gardent toutes leurs vertus pour votre peau!<\/p>\n<ul>\n<li>Un process artisanal<br \/>\nLa saponification prend du temps: il faut compter environ 4 semaines pour que celle-ci soit compl\u00e8te, laissant le temps aux huiles de se transformer en savon. C\u2019est ce qu\u2019on appelle \u00ab\u00a0la cure de saponification\u00a0\u00bb.<\/li>\n<\/ul>\n<p>&nbsp;<\/p>\n<p><em>Des savons au surgras naturel<\/em><br \/>\nNos savons sont formul\u00e9s pour laisser libre des huiles non saponifi\u00e9es: c\u2019est ce qu\u2019on appelle le surgras. Celui-ci peut aller jusque 8% pour des peaux s\u00e8ches. Nous n\u2019ajoutons pas de glyc\u00e9rine v\u00e9g\u00e9tale, elle se cr\u00e9e naturellement par r\u00e9action chimique lors de la fabrication du savon.<\/p>\n<p><em>Des ingr\u00e9dients 100% Fran\u00e7ais<\/em><br \/>\nNous avons fait le choix de n\u2019utiliser que des ingr\u00e9dients fran\u00e7ais dans nos recettes. Pourquoi faire venir des mati\u00e8res premi\u00e8res \u00e0 des milliers de kilom\u00e8tres quand nous avons autant de richesse produite par notre Agriculture en France?<\/p>\n<p><em>Le lait de notre ferme<\/em><br \/>\nNous utilisons du lait cru dans nos recettes pour ne pas en alt\u00e9rer la qualit\u00e9. Riche en acide lactique, il agit comme un nettoyant naturel pour votre peau, tout en douceur. Sa richesse en vitamine A et vitamine D permettra une meilleure \u00e9lasticit\u00e9 et une r\u00e9g\u00e9n\u00e9ration de votre \u00e9piderme.<\/p>\n<p><em>Des huiles v\u00e9g\u00e9tales<\/em><br \/>\nHuile d\u2019olive, huile de chanvre, de cameline, de noisette, de carthame\u2026 nos huiles ont \u00e9t\u00e9 soigneusement s\u00e9lectionn\u00e9es sur leur qualit\u00e9, en premi\u00e8re pression \u00e0 froid. Elles proviennent majoritairement de producteurs fran\u00e7ais.<\/p>\n<p><em>Des argiles &amp; ocres naturelles<\/em><br \/>\nIngr\u00e9dient naturel, l\u2019argile va\u00a0 participer \u00e0 la\u00a0remin\u00e9ralisation et \u00e0 la d\u00e9toxification de la peau, en \u00e9changeant ses sels min\u00e9raux avec les\u00a0toxines et les impuret\u00e9s de la peau.<\/p>\n<p>Les ocres proviennent de la Provence, et vont colorer naturellement le savon.<\/p>\n<p><em>Des fleurs &amp; poudres de plantes<\/em><br \/>\nLes fleurs de lavande et de calendula sont utilis\u00e9es en mac\u00e9ration huileuse afin d\u2019en tirer les actifs int\u00e9ressants pour la peau.<\/p>\n<p>Nous utilisons \u00e9galement des poudres de plantes telles que l\u2019ortie ou l\u2019orcanette.<\/p>\n<p><em>Du miel de nos abeilles<\/em><br \/>\nLe miel permettra d\u2019apporter des propri\u00e9t\u00e9s cicatrisantes et apaisantes pour votre peau.<\/p>\n<p>Vous le trouverez dans nos savons sp\u00e9cial peaux sensibles et sujettes aux imperfections.<\/p>\n<p>&nbsp;<\/p>\n<p><em><strong>Aloe Vera Bretagne<\/strong><\/em><\/p>\n<p>L\u2019Aloe Vera vient tout juste d\u2019\u00eatre plant\u00e9e et sera bient\u00f4t disponible \u00e0 l\u2019Atelier. Il faut compter deux \u00e0 trois ans avant de pouvoir r\u00e9colter les premi\u00e8res feuilles qui contiennent le pr\u00e9cieux gel d\u2019Aloe.<br \/>\nD\u00e9couvrez nos ateliers Bien-\u00eatre au naturel<\/p>\n<ul>\n<li>Atelier confection de gel d\u2019Aloe Vera \u00e0 la ferme<br \/>\nApprenez la culture de l\u2019Aloe Vera et son entretien<br \/>\nExtraction de gel d\u2019aloe vera<br \/>\nFabrication de gel maison: chaque participant repartira avec une bouteille de 100 mL<br \/>\nExplications des utilisations possibles de l\u2019Aloe Vera<br \/>\nD\u00e9gustation d\u2019un jus de fruit \u00e0 base d\u2019Aloe Vera en fin d\u2019atelier<\/p>\n<p>Prix: 15\u20ac par personne.<\/li>\n<\/ul>\n<p>&nbsp;<\/p>\n<p>&nbsp;<\/p>\n<p><em>Herboristerie familiale<\/em><\/p>\n<p>Nos vaches p\u00e2turent sur des prairies m\u00e9dicinales. Nous en gardons une partie que nous s\u00e9chons naturellement \u00e0 la ferme afin de proposer des plantes utilis\u00e9es en cosm\u00e9tique naturelle.<\/p>\n<p>&nbsp;<\/p>","protected":false},"author":592,"featured_media":14590,"comment_status":"open","ping_status":"closed","template":"","meta":[],"listing_category":[166],"event_category":[],"service_category":[],"rental_category":[],"classifieds_category":[],"listing_feature":[],"region":[128],"_links":{"self":[{"href":"https:\/\/www.grintoura.fr\/en\/wp-json\/wp\/v2\/listing\/14608"}],"collection":[{"href":"https:\/\/www.grintoura.fr\/en\/wp-json\/wp\/v2\/listing"}],"about":[{"href":"https:\/\/www.grintoura.fr\/en\/wp-json\/wp\/v2\/types\/listing"}],"author":[{"embeddable":true,"href":"https:\/\/www.grintoura.fr\/en\/wp-json\/wp\/v2\/users\/592"}],"replies":[{"embeddable":true,"href":"https:\/\/www.grintoura.fr\/en\/wp-json\/wp\/v2\/comments?post=14608"}],"wp:featuredmedia":[{"embeddable":true,"href":"https:\/\/www.grintoura.fr\/en\/wp-json\/wp\/v2\/media\/14590"}],"wp:attachment":[{"href":"https:\/\/www.grintoura.fr\/en\/wp-json\/wp\/v2\/media?parent=14608"}],"wp:term":[{"taxonomy":"listing_category","embeddable":true,"href":"https:\/\/www.grintoura.fr\/en\/wp-json\/wp\/v2\/listing_category?post=14608"},{"taxonomy":"event_category","embeddable":true,"href":"https:\/\/www.grintoura.fr\/en\/wp-json\/wp\/v2\/event_category?post=14608"},{"taxonomy":"service_category","embeddable":true,"href":"https:\/\/www.grintoura.fr\/en\/wp-json\/wp\/v2\/service_category?post=14608"},{"taxonomy":"rental_category","embeddable":true,"href":"https:\/\/www.grintoura.fr\/en\/wp-json\/wp\/v2\/rental_category?post=14608"},{"taxonomy":"classifieds_category","embeddable":true,"href":"https:\/\/www.grintoura.fr\/en\/wp-json\/wp\/v2\/classifieds_category?post=14608"},{"taxonomy":"listing_feature","embeddable":true,"href":"https:\/\/www.grintoura.fr\/en\/wp-json\/wp\/v2\/listing_feature?post=14608"},{"taxonomy":"region","embeddable":true,"href":"https:\/\/www.grintoura.fr\/en\/wp-json\/wp\/v2\/region?post=14608"}],"curies":[{"name":"wp","href":"https:\/\/api.w.org\/{rel}","templated":true}]}}