	
	
	
	
{"id":14277,"date":"2025-02-03T11:52:07","date_gmt":"2025-02-03T10:52:07","guid":{"rendered":"https:\/\/www.grintoura.fr\/?post_type=listing&#038;p=14277"},"modified":"2025-02-03T11:52:07","modified_gmt":"2025-02-03T10:52:07","slug":"reserve-biologique-dirigee-du-champ-du-feu","status":"publish","type":"listing","link":"https:\/\/www.grintoura.fr\/en\/hebergement\/grand-est\/sports-nature-decouverte-du-pays\/reserve-biologique-dirigee-du-champ-du-feu\/","title":{"rendered":"R\u00e9serve biologique dirig\u00e9e du Champ du Feu"},"content":{"rendered":"<p><strong>Histoire<\/strong><br \/>\nAu sein de la couverture foresti\u00e8re des Hautes Vosges du nord, le site du Champ du Feu constitue depuis plusieurs si\u00e8cles une enclave de milieux ouverts d\u00e9volus \u00e0 l&rsquo;activit\u00e9 pastorale, tandis que la tourbi\u00e8re a \u00e9t\u00e9 exploit\u00e9e pour des fonderies puis pour des usages domestiques jusqu&rsquo;au d\u00e9but du XXe si\u00e8cle.<\/p>\n<p>D\u00e8s la fin du XVIIIe si\u00e8cle, le Champ du Feu a attir\u00e9 l&rsquo;attention des naturalistes. D\u00e8s la fin du XIXe, il est devenu un haut-lieu de l&rsquo;activit\u00e9 touristique estivale et hivernale dans le Bas-Rhin. La RBD a \u00e9t\u00e9 cr\u00e9\u00e9e en 1984 pour prot\u00e9ger ce site exceptionnel au sein de la for\u00eat domaniale.<\/p>\n<p><strong>G\u00e9ologie &#8211; P\u00e9dologie<\/strong><br \/>\nLa RBD du Champ du Feu, tout comme l\u2019ensemble du massif forestier, repose sur des terrains volcaniques ou granitiques. Les sols sont pauvres et acides, avec la particularit\u00e9 d&rsquo;une accumulation de tourbe dans la zone engorg\u00e9e en permanence.<\/p>\n<p><strong>Milieux naturels<\/strong><br \/>\nSitu\u00e9e \u00e0 l\u2019\u00e9tage montagnard sup\u00e9rieur, la r\u00e9serve du Champ du Feu b\u00e9n\u00e9ficie de temp\u00e9ratures fra\u00eeches et de pr\u00e9cipitations abondantes r\u00e9parties tout au long de l\u2019ann\u00e9e. Ce contexte climatique est d\u00e9terminant en particulier pour les habitats de tourbi\u00e8res.<\/p>\n<p>La r\u00e9serve comprend un complexe tourbeux compos\u00e9 d\u2019une tourbi\u00e8re bomb\u00e9e ombrotrophe (CB\u00a0: 51.1 &#8211; N2000\u00a0: 7110), dont la surface, d\u00e9connect\u00e9e de la nappe d&rsquo;eau sous-jacente, tire son alimentation hydrique des seules eaux de pluie. Cette tourbi\u00e8re haute est compl\u00e9t\u00e9e par des bas-marais (54.1) o\u00f9 l&rsquo;accumulation de tourbe est bien moindre, et par des tremblants (54.5 &#8211; 7140).<\/p>\n<p>La zone tourbeuse est entour\u00e9e de landes montagnardes (31.21 &#8211; 4030), plus ou moins domin\u00e9es par la Myrtille et la Callune, et \u00e0 la pelouse \u00e0 Nard raide (36.31 &#8211; 6230) sur les secteurs faisant l\u2019objet d\u2019un entretien par p\u00e2turage. Ce complexe de landes et de pelouses &#8211; ou \u00ab\u00a0chaumes\u00a0\u00bb &#8211; associ\u00e9 \u00e0 une activit\u00e9 pastorale multis\u00e9culaire, est typique de l&rsquo;\u00e9tage montagnard du massif vosgien. Il repr\u00e9sente d&rsquo;ailleurs plus de 80% de la surface de la RBD.<\/p>\n<p><strong>Flore<\/strong><br \/>\nC&rsquo;est la tourbi\u00e8re, en bon \u00e9tat de conservation, qui h\u00e9berge la flore la plus remarquable de la r\u00e9serve, avec pas moins de quatre esp\u00e8ces prot\u00e9g\u00e9es au niveau national : l&rsquo;Androm\u00e8de, la La\u00eeche des tourbi\u00e8res, le Rossolis \u00e0 feuilles rondes et le Rossolis interm\u00e9diaire.<\/p>\n<p>Six autres esp\u00e8ces sont prot\u00e9g\u00e9es au niveau r\u00e9gional\u00a0: la Calamagrostide blanch\u00e2tre, la La\u00eeche \u00e0 fruit barbu, la La\u00eeche \u00e0 tige arrondie, l&rsquo;Orchis de Traunsteiner, la Linaigrette engain\u00e9e et le Petit scorson\u00e8re.<\/p>\n<p><strong>Faune<\/strong><br \/>\nLe Pipit farlouse est une des esp\u00e8ces d&rsquo;oiseaux nicheuses dominante sur le site, en compagnie notamment de l\u2019Accenteur mouchet, du Pipit des arbres, de l\u2019Alouette des champs, mais aussi de la Pie gri\u00e8che \u00e9corcheur, du Merle \u00e0 plastron ou encore du Bec-crois\u00e9 des sapins. Pr\u00e8s de la moiti\u00e9 des esp\u00e8ces nicheuses recens\u00e9es nichent au sol, le p\u00e2turage tardif de la zone contribuant au maintien de ces esp\u00e8ces.<\/p>\n<p>Parmi les insectes, 160 esp\u00e8ces de col\u00e9opt\u00e8res ont \u00e9t\u00e9 inventori\u00e9es. Mais c\u2019est une esp\u00e8ce de l\u00e9pidopt\u00e8re qui est la plus remarquable : le Nacr\u00e9 de la Canneberge, papillon prot\u00e9g\u00e9 inf\u00e9od\u00e9 aux tourbi\u00e8res acides, seuls milieux o\u00f9 la chenille peut trouver sa plante nourrici\u00e8re, la Canneberge.<\/p>\n<p>Le L\u00e9zard vivipare, typique des hauts marais tourbeux, est bien pr\u00e9sent. Il est accompagn\u00e9 du Triton alpestre et du Triton commun. Ces 3 esp\u00e8ces sont prot\u00e9g\u00e9es.<\/p>\n<p><strong>Gestion<\/strong><br \/>\nSitu\u00e9 \u00e0 moins d&rsquo;une heure de route de Strasbourg, le Champ du Feu est le site touristique naturel le plus fr\u00e9quent\u00e9 du Bas-Rhin. La forte fr\u00e9quentation a demand\u00e9 des am\u00e9nagements pour pr\u00e9server les milieux naturels et leurs esp\u00e8ces patrimoniales. L\u2019information \u00e9tant le premier rempart contre les d\u00e9gradations, des panneaux ont \u00e9t\u00e9 implant\u00e9s sur le p\u00e9rim\u00e8tre de la r\u00e9serve, pour expliquer les motifs de son existence et de sa la r\u00e9glementation.<\/p>\n<p>L\u2019action de l\u2019homme est n\u00e9anmoins indispensable pour maintenir la chaume et son paysage ouvert, patrimoine naturel remarquable mais aussi point fort de l\u2019attrait touristique au sein d&rsquo;un massif dens\u00e9ment bois\u00e9.<\/p>\n<p>Un des premiers objectifs de gestion de la r\u00e9serve a \u00e9t\u00e9 la restauration de la lande, qui a consist\u00e9 en une coupe d\u2019\u00e9pic\u00e9as. Les bois ont \u00e9t\u00e9 enlev\u00e9s en utilisant le cheval ou des engins sp\u00e9ciaux pour ne pas endommager les sols. Ensuite, pour l&rsquo;entretien du milieu, on a recours \u00e0 un p\u00e2turage extensif comparable \u00e0 ce qui \u00e9tait traditionnellement pratiqu\u00e9. Cette pression pastorale mod\u00e9r\u00e9e permet de freiner le r\u00e9-embroussaillement tout en \u00e9vitant les effets n\u00e9fastes d\u2019un p\u00e2turage trop intensif, qui ferait \u00e9voluer la lande-pelouse vers un milieu \u00e0 flore banalis\u00e9e.<\/p>","protected":false},"author":559,"featured_media":14272,"comment_status":"open","ping_status":"closed","template":"","meta":[],"listing_category":[164],"event_category":[],"service_category":[],"rental_category":[],"classifieds_category":[],"listing_feature":[],"region":[65],"_links":{"self":[{"href":"https:\/\/www.grintoura.fr\/en\/wp-json\/wp\/v2\/listing\/14277"}],"collection":[{"href":"https:\/\/www.grintoura.fr\/en\/wp-json\/wp\/v2\/listing"}],"about":[{"href":"https:\/\/www.grintoura.fr\/en\/wp-json\/wp\/v2\/types\/listing"}],"author":[{"embeddable":true,"href":"https:\/\/www.grintoura.fr\/en\/wp-json\/wp\/v2\/users\/559"}],"replies":[{"embeddable":true,"href":"https:\/\/www.grintoura.fr\/en\/wp-json\/wp\/v2\/comments?post=14277"}],"wp:featuredmedia":[{"embeddable":true,"href":"https:\/\/www.grintoura.fr\/en\/wp-json\/wp\/v2\/media\/14272"}],"wp:attachment":[{"href":"https:\/\/www.grintoura.fr\/en\/wp-json\/wp\/v2\/media?parent=14277"}],"wp:term":[{"taxonomy":"listing_category","embeddable":true,"href":"https:\/\/www.grintoura.fr\/en\/wp-json\/wp\/v2\/listing_category?post=14277"},{"taxonomy":"event_category","embeddable":true,"href":"https:\/\/www.grintoura.fr\/en\/wp-json\/wp\/v2\/event_category?post=14277"},{"taxonomy":"service_category","embeddable":true,"href":"https:\/\/www.grintoura.fr\/en\/wp-json\/wp\/v2\/service_category?post=14277"},{"taxonomy":"rental_category","embeddable":true,"href":"https:\/\/www.grintoura.fr\/en\/wp-json\/wp\/v2\/rental_category?post=14277"},{"taxonomy":"classifieds_category","embeddable":true,"href":"https:\/\/www.grintoura.fr\/en\/wp-json\/wp\/v2\/classifieds_category?post=14277"},{"taxonomy":"listing_feature","embeddable":true,"href":"https:\/\/www.grintoura.fr\/en\/wp-json\/wp\/v2\/listing_feature?post=14277"},{"taxonomy":"region","embeddable":true,"href":"https:\/\/www.grintoura.fr\/en\/wp-json\/wp\/v2\/region?post=14277"}],"curies":[{"name":"wp","href":"https:\/\/api.w.org\/{rel}","templated":true}]}}