	
	
	
	
{"id":14270,"date":"2025-02-03T11:23:35","date_gmt":"2025-02-03T10:23:35","guid":{"rendered":"https:\/\/www.grintoura.fr\/?post_type=listing&#038;p=14270"},"modified":"2025-02-03T11:23:35","modified_gmt":"2025-02-03T10:23:35","slug":"salagon-musee-et-jardins","status":"publish","type":"listing","link":"https:\/\/www.grintoura.fr\/en\/hebergement\/provence-alpes-cote-dazur\/sports-nature-decouverte-du-pays\/salagon-musee-et-jardins\/","title":{"rendered":"Salagon, Mus\u00e9e et Jardins"},"content":{"rendered":"<p><strong>Les vies de Salagon<\/strong><br \/>\nAu fil de 2000 ans d\u2019histoire, le site de Salagon a connu toutes sortes d\u2019usages : habitat n\u00e9olithique, ferme gauloise, villa gallo-romaine, basilique fun\u00e9raire dans l\u2019Antiquit\u00e9 tardive, prieur\u00e9 b\u00e9n\u00e9dictin, r\u00e9sidence de campagne, puis une ferme \u00e0 nouveau, jouxtant l\u2019\u00e9glise rendue au culte et class\u00e9e Monument historique en 1922\u2026<\/p>\n<p>Apr\u00e8s la Seconde Guerre mondiale, pendant laquelle l\u2019arm\u00e9e italienne r\u00e9quisitionna l\u2019\u00e9glise pour en faire une \u00e9curie, il fallait \u00eatre visionnaire pour imaginer qu\u2019un mus\u00e9e pouvait na\u00eetre ici, trente ans plus tard\u2026<\/p>\n<p><strong>Pierre Martel, p\u00e8re fondateur<\/strong><br \/>\nEn 1953, l\u2019abb\u00e9 Pierre Martel, cur\u00e9 de Mane, fonde\u00a0l\u2019association Alpes de Lumi\u00e8re. Objectif : l&rsquo;\u00e9tude, la sauvegarde et la mise en valeur du patrimoine b\u00e2ti, naturel et culturel de la haute Provence, incluant les savoir-faire locaux, architecturaux, domestiques ou environnementaux. \u00c0 cette \u00e9poque, le monde paysan est peu consid\u00e9r\u00e9.<\/p>\n<p>Les campagnes se vident, en haute Provence comme ailleurs. Pour conserver, valoriser et transmettre aux nouvelles g\u00e9n\u00e9rations une culture rurale qui dispara\u00eet, Alpes de Lumi\u00e8re r\u00e9unit t\u00e9moignages, archives, photos, objets\u2026 Un fonds \u00e0 l\u2019origine des collections du mus\u00e9e.<\/p>\n<p><strong>Naissance d\u2019un mus\u00e9e<\/strong><br \/>\nSous l\u2019impulsion de Pierre Martel et de l\u2019association, un projet culturel se dessine pour l\u2019avenir de Salagon. En 1981, la commune de Mane engage sa concr\u00e9tisation en rachetant le site au dernier propri\u00e9taire. Alpes de Lumi\u00e8re ouvre au public un Conservatoire ethnologique de la haute Provence, qui pr\u00e9figure le mus\u00e9e d\u2019aujourd\u2019hui.<\/p>\n<p>Cette m\u00eame ann\u00e9e 1981, le site de Salagon est enti\u00e8rement class\u00e9 Monument historique. Un nouveau chapitre de r\u00e9habilitation commence, il s\u2019\u00e9tendra sur une quinzaine d\u2019ann\u00e9es avec le concours de la commune, du D\u00e9partement (qui deviendra propri\u00e9taire des lieux en 1984), du Conseil r\u00e9gional Provence-Alpes-C\u00f4te d&rsquo;Azur, du Minist\u00e8re de la Culture. L&rsquo;arch\u00e9ologue Guy Barruol, pr\u00e9sident de l&rsquo;association Alpes du Lumi\u00e8re, porte le projet de restauration des b\u00e2timents.<\/p>\n<p>Entre temps, le mus\u00e9e de Salagon est officiellement cr\u00e9\u00e9, les jardins ethnobotaniques voient le jour. Quelques ann\u00e9es avant leur cr\u00e9ation, Pierre Lieutaghi avait fait un inventaire des plantes de la pharmacop\u00e9e populaire en haute Provence (dans le cadre d&rsquo;un appel d&rsquo;offre du Minist\u00e8re de la Culture sur les savoirs naturalistes populaires.<\/p>\n<p>En janvier 2000, le site dans son int\u00e9gralit\u00e9 est repris par le D\u00e9partement des Alpes de Haute-Provence. Cela permet la professionnalisation progressive du mus\u00e9e, qui obtient en 2002 le label \u00ab Mus\u00e9e de France \u00bb.<br \/>\nIl fallait \u00eatre visionnaire pour imaginer qu\u2019un mus\u00e9e pouvait na\u00eetre ici, trente ans plus tard\u2026<br \/>\n<strong>Le jardin des simples et des plantes villageoises<\/strong><br \/>\nCe petit jardin rassemble la flore utile de base de la soci\u00e9t\u00e9 traditionnelle en haute Provence, celle des lieux habit\u00e9s, des jardins domestiques, du bord des chemins, des champs cultiv\u00e9s et des friches p\u00e2tur\u00e9es. Il s\u2019agit ici des plantes communes que l\u2019on rencontre lors des p\u00e9riples quotidiens, de la bergerie aux p\u00e2tures, de la maison \u00e0 l\u2019\u00e9cole ou au bois.<\/p>\n<p>C\u2019est l\u00e0 que l\u2019on cueillait les rem\u00e8des de premier secours mais aussi les salades des champs et autres l\u00e9gumes de ramassage. C\u2019est l\u00e0 que les enfants fabriquaient leurs jeux \u00e9ph\u00e9m\u00e8res. C\u2019est l\u00e0 que les anciens transmettaient leurs connaissances, par le geste et le r\u00e9cit.<\/p>","protected":false},"author":558,"featured_media":14264,"comment_status":"open","ping_status":"closed","template":"","meta":[],"listing_category":[164],"event_category":[],"service_category":[],"rental_category":[],"classifieds_category":[],"listing_feature":[],"region":[244],"_links":{"self":[{"href":"https:\/\/www.grintoura.fr\/en\/wp-json\/wp\/v2\/listing\/14270"}],"collection":[{"href":"https:\/\/www.grintoura.fr\/en\/wp-json\/wp\/v2\/listing"}],"about":[{"href":"https:\/\/www.grintoura.fr\/en\/wp-json\/wp\/v2\/types\/listing"}],"author":[{"embeddable":true,"href":"https:\/\/www.grintoura.fr\/en\/wp-json\/wp\/v2\/users\/558"}],"replies":[{"embeddable":true,"href":"https:\/\/www.grintoura.fr\/en\/wp-json\/wp\/v2\/comments?post=14270"}],"wp:featuredmedia":[{"embeddable":true,"href":"https:\/\/www.grintoura.fr\/en\/wp-json\/wp\/v2\/media\/14264"}],"wp:attachment":[{"href":"https:\/\/www.grintoura.fr\/en\/wp-json\/wp\/v2\/media?parent=14270"}],"wp:term":[{"taxonomy":"listing_category","embeddable":true,"href":"https:\/\/www.grintoura.fr\/en\/wp-json\/wp\/v2\/listing_category?post=14270"},{"taxonomy":"event_category","embeddable":true,"href":"https:\/\/www.grintoura.fr\/en\/wp-json\/wp\/v2\/event_category?post=14270"},{"taxonomy":"service_category","embeddable":true,"href":"https:\/\/www.grintoura.fr\/en\/wp-json\/wp\/v2\/service_category?post=14270"},{"taxonomy":"rental_category","embeddable":true,"href":"https:\/\/www.grintoura.fr\/en\/wp-json\/wp\/v2\/rental_category?post=14270"},{"taxonomy":"classifieds_category","embeddable":true,"href":"https:\/\/www.grintoura.fr\/en\/wp-json\/wp\/v2\/classifieds_category?post=14270"},{"taxonomy":"listing_feature","embeddable":true,"href":"https:\/\/www.grintoura.fr\/en\/wp-json\/wp\/v2\/listing_feature?post=14270"},{"taxonomy":"region","embeddable":true,"href":"https:\/\/www.grintoura.fr\/en\/wp-json\/wp\/v2\/region?post=14270"}],"curies":[{"name":"wp","href":"https:\/\/api.w.org\/{rel}","templated":true}]}}