	
	
	
	
{"id":13933,"date":"2025-01-27T11:31:16","date_gmt":"2025-01-27T10:31:16","guid":{"rendered":"https:\/\/www.grintoura.fr\/?post_type=listing&#038;p=13933"},"modified":"2025-01-27T11:31:16","modified_gmt":"2025-01-27T10:31:16","slug":"parc-de-wesserling","status":"publish","type":"listing","link":"https:\/\/www.grintoura.fr\/en\/hebergement\/grand-est\/artisans-art-culture\/parc-de-wesserling\/","title":{"rendered":"Parc de Wesserling"},"content":{"rendered":"<p><em><strong>Un site textile incontournable en Alsace<\/strong><\/em><\/p>\n<p>Exceptionnellement pr\u00e9serv\u00e9, le Parc de Wesserling \u2013 Ecomus\u00e9e Textile est l\u2019un des rares sites industriels europ\u00e9ens \u00e0 \u00eatre en mesure de faire d\u00e9couvrir \u00e0 son public les diff\u00e9rentes strates historiques, sociales et techniques de l\u2019industrie textile, du XVIIIe au XXIe si\u00e8cle. Et ce, sur pr\u00e8s de\u00a042 hectares\u00a0de terrain et\u00a0100 000 m\u00b2 de b\u00e2timents.<\/p>\n<p><strong>Pendant 250 ans,<\/strong> Wesserling fut une Cit\u00e9-Usine d\u2019une ampleur consid\u00e9rable occupant pr\u00e8s de 70 hectares de terrain, dont 17 hectares de parc et jardins, 24 hectares de zone industrielle productive et une trentaine d\u2019hectares de zones naturelles. Le site eu une notori\u00e9t\u00e9 mondiale avec 5 000 employ\u00e9s vers 1900 et de tr\u00e8s beaux produits d\u2019impression textile.<br \/>\nDe renomm\u00e9e internationale, la\u00a0Manufacture d\u2019Impression Textile de Wesserling\u00a0est fond\u00e9e en 1762 dans un pavillon de chasse. Entour\u00e9e de beaux jardins, elle appartenait aux princes abb\u00e9s de Murbach, avant de devenir Manufacture Royale en 1786. \u00c0 l\u2019\u00e9poque, Wesserling est la manufacture d\u2019indiennes (toile de coton imprim\u00e9e) la plus importante en France.<\/p>\n<p><em><strong>L\u2019Histoire de Wesserling<\/strong><\/em><\/p>\n<p>Progressivement, le\u00a0site industriel de Wesserling s\u2019\u00e9toffe\u00a0avec la construction d\u2019une trentaine de nouveaux b\u00e2timents imposants et l\u2019am\u00e9nagement de nombreuses zones compl\u00e9mentaires apr\u00e8s le rachat en 1802 par la Soci\u00e9t\u00e9 Gros, Davilliers, Roman et Cie \u00e0 Paris. D\u00e8s lors, la premi\u00e8re filature m\u00e9canique de coton d\u2019Alsace y est install\u00e9e et l\u2019impression au rouleau, qui se substituera plus tard \u00e0 l\u2019impression \u00e0 la planche, commence progressivement \u00e0 se d\u00e9velopper. En 1860, ce ne sont pas moins de 5479 salari\u00e9s qui sont employ\u00e9s par la Manufacture sur les diff\u00e9rents sites de production et pour le travail \u00e0 domicile dans les villages voisins.<\/p>\n<p><strong>De 1933 au milieu des ann\u00e9es 1970,\u00a0<\/strong>le groupe Boussac vient marquer de son empreinte\u00a0la Manufacture d\u2019Impression de Wesserling. \u00c0 son apog\u00e9e, dans les ann\u00e9es 1960, plus de 1200 salari\u00e9s sont employ\u00e9s \u00e0 la Manufacture et\u00a024 000 000 m\u00e8tres de tissus imprim\u00e9s sont produits par an\u00a0du fait d\u2019une modernisation accrue de l\u2019outil de production.<\/p>\n<p><strong>Les ann\u00e9es 1980<\/strong> sonnent le glas de l\u2019industrie textile en France\u00a0o\u00f9 les manufactures ne parviennent plus \u00e0 faire face \u00e0 la concurrence et aux besoins de transitions industrielles toujours plus co\u00fbteux.<\/p>\n<p><strong>En 1986,<\/strong> suite \u00e0 un resserrement de l\u2019activit\u00e9 sur le site,\u00a0le Conseil G\u00e9n\u00e9ral\u00a0du Haut-Rhin\u00a0ach\u00e8te 52 hectares de terrains\u00a0:\u00a017 hectares de jardins\u00a0et de\u00a0b\u00e2timents\u00a0entourant le\u00a0ch\u00e2teau\u00a0\u2013 dont un\u00a0b\u00e2timent d\u2019impression \u00e0 la planche datant\u00a0de 1819 transform\u00e9 depuis en mus\u00e9e \u2013\u00a05 hectares de parc rural\u00a0autour de la ferme et\u00a030 hectares d\u2019espaces naturels\u00a0\u00e0 dessein d\u2019\u0153uvrer \u00e0 leur conservation et \u00e0 leur mise en valeur.<\/p>\n<p><strong>Au d\u00e9but des ann\u00e9es 2000,<\/strong> la Manufacture d\u2019Impression Textile de Wesserling, comme tant d\u2019autres sites de production en France et en Europe,\u00a0d\u00e9cline progressivement pour fermer ses portes en 2003.\u00a0Gr\u00e2ce \u00e0 une mobilisation citoyenne (structur\u00e9e en une dizaine d\u2019associations) et aux collectivit\u00e9s locales, un projet ambitieux de\u00a0sauvegarde du patrimoine\u00a0industriel textile\u00a0y est construit depuis 20 ans. La communaut\u00e9 de communes restaure les usines en les transformant en locaux locatifs \u00e9conomiques (une centaine de PME y sont install\u00e9es \u00e0 pr\u00e9sent). L\u2019Association de Gestion et d\u2019Animation du Parc de Wesserling (AGAPTW) prend en charge la propri\u00e9t\u00e9 d\u00e9partementale et y\u00a0d\u00e9veloppe un \u00e9comus\u00e9e textile\u00a0et\u00a0des beaux jardins remarquables, qui accueillent<br \/>\nenviron 90 000 visiteurs par an.<\/p>\n<p>Le parc accueille aussi un supermarch\u00e9, une m\u00e9diath\u00e8que, une \u00e9cole de musique, un th\u00e9\u00e2tre et des ateliers d\u2019artistes. La mixit\u00e9 des fonctions : industrielles, tertiaires, commerciales, artisanales, artistiques et culturelles rend l\u2019ensemble original.<\/p>","protected":false},"author":538,"featured_media":13927,"comment_status":"open","ping_status":"closed","template":"","meta":[],"listing_category":[165],"event_category":[],"service_category":[],"rental_category":[],"classifieds_category":[],"listing_feature":[],"region":[65],"_links":{"self":[{"href":"https:\/\/www.grintoura.fr\/en\/wp-json\/wp\/v2\/listing\/13933"}],"collection":[{"href":"https:\/\/www.grintoura.fr\/en\/wp-json\/wp\/v2\/listing"}],"about":[{"href":"https:\/\/www.grintoura.fr\/en\/wp-json\/wp\/v2\/types\/listing"}],"author":[{"embeddable":true,"href":"https:\/\/www.grintoura.fr\/en\/wp-json\/wp\/v2\/users\/538"}],"replies":[{"embeddable":true,"href":"https:\/\/www.grintoura.fr\/en\/wp-json\/wp\/v2\/comments?post=13933"}],"wp:featuredmedia":[{"embeddable":true,"href":"https:\/\/www.grintoura.fr\/en\/wp-json\/wp\/v2\/media\/13927"}],"wp:attachment":[{"href":"https:\/\/www.grintoura.fr\/en\/wp-json\/wp\/v2\/media?parent=13933"}],"wp:term":[{"taxonomy":"listing_category","embeddable":true,"href":"https:\/\/www.grintoura.fr\/en\/wp-json\/wp\/v2\/listing_category?post=13933"},{"taxonomy":"event_category","embeddable":true,"href":"https:\/\/www.grintoura.fr\/en\/wp-json\/wp\/v2\/event_category?post=13933"},{"taxonomy":"service_category","embeddable":true,"href":"https:\/\/www.grintoura.fr\/en\/wp-json\/wp\/v2\/service_category?post=13933"},{"taxonomy":"rental_category","embeddable":true,"href":"https:\/\/www.grintoura.fr\/en\/wp-json\/wp\/v2\/rental_category?post=13933"},{"taxonomy":"classifieds_category","embeddable":true,"href":"https:\/\/www.grintoura.fr\/en\/wp-json\/wp\/v2\/classifieds_category?post=13933"},{"taxonomy":"listing_feature","embeddable":true,"href":"https:\/\/www.grintoura.fr\/en\/wp-json\/wp\/v2\/listing_feature?post=13933"},{"taxonomy":"region","embeddable":true,"href":"https:\/\/www.grintoura.fr\/en\/wp-json\/wp\/v2\/region?post=13933"}],"curies":[{"name":"wp","href":"https:\/\/api.w.org\/{rel}","templated":true}]}}