	
	
	
	
{"id":13911,"date":"2025-01-27T10:12:46","date_gmt":"2025-01-27T09:12:46","guid":{"rendered":"https:\/\/www.grintoura.fr\/?post_type=listing&#038;p=13911"},"modified":"2025-01-27T10:12:46","modified_gmt":"2025-01-27T09:12:46","slug":"la-reserve-naturelle-du-massif-forestier-de-strasbourg-neuhof-illkirch-graffenstaden","status":"publish","type":"listing","link":"https:\/\/www.grintoura.fr\/en\/hebergement\/grand-est\/sports-nature-decouverte-du-pays\/la-reserve-naturelle-du-massif-forestier-de-strasbourg-neuhof-illkirch-graffenstaden\/","title":{"rendered":"La r\u00e9serve naturelle du massif forestier de Strasbourg-Neuhof Illkirch-Graffenstaden"},"content":{"rendered":"<p><em><strong>Une r\u00e9serve fa\u00e7onn\u00e9e par l&rsquo;histoire du Rhin et l&rsquo;\u00e9volution de la ville<\/strong><\/em><\/p>\n<p>A l\u2019origine, les for\u00eats de Neuhof Illkirch et du Rohrschollen constituaient une seule et m\u00eame entit\u00e9 foresti\u00e8re soumise aux crues d\u00e9vastatrices du Rhin. La for\u00eat alluviale rh\u00e9nane, constitu\u00e9e de paysages vari\u00e9s en perp\u00e9tuelle \u00e9volution abritait une v\u00e9g\u00e9tation riche et foisonnante. Cette remarquable diversit\u00e9 v\u00e9g\u00e9tale s\u2019accompagnait d\u2019une riche vari\u00e9t\u00e9 animale.<\/p>\n<p>Mais le Rhin \u00e9tait un fleuve capricieux et difficilement navigable. D\u00e8s le XIXe si\u00e8cle, des travaux sont entrepris sous l\u2019impulsion de l\u2019ing\u00e9nieur badois Tulla pour y am\u00e9liorer les conditions de navigation. Le cours du Rhin se trouve cantonn\u00e9 entre deux digues de hautes eaux.<\/p>\n<p>Au fur et \u00e0 mesure des am\u00e9nagements et de la canalisation du Rhin, de la cr\u00e9ation du port et de sa zone industrielle, la for\u00eat se trouve divis\u00e9e en deux entit\u00e9s. La partie Ouest de cette for\u00eat qui constitue maintenant la r\u00e9serve s\u2019est trouv\u00e9 totalement d\u00e9connect\u00e9e du Rhin et a ainsi perdu le caract\u00e8re inondable, source de toute sa richesse biologique.<\/p>\n<p><strong>Dans les ann\u00e9es 1970-1980,<\/strong> les for\u00eats strasbourgeoises deviennent des lieux de d\u00e9tente et de loisirs pour les citadins. Des nombreux am\u00e9nagements y sont r\u00e9alis\u00e9s comme la plantation d\u2019alignements d\u2019arbres ornementaux, l\u2019installation de nombreux bancs, gloriettes et poubelles. Parall\u00e8lement \u00e0 cela, la gestion sylvicole du massif se modifie \u00e9galement pour ouvrir le sous-bois, le rendre plus \u00ab propre \u00bb et plus accessible aux promeneurs. A cette fin, le h\u00eatre et l\u2019\u00e9rable vont \u00eatre largement utilis\u00e9s. Tous ces am\u00e9nagements vont entra\u00eener une profonde modification de la composition v\u00e9g\u00e9tale et de l\u2019aspect de la for\u00eat.<\/p>\n<p><strong>Toutefois, d\u00e8s 1965,<\/strong> les scientifiques, les associations et les habitants s\u2019inqui\u00e8tent du devenir de la for\u00eat. Les nombreux d\u00e9boisements li\u00e9s aux diff\u00e9rents travaux ont marqu\u00e9 les esprits. L\u2019objectif de sauvegarde et de restauration du patrimoine \u00e9cologique remarquable des for\u00eats strasbourgeoises prend de l\u2019ampleur en 1980.<\/p>\n<p><strong>En 1988,<\/strong> la ville de Strasbourg demande le classement de ses for\u00eats rh\u00e9nanes en espaces prot\u00e9g\u00e9s.<\/p>\n<p>Le processus de classement en r\u00e9serve naturelle nationale, impliquant de nombreux acteurs institutionnels, peut s\u2019av\u00e9rer long. C\u2019est finalement le 10 septembre 2012 que la r\u00e9serve naturelle nationale du massif forestier de Strasbourg-Neuhof\/Illkirch-Graffenstaden a \u00e9t\u00e9 cr\u00e9\u00e9e par d\u00e9cret minist\u00e9riel.<\/p>","protected":false},"author":536,"featured_media":13905,"comment_status":"open","ping_status":"closed","template":"","meta":[],"listing_category":[164],"event_category":[],"service_category":[],"rental_category":[],"classifieds_category":[],"listing_feature":[],"region":[65],"_links":{"self":[{"href":"https:\/\/www.grintoura.fr\/en\/wp-json\/wp\/v2\/listing\/13911"}],"collection":[{"href":"https:\/\/www.grintoura.fr\/en\/wp-json\/wp\/v2\/listing"}],"about":[{"href":"https:\/\/www.grintoura.fr\/en\/wp-json\/wp\/v2\/types\/listing"}],"author":[{"embeddable":true,"href":"https:\/\/www.grintoura.fr\/en\/wp-json\/wp\/v2\/users\/536"}],"replies":[{"embeddable":true,"href":"https:\/\/www.grintoura.fr\/en\/wp-json\/wp\/v2\/comments?post=13911"}],"wp:featuredmedia":[{"embeddable":true,"href":"https:\/\/www.grintoura.fr\/en\/wp-json\/wp\/v2\/media\/13905"}],"wp:attachment":[{"href":"https:\/\/www.grintoura.fr\/en\/wp-json\/wp\/v2\/media?parent=13911"}],"wp:term":[{"taxonomy":"listing_category","embeddable":true,"href":"https:\/\/www.grintoura.fr\/en\/wp-json\/wp\/v2\/listing_category?post=13911"},{"taxonomy":"event_category","embeddable":true,"href":"https:\/\/www.grintoura.fr\/en\/wp-json\/wp\/v2\/event_category?post=13911"},{"taxonomy":"service_category","embeddable":true,"href":"https:\/\/www.grintoura.fr\/en\/wp-json\/wp\/v2\/service_category?post=13911"},{"taxonomy":"rental_category","embeddable":true,"href":"https:\/\/www.grintoura.fr\/en\/wp-json\/wp\/v2\/rental_category?post=13911"},{"taxonomy":"classifieds_category","embeddable":true,"href":"https:\/\/www.grintoura.fr\/en\/wp-json\/wp\/v2\/classifieds_category?post=13911"},{"taxonomy":"listing_feature","embeddable":true,"href":"https:\/\/www.grintoura.fr\/en\/wp-json\/wp\/v2\/listing_feature?post=13911"},{"taxonomy":"region","embeddable":true,"href":"https:\/\/www.grintoura.fr\/en\/wp-json\/wp\/v2\/region?post=13911"}],"curies":[{"name":"wp","href":"https:\/\/api.w.org\/{rel}","templated":true}]}}