	
	
	
	
{"id":13830,"date":"2025-01-23T16:37:14","date_gmt":"2025-01-23T15:37:14","guid":{"rendered":"https:\/\/www.grintoura.fr\/?post_type=listing&#038;p=13830"},"modified":"2025-01-23T16:37:14","modified_gmt":"2025-01-23T15:37:14","slug":"parc-naturel-regional-du-vexin-francais","status":"publish","type":"listing","link":"https:\/\/www.grintoura.fr\/en\/hebergement\/ile-de-france\/sports-nature-decouverte-du-pays\/parc-naturel-regional-du-vexin-francais\/","title":{"rendered":"Parc naturel r\u00e9gional du Vexin fran\u00e7ais"},"content":{"rendered":"<p>Situ\u00e9 au nord-ouest de l&rsquo;\u00cele-de-France, le Vexin fran\u00e7ais est un vaste plateau calcaire ceintur\u00e9 de rivi\u00e8res : la Seine au sud, l&rsquo;Oise \u00e0 l&rsquo;est, l&rsquo;Epte \u00e0 l&rsquo;ouest. Loin d&rsquo;\u00eatre monotone, ce plateau est parcouru d&rsquo;amples ondulations et surmont\u00e9 du double alignement des buttes bois\u00e9es de Rosne et d&rsquo;Arthies. De plus, il est entaill\u00e9 de vall\u00e9es aux profils contrast\u00e9s : Aubettes de Magny et de Meulan, Montcient, Sausseron, Viosne ont sculpt\u00e9 au gr\u00e9 de leurs humeurs les paysages du Vexin. Ces paysages, fa\u00e7onn\u00e9s par l&rsquo;homme au fil du temps, t\u00e9moignent de la vocation agricole du grenier \u00e0 bl\u00e9 de Paris.<\/p>\n<p>&nbsp;<\/p>\n<p>De la nature du terroir et de leur origine, les villages ont conserv\u00e9 cette tradition. La structure de l\u2019habitat vexinois est marqu\u00e9e par la concentration en villages agglom\u00e9r\u00e9s autour d\u2019exploitations agricoles ferm\u00e9es sur l\u2019ext\u00e9rieur. L&rsquo;unit\u00e9 de l\u2019habitat est renforc\u00e9e par l\u2019utilisation de mat\u00e9riaux de construction issus directement du terroir, tels que la pierre, l\u2019argile et le pl\u00e2tre ; les couleurs des villages s\u2019harmonisent ainsi parfaitement avec celles des paysages.<\/p>\n<p>&nbsp;<\/p>\n<p>Nature, histoire, patrimoine et culture font la forte attractivit\u00e9 de ce territoire rural, vivant et dynamique.<\/p>\n<p>&nbsp;<\/p>\n<p>Cr\u00e9\u00e9 en 1995, <a href=\"https:\/\/www.parcs-naturels-regionaux.fr\/les-parcs\/decouvrir-les-58-parcs\/parc-naturel-regional-du-vexin-francais\" target=\"_blank\" rel=\"noopener\"><strong>le Parc naturel r\u00e9gional du Vexin fran\u00e7ais<\/strong><\/a> s\u2019\u00e9tend sur 97 communes du Val d\u2019Oise et des Yvelines et 71 000 hectares. Le classement du Parc repose donc autant sur la qualit\u00e9 des paysages et des milieux naturels que sur la grande homog\u00e9n\u00e9\u00eft\u00e9 et la qualit\u00e9 architecturale des villages. Ses objectifs principaux sont de d\u00e9finir et animer un projet de territoire \u00e9quilibr\u00e9 qui s&rsquo;appuie sur la protection et la valorisation des patrimoines en s\u2019engageant, avec ses partenaires, \u00e0 pr\u00e9server les milieux naturels, r\u00e9habiliter le patrimoine b\u00e2ti et contribuer \u00e0 un d\u00e9veloppement \u00e9conomique local respectueux de l&rsquo;environnement.<\/p>\n<p>&nbsp;<\/p>\n<p>&nbsp;<\/p>\n<p>Promouvoir un principe de qualit\u00e9 dans tous les domaines (qualit\u00e9 de vie, qualit\u00e9 environnementale, qualit\u00e9 des modes de d\u00e9veloppement\u2026) a pour but de faire du Vexin fran\u00e7ais un lieu accueillant et attractif, avec des espaces de nature, de culture et de loisirs, favorisant une fr\u00e9quentation touristique du territoire mais aussi l\u2019installation de ouveaux habitants, en particulier des jeunes actifs et des familles.<\/p>\n<p><strong>Contact<\/strong><br \/>\nAccueil touristique<br \/>\n<strong>T\u00e9l.\u00a0<\/strong>01 34 48 66 00<\/p>","protected":false},"author":528,"featured_media":13828,"comment_status":"open","ping_status":"closed","template":"","meta":[],"listing_category":[164],"event_category":[],"service_category":[],"rental_category":[],"classifieds_category":[],"listing_feature":[],"region":[88],"_links":{"self":[{"href":"https:\/\/www.grintoura.fr\/en\/wp-json\/wp\/v2\/listing\/13830"}],"collection":[{"href":"https:\/\/www.grintoura.fr\/en\/wp-json\/wp\/v2\/listing"}],"about":[{"href":"https:\/\/www.grintoura.fr\/en\/wp-json\/wp\/v2\/types\/listing"}],"author":[{"embeddable":true,"href":"https:\/\/www.grintoura.fr\/en\/wp-json\/wp\/v2\/users\/528"}],"replies":[{"embeddable":true,"href":"https:\/\/www.grintoura.fr\/en\/wp-json\/wp\/v2\/comments?post=13830"}],"wp:featuredmedia":[{"embeddable":true,"href":"https:\/\/www.grintoura.fr\/en\/wp-json\/wp\/v2\/media\/13828"}],"wp:attachment":[{"href":"https:\/\/www.grintoura.fr\/en\/wp-json\/wp\/v2\/media?parent=13830"}],"wp:term":[{"taxonomy":"listing_category","embeddable":true,"href":"https:\/\/www.grintoura.fr\/en\/wp-json\/wp\/v2\/listing_category?post=13830"},{"taxonomy":"event_category","embeddable":true,"href":"https:\/\/www.grintoura.fr\/en\/wp-json\/wp\/v2\/event_category?post=13830"},{"taxonomy":"service_category","embeddable":true,"href":"https:\/\/www.grintoura.fr\/en\/wp-json\/wp\/v2\/service_category?post=13830"},{"taxonomy":"rental_category","embeddable":true,"href":"https:\/\/www.grintoura.fr\/en\/wp-json\/wp\/v2\/rental_category?post=13830"},{"taxonomy":"classifieds_category","embeddable":true,"href":"https:\/\/www.grintoura.fr\/en\/wp-json\/wp\/v2\/classifieds_category?post=13830"},{"taxonomy":"listing_feature","embeddable":true,"href":"https:\/\/www.grintoura.fr\/en\/wp-json\/wp\/v2\/listing_feature?post=13830"},{"taxonomy":"region","embeddable":true,"href":"https:\/\/www.grintoura.fr\/en\/wp-json\/wp\/v2\/region?post=13830"}],"curies":[{"name":"wp","href":"https:\/\/api.w.org\/{rel}","templated":true}]}}