	
	
	
	
{"id":13814,"date":"2025-01-23T16:29:53","date_gmt":"2025-01-23T15:29:53","guid":{"rendered":"https:\/\/www.grintoura.fr\/?post_type=listing&#038;p=13814"},"modified":"2025-01-23T23:21:09","modified_gmt":"2025-01-23T22:21:09","slug":"parc-naturel-regional-du-vercors-2","status":"publish","type":"listing","link":"https:\/\/www.grintoura.fr\/en\/hebergement\/auvergne-rhone-alpes\/sports-nature-decouverte-du-pays\/parc-naturel-regional-du-vercors-2\/","title":{"rendered":"Parc naturel r\u00e9gional du Vercors"},"content":{"rendered":"<p><strong>Une belle complicit\u00e9 de nature et de culture\u00a0<\/strong><br \/>\nDes alpages du nord aux coteaux ensoleill\u00e9s du sud, le Vercors, c\u2019est d\u2019abord toute une diversit\u00e9 de paysages o\u00f9 une faune et une flore exceptionnelles ont \u00e9lu domicile&#8230; Terre d\u2019union de l\u2019homme avec la nature, le Vercors est cette montagne \u00e9tonnante de beaut\u00e9 et d\u2019humanit\u00e9 que le Parc naturel r\u00e9gional du Vercors prot\u00e8ge et valorise.<\/p>\n<p><strong>Superbe et insolite<\/strong><br \/>\nSans cesse embelli par les effets de l\u2019eau et du vent, le massif karstique du Vercors affine ses contours au cours du temps. Imp\u00e9tueuses, les rivi\u00e8res dessinent des parcours sinueux : cirques, canyons, gorges souterraines. Plateaux ouverts, alpages, prairies, for\u00eats, les visages du Vercors se fondent et s\u2019encha\u00eenent sous les influences de trois types de climat, montagnarde, oc\u00e9anique et m\u00e9diterran\u00e9enne.<\/p>\n<p><strong>Riche de faune et de flore<\/strong><br \/>\nLe Vercors abrite une faune et une flore exceptionnelles : le massif accueille 29 esp\u00e8ces de chauves-souris (sur les 36 r\u00e9pertori\u00e9es en France), les 6 ongul\u00e9s sauvages (cerf, mouflon, chamois, sanglier, chevreuil, bouquetin) ainsi que les 4 esp\u00e8ces de vautours observables en France, dont le Gypa\u00e8te barbu, r\u00e9introduit depuis 2010. La flore est tout aussi vari\u00e9e, de l\u2019edelweiss au thym, de la lavande aux orchid\u00e9es. Le ch\u00eane pubescent domine les plaines, tandis qu\u2019\u00e0 plus haute altitude, les for\u00eats \u00e9voluent en h\u00eatraies-sapini\u00e8res et pin\u00e8des de pins \u00e0 crochets.<\/p>\n<p><a href=\"https:\/\/www.parcs-naturels-regionaux.fr\/les-parcs\/decouvrir-les-58-parcs\/parc-naturel-regional-du-vercors\" target=\"_blank\" rel=\"noopener\"><strong>Le Parc naturel r\u00e9gional du Vercors<\/strong><\/a> abrite \u00e9galement des espaces pr\u00e9serv\u00e9s notamment la R\u00e9serve naturelle nationale des Hauts-Plateaux du Vercors depuis 1985. Unique par sa taille de 17\u00a0030 hectares, elle s\u2019\u00e9tend sur 8 % du territoire et constitue la plus vaste r\u00e9serve naturelle terrestre de France m\u00e9tropolitaine.<\/p>\n<p><strong>Fier de son histoire<\/strong><br \/>\nIl y a 23 millions d&rsquo;ann\u00e9es, le Vercors \u00e9merge de l&rsquo;oc\u00e9an. D\u00e8s le Pal\u00e9olithique, des Hommes s\u2019y r\u00e9fugient dans des abris-sous-roche. Le mus\u00e9e de la Pr\u00e9histoire* conserve un atelier de taille de silex datant de 5\u00a0000 ans. \u00c0 l&rsquo;\u00e9poque romaine, agriculture et \u00e9levage fa\u00e7onnent les paysages. Au Moyen \u00c2ge, les villages perch\u00e9s se multiplient, et le Vercors devient un territoire strat\u00e9gique. C\u2019est au XIXe si\u00e8cle que des routes, dont certaines \u00e0 encorbellement, sont creus\u00e9es dans les falaises du massif pour favoriser les \u00e9changes. Pendant la Seconde Guerre mondiale, il est un haut lieu de la R\u00e9sistance, valoris\u00e9 notamment par le m\u00e9morial de la R\u00e9sistance* partie prenante du r\u00e9seau des Chemins de la Libert\u00e9. Depuis 1970, le Parc naturel r\u00e9gional le Vercors met en relief ce patrimoine exceptionnel\u00a0!<\/p>","protected":false},"author":528,"featured_media":13807,"comment_status":"open","ping_status":"closed","template":"","meta":[],"listing_category":[164],"event_category":[],"service_category":[],"rental_category":[],"classifieds_category":[],"listing_feature":[],"region":[69],"_links":{"self":[{"href":"https:\/\/www.grintoura.fr\/en\/wp-json\/wp\/v2\/listing\/13814"}],"collection":[{"href":"https:\/\/www.grintoura.fr\/en\/wp-json\/wp\/v2\/listing"}],"about":[{"href":"https:\/\/www.grintoura.fr\/en\/wp-json\/wp\/v2\/types\/listing"}],"author":[{"embeddable":true,"href":"https:\/\/www.grintoura.fr\/en\/wp-json\/wp\/v2\/users\/528"}],"replies":[{"embeddable":true,"href":"https:\/\/www.grintoura.fr\/en\/wp-json\/wp\/v2\/comments?post=13814"}],"wp:featuredmedia":[{"embeddable":true,"href":"https:\/\/www.grintoura.fr\/en\/wp-json\/wp\/v2\/media\/13807"}],"wp:attachment":[{"href":"https:\/\/www.grintoura.fr\/en\/wp-json\/wp\/v2\/media?parent=13814"}],"wp:term":[{"taxonomy":"listing_category","embeddable":true,"href":"https:\/\/www.grintoura.fr\/en\/wp-json\/wp\/v2\/listing_category?post=13814"},{"taxonomy":"event_category","embeddable":true,"href":"https:\/\/www.grintoura.fr\/en\/wp-json\/wp\/v2\/event_category?post=13814"},{"taxonomy":"service_category","embeddable":true,"href":"https:\/\/www.grintoura.fr\/en\/wp-json\/wp\/v2\/service_category?post=13814"},{"taxonomy":"rental_category","embeddable":true,"href":"https:\/\/www.grintoura.fr\/en\/wp-json\/wp\/v2\/rental_category?post=13814"},{"taxonomy":"classifieds_category","embeddable":true,"href":"https:\/\/www.grintoura.fr\/en\/wp-json\/wp\/v2\/classifieds_category?post=13814"},{"taxonomy":"listing_feature","embeddable":true,"href":"https:\/\/www.grintoura.fr\/en\/wp-json\/wp\/v2\/listing_feature?post=13814"},{"taxonomy":"region","embeddable":true,"href":"https:\/\/www.grintoura.fr\/en\/wp-json\/wp\/v2\/region?post=13814"}],"curies":[{"name":"wp","href":"https:\/\/api.w.org\/{rel}","templated":true}]}}