	
	
	
	
{"id":13792,"date":"2025-01-23T16:14:54","date_gmt":"2025-01-23T15:14:54","guid":{"rendered":"https:\/\/www.grintoura.fr\/?post_type=listing&#038;p=13792"},"modified":"2025-01-23T16:14:54","modified_gmt":"2025-01-23T15:14:54","slug":"parc-naturel-regional-des-pyrenees-catalanes","status":"publish","type":"listing","link":"https:\/\/www.grintoura.fr\/en\/hebergement\/occitanie\/sports-nature-decouverte-du-pays\/parc-naturel-regional-des-pyrenees-catalanes\/","title":{"rendered":"Parc naturel r\u00e9gional des Pyr\u00e9n\u00e9es Catalanes"},"content":{"rendered":"<p>Cr\u00e9\u00e9 en 2004, <strong>le Parc naturel r\u00e9gional des Pyr\u00e9n\u00e9es catalanes<\/strong> s\u2019\u00e9tend le long de la fronti\u00e8re espagnole. Situ\u00e9 \u00e0 un peu plus d\u2019une heure de la M\u00e9diterran\u00e9e, ce territoire de montagne offre une diversit\u00e9 de paysages exceptionnels, \u00e9tag\u00e9s entre 300 et pr\u00e8s de 3 000 m d\u2019altitude.<\/p>\n<p><strong>Un territoire tr\u00e8s montagnard<\/strong><\/p>\n<p>Une amplitude de 427 m\u00e8tres d\u2019altitude \u00e0 2 921 m\u00e8tres.<br \/>\nLe Canigou, montagne embl\u00e9matique des Catalans et des Pyr\u00e9n\u00e9es.<br \/>\n4 sommets d\u00e9passant les 2 900 m\u00e8tres.<\/p>\n<p><strong>Une biodiversit\u00e9 exceptionnelle<\/strong><\/p>\n<p>60 lacs de montagne et de nombreuses zones humides, sous influence m\u00e9diterran\u00e9enne.<br \/>\nUne richesse de la faune et de la flore caract\u00e9ristique des massifs montagneux au contact du\u00a0climat m\u00e9diterran\u00e9en. Dans les Alpes ou le Massif\u00a0Central une richesse identique a motiv\u00e9 le classement de ces massifs en Parcs nationaux (Parc national du Mercantour et Parc national\u00a0des C\u00e9vennes)<br \/>\nDes animaux embl\u00e9matiques : le Gypa\u00e8te barbu, le Desman des Pyr\u00e9n\u00e9es, le Grand t\u00e9tras et l\u2019Ours\u2026<br \/>\nDes plantes uniques au monde : l&rsquo;Alysson des Pyr\u00e9n\u00e9es\u2026<br \/>\nLa pr\u00e9sence de 7 R\u00e9serves naturelles dans le p\u00e9rim\u00e8tre du PNR.<br \/>\n5 Sites class\u00e9s (dont le lac des Bouillouses et le Canigou).<\/p>\n<p><strong>Une agriculture de montagne<\/strong><\/p>\n<p>Le pastoralisme, tr\u00e8s pr\u00e9sent.<br \/>\nDes productions de qualit\u00e9s.<br \/>\nL\u2019h\u00e9ritage des canaux d\u2019irrigation.<br \/>\nUne for\u00eat tr\u00e8s pr\u00e9sente<\/p>\n<p>45 % du territoire couvert par la for\u00eat.<br \/>\nLa dominance du Pin \u00e0 crochet<br \/>\nUne histoire li\u00e9e \u00e0 la restauration des terrains en montagne<br \/>\nUn riche patrimoine b\u00e2ti<\/p>\n<p>2 cit\u00e9s fortifi\u00e9es par Vauban : Villefranche-de-Conflent et Mont-Louis.<br \/>\nL\u2019abbaye romane de Saint-Martin du Canigou.<br \/>\n21 monuments historiques.<br \/>\nUn patrimoine vernaculaire remarquable (orris, cabanes, terrasses\u2026).<br \/>\nUne langue vivante : la langue catalane<\/p>\n<p><strong>Une culture vivante<\/strong><\/p>\n<p>Une langue et une culture catalanes ancr\u00e9e<br \/>\nDes richesses arch\u00e9ologiques, historiques, ethnologiques et artistiques incitant chercheurs et artistes \u00e0 vivre sur le territoire.<br \/>\nUn patrimoine industriel important li\u00e9 \u00e0 l\u2019exploitation mini\u00e8re<br \/>\nUn p\u00f4le touristique fort<\/p>\n<p>12 stations de ski sur le territoire du projet de Parc naturel r\u00e9gional : un p\u00f4le de d\u00e9veloppement \u00e9conomique hivernal et estival fort et structurant.<\/p>","protected":false},"author":528,"featured_media":13790,"comment_status":"open","ping_status":"closed","template":"","meta":[],"listing_category":[164],"event_category":[],"service_category":[],"rental_category":[],"classifieds_category":[],"listing_feature":[],"region":[126],"_links":{"self":[{"href":"https:\/\/www.grintoura.fr\/en\/wp-json\/wp\/v2\/listing\/13792"}],"collection":[{"href":"https:\/\/www.grintoura.fr\/en\/wp-json\/wp\/v2\/listing"}],"about":[{"href":"https:\/\/www.grintoura.fr\/en\/wp-json\/wp\/v2\/types\/listing"}],"author":[{"embeddable":true,"href":"https:\/\/www.grintoura.fr\/en\/wp-json\/wp\/v2\/users\/528"}],"replies":[{"embeddable":true,"href":"https:\/\/www.grintoura.fr\/en\/wp-json\/wp\/v2\/comments?post=13792"}],"wp:featuredmedia":[{"embeddable":true,"href":"https:\/\/www.grintoura.fr\/en\/wp-json\/wp\/v2\/media\/13790"}],"wp:attachment":[{"href":"https:\/\/www.grintoura.fr\/en\/wp-json\/wp\/v2\/media?parent=13792"}],"wp:term":[{"taxonomy":"listing_category","embeddable":true,"href":"https:\/\/www.grintoura.fr\/en\/wp-json\/wp\/v2\/listing_category?post=13792"},{"taxonomy":"event_category","embeddable":true,"href":"https:\/\/www.grintoura.fr\/en\/wp-json\/wp\/v2\/event_category?post=13792"},{"taxonomy":"service_category","embeddable":true,"href":"https:\/\/www.grintoura.fr\/en\/wp-json\/wp\/v2\/service_category?post=13792"},{"taxonomy":"rental_category","embeddable":true,"href":"https:\/\/www.grintoura.fr\/en\/wp-json\/wp\/v2\/rental_category?post=13792"},{"taxonomy":"classifieds_category","embeddable":true,"href":"https:\/\/www.grintoura.fr\/en\/wp-json\/wp\/v2\/classifieds_category?post=13792"},{"taxonomy":"listing_feature","embeddable":true,"href":"https:\/\/www.grintoura.fr\/en\/wp-json\/wp\/v2\/listing_feature?post=13792"},{"taxonomy":"region","embeddable":true,"href":"https:\/\/www.grintoura.fr\/en\/wp-json\/wp\/v2\/region?post=13792"}],"curies":[{"name":"wp","href":"https:\/\/api.w.org\/{rel}","templated":true}]}}