	
	
	
	
{"id":13784,"date":"2025-01-23T16:11:43","date_gmt":"2025-01-23T15:11:43","guid":{"rendered":"https:\/\/www.grintoura.fr\/?post_type=listing&#038;p=13784"},"modified":"2025-01-23T16:11:43","modified_gmt":"2025-01-23T15:11:43","slug":"parc-naturel-regional-des-pyrenees-ariegeoises","status":"publish","type":"listing","link":"https:\/\/www.grintoura.fr\/en\/hebergement\/occitanie\/sports-nature-decouverte-du-pays\/parc-naturel-regional-des-pyrenees-ariegeoises\/","title":{"rendered":"Parc naturel r\u00e9gional des Pyr\u00e9n\u00e9es Ari\u00e9geoises"},"content":{"rendered":"<p><a href=\"https:\/\/www.parcs-naturels-regionaux.fr\/les-parcs\/decouvrir-les-58-parcs\/parc-naturel-regional-des-pyrenees-ariegeoises\" target=\"_blank\" rel=\"noopener\"><strong>Le Parc naturel r\u00e9gional se situe au c\u0153ur du Massif Pyr\u00e9n\u00e9en, \u00e0<\/strong><\/a> la verticale de Toulouse.\u00a0Il s\u2019\u00e9tend des Pr\u00e9-Pyr\u00e9n\u00e9es au Nord, coteaux calcaires marquant la sp\u00e9cificit\u00e9 des Pyr\u00e9n\u00e9es Ari\u00e9geoises, \u00e0 la fronti\u00e8re espagnole et andorrane au Sud.<\/p>\n<p>Il r\u00e9unit les plus hautes vall\u00e9es et les plus hauts sommets des fronti\u00e8res de l\u2019Andorre et de l\u2019Espagne (la Pique d\u2019Estats 3 144 m, le Mont Valier 2 838 m, le Montcalm 3 077 m&#8230;) aux villages et collines du Pi\u00e9mont, jusqu\u2019aux cr\u00eates calcaires du Plantaurel.<\/p>\n<p>C\u2019est l\u2019un des territoires les mieux pr\u00e9serv\u00e9s des Pyr\u00e9n\u00e9es. Il abrite un patrimoine naturel exceptionnel, avec des milieux remarquables et de nombreuses esp\u00e8ces end\u00e9miques ou menac\u00e9es : Isard, Gypa\u00e8te barbu, Desman et Euprocte des Pyr\u00e9n\u00e9es, Grand t\u00e9tras, Lys des Pyr\u00e9n\u00e9es, etc. Il est \u00e9galement le si\u00e8ge de nombreuses activit\u00e9s humaines (agriculture, artisanat, industries\u2026) dont certaines, telles que le pastoralisme, lui sont embl\u00e9matiques. Ses sites pr\u00e9historiques et historiques (Niaux, B\u00e9deilhac, le Mas d\u2019Azil, Saint-Lizier\u2026), son histoire, sa culture, son patrimoine b\u00e2ti et ses paysages en font \u00e9galement l\u2019un des ensembles les plus attachants et les plus remarquables des Pyr\u00e9n\u00e9es.<\/p>","protected":false},"author":528,"featured_media":13782,"comment_status":"open","ping_status":"closed","template":"","meta":[],"listing_category":[164],"event_category":[],"service_category":[],"rental_category":[],"classifieds_category":[],"listing_feature":[],"region":[126],"_links":{"self":[{"href":"https:\/\/www.grintoura.fr\/en\/wp-json\/wp\/v2\/listing\/13784"}],"collection":[{"href":"https:\/\/www.grintoura.fr\/en\/wp-json\/wp\/v2\/listing"}],"about":[{"href":"https:\/\/www.grintoura.fr\/en\/wp-json\/wp\/v2\/types\/listing"}],"author":[{"embeddable":true,"href":"https:\/\/www.grintoura.fr\/en\/wp-json\/wp\/v2\/users\/528"}],"replies":[{"embeddable":true,"href":"https:\/\/www.grintoura.fr\/en\/wp-json\/wp\/v2\/comments?post=13784"}],"wp:featuredmedia":[{"embeddable":true,"href":"https:\/\/www.grintoura.fr\/en\/wp-json\/wp\/v2\/media\/13782"}],"wp:attachment":[{"href":"https:\/\/www.grintoura.fr\/en\/wp-json\/wp\/v2\/media?parent=13784"}],"wp:term":[{"taxonomy":"listing_category","embeddable":true,"href":"https:\/\/www.grintoura.fr\/en\/wp-json\/wp\/v2\/listing_category?post=13784"},{"taxonomy":"event_category","embeddable":true,"href":"https:\/\/www.grintoura.fr\/en\/wp-json\/wp\/v2\/event_category?post=13784"},{"taxonomy":"service_category","embeddable":true,"href":"https:\/\/www.grintoura.fr\/en\/wp-json\/wp\/v2\/service_category?post=13784"},{"taxonomy":"rental_category","embeddable":true,"href":"https:\/\/www.grintoura.fr\/en\/wp-json\/wp\/v2\/rental_category?post=13784"},{"taxonomy":"classifieds_category","embeddable":true,"href":"https:\/\/www.grintoura.fr\/en\/wp-json\/wp\/v2\/classifieds_category?post=13784"},{"taxonomy":"listing_feature","embeddable":true,"href":"https:\/\/www.grintoura.fr\/en\/wp-json\/wp\/v2\/listing_feature?post=13784"},{"taxonomy":"region","embeddable":true,"href":"https:\/\/www.grintoura.fr\/en\/wp-json\/wp\/v2\/region?post=13784"}],"curies":[{"name":"wp","href":"https:\/\/api.w.org\/{rel}","templated":true}]}}