	
	
	
	
{"id":13605,"date":"2025-01-23T11:21:24","date_gmt":"2025-01-23T10:21:24","guid":{"rendered":"https:\/\/www.grintoura.fr\/?post_type=listing&#038;p=13605"},"modified":"2025-01-23T11:21:24","modified_gmt":"2025-01-23T10:21:24","slug":"parc-naturel-regional-de-la-guyane","status":"publish","type":"listing","link":"https:\/\/www.grintoura.fr\/en\/hebergement\/guyane\/sports-nature-decouverte-du-pays\/parc-naturel-regional-de-la-guyane\/","title":{"rendered":"Parc naturel r\u00e9gional de la Guyane"},"content":{"rendered":"<p><a href=\"https:\/\/www.parcs-naturels-regionaux.fr\/les-parcs\/decouvrir-les-58-parcs\/parc-naturel-regional-de-la-guyane\" target=\"_blank\" rel=\"noopener\"><strong>Le Parc naturel r\u00e9gional de la Guyane<\/strong> <\/a>r\u00e9unit sur son sol une incroyable biodiversit\u00e9 et repr\u00e9sente \u00e0 lui seul une mosa\u00efque humaine et culturelle d\u2019une richesse incontestable. Le territoire du Parc est constitu\u00e9 de paysages aussi inattendus qu\u2019insolites : marais de toutes sortes, lagunes et mangroves, for\u00eats tropicales et savanes donnent la r\u00e9plique aux \u00eelots exond\u00e9s et aux affleurements rocheux de la montagne Bruy\u00e8re ou des monts des Trois Pitons.<br \/>\nC\u2019est pour valoriser ce patrimoine exceptionnel, d\u00e9velopper durablement ce territoire et donner une image nouvelle de la Guyane, que les acteurs locaux se sont rassembl\u00e9s afin de cr\u00e9er un Parc naturel r\u00e9gional.<\/p>\n<p>Cr\u00e9\u00e9 par d\u00e9cret du Premier ministre le 26 mars 2001 \u00e0 l\u2019initiative de la R\u00e9gion, le Parc naturel r\u00e9gional de la Guyane vient reconna\u00eetre l\u2019int\u00e9r\u00eat et la diversit\u00e9 du patrimoine naturel, culturel et paysager de ses 6 communes. Gr\u00e2ce au Parc, et avec ses partenaires, la r\u00e9gion Guyane s\u2019est dot\u00e9e d\u2019une dynamique et d\u2019un support pour pr\u00e9server, valoriser ce patrimoine et en faire un vecteur de d\u00e9veloppement \u00e9conomique. A la fois projet commun et \u00ab\u00a0bo\u00eete \u00e0 outils\u00a0\u00bb de d\u00e9veloppement durable, le Parc impulse ou m\u00e8ne des actions dans des domaines aussi divers que la protection de la faune et de la flore, la restauration du patrimoine rural, la pr\u00e9servation des paysages traditionnels, la promotion des \u00e9conomies d\u2019\u00e9nergie et des \u00e9nergies renouvelables, l\u2019\u00e9ducation au territoire, la valorisation de la for\u00eat et du bois, la promotion des savoir-faire et produits locaux, le tourisme durable\u2026<\/p>\n<p><strong>Un projet pour le territoire<\/strong><br \/>\nL\u2019action du Parc repose sur une \u00ab\u00a0Charte\u00a0\u00bb, v\u00e9ritable \u00ab\u00a0feuille de route\u00a0\u00bb r\u00e9dig\u00e9e et adopt\u00e9e par les collectivit\u00e9s locales (communes, d\u00e9partement, r\u00e9gion), qui fixe ses objectifs et ses moyens d\u2019actions. G\u00e9r\u00e9 par les collectivit\u00e9s gr\u00e2ce \u00e0 un \u00ab\u00a0Syndicat mixte \u00ab\u00a0qui lui est propre, le Parc ne r\u00e8glemente pas, ne contraint pas, mais au contraire agit par engagement volontaire et par conviction. \u00ab\u00a0Convaincre plut\u00f4t que contraindre\u00a0\u00bb, telle est la devise des Parcs naturels r\u00e9gionaux. Au cours de l\u2019\u00e9laboration de la r\u00e9vision de la Charte, les travaux men\u00e9s ont permis de d\u00e9gager 14 priorit\u00e9s pour le territoire, regroup\u00e9es sous quatre axes :<\/p>\n<p><strong>Axe\u00a01 :<\/strong> Pr\u00e9server et g\u00e9rer durablement la biodiversit\u00e9<br \/>\n<strong>Axe\u00a02 :<\/strong> Mieux ma\u00eetriser la gestion de l\u2019espace<br \/>\n<strong>Axe\u00a03 :<\/strong> Contribuer au d\u00e9veloppement \u00e9conomique et social<br \/>\n<strong>Axe\u00a04 :<\/strong> Exp\u00e9rimenter, animer et promouvoir<\/p>","protected":false},"author":528,"featured_media":13599,"comment_status":"open","ping_status":"closed","template":"","meta":[],"listing_category":[164],"event_category":[],"service_category":[],"rental_category":[],"classifieds_category":[],"listing_feature":[],"region":[259],"_links":{"self":[{"href":"https:\/\/www.grintoura.fr\/en\/wp-json\/wp\/v2\/listing\/13605"}],"collection":[{"href":"https:\/\/www.grintoura.fr\/en\/wp-json\/wp\/v2\/listing"}],"about":[{"href":"https:\/\/www.grintoura.fr\/en\/wp-json\/wp\/v2\/types\/listing"}],"author":[{"embeddable":true,"href":"https:\/\/www.grintoura.fr\/en\/wp-json\/wp\/v2\/users\/528"}],"replies":[{"embeddable":true,"href":"https:\/\/www.grintoura.fr\/en\/wp-json\/wp\/v2\/comments?post=13605"}],"wp:featuredmedia":[{"embeddable":true,"href":"https:\/\/www.grintoura.fr\/en\/wp-json\/wp\/v2\/media\/13599"}],"wp:attachment":[{"href":"https:\/\/www.grintoura.fr\/en\/wp-json\/wp\/v2\/media?parent=13605"}],"wp:term":[{"taxonomy":"listing_category","embeddable":true,"href":"https:\/\/www.grintoura.fr\/en\/wp-json\/wp\/v2\/listing_category?post=13605"},{"taxonomy":"event_category","embeddable":true,"href":"https:\/\/www.grintoura.fr\/en\/wp-json\/wp\/v2\/event_category?post=13605"},{"taxonomy":"service_category","embeddable":true,"href":"https:\/\/www.grintoura.fr\/en\/wp-json\/wp\/v2\/service_category?post=13605"},{"taxonomy":"rental_category","embeddable":true,"href":"https:\/\/www.grintoura.fr\/en\/wp-json\/wp\/v2\/rental_category?post=13605"},{"taxonomy":"classifieds_category","embeddable":true,"href":"https:\/\/www.grintoura.fr\/en\/wp-json\/wp\/v2\/classifieds_category?post=13605"},{"taxonomy":"listing_feature","embeddable":true,"href":"https:\/\/www.grintoura.fr\/en\/wp-json\/wp\/v2\/listing_feature?post=13605"},{"taxonomy":"region","embeddable":true,"href":"https:\/\/www.grintoura.fr\/en\/wp-json\/wp\/v2\/region?post=13605"}],"curies":[{"name":"wp","href":"https:\/\/api.w.org\/{rel}","templated":true}]}}