	
	
	
	
{"id":13569,"date":"2025-01-23T10:54:21","date_gmt":"2025-01-23T09:54:21","guid":{"rendered":"https:\/\/www.grintoura.fr\/?post_type=listing&#038;p=13569"},"modified":"2025-01-23T10:54:21","modified_gmt":"2025-01-23T09:54:21","slug":"parc-naturel-regional-du-doubs-horloger","status":"publish","type":"listing","link":"https:\/\/www.grintoura.fr\/en\/hebergement\/bourgogne-franche-comte\/sports-nature-decouverte-du-pays\/parc-naturel-regional-du-doubs-horloger\/","title":{"rendered":"Parc naturel r\u00e9gional du Doubs-Horloger"},"content":{"rendered":"<p><a href=\"https:\/\/www.parcs-naturels-regionaux.fr\/les-parcs\/decouvrir-les-58-parcs\/parc-naturel-regional-du-doubs-horloger\" target=\"_blank\" rel=\"noopener\"><strong>Le Parc naturel r\u00e9gional du Doubs Horloger<\/strong><\/a>, un territoire qui cultive l\u2019art de vivre et invite \u00e0 la d\u00e9couverte de plaisirs authentiques\u00a0!<\/p>\n<p>Des vall\u00e9es bois\u00e9es aux plateaux d\u00e9gag\u00e9s, en passant par de paisibles rivi\u00e8res, sources jaillissantes, et reliefs karstiques\u2026 le Parc naturel r\u00e9gional du Doubs Horloger jouit d\u2019une impressionnante vari\u00e9t\u00e9 de paysages sculpt\u00e9s par le temps et fa\u00e7onn\u00e9s par l\u2019Homme. Situ\u00e9 \u00e0 l\u2019est du d\u00e9partement du Doubs et transfrontalier avec la Suisse, il est le 4\u00e8me Parc naturel r\u00e9gional de Bourgogne Franche-Comt\u00e9. Ce territoire r\u00e9unit 94 communes r\u00e9parties sur cinq espaces caract\u00e9ris\u00e9s par leur relief\u00a0: les Vall\u00e9es du Doubs et du Dessoubre, le Val de Morteau, les premiers plateaux de Sancey-Belleherbe et du Val de Vennes, ainsi que les plateaux de Ma\u00eeche et du Russey.<\/p>\n<p>A pied, \u00e0 v\u00e9lo, \u00e0 cheval, \u00e0 ski ou encore en cano\u00eb\u2026 la diversit\u00e9 des milieux naturels invite visiteurs et locaux \u00e0 l\u2019exploration de sites incontournables, comme le Saut du Doubs et le cirque de Consolation. Les diff\u00e9rents sentiers de randonn\u00e9es, tels que les Chemins de la Contrebande, sont ponctu\u00e9s de multiples belv\u00e9d\u00e8res et se d\u00e9couvrent au gr\u00e9 des saisons offrant un spectacle teint\u00e9 d\u2019une large palette de couleurs. Ces espaces, bucoliques et authentiques, rec\u00e8lent \u00e9galement un incroyable \u00e9crin de biodiversit\u00e9 (Milan Royal, Faucon P\u00e8lerin, Lynx Bor\u00e9al), qu\u2019il importe de valoriser et de pr\u00e9server.<\/p>\n<p>Le patrimoine culturel et immat\u00e9riel n\u2019est quant \u00e0 lui pas en reste\u00a0! Il fait la fiert\u00e9 de ses habitants et conf\u00e8re au territoire des valeurs et une identit\u00e9 forte. Les yeux et les papilles seront ravis par cette terre charg\u00e9e d\u2019histoire et aux multiples visages. Berceau de la vache montb\u00e9liarde et du cheval Comtois, le caract\u00e8re agricole de la r\u00e9gion permet la production de sp\u00e9cialit\u00e9s phares et reconnues tels que le Comt\u00e9, le Mont d\u2019Or et la saucisse de Morteau. De d\u00e9licieux mets \u00e0 d\u00e9guster au c\u0153ur de villages \u00e0 l\u2019architecture typique dont la ferme comtoise et son tuy\u00e9 sont les principaux embl\u00e8mes.<\/p>\n<p>Par ailleurs, de nombreux m\u00e9tiers de transformation du bois, du cuir et du m\u00e9tal se sont d\u00e9velopp\u00e9s dans la contr\u00e9e. Au fil des ann\u00e9es, l\u2019activit\u00e9 horlog\u00e8re s\u2019est peu \u00e0 peu r\u00e9pandue \u00e0 tel point qu\u2019en d\u00e9cembre 2020, l\u2019UNESCO inscrit les savoir-faire en m\u00e9canique horlog\u00e8re et m\u00e9canique d\u2019art sur la Liste repr\u00e9sentative du patrimoine culturel immat\u00e9riel de l\u2019humanit\u00e9. Une tradition et une histoire \u00e0 d\u00e9couvrir au mus\u00e9e de la Montre \u00e0 Villers-le-Lac et au mus\u00e9e de l\u2019Horlogerie \u00e0 Morteau.<\/p>\n<p>&nbsp;<\/p>\n<p><strong>Contact<\/strong><br \/>\nT\u00e9l. 03 81 68 53 32<\/p>","protected":false},"author":528,"featured_media":13564,"comment_status":"open","ping_status":"closed","template":"","meta":[],"listing_category":[164],"event_category":[],"service_category":[],"rental_category":[],"classifieds_category":[],"listing_feature":[],"region":[67],"_links":{"self":[{"href":"https:\/\/www.grintoura.fr\/en\/wp-json\/wp\/v2\/listing\/13569"}],"collection":[{"href":"https:\/\/www.grintoura.fr\/en\/wp-json\/wp\/v2\/listing"}],"about":[{"href":"https:\/\/www.grintoura.fr\/en\/wp-json\/wp\/v2\/types\/listing"}],"author":[{"embeddable":true,"href":"https:\/\/www.grintoura.fr\/en\/wp-json\/wp\/v2\/users\/528"}],"replies":[{"embeddable":true,"href":"https:\/\/www.grintoura.fr\/en\/wp-json\/wp\/v2\/comments?post=13569"}],"wp:featuredmedia":[{"embeddable":true,"href":"https:\/\/www.grintoura.fr\/en\/wp-json\/wp\/v2\/media\/13564"}],"wp:attachment":[{"href":"https:\/\/www.grintoura.fr\/en\/wp-json\/wp\/v2\/media?parent=13569"}],"wp:term":[{"taxonomy":"listing_category","embeddable":true,"href":"https:\/\/www.grintoura.fr\/en\/wp-json\/wp\/v2\/listing_category?post=13569"},{"taxonomy":"event_category","embeddable":true,"href":"https:\/\/www.grintoura.fr\/en\/wp-json\/wp\/v2\/event_category?post=13569"},{"taxonomy":"service_category","embeddable":true,"href":"https:\/\/www.grintoura.fr\/en\/wp-json\/wp\/v2\/service_category?post=13569"},{"taxonomy":"rental_category","embeddable":true,"href":"https:\/\/www.grintoura.fr\/en\/wp-json\/wp\/v2\/rental_category?post=13569"},{"taxonomy":"classifieds_category","embeddable":true,"href":"https:\/\/www.grintoura.fr\/en\/wp-json\/wp\/v2\/classifieds_category?post=13569"},{"taxonomy":"listing_feature","embeddable":true,"href":"https:\/\/www.grintoura.fr\/en\/wp-json\/wp\/v2\/listing_feature?post=13569"},{"taxonomy":"region","embeddable":true,"href":"https:\/\/www.grintoura.fr\/en\/wp-json\/wp\/v2\/region?post=13569"}],"curies":[{"name":"wp","href":"https:\/\/api.w.org\/{rel}","templated":true}]}}