	
	
	
	
{"id":13468,"date":"2025-01-22T14:35:37","date_gmt":"2025-01-22T13:35:37","guid":{"rendered":"https:\/\/www.grintoura.fr\/?post_type=listing&#038;p=13468"},"modified":"2025-01-22T14:36:23","modified_gmt":"2025-01-22T13:36:23","slug":"parc-naturel-regional-de-lavesnois","status":"publish","type":"listing","link":"https:\/\/www.grintoura.fr\/en\/hebergement\/hauts-de-france\/sports-nature-decouverte-du-pays\/parc-naturel-regional-de-lavesnois\/","title":{"rendered":"Parc naturel r\u00e9gional de l\u2019Avesnois"},"content":{"rendered":"<p><strong>L&rsquo;Avesnois,<\/strong> c&rsquo;est avant tout la nature, pr\u00e9serv\u00e9e et verdoyante, qui m\u00eale prairies bocag\u00e8res et vastes for\u00eats. Avec ses paysages aux couleurs multiples, dispers\u00e9s en cama\u00efeu de verts et ses cours d&rsquo;eau limpides, la \u00ab\u00a0petite Suisse du Nord\u00a0\u00bb vous ouvre ses portes&#8230;<\/p>\n<p>Partez \u00e0 la rencontre du bocage et empruntez nos circuits de randonn\u00e9es, \u00e0 pied, \u00e0 cheval ou en VTT. Nos nombreux sentiers th\u00e9matiques vous emm\u00e8neront \u00e0 la d\u00e9couverte du patrimoine naturel et culturel du Parc. Tous ces itin\u00e9raires sont t\u00e9l\u00e9chargeables sur le site du\u00a0Parc de l&rsquo;Avesnois.<br \/>\nPaysage de prairies entour\u00e9es de haies, le bocage fait partie de l&rsquo;identit\u00e9 du territoire. A l&rsquo;origine de la vocation herbag\u00e8re et laiti\u00e8re de l&rsquo;Avesnois, il est pr\u00e9serv\u00e9 pour ses ressources en produits laitiers, viande bovine et produits du verger. Maroilles, pommes, \u00ab\u00a0Bleue du Nord\u00a0\u00bb&#8230; Le Parc regorge de go\u00fbts multiples et vari\u00e9s !<\/p>\n<p>Le territoire fourmille \u00e9galement de richesses architecturales : pr\u00e8s de 700 oratoires\u00a0ou \u00ab\u00a0bornes-chapelles\u00a0\u00bb\u00a0pointant leur fl\u00e8che vers le ciel, se rencontrent ainsi \u00e0 la crois\u00e9e des chemins. Ils sont construits en pierre bleue et \u00e9rig\u00e9s en m\u00e9moire d&rsquo;un disparu ou en \u00e9vocation d&rsquo;un p\u00e8lerinage. Remparts de Vauban ou site arch\u00e9ologique t\u00e9moignent \u00e9galement des richesses de son pass\u00e9. La tradition festive de l&rsquo;Avesnois se lit, elle, \u00e0 travers les kiosques qui jalonnent le territoire. Ronds, rectangulaires, \u00e0 musique ou m\u00eame \u00e0 danser, une quarantaine d&rsquo;entre eux tr\u00f4nent au centre des villes et villages. Terre d&rsquo;artisanat, le Parc compte enfin de nombreux mus\u00e9es et constructions illustrant ses activit\u00e9s ancestrales. L&rsquo;\u00e9comus\u00e9e de Fourmies Tr\u00e9lon, le moulin\u00a0de Felleries, le mus\u00e9e du marbre \u00e0 Bellignies, le mus\u00e9e de la cour des Potiers\u00a0\u00e0 Ferri\u00e8re la petite.\u00a0Tous s&rsquo;attachent \u00e0 rendre compte des savoir-faire des artisans locaux.<\/p>\n<p>Au coeur de Maroilles, la maison du Parc naturel r\u00e9gional de l&rsquo;Avesnois fut \u00e9rig\u00e9e dans l&rsquo;ancienne Grange D\u00eemi\u00e8re de l&rsquo;Abbaye. A la fois lieu d\u2019information, de documentation, et espace d&rsquo;animation dans les domaines de l\u2019environnement, du patrimoine et des produits du terroir, elle propose \u00e9galement de mai \u00e0 septembre une programmation riche en expositions, animations, sorties, ateliers, d\u00e9gustations, spectacles&#8230; dont l\u2019entr\u00e9e est gratuite.<\/p>","protected":false},"author":528,"featured_media":13465,"comment_status":"open","ping_status":"closed","template":"","meta":[],"listing_category":[164],"event_category":[],"service_category":[],"rental_category":[],"classifieds_category":[],"listing_feature":[],"region":[254],"_links":{"self":[{"href":"https:\/\/www.grintoura.fr\/en\/wp-json\/wp\/v2\/listing\/13468"}],"collection":[{"href":"https:\/\/www.grintoura.fr\/en\/wp-json\/wp\/v2\/listing"}],"about":[{"href":"https:\/\/www.grintoura.fr\/en\/wp-json\/wp\/v2\/types\/listing"}],"author":[{"embeddable":true,"href":"https:\/\/www.grintoura.fr\/en\/wp-json\/wp\/v2\/users\/528"}],"replies":[{"embeddable":true,"href":"https:\/\/www.grintoura.fr\/en\/wp-json\/wp\/v2\/comments?post=13468"}],"wp:featuredmedia":[{"embeddable":true,"href":"https:\/\/www.grintoura.fr\/en\/wp-json\/wp\/v2\/media\/13465"}],"wp:attachment":[{"href":"https:\/\/www.grintoura.fr\/en\/wp-json\/wp\/v2\/media?parent=13468"}],"wp:term":[{"taxonomy":"listing_category","embeddable":true,"href":"https:\/\/www.grintoura.fr\/en\/wp-json\/wp\/v2\/listing_category?post=13468"},{"taxonomy":"event_category","embeddable":true,"href":"https:\/\/www.grintoura.fr\/en\/wp-json\/wp\/v2\/event_category?post=13468"},{"taxonomy":"service_category","embeddable":true,"href":"https:\/\/www.grintoura.fr\/en\/wp-json\/wp\/v2\/service_category?post=13468"},{"taxonomy":"rental_category","embeddable":true,"href":"https:\/\/www.grintoura.fr\/en\/wp-json\/wp\/v2\/rental_category?post=13468"},{"taxonomy":"classifieds_category","embeddable":true,"href":"https:\/\/www.grintoura.fr\/en\/wp-json\/wp\/v2\/classifieds_category?post=13468"},{"taxonomy":"listing_feature","embeddable":true,"href":"https:\/\/www.grintoura.fr\/en\/wp-json\/wp\/v2\/listing_feature?post=13468"},{"taxonomy":"region","embeddable":true,"href":"https:\/\/www.grintoura.fr\/en\/wp-json\/wp\/v2\/region?post=13468"}],"curies":[{"name":"wp","href":"https:\/\/api.w.org\/{rel}","templated":true}]}}