	
	
	
	
{"id":13367,"date":"2025-01-21T10:35:27","date_gmt":"2025-01-21T09:35:27","guid":{"rendered":"https:\/\/www.grintoura.fr\/hebergement\/-\/-\/chateau-de-la-gabelle-boutique-copie\/"},"modified":"2025-01-21T10:42:11","modified_gmt":"2025-01-21T09:42:11","slug":"chateau-de-la-gabelle","status":"publish","type":"listing","link":"https:\/\/www.grintoura.fr\/en\/hebergement\/auvergne-rhone-alpes\/sports-nature-decouverte-du-pays\/chateau-de-la-gabelle\/","title":{"rendered":"Ch\u00e2teau de la Gabelle"},"content":{"rendered":"<p><strong>Le Ch\u00e2teau de la Gabelle<\/strong> est une b\u00e2tisse du XII\u00e8me si\u00e8cle qui tient son nom de l\u2019imp\u00f4t sur le sel autrefois pr\u00e9lev\u00e9 dans la r\u00e9gion. Le ch\u00e2teau a \u00e9t\u00e9 aux mains des M\u00e9vouillon, famille tr\u00e8s puissante de la r\u00e9gion, dont l\u2019influence a \u00e9t\u00e9 stopp\u00e9e par Louis XIV avec le d\u00e9mant\u00e8lement de leur seigneurie.<\/p>\n<p>C\u2019est en 1838 que la saga du Ch\u00e2teau de la Gabelle commence pour la famille Blanc, alors la famille Roux, quand Fran\u00e7ois-Xavier fait l\u2019acquisition de cette b\u00e2tisse proven\u00e7ale. Une production de lavande est alors lanc\u00e9e sur les terres du domaine.\u00a0Au gr\u00e9 des ann\u00e9es, la famille s\u2019installe \u00e0 Buis-les-Baronnies. Le ch\u00e2teau est alors laiss\u00e9 \u00e0 l\u2019abandon, mais pas les terres. La famille continue de cultiver la fleur, mais s\u2019adonne \u00e9galement \u00e0 d\u2019autres cultures typiques de la r\u00e9gion.<\/p>\n<p>Mais en 1960, la vie r\u00e9investit les murs du ch\u00e2teau. C\u2019est cette ann\u00e9e-l\u00e0 que Pierre Blanc, descendant de la famille Roux, h\u00e9rite du ch\u00e2teau gr\u00e2ce aux legs de sa m\u00e8re et de cousines \u00e9loign\u00e9es. Il s\u2019y installe avec son \u00e9pouse, la belle Lombarde Margherita.\u00a0C\u2019est dans ce lieu authentique et sauvage que le couple se consacre \u00e0 l\u2019exploitation du domaine et \u00e0 l\u2019\u00e9ducation de leurs 7 enfants.<\/p>\n<p>Mais la vie est rude au ch\u00e2teau. Les mauvaises r\u00e9coltes s\u2019encha\u00eenent et l\u2019\u00e9tat du b\u00e2timent n\u2019a de cesse de se d\u00e9t\u00e9riorer. La d\u00e9cision est alors prise par Pierre et Margherite d\u2019ouvrir des chambres d\u2019h\u00f4tes afin de subsister les ann\u00e9es o\u00f9 la r\u00e9colte est difficile et de financer les travaux de restauration n\u00e9cessaires pour le maintien de ce b\u00e2timent.<\/p>\n<p>Apr\u00e8s le d\u00e9c\u00e8s de Pierre, Margherite confie les terres \u00e0 ses deux fils et se lance dans des travaux colossaux pour redonner vie \u00e0 ce ch\u00e2teau. Vingt ans plus tard, deux ailes sont restaur\u00e9es, mais une demeure en tr\u00e8s mauvais \u00e9tat.<\/p>\n<p>Aujourd\u2019hui, c\u2019est avec passion et fiert\u00e9 que le clan, enrichi de 17 petits-enfants, se bat pour conserver ce patrimoine. Les deux fils, Jean-Paul et Michel ont repris le domaine de 200 hectares, \u00e9paul\u00e9s par leurs propres fils, R\u00e9mi, Cyril et Th\u00e9o. L\u2019accueil en chambres d\u2019h\u00f4tes et en g\u00eetes est g\u00e9r\u00e9 par Isabelle, une des cinq filles de Margherite. Quant \u00e0 la boutique dans laquelle on trouve des produits bios et locaux fabriqu\u00e9s artisanalement et localement avec les produits de la ferme, elle est g\u00e9r\u00e9e par In\u00e8s, la petite-fille.<\/p>\n<p>Tous \u0153uvrent pour que ce ch\u00e2teau reste un lieu enchanteur et embl\u00e9matique de la Provence du Haut.<\/p>\n<p>Contacts :<\/p>\n<p>+33619662197<\/p>\n<blockquote class=\"wp-embedded-content\" data-secret=\"S4LWgRNxrv\"><p><a href=\"https:\/\/chateaudelagabelle.fr\/\" target=\"_blank\" rel=\"noopener\">Producteurs de Lavande et Petit \u00e9peautre Bio en Provence<\/a><\/p><\/blockquote>\n<p><iframe class=\"wp-embedded-content\" sandbox=\"allow-scripts\" security=\"restricted\" style=\"position: absolute; clip: rect(1px, 1px, 1px, 1px);\" title=\"\u00ab\u00a0Producteurs de Lavande et Petit \u00e9peautre Bio en Provence\u00a0\u00bb &#8212; Producteur Bio en Provence\" src=\"https:\/\/chateaudelagabelle.fr\/embed\/#?secret=LdIarbNsAN#?secret=S4LWgRNxrv\" data-secret=\"S4LWgRNxrv\" width=\"600\" height=\"338\" frameborder=\"0\" marginwidth=\"0\" marginheight=\"0\" scrolling=\"no\"><\/iframe><\/p>","protected":false},"author":517,"featured_media":13373,"comment_status":"open","ping_status":"closed","template":"","meta":[],"listing_category":[164],"event_category":[],"service_category":[],"rental_category":[],"classifieds_category":[],"listing_feature":[],"region":[69],"_links":{"self":[{"href":"https:\/\/www.grintoura.fr\/en\/wp-json\/wp\/v2\/listing\/13367"}],"collection":[{"href":"https:\/\/www.grintoura.fr\/en\/wp-json\/wp\/v2\/listing"}],"about":[{"href":"https:\/\/www.grintoura.fr\/en\/wp-json\/wp\/v2\/types\/listing"}],"author":[{"embeddable":true,"href":"https:\/\/www.grintoura.fr\/en\/wp-json\/wp\/v2\/users\/517"}],"replies":[{"embeddable":true,"href":"https:\/\/www.grintoura.fr\/en\/wp-json\/wp\/v2\/comments?post=13367"}],"wp:featuredmedia":[{"embeddable":true,"href":"https:\/\/www.grintoura.fr\/en\/wp-json\/wp\/v2\/media\/13373"}],"wp:attachment":[{"href":"https:\/\/www.grintoura.fr\/en\/wp-json\/wp\/v2\/media?parent=13367"}],"wp:term":[{"taxonomy":"listing_category","embeddable":true,"href":"https:\/\/www.grintoura.fr\/en\/wp-json\/wp\/v2\/listing_category?post=13367"},{"taxonomy":"event_category","embeddable":true,"href":"https:\/\/www.grintoura.fr\/en\/wp-json\/wp\/v2\/event_category?post=13367"},{"taxonomy":"service_category","embeddable":true,"href":"https:\/\/www.grintoura.fr\/en\/wp-json\/wp\/v2\/service_category?post=13367"},{"taxonomy":"rental_category","embeddable":true,"href":"https:\/\/www.grintoura.fr\/en\/wp-json\/wp\/v2\/rental_category?post=13367"},{"taxonomy":"classifieds_category","embeddable":true,"href":"https:\/\/www.grintoura.fr\/en\/wp-json\/wp\/v2\/classifieds_category?post=13367"},{"taxonomy":"listing_feature","embeddable":true,"href":"https:\/\/www.grintoura.fr\/en\/wp-json\/wp\/v2\/listing_feature?post=13367"},{"taxonomy":"region","embeddable":true,"href":"https:\/\/www.grintoura.fr\/en\/wp-json\/wp\/v2\/region?post=13367"}],"curies":[{"name":"wp","href":"https:\/\/api.w.org\/{rel}","templated":true}]}}