	
	
	
	
{"id":13302,"date":"2025-01-20T14:06:00","date_gmt":"2025-01-20T13:06:00","guid":{"rendered":"https:\/\/www.grintoura.fr\/?post_type=listing&#038;p=13302"},"modified":"2025-01-20T14:06:00","modified_gmt":"2025-01-20T13:06:00","slug":"chateau-de-ventadour","status":"publish","type":"listing","link":"https:\/\/www.grintoura.fr\/en\/hebergement\/auvergne-rhone-alpes\/sports-nature-decouverte-du-pays\/chateau-de-ventadour\/","title":{"rendered":"Ch\u00e2teau de Ventadour"},"content":{"rendered":"<p><strong>Ch\u00e2teau f\u00e9odal<\/strong> du XII\u00e8 si\u00e8cle en cours de restauration totale depuis 1969, avec des b\u00e9n\u00e9voles et des professionnels et \u00e0 l&rsquo;initiative de Fran\u00e7oise et Pierre Pottier. Inscrit comme monument historique depuis 1937.<\/p>\n<p><strong>Le ch\u00e2teau de Ventadour<\/strong> se dresse sur le Rocher Rolandy, un \u00e9peron haut de 70 m\u00e8tres, au-dessus du confluent des rivi\u00e8res Ard\u00e8che et Fontauli\u00e8re, sur la commune de Meyras.<br \/>\nSon nom originel est \u201cch\u00e2teau de Meyras\u201d. Il a pris au 19e si\u00e8cle le nom d\u2019une des familles les plus puissantes qui l\u2019a habit\u00e9 en dernier, les Ducs de Ventadour<br \/>\nIl a \u00e9t\u00e9 d\u00e9mantel\u00e9 brutalement vers les ann\u00e9es 1700 s\u00fbrement pour \u00e9viter de servir de refuge \u00e0 des bandes arm\u00e9es hostiles au roi, apr\u00e8s la r\u00e9vocation de l\u2019\u00c9dit de Nantes.<br \/>\nJusqu\u2019\u00e0 la R\u00e9volution, il se d\u00e9gradera lentement. Il sera vendu \u00e0 ce moment comme bien national et servira de carri\u00e8re de pierres, comme beaucoup d\u2019autres monuments. Commencera alors une longue agonie.<\/p>\n<p>En 1968, Pierre Pottier, un ancien ouvrier ajusteur originaire de l\u2019Aisne, tombe amoureux de Ventadour.<br \/>\nAvec le montant d\u2019un prix \u201cChefs-d\u2019\u0153uvre en p\u00e9ril\u201d (la c\u00e9l\u00e8bre \u00e9mission t\u00e9l\u00e9vis\u00e9e), il acquiert le ch\u00e2teau pour le restaurer et projette d\u2019en faire un lieu culturel et d\u2019enseignement d\u00e9di\u00e9 au Moyen-\u00c2ge, \u00e0 l\u2019architecture, aux m\u00e9tiers de la pierre\u2026 Il ne restait que des ruines envahies par une v\u00e9g\u00e9tation d\u00e9vorante. Une association est cr\u00e9\u00e9e pour le sauvegarder et le reconstruire. Un chantier de jeunes est mis en place chaque \u00e9t\u00e9\u2026 C\u2019est le d\u00e9but d\u2019une formidable aventure que nous vous invitons \u00e0 visiter\u2026<\/p>\n<p>Depuis 1969 ce sont pr\u00e8s de 7000 b\u00e9n\u00e9voles qui ont particip\u00e9 \u00e0 la restitution, qui en est actuellement \u00e0 plus de 4\/5\u00e8mes. De nombreux jeunes ont trouv\u00e9 l\u00e0 leur vocation d\u2019architecte, d\u2019ing\u00e9nieur en travaux publics, ou de compagnons du devoir en charpente et taille de pierre.<\/p>\n<p>Animations m\u00e9di\u00e9vales le Dimanche durant la p\u00e9riode estivale (juillet-ao\u00fbt).<\/p>\n<p>L\u2019\u00e9quipe du ch\u00e2teau de Ventadour recherche des b\u00e9n\u00e9voles pour sa restauration en cours.<\/p>","protected":false},"author":512,"featured_media":13297,"comment_status":"open","ping_status":"closed","template":"","meta":[],"listing_category":[164],"event_category":[],"service_category":[],"rental_category":[],"classifieds_category":[],"listing_feature":[],"region":[69],"_links":{"self":[{"href":"https:\/\/www.grintoura.fr\/en\/wp-json\/wp\/v2\/listing\/13302"}],"collection":[{"href":"https:\/\/www.grintoura.fr\/en\/wp-json\/wp\/v2\/listing"}],"about":[{"href":"https:\/\/www.grintoura.fr\/en\/wp-json\/wp\/v2\/types\/listing"}],"author":[{"embeddable":true,"href":"https:\/\/www.grintoura.fr\/en\/wp-json\/wp\/v2\/users\/512"}],"replies":[{"embeddable":true,"href":"https:\/\/www.grintoura.fr\/en\/wp-json\/wp\/v2\/comments?post=13302"}],"wp:featuredmedia":[{"embeddable":true,"href":"https:\/\/www.grintoura.fr\/en\/wp-json\/wp\/v2\/media\/13297"}],"wp:attachment":[{"href":"https:\/\/www.grintoura.fr\/en\/wp-json\/wp\/v2\/media?parent=13302"}],"wp:term":[{"taxonomy":"listing_category","embeddable":true,"href":"https:\/\/www.grintoura.fr\/en\/wp-json\/wp\/v2\/listing_category?post=13302"},{"taxonomy":"event_category","embeddable":true,"href":"https:\/\/www.grintoura.fr\/en\/wp-json\/wp\/v2\/event_category?post=13302"},{"taxonomy":"service_category","embeddable":true,"href":"https:\/\/www.grintoura.fr\/en\/wp-json\/wp\/v2\/service_category?post=13302"},{"taxonomy":"rental_category","embeddable":true,"href":"https:\/\/www.grintoura.fr\/en\/wp-json\/wp\/v2\/rental_category?post=13302"},{"taxonomy":"classifieds_category","embeddable":true,"href":"https:\/\/www.grintoura.fr\/en\/wp-json\/wp\/v2\/classifieds_category?post=13302"},{"taxonomy":"listing_feature","embeddable":true,"href":"https:\/\/www.grintoura.fr\/en\/wp-json\/wp\/v2\/listing_feature?post=13302"},{"taxonomy":"region","embeddable":true,"href":"https:\/\/www.grintoura.fr\/en\/wp-json\/wp\/v2\/region?post=13302"}],"curies":[{"name":"wp","href":"https:\/\/api.w.org\/{rel}","templated":true}]}}