	
	
	
	
{"id":13133,"date":"2025-01-20T07:21:14","date_gmt":"2025-01-20T06:21:14","guid":{"rendered":"https:\/\/www.grintoura.fr\/?post_type=listing&#038;p=13133"},"modified":"2025-01-20T07:21:14","modified_gmt":"2025-01-20T06:21:14","slug":"parc-naturel-regional-vallee-de-la-rance-cote-demeraude","status":"publish","type":"listing","link":"https:\/\/www.grintoura.fr\/en\/hebergement\/bretagne\/sports-nature-decouverte-du-pays\/parc-naturel-regional-vallee-de-la-rance-cote-demeraude\/","title":{"rendered":"Parc Naturel R\u00e9gional Vall\u00e9e de la Rance-C\u00f4te d\u2019Emeraude"},"content":{"rendered":"<p><strong>Parc Naturel R\u00e9gional de la Vall\u00e9e de la Rance et de la C\u00f4te d&rsquo;Emeraude.<\/strong><\/p>\n<p><a href=\"https:\/\/pnr-rance-emeraude.fr\" target=\"_blank\" rel=\"noopener\">https:\/\/pnr-rance-emeraude.fr<\/a><\/p>\n<p>&nbsp;<\/p>\n<p>&nbsp;<\/p>\n<ul>\n<li><strong>NATURE<\/strong><\/li>\n<\/ul>\n<p>G\u00e9ologiquement, le territoire est \u00ab\u00a0une p\u00e9pite\u00a0\u00bb.<\/p>\n<p>On peut dire qu\u2019\u00e0 l\u2019\u00e9chelle de la moiti\u00e9 du nord de la r\u00e9gion Bretagne, trois unit\u00e9s se succ\u00e8dent tr\u00e8s nettement d\u2019est en ouest\u00a0: la Baie du Mont Saint-Michel, la C\u00f4te d\u2019Emeraude, et la Baie de Saint-Brieuc.<\/p>\n<p>La s\u00e9rie de la Rance (micaschistes, gneiss, migmatites) repr\u00e9sente sans doute la plus compl\u00e8te et la mieux expos\u00e9e des s\u00e9ries m\u00e9tamorphiques fran\u00e7aises ; les gr\u00e8s roses d\u2019Erquy-Fr\u00e9hel, les granites du Hingl\u00e9-Bobital, Lanvallay et Lanh\u00e9lin, le dense essaim filonien de dol\u00e9rite et les faluns du bassin du Quiou-Tr\u00e9fumel viennent compl\u00e9ter la remarquable g\u00e9odiversit\u00e9 du territoire du Parc.<\/p>\n<p>&nbsp;<\/p>\n<p>Le territoire comporte des espaces \u00e0 l\u2019int\u00e9r\u00eat \u00e9cologique fortement reconnu.<\/p>\n<p>L\u2019occupation du sol dite \u00ab\u00a0naturelle ou semi naturelle\u00a0\u00bb repr\u00e9sente 18,9% de l\u2019occupation du sol du territoire (matrice agricole\u00a0: 66,7%, urbanisation\u00a0: 14%). Le positionnement du territoire, entre une fa\u00e7ade littorale longue\u00a0de\u00a0265 kilom\u00e8tres et un arri\u00e8re-pays aux conditions g\u00e9ologiques, climatiques et de reliefs vari\u00e9es, est \u00e0 l\u2019origine d\u2019une grande diversit\u00e9 de milieux naturels.<\/p>\n<p>Reconnus pour la plupart au niveau national voire international, ces milieux naturels constituent pour certains des sites d\u2019hivernage, de reproduction ou bien de migration pour des esp\u00e8ces d\u2019importance patrimoniale majeure\u00a0: herbiers \u00e0 zost\u00e8res, landes littorales du Cap Fr\u00e9hel, estuaire de la Rance, milieux forestiers, marais de Ch\u00e2teauneuf, pr\u00e9s-sal\u00e9s atlantiques, bancs de ma\u00ebrls, etc.<\/p>\n<p>&nbsp;<\/p>\n<p>Les interfaces terre-mer \u2013 interp\u00e9n\u00e9trations des milieux maritimes et terrestres \u2013 contribuent largement \u00e0 expliquer la diversit\u00e9 et la richesse d\u2019un patrimoine naturel parfois d\u2019int\u00e9r\u00eat europ\u00e9en.<\/p>\n<p>La Rance repr\u00e9sente un secteur majeur en termes d\u2019hivernage, de nidification et de migration des oiseaux. Plus de 228 esp\u00e8ces ont \u00e9t\u00e9 signal\u00e9es sur la Rance maritime, 176 sont prot\u00e9g\u00e9es au niveau national, 47 esp\u00e8ces sont inscrites \u00e0 la directive oiseaux qui d\u00e9finit les esp\u00e8ces europ\u00e9ennes majeures (Sterne pierregarin, Balbuzard p\u00eacheur, etc.). Le territoire pr\u00e9sente \u00e9galement 19 des 21 esp\u00e8ces de chiropt\u00e8res r\u00e9gionales, deux sont d\u2019int\u00e9r\u00eat communautaire. La loutre terrestre et l\u2019anguille, esp\u00e8ces d\u2019int\u00e9r\u00eat international, sont \u00e9galement pr\u00e9sentes. Concernant la faune maritime, des bancs de dauphins sont souvent observ\u00e9s au large de la c\u00f4te d\u2019Emeraude et sur les rivages de la Rance.<\/p>\n<p>&nbsp;<\/p>\n<p>Le territoire dispose \u00e9galement, notamment du fait de la pr\u00e9sence d\u2019un front littoral, de plusieurs esp\u00e8ces florales prot\u00e9g\u00e9es au niveau r\u00e9gional et national et d\u2019esp\u00e8ces rares et\/ou menac\u00e9es inscrites sur la liste rouge du massif armoricain. Cinq communes du littoral comptent plus de 4 esp\u00e8ces florales prot\u00e9g\u00e9es au niveau national. 22 communes comptent plus de six esp\u00e8ces rares et\/ou menac\u00e9es inscrites sur la liste rouge des esp\u00e8ces v\u00e9g\u00e9tales rares et menac\u00e9es du massif armoricain. L\u2019int\u00e9rieur des terres pr\u00e9sente \u00e9galement des zones floristiquement riches\u00a0: la moyenne et la basse vall\u00e9e de la Rance, avec le secteur calcaire des faluns, les environs de Dinan et les d\u00e9buts de la Rance maritime.<\/p>\n<p>&nbsp;<\/p>\n<p>Qui plus est, l\u2019\u00e9tat des connaissances encore h\u00e9t\u00e9rog\u00e8ne laisse \u00e0 penser que la richesse naturelle reste largement sous-estim\u00e9e.<\/p>\n<p>&nbsp;<\/p>\n<p>&nbsp;<\/p>\n<ul>\n<li><strong>PAYSAGE<\/strong><\/li>\n<\/ul>\n<p>La fa\u00e7ade maritime de la c\u00f4te d\u2019Emeraude constitue la premi\u00e8re richesse paysag\u00e8re du territoire, avec sa c\u00f4te tr\u00e8s \u00e9chancr\u00e9e, succession de pointes en avanc\u00e9e dans la mer et d\u2019anses abrit\u00e9es, de largeur et de profondeur tr\u00e8s variables, r\u00e9sultat du travail du vent et des mar\u00e9es sur les rochers.<\/p>\n<p>Cette fa\u00e7ade maritime est aussi synonyme d\u2019ouverture \u00ab vers l\u2019ailleurs \u00bb, avec l\u2019activit\u00e9 du port de Saint-Malo et le d\u00e9veloppement de la navigation de plaisance. Contrastant fortement avec la c\u00f4te basse et lisse de la baie du Mont-Saint-Michel, ou avec les falaises plus hautes de la baie de Saint-Brieuc, la C\u00f4te d\u2019Emeraude a sa physionomie propre.<\/p>\n<p>&nbsp;<\/p>\n<p>De la c\u00f4te de Fr\u00e9hel \u00e0 Dinard, par l\u2019alternance de c\u00f4tes rocheuses moyennes et de c\u00f4tes basses, la morphologie de la c\u00f4te conjugue les points de vue dominants et les acc\u00e8s faciles \u00e0 la mer, propices \u00e0 la vocation baln\u00e9aire. Les pointes offrent des vues extraordinaires en avanc\u00e9e sur l\u2019eau et conservent pour certaines leur caract\u00e8re naturel, comme au Cap Fr\u00e9hel, ou \u00e0 la Garde Gu\u00e9rin et au Nick. D\u2019autres sont habit\u00e9es, comme la Pointe du D\u00e9coll\u00e9 \u00e0 Saint-Lunaire, ou am\u00e9nag\u00e9es (golf de la Pointe de la Haye \u00e0 Saint-Briac, ou promenade de la Pointe du Chevet \u00e0 Saint-Jacut-de-la-Mer). Les nombreux replis abritent autant de plages et de villages. Les c\u00f4tes basses prennent la forme de polders \u00e0 Saint-Jacut-de-la-Mer, dans la baie de Beaussais, et de dunes dans les anses de Saint-Briac-sur-Mer.<\/p>\n<p>&nbsp;<\/p>\n<p>L\u2019autre originalit\u00e9 du territoire tient aux larges estuaires, soumis aux flux des mar\u00e9es, qui prolongent la relation intime \u00e0 la mer vers l\u2019int\u00e9rieur des terres.<\/p>\n<p>Au premier rang figure la Rance, accompagn\u00e9e par le Fr\u00e9mur d\u2019H\u00e9nanbihen, l\u2019Arguenon, et le Fr\u00e9mur.<\/p>\n<p>De tr\u00e8s nombreux points communs unissent ces estuaires. Les contraintes du milieu ont engendr\u00e9 des pratiques, des habitudes, et des savoir-faire communs. Longtemps, ils ont \u00e9t\u00e9 utilis\u00e9s pour moudre le grain, gr\u00e2ce aux moulins \u00e0 mar\u00e9e, que l\u2019on retrouve sur les quatre fleuves, et les tangues que l\u2019on en extrayait, permettaient d\u2019amender les terres. Les Terre-neuvas en partance pour la Grande P\u00eache \u00e9taient recrut\u00e9s dans les campagnes aux alentours. Durant cette \u00e9poque et celle du commerce maritime, l\u2019estuaire de la Rance \u00e9tait le th\u00e9\u00e2tre de multiples chantiers navals en pleine activit\u00e9. De tout temps, un flux de population circule entre fleuves et continent, b\u00e9n\u00e9ficiant des ressources des uns et de l\u2019autre. Une culture littorale commune qui perdure aujourd\u2019hui encore, notamment par la pratique de la plaisance, de la p\u00eache \u00e0 pieds ou encore d\u2019\u00e9v\u00e8nements particuliers (ex. : la F\u00eate des Doris sur la Rance).<\/p>\n<p>&nbsp;<\/p>\n<p>Le territoire continental s\u2019organise enfin autour des diff\u00e9rentes s\u00e9quences des vall\u00e9es fluviales.<\/p>\n<p>Plus on va vers le Sud, plus le paysage rural ouvert, agricole, conserve sa trame bocag\u00e8re et ses espaces bois\u00e9s, ainsi que la structure de ses villages, avec leurs \u00e9glises romanes, leurs calvaires, leurs fours et les fa\u00e7ades brutes de l\u2019habitat, qui exposent le substrat g\u00e9ologique de schistes, de calcaire ou de granit. Si la d\u00e9limitation de la partie continentale du p\u00e9rim\u00e8tre d\u2019\u00e9tude ne s\u2019appuie pas sur des limites physiques tr\u00e8s marqu\u00e9es, elle proc\u00e8de d\u2019une logique de compl\u00e9mentarit\u00e9 des patrimoines et de l\u2019interd\u00e9pendance croissante dans le fonctionnement du territoire. Les grands marais d\u2019eau douce et les cultures l\u00e9gumi\u00e8res en plateaux ajoutent leur caract\u00e8re tr\u00e8s sp\u00e9cifique \u00e0 ces paysages.<\/p>\n<p>&nbsp;<\/p>\n<ul>\n<li><strong>HISTOIRE<\/strong><\/li>\n<\/ul>\n<p>Le territoire Vall\u00e9e de la Rance-C\u00f4te d\u2019Emeraude fut le lieu d\u2019un ensemble d\u2019activit\u00e9s artisano-industrielles, d\u00e9velopp\u00e9es en relation avec les potentialit\u00e9s offertes par la terre et la mer ou avec l\u2019am\u00e9nagement du territoire. On y a moulu bl\u00e9 et sarrasin gr\u00e2ce aux moulins \u00e0 eau et \u00e0 mar\u00e9e, tiss\u00e9 chanvre et lin, construit des bateaux, fabriqu\u00e9 du papier, tann\u00e9 des peaux, r\u00e9colt\u00e9 du sel, cuit du sucre, brass\u00e9 de la bi\u00e8re, produit de la chaux et des briques\u2026 Tout cela \u00e9tait le fruit du labeur quotidien d\u2019hommes, de femmes et d\u2019enfants fondus dans une communaut\u00e9 rurale forte.<\/p>\n<p>&nbsp;<\/p>\n<p>Le territoire Vall\u00e9e de la Rance-C\u00f4te d\u2019Emeraude est \u00e9galement empreint de l\u2019histoire de la \u00ab\u00a0Grande P\u00eache\u00a0\u00bb dans les bancs de morues de Terre-Neuve, au large du Canada. Pendant plusieurs si\u00e8cles, la Rance fut la zone d\u2019embarquement de centaines d\u2019hommes et de navires. Mais le recrutement des \u00ab\u00a0Terre-Neuvas\u00a0\u00bb, ces marins-paysans partis pour une dangereuse saison de p\u00eache de six \u00e0 sept mois, laissant \u00e0 leurs femmes le soin d\u2019assumer le travail de la terre en leur absence, ne se limitait pas \u00e0 Saint-Malo, Cancale et la Rance\u00a0: les hommes \u00e9taient recrut\u00e9s jusque dans les villages les plus au sud et \u00e0 l\u2019ouest du territoire\u00a0: Matignon, Planco\u00ebt ou encore Dinan et Evran. Aujourd\u2019hui, le patrimoine l\u00e9gu\u00e9 est tant mat\u00e9riel (exvoto, objets \u2026) qu\u2019immat\u00e9riel (m\u00e9moires, f\u00eates, savoir-faire pour la fabrication du \u00ab\u00a0Doris\u00a0\u00bb, bateaux traditionnels\u2026).<\/p>\n<p>&nbsp;<\/p>\n<p>Ce lien entre terre et mer se retrouve encore dans l\u2019histoire des explorateurs et capitaines c\u00e9l\u00e8bres du territoire, qui ont contribu\u00e9 \u00e0 faire de l\u2019ensemble Vall\u00e9e de la Rance-C\u00f4te d\u2019Emeraude une \u00ab terre de d\u00e9couvreurs \u00bb, \u00e0 l\u2019instar de Jacques Cartier, d\u00e9couvreur du Canada, ou Robert Surcouf, intr\u00e9pide corsaire\u2026 Tout comme les Terre-neuvas, les \u00e9quipages des bateaux affr\u00e9t\u00e9s pour la Course provenaient des terres des bords de Rance et des terres int\u00e9rieures.<\/p>\n<p>&nbsp;<\/p>\n<p>Rappelons \u00e9galement l\u2019attachement de Fran\u00e7ois-Ren\u00e9 de Chateaubriand sur ce territoire. L\u2019\u00e9crivain, qui a pass\u00e9 une partie de sa jeunesse \u00e0 Planco\u00ebt, \u00e0 Saint-Malo, mais aussi \u00e0 Dinan, o\u00f9 il a \u00e9tudi\u00e9 au coll\u00e8ge des Laurents, nous laisse des traces de son passage dans les \u00e9l\u00e9ments b\u00e2tis de notre territoire, sur terre comme en mer, comme en t\u00e9moignent le ch\u00e2teau de Combourg, aux portes du territoire, ou son tombeau sur l\u2019\u00eele malouine du Petit B\u00e9.<\/p>\n<p>&nbsp;<\/p>\n<p>&nbsp;<\/p>\n<p>CONTACT &#8211; COEUR Emeraude &#8211; 4 all\u00e9e du Ch\u00e2teau \u2013 L\u00e9hon &#8211; 22100 DINAN &#8211; contact@pnr-rance-emeraude.bzh &#8211; 02.96.82.31.78<\/p>\n<p>&nbsp;<\/p>\n<p>&nbsp;<\/p>\n<p>&nbsp;<\/p>","protected":false},"author":511,"featured_media":13131,"comment_status":"open","ping_status":"closed","template":"","meta":[],"listing_category":[164],"event_category":[],"service_category":[],"rental_category":[],"classifieds_category":[],"listing_feature":[],"region":[128],"_links":{"self":[{"href":"https:\/\/www.grintoura.fr\/en\/wp-json\/wp\/v2\/listing\/13133"}],"collection":[{"href":"https:\/\/www.grintoura.fr\/en\/wp-json\/wp\/v2\/listing"}],"about":[{"href":"https:\/\/www.grintoura.fr\/en\/wp-json\/wp\/v2\/types\/listing"}],"author":[{"embeddable":true,"href":"https:\/\/www.grintoura.fr\/en\/wp-json\/wp\/v2\/users\/511"}],"replies":[{"embeddable":true,"href":"https:\/\/www.grintoura.fr\/en\/wp-json\/wp\/v2\/comments?post=13133"}],"wp:featuredmedia":[{"embeddable":true,"href":"https:\/\/www.grintoura.fr\/en\/wp-json\/wp\/v2\/media\/13131"}],"wp:attachment":[{"href":"https:\/\/www.grintoura.fr\/en\/wp-json\/wp\/v2\/media?parent=13133"}],"wp:term":[{"taxonomy":"listing_category","embeddable":true,"href":"https:\/\/www.grintoura.fr\/en\/wp-json\/wp\/v2\/listing_category?post=13133"},{"taxonomy":"event_category","embeddable":true,"href":"https:\/\/www.grintoura.fr\/en\/wp-json\/wp\/v2\/event_category?post=13133"},{"taxonomy":"service_category","embeddable":true,"href":"https:\/\/www.grintoura.fr\/en\/wp-json\/wp\/v2\/service_category?post=13133"},{"taxonomy":"rental_category","embeddable":true,"href":"https:\/\/www.grintoura.fr\/en\/wp-json\/wp\/v2\/rental_category?post=13133"},{"taxonomy":"classifieds_category","embeddable":true,"href":"https:\/\/www.grintoura.fr\/en\/wp-json\/wp\/v2\/classifieds_category?post=13133"},{"taxonomy":"listing_feature","embeddable":true,"href":"https:\/\/www.grintoura.fr\/en\/wp-json\/wp\/v2\/listing_feature?post=13133"},{"taxonomy":"region","embeddable":true,"href":"https:\/\/www.grintoura.fr\/en\/wp-json\/wp\/v2\/region?post=13133"}],"curies":[{"name":"wp","href":"https:\/\/api.w.org\/{rel}","templated":true}]}}