	
	
	
	
{"id":13003,"date":"2025-01-16T20:29:46","date_gmt":"2025-01-16T19:29:46","guid":{"rendered":"https:\/\/www.grintoura.fr\/?post_type=listing&#038;p=13003"},"modified":"2025-01-16T20:29:46","modified_gmt":"2025-01-16T19:29:46","slug":"parc-national-du-mercantour","status":"publish","type":"listing","link":"https:\/\/www.grintoura.fr\/en\/hebergement\/provence-alpes-cote-dazur\/sports-nature-decouverte-du-pays\/parc-national-du-mercantour\/","title":{"rendered":"Parc National du Mercantour"},"content":{"rendered":"<p><strong>Parc National du Mercantour <\/strong>\u00a0<a href=\"https:\/\/www.mercantour-parcnational.fr\/fr\" target=\"_blank\" rel=\"noopener\">https:\/\/www.mercantour-parcnational.fr\/fr<\/a><\/p>\n<p><u>Situation g\u00e9ographique du Mercantour<\/u><br \/>\nLe Parc national du Mercantour s\u2019\u00e9tend sur 1 891 km\u00b2 (dont 679 en zone c\u0153ur et 1 212 en aire d\u2019adh\u00e9sion), \u00e0 l&rsquo;extr\u00eame sud-est de la France.<\/p>\n<p>Adoss\u00e9 \u00e0 la fronti\u00e8re du Pi\u00e9mont italien, avec lequel il partage pr\u00e8s de 33 km de cr\u00eates, le massif du Mercantour est le dernier promontoire de l\u2019arc alpin au sud, avant sa brutale plong\u00e9e dans la mer M\u00e9diterran\u00e9e. A la cime du G\u00e9las, plus haut sommet du Mercantour \u00e0 3 143 m d\u2019altitude, vous \u00eates seulement \u00e0 50 km de la mer \u00e0 vol d\u2019oiseau !<\/p>\n<p>Il pr\u00e9sente deux grands massifs s\u00e9par\u00e9s par l\u2019axe de la Tin\u00e9e : au nord-ouest un massif calcaire ou schisteux, au sud-est le massif cristallin partag\u00e9 avec l\u2019Argentera. D\u2019une longueur de 150 km, le territoire s\u2019\u00e9tend sur six vall\u00e9es dans les Alpes du Sud et couvre deux d\u00e9partements : les Alpes-Maritimes, pour environ les deux tiers de sa surface, et les Alpes-de-Haute-Provence. Verdon, Var-Cians, Ubaye, Tin\u00e9e, V\u00e9subie et Roya-B\u00e9v\u00e9ra, chaque vall\u00e9e affirme un caract\u00e8re bien marqu\u00e9 !<\/p>\n<p>Situ\u00e9 au carrefour d&rsquo;influences climatiques, g\u00e9ologiques et altitudinales multiples, le Parc national du Mercantour est constitu\u00e9 d\u2019une mosa\u00efque de milieux naturels dont l&rsquo;extr\u00eame diversit\u00e9 explique la richesse exceptionnelle de la faune et de la flore.<\/p>\n<p>23 rue d&rsquo;Italie<br \/>\nCS 51316<br \/>\n06006 Nice Cedex 1<\/p>\n<p>T\u00e9l\u00e9phone : 04 93 16 78 88<\/p>\n<p>&nbsp;<\/p>","protected":false},"author":507,"featured_media":12983,"comment_status":"open","ping_status":"closed","template":"","meta":[],"listing_category":[164],"event_category":[],"service_category":[],"rental_category":[],"classifieds_category":[],"listing_feature":[],"region":[244],"_links":{"self":[{"href":"https:\/\/www.grintoura.fr\/en\/wp-json\/wp\/v2\/listing\/13003"}],"collection":[{"href":"https:\/\/www.grintoura.fr\/en\/wp-json\/wp\/v2\/listing"}],"about":[{"href":"https:\/\/www.grintoura.fr\/en\/wp-json\/wp\/v2\/types\/listing"}],"author":[{"embeddable":true,"href":"https:\/\/www.grintoura.fr\/en\/wp-json\/wp\/v2\/users\/507"}],"replies":[{"embeddable":true,"href":"https:\/\/www.grintoura.fr\/en\/wp-json\/wp\/v2\/comments?post=13003"}],"wp:featuredmedia":[{"embeddable":true,"href":"https:\/\/www.grintoura.fr\/en\/wp-json\/wp\/v2\/media\/12983"}],"wp:attachment":[{"href":"https:\/\/www.grintoura.fr\/en\/wp-json\/wp\/v2\/media?parent=13003"}],"wp:term":[{"taxonomy":"listing_category","embeddable":true,"href":"https:\/\/www.grintoura.fr\/en\/wp-json\/wp\/v2\/listing_category?post=13003"},{"taxonomy":"event_category","embeddable":true,"href":"https:\/\/www.grintoura.fr\/en\/wp-json\/wp\/v2\/event_category?post=13003"},{"taxonomy":"service_category","embeddable":true,"href":"https:\/\/www.grintoura.fr\/en\/wp-json\/wp\/v2\/service_category?post=13003"},{"taxonomy":"rental_category","embeddable":true,"href":"https:\/\/www.grintoura.fr\/en\/wp-json\/wp\/v2\/rental_category?post=13003"},{"taxonomy":"classifieds_category","embeddable":true,"href":"https:\/\/www.grintoura.fr\/en\/wp-json\/wp\/v2\/classifieds_category?post=13003"},{"taxonomy":"listing_feature","embeddable":true,"href":"https:\/\/www.grintoura.fr\/en\/wp-json\/wp\/v2\/listing_feature?post=13003"},{"taxonomy":"region","embeddable":true,"href":"https:\/\/www.grintoura.fr\/en\/wp-json\/wp\/v2\/region?post=13003"}],"curies":[{"name":"wp","href":"https:\/\/api.w.org\/{rel}","templated":true}]}}