	
	
	
	
{"id":12927,"date":"2025-01-15T14:49:37","date_gmt":"2025-01-15T13:49:37","guid":{"rendered":"https:\/\/www.grintoura.fr\/?post_type=listing&#038;p=12927"},"modified":"2025-01-15T14:49:37","modified_gmt":"2025-01-15T13:49:37","slug":"une-belle-etape-cafe-boutique","status":"publish","type":"listing","link":"https:\/\/www.grintoura.fr\/en\/hebergement\/grand-est\/alimentation-bio-restaurants-bars\/une-belle-etape-cafe-boutique\/","title":{"rendered":"UNE BELLE \u00c9TAPE \u2022 caf\u00e9-boutique"},"content":{"rendered":"<p><em><strong>Omnino\u00a0<\/strong><\/em>est une jeune micro-br\u00fblerie alsacienne qui participe \u00e0 la d\u00e9marche du \u00ab caf\u00e9 de sp\u00e9cialit\u00e9 \u00bb en France.<br \/>\n<em><strong>Omnino\u00a0<\/strong><\/em>s\u2019adresse aux curieux, aux \u00e9picuriens et aux consommateurs engag\u00e9s. Lanc\u00e9 en 2017, Omnino promeut des valeurs de minutie, de convivialit\u00e9, de sinc\u00e9rit\u00e9 et \u0153uvre pour l\u2019\u00e9mergence d\u2019un art de vivre \u00e0 la fran\u00e7aise dans l\u2019univers du caf\u00e9.<\/p>\n<p><strong>Minutie\u00a0<\/strong><br \/>\nNous torr\u00e9fions nos caf\u00e9s d\u00e9licatement avec des profils de cuisson l\u00e9g\u00e8re dans le but de r\u00e9v\u00e9ler des singularit\u00e9s aromatiques et faire ressortir le terroir du caf\u00e9.<\/p>\n<p><strong>Convivialit\u00e9\u00a0<\/strong><br \/>\nNous croyons au r\u00f4le pr\u00e9curseur des artisans et commer\u00e7ants de proximit\u00e9, pour r\u00e9enchanter le monde, \u00e9veiller les sensibilit\u00e9s et aiguiser la curiosit\u00e9.<\/p>\n<p><strong>Sinc\u00e9rit\u00e9\u00a0<\/strong><br \/>\nLa sinc\u00e9rit\u00e9 peut \u00eatre vue comme un risque. Nous la voyons plut\u00f4t comme une force de caract\u00e8re, alliant franchise et ouverture d\u2019esprit, une valeur que nous cherchons \u00e0 exprimer dans nos caf\u00e9s et nos mani\u00e8res de travailler.<\/p>\n<p><strong>R\u00e9habilitation\u00a0<\/strong><br \/>\nRestaurer des lieux ou des v\u00e9hicules anciens, remettre au go\u00fbt du jour un savoir-faire manuel, valoriser une sensibilit\u00e9 certes un peu d\u00e9mod\u00e9e\u2026 chez Omnino nous embrassons d\u2019un m\u00eame regard ce qui fut, et ce qui advient.<\/p>","protected":false},"author":501,"featured_media":12923,"comment_status":"open","ping_status":"closed","template":"","meta":[],"listing_category":[167],"event_category":[],"service_category":[],"rental_category":[],"classifieds_category":[],"listing_feature":[],"region":[65],"_links":{"self":[{"href":"https:\/\/www.grintoura.fr\/en\/wp-json\/wp\/v2\/listing\/12927"}],"collection":[{"href":"https:\/\/www.grintoura.fr\/en\/wp-json\/wp\/v2\/listing"}],"about":[{"href":"https:\/\/www.grintoura.fr\/en\/wp-json\/wp\/v2\/types\/listing"}],"author":[{"embeddable":true,"href":"https:\/\/www.grintoura.fr\/en\/wp-json\/wp\/v2\/users\/501"}],"replies":[{"embeddable":true,"href":"https:\/\/www.grintoura.fr\/en\/wp-json\/wp\/v2\/comments?post=12927"}],"wp:featuredmedia":[{"embeddable":true,"href":"https:\/\/www.grintoura.fr\/en\/wp-json\/wp\/v2\/media\/12923"}],"wp:attachment":[{"href":"https:\/\/www.grintoura.fr\/en\/wp-json\/wp\/v2\/media?parent=12927"}],"wp:term":[{"taxonomy":"listing_category","embeddable":true,"href":"https:\/\/www.grintoura.fr\/en\/wp-json\/wp\/v2\/listing_category?post=12927"},{"taxonomy":"event_category","embeddable":true,"href":"https:\/\/www.grintoura.fr\/en\/wp-json\/wp\/v2\/event_category?post=12927"},{"taxonomy":"service_category","embeddable":true,"href":"https:\/\/www.grintoura.fr\/en\/wp-json\/wp\/v2\/service_category?post=12927"},{"taxonomy":"rental_category","embeddable":true,"href":"https:\/\/www.grintoura.fr\/en\/wp-json\/wp\/v2\/rental_category?post=12927"},{"taxonomy":"classifieds_category","embeddable":true,"href":"https:\/\/www.grintoura.fr\/en\/wp-json\/wp\/v2\/classifieds_category?post=12927"},{"taxonomy":"listing_feature","embeddable":true,"href":"https:\/\/www.grintoura.fr\/en\/wp-json\/wp\/v2\/listing_feature?post=12927"},{"taxonomy":"region","embeddable":true,"href":"https:\/\/www.grintoura.fr\/en\/wp-json\/wp\/v2\/region?post=12927"}],"curies":[{"name":"wp","href":"https:\/\/api.w.org\/{rel}","templated":true}]}}