	
	
	
	
{"id":12890,"date":"2025-01-14T16:43:31","date_gmt":"2025-01-14T15:43:31","guid":{"rendered":"https:\/\/www.grintoura.fr\/?post_type=listing&#038;p=12890"},"modified":"2025-01-14T16:43:31","modified_gmt":"2025-01-14T15:43:31","slug":"haras-national-de-saint-lo","status":"publish","type":"listing","link":"https:\/\/www.grintoura.fr\/en\/hebergement\/normandie\/sports-nature-decouverte-du-pays\/haras-national-de-saint-lo\/","title":{"rendered":"Haras national de Saint L\u00f4"},"content":{"rendered":"<p>A proximit\u00e9 de la ville, dans un \u00e9crin de verdure, venez d\u00e9couvrir le Haras national, ses pensionnaires et ses 200 ans d\u2019histoire.<\/p>\n<p>C\u2019est en 1806 que Napol\u00e9on r\u00e9tablit et organise les Haras nationaux comme celui de\u00a0Saint-L\u00f4\u00a0install\u00e9 \u00e0 l\u2019\u00e9poque dans l\u2019ancienne abbaye Ste Croix. Le Haras d\u00e9finitif est cr\u00e9e en 1886 sur le site actuel et s\u2019\u00e9tend sur 7,5 ha. Ce d\u00e9p\u00f4t d\u2019\u00e9talons dont l\u2019effectif va cro\u00eetre r\u00e9guli\u00e8rement, atteindra son apog\u00e9e en 1912 avec 422 \u00e9talons. D\u00e9truit en partie par les\u00a0bombardements du 6 juin 1944, il sera reconstruit et prolong\u00e9 sur 3,5 ha avec des carri\u00e8res et logements.<\/p>\n<p>&nbsp;<\/p>","protected":false},"author":499,"featured_media":12886,"comment_status":"open","ping_status":"closed","template":"","meta":[],"listing_category":[164],"event_category":[],"service_category":[],"rental_category":[],"classifieds_category":[],"listing_feature":[],"region":[255],"_links":{"self":[{"href":"https:\/\/www.grintoura.fr\/en\/wp-json\/wp\/v2\/listing\/12890"}],"collection":[{"href":"https:\/\/www.grintoura.fr\/en\/wp-json\/wp\/v2\/listing"}],"about":[{"href":"https:\/\/www.grintoura.fr\/en\/wp-json\/wp\/v2\/types\/listing"}],"author":[{"embeddable":true,"href":"https:\/\/www.grintoura.fr\/en\/wp-json\/wp\/v2\/users\/499"}],"replies":[{"embeddable":true,"href":"https:\/\/www.grintoura.fr\/en\/wp-json\/wp\/v2\/comments?post=12890"}],"wp:featuredmedia":[{"embeddable":true,"href":"https:\/\/www.grintoura.fr\/en\/wp-json\/wp\/v2\/media\/12886"}],"wp:attachment":[{"href":"https:\/\/www.grintoura.fr\/en\/wp-json\/wp\/v2\/media?parent=12890"}],"wp:term":[{"taxonomy":"listing_category","embeddable":true,"href":"https:\/\/www.grintoura.fr\/en\/wp-json\/wp\/v2\/listing_category?post=12890"},{"taxonomy":"event_category","embeddable":true,"href":"https:\/\/www.grintoura.fr\/en\/wp-json\/wp\/v2\/event_category?post=12890"},{"taxonomy":"service_category","embeddable":true,"href":"https:\/\/www.grintoura.fr\/en\/wp-json\/wp\/v2\/service_category?post=12890"},{"taxonomy":"rental_category","embeddable":true,"href":"https:\/\/www.grintoura.fr\/en\/wp-json\/wp\/v2\/rental_category?post=12890"},{"taxonomy":"classifieds_category","embeddable":true,"href":"https:\/\/www.grintoura.fr\/en\/wp-json\/wp\/v2\/classifieds_category?post=12890"},{"taxonomy":"listing_feature","embeddable":true,"href":"https:\/\/www.grintoura.fr\/en\/wp-json\/wp\/v2\/listing_feature?post=12890"},{"taxonomy":"region","embeddable":true,"href":"https:\/\/www.grintoura.fr\/en\/wp-json\/wp\/v2\/region?post=12890"}],"curies":[{"name":"wp","href":"https:\/\/api.w.org\/{rel}","templated":true}]}}